{"id":7,"date":"2025-04-01T18:13:33","date_gmt":"2025-04-01T16:13:33","guid":{"rendered":"https:\/\/www.legacoopestense.coop\/unitidiamoformaalfuturo\/?page_id=7"},"modified":"2025-10-20T17:32:44","modified_gmt":"2025-10-20T15:32:44","slug":"ciam","status":"publish","type":"page","link":"https:\/\/www.legacoopestense.coop\/unitidiamoformaalfuturo\/le-storie\/ciam\/","title":{"rendered":"CIAM"},"content":{"rendered":"\t\t<div data-elementor-type=\"wp-page\" data-elementor-id=\"7\" class=\"elementor elementor-7\" data-elementor-post-type=\"page\">\n\t\t\t\t<div class=\"elementor-element elementor-element-3a766dc e-con-full e-flex e-con e-parent\" data-id=\"3a766dc\" data-element_type=\"container\" data-e-type=\"container\" data-settings=\"{&quot;background_background&quot;:&quot;classic&quot;}\">\n\t\t\t\t<\/div>\n\t\t<div class=\"elementor-element elementor-element-860a8c7 e-con-full e-flex e-con e-parent\" data-id=\"860a8c7\" data-element_type=\"container\" data-e-type=\"container\">\n\t\t\t\t<div class=\"elementor-element elementor-element-1f37be0 elementor-align-left elementor-widget elementor-widget-breadcrumbs\" data-id=\"1f37be0\" data-element_type=\"widget\" data-e-type=\"widget\" data-widget_type=\"breadcrumbs.default\">\n\t\t\t\t<div class=\"elementor-widget-container\">\n\t\t\t\t\t<p id=\"breadcrumbs\"><span><span><a href=\"https:\/\/www.legacoopestense.coop\/unitidiamoformaalfuturo\/\">Home<\/a><\/span><\/span><\/p>\t\t\t\t<\/div>\n\t\t\t\t<\/div>\n\t\t\t\t<div class=\"elementor-element elementor-element-68b3bde elementor-widget elementor-widget-heading\" data-id=\"68b3bde\" data-element_type=\"widget\" data-e-type=\"widget\" data-widget_type=\"heading.default\">\n\t\t\t\t<div class=\"elementor-widget-container\">\n\t\t\t\t\t<h2 class=\"elementor-heading-title elementor-size-default\">Una storia nella storia: l\u2019assalto del Salumificio Frigieri <br>\n<small><i>Storia di Vanni Bulgarelli, illustrazione di Arianna Farricella<\/i><\/small><\/h2>\t\t\t\t<\/div>\n\t\t\t\t<\/div>\n\t\t<div class=\"elementor-element elementor-element-66252a2 e-con-full e-flex e-con e-child\" data-id=\"66252a2\" data-element_type=\"container\" data-e-type=\"container\">\n\t\t\t\t<div class=\"elementor-element elementor-element-3897c06 elementor-widget elementor-widget-image\" data-id=\"3897c06\" data-element_type=\"widget\" data-e-type=\"widget\" data-settings=\"{&quot;motion_fx_motion_fx_scrolling&quot;:&quot;yes&quot;,&quot;motion_fx_translateY_effect&quot;:&quot;yes&quot;,&quot;motion_fx_translateY_direction&quot;:&quot;negative&quot;,&quot;motion_fx_translateY_speed&quot;:{&quot;unit&quot;:&quot;px&quot;,&quot;size&quot;:0.3,&quot;sizes&quot;:[]},&quot;motion_fx_translateY_affectedRange&quot;:{&quot;unit&quot;:&quot;%&quot;,&quot;size&quot;:&quot;&quot;,&quot;sizes&quot;:{&quot;start&quot;:0,&quot;end&quot;:100}},&quot;motion_fx_devices&quot;:[&quot;desktop&quot;,&quot;laptop&quot;,&quot;tablet_extra&quot;,&quot;tablet&quot;,&quot;mobile&quot;]}\" data-widget_type=\"image.default\">\n\t\t\t\t<div class=\"elementor-widget-container\">\n\t\t\t\t\t\t\t\t\t\t\t\t\t\t\t\t<a href=\"https:\/\/www.legacoopestense.coop\/unitidiamoformaalfuturo\/wp-content\/uploads\/2025\/04\/Manifesto-AssaltoSalumificio.webp\" data-elementor-open-lightbox=\"yes\" data-elementor-lightbox-title=\"Manifesto-AssaltoSalumificio\" data-e-action-hash=\"#elementor-action%3Aaction%3Dlightbox%26settings%3DeyJpZCI6OTU0LCJ1cmwiOiJodHRwczpcL1wvd3d3LmxlZ2Fjb29wZXN0ZW5zZS5jb29wXC91bml0aWRpYW1vZm9ybWFhbGZ1dHVyb1wvd3AtY29udGVudFwvdXBsb2Fkc1wvMjAyNVwvMDRcL01hbmlmZXN0by1Bc3NhbHRvU2FsdW1pZmljaW8ud2VicCJ9\">\n\t\t\t\t\t\t\t<img fetchpriority=\"high\" decoding=\"async\" width=\"2000\" height=\"2000\" src=\"https:\/\/www.legacoopestense.coop\/unitidiamoformaalfuturo\/wp-content\/uploads\/2025\/04\/Manifesto-AssaltoSalumificio.webp\" class=\"elementor-animation-float attachment-full size-full wp-image-954\" alt=\"\" srcset=\"https:\/\/www.legacoopestense.coop\/unitidiamoformaalfuturo\/wp-content\/uploads\/2025\/04\/Manifesto-AssaltoSalumificio.webp 2000w, https:\/\/www.legacoopestense.coop\/unitidiamoformaalfuturo\/wp-content\/uploads\/2025\/04\/Manifesto-AssaltoSalumificio-300x300.webp 300w, https:\/\/www.legacoopestense.coop\/unitidiamoformaalfuturo\/wp-content\/uploads\/2025\/04\/Manifesto-AssaltoSalumificio-1024x1024.webp 1024w, https:\/\/www.legacoopestense.coop\/unitidiamoformaalfuturo\/wp-content\/uploads\/2025\/04\/Manifesto-AssaltoSalumificio-150x150.webp 150w, https:\/\/www.legacoopestense.coop\/unitidiamoformaalfuturo\/wp-content\/uploads\/2025\/04\/Manifesto-AssaltoSalumificio-768x768.webp 768w, https:\/\/www.legacoopestense.coop\/unitidiamoformaalfuturo\/wp-content\/uploads\/2025\/04\/Manifesto-AssaltoSalumificio-1536x1536.webp 1536w\" sizes=\"(max-width: 2000px) 100vw, 2000px\" \/>\t\t\t\t\t\t\t\t<\/a>\n\t\t\t\t\t\t\t\t\t\t\t\t\t\t\t<\/div>\n\t\t\t\t<\/div>\n\t\t\t\t<div class=\"elementor-element elementor-element-a05fb9f elementor-widget__width-initial elementor-widget-tablet__width-inherit elementor-widget elementor-widget-text-editor\" data-id=\"a05fb9f\" data-element_type=\"widget\" data-e-type=\"widget\" data-widget_type=\"text-editor.default\">\n\t\t\t\t<div class=\"elementor-widget-container\">\n\t\t\t\t\t\t\t\t\t<p><i><span style=\"font-weight: 400;\">A 80 anni dall\u2019assalto del Salumificio Frigieri futura sede di Salumifici Gran Terre\u00a0<\/span><\/i><\/p><p><span style=\"font-weight: 400;\">Il furgone rosso attende nel piazzale che il carico sia completato. Un bimbo di nove anni guarda le\u00a0 ceste con la carne avvolta nella carta bianca, che un robusto signore solleva e dispone sul mezzo.\u00a0 Tutto ora \u00e8 pronto. Altri alimenti sono stati altrove gi\u00e0 prelevati e inizia il giro per rifornire gli spacci\u00a0 cooperativi della zona. Una ordinata attivit\u00e0 attraversa ora il piazzale. Quindici anni prima quel piazzale e la campagna intorno erano pervasi, tra entusiasmo e paura della reazione fascista, da voci\u00a0 concitate, da spari e bombe di aerei alleati. E\u2019 l\u20198 marzo del 1945 e tremila donne, tante giovanissime,\u00a0 <\/span><span style=\"font-weight: 400;\">organizzate nei <\/span><i><span style=\"font-weight: 400;\">Comitati di difesa della donna<\/span><\/i><span style=\"font-weight: 400;\">, appoggiate dai partigiani, vanno all\u2019assalto del\u00a0 Salumificio Frigieri di Paganine al grido di pane, pace, libert\u00e0 per impedire che i prodotti vengano razziati dai nazifascisti. Ne prelevano 30 quintali e li distribuiscono alla popolazione e ai partigiani. L\u2019azione \u00e8 ideata e guidata da due giovanissime partigiane: Gabriella Rossi \u201cCarla\u201d e da Ibes Pioli\u00a0 \u201cRina\u201d. Sanno che i prodotti del salumificio finiranno all\u2019esercito tedesco che dall\u20198 settembre 1943\u00a0 occupa l\u2019Italia. La penuria di alimenti e soprattutto di grassi, razionati o inghiottiti dal mercato nero\u00a0 e pi\u00f9 spesso requisiti da fascisti e tedeschi, mette alla fame e alla disperazione migliaia di famiglie e\u00a0 le donne sono le prime a preoccuparsi di come procurare il cibo quotidiano. Comincia con incontri e\u00a0 riunioni clandestine la preparazione della manifestazione tra timori e voglia di combattere. I lavoratori\u00a0 del salumificio sono informati e assecondano il prelievo. \u201c<\/span><i><span style=\"font-weight: 400;\">N<\/span><\/i><i><span style=\"font-weight: 400;\">on c\u2019era podio, due compagne ressero la <\/span><\/i><i><span style=\"font-weight: 400;\">\u00a0<\/span><\/i><i><span style=\"font-weight: 400;\">bicicletta, montai sui pedali e man mano che arrivavano le donne, parlavo<\/span><\/i><span style=\"font-weight: 400;\">\u201d, racconta \u201cRina\u201d. <\/span><span style=\"font-weight: 400;\">E\u2019 una\u00a0 azione che pu\u00f2 costare la vita a chi partecipa. E\u2019 una giornata epica e l\u2019eco dell\u2019impresa vale la\u00a0 battaglia. Anche in questo modo le donne sono protagoniste della Resistenza.<\/span><\/p>\t\t\t\t\t\t\t\t<\/div>\n\t\t\t\t<\/div>\n\t\t\t\t<\/div>\n\t\t\t\t<div class=\"elementor-element elementor-element-5ef4998 elementor-widget elementor-widget-heading\" data-id=\"5ef4998\" data-element_type=\"widget\" data-e-type=\"widget\" data-widget_type=\"heading.default\">\n\t\t\t\t<div class=\"elementor-widget-container\">\n\t\t\t\t\t<h3 class=\"elementor-heading-title elementor-size-default\">La guerra sta per finire, ci saranno ancora morti, ci saranno altri sacrifici: quelli della Ricostruzione. <br>La Liberazione ha portato la pace, ma la libert\u00e0, la democrazia, la giustizia sociale sono ancora beni  precari.<\/h3>\t\t\t\t<\/div>\n\t\t\t\t<\/div>\n\t\t\t\t<div class=\"elementor-element elementor-element-d3af105 elementor-widget elementor-widget-text-editor\" data-id=\"d3af105\" data-element_type=\"widget\" data-e-type=\"widget\" data-widget_type=\"text-editor.default\">\n\t\t\t\t<div class=\"elementor-widget-container\">\n\t\t\t\t\t\t\t\t\t<p><span style=\"font-weight: 400;\">Nelle fabbriche, nei campi le donne, gli operai, i contadini, i mezzadri, i partigiani hanno lottato e difeso anche il patrimonio industriale e agro-zootecnico, indispensabili il nuovo futuro.&nbsp; L\u2019economia \u00e8 distrutta, tutto \u00e8 da rifare, da reinventare perch\u00e9 non si pu\u00f2 tornare a prima della guerra.&nbsp; Il futuro \u00e8 ignoto, ma \u00e8 l\u00e0 che si deve andare e chi ha combattuto per una Italia nuova sente il dovere&nbsp; di non tradire chi ha dato la vita per quel futuro.&nbsp;<\/span><\/p>\n<p><span style=\"font-weight: 400;\">A 17 anni quel signore militava nelle brigate partigiane e ora provvede a rifornire i negozi cooperativi. Alcuni anni dopo entra nel mondo della cooperazione, che sar\u00e0 per sempre il suo mondo. Lo fa un mese prima della nascita del bambino, che lo accompagna e cresce nella stessa cultura etica. Sono infatti le giovani e i giovani combattenti i protagonisti di una rivoluzione sociale, economica e&nbsp; culturale. Non era forse quella di cui si discuteva nelle sezioni di partito e prima ancora nelle brigate&nbsp; partigiane, ma \u00e8 una rivoluzione democratica, che ha nel lavoro il suo fondamento. Sono i partigiani&nbsp; che, tra difficolt\u00e0 e amarezze, cercano nel primo dopoguerra di costruire la propria vita e quella di un intero Paese tradito e distrutto dal fascismo. Sono partigiani i ragazzi che creano nuove cooperative di trasporto, sono le donne che si organizzano in cooperativa per produrre cappelli e lavori di sartoria. Sono i resistenti che danno vita al <\/span><i><span style=\"font-weight: 400;\">Corpo dei Volontari della Ricostruzione<\/span><\/i><span style=\"font-weight: 400;\">.&nbsp;<\/span><\/p>\n<p><span style=\"font-weight: 400;\">Nel primo dopoguerra l\u2019<\/span><i><span style=\"font-weight: 400;\">Associazione Nazionale Partigiani d\u2019Italia <\/span><\/i><span style=\"font-weight: 400;\">ha il compito di aiutare i partigiani, le loro famiglie, soprattutto quelle dei caduti, dei feriti e lo fa sostenendo, anche&nbsp; economicamente, nuove cooperative. Il lavoro sociale si riorganizza, gli operai si fanno imprenditori di se stessi, insieme secondo lo spirito mutualistico e solidaristico, che aveva guidato la cooperazione&nbsp; di fine Ottocento e che il fascismo aveva cercato di sradicare. Sono mezzadri, operai e partigiani&nbsp; quelli che producono gli alimenti, contro speculazione, accaparramenti e mercato nero. L\u2019Assemblea <\/span><span style=\"font-weight: 400;\">Costituente sostiene quel movimento e scriver\u00e0 l\u2019articolo 45 della Carta Costituzionale che <\/span><i><span style=\"font-weight: 400;\">riconosce <\/span><\/i><span style=\"font-weight: 400;\">e <\/span><i><span style=\"font-weight: 400;\">promuove <\/span><\/i><span style=\"font-weight: 400;\">la cooperazione.<\/span><\/p>\t\t\t\t\t\t\t\t<\/div>\n\t\t\t\t<\/div>\n\t\t<div class=\"elementor-element elementor-element-5cfbdda e-con-full e-flex e-con e-child\" data-id=\"5cfbdda\" data-element_type=\"container\" data-e-type=\"container\">\n\t\t\t\t<div class=\"elementor-element elementor-element-33d6fd7 elementor-widget__width-initial elementor-widget elementor-widget-image\" data-id=\"33d6fd7\" data-element_type=\"widget\" data-e-type=\"widget\" data-settings=\"{&quot;motion_fx_motion_fx_scrolling&quot;:&quot;yes&quot;,&quot;motion_fx_translateY_effect&quot;:&quot;yes&quot;,&quot;motion_fx_translateY_direction&quot;:&quot;negative&quot;,&quot;motion_fx_translateY_speed&quot;:{&quot;unit&quot;:&quot;px&quot;,&quot;size&quot;:0.3,&quot;sizes&quot;:[]},&quot;motion_fx_translateY_affectedRange&quot;:{&quot;unit&quot;:&quot;%&quot;,&quot;size&quot;:&quot;&quot;,&quot;sizes&quot;:{&quot;start&quot;:0,&quot;end&quot;:100}},&quot;motion_fx_devices&quot;:[&quot;desktop&quot;,&quot;laptop&quot;,&quot;tablet_extra&quot;,&quot;tablet&quot;,&quot;mobile&quot;]}\" data-widget_type=\"image.default\">\n\t\t\t\t<div class=\"elementor-widget-container\">\n\t\t\t\t\t\t\t\t\t\t\t\t\t\t\t\t<a href=\"https:\/\/www.legacoopestense.coop\/unitidiamoformaalfuturo\/wp-content\/uploads\/2025\/04\/La-storia-di-Salumificio-Frigeri.webp\" data-elementor-open-lightbox=\"yes\" data-elementor-lightbox-title=\"La storia di Salumificio Frigeri\" data-e-action-hash=\"#elementor-action%3Aaction%3Dlightbox%26settings%3DeyJpZCI6MjE1LCJ1cmwiOiJodHRwczpcL1wvd3d3LmxlZ2Fjb29wZXN0ZW5zZS5jb29wXC91bml0aWRpYW1vZm9ybWFhbGZ1dHVyb1wvd3AtY29udGVudFwvdXBsb2Fkc1wvMjAyNVwvMDRcL0xhLXN0b3JpYS1kaS1TYWx1bWlmaWNpby1GcmlnZXJpLndlYnAifQ%3D%3D\">\n\t\t\t\t\t\t\t<img decoding=\"async\" width=\"430\" height=\"430\" src=\"https:\/\/www.legacoopestense.coop\/unitidiamoformaalfuturo\/wp-content\/uploads\/2025\/04\/La-storia-di-Salumificio-Frigeri.webp\" class=\"elementor-animation-float attachment-full size-full wp-image-215\" alt=\"\" srcset=\"https:\/\/www.legacoopestense.coop\/unitidiamoformaalfuturo\/wp-content\/uploads\/2025\/04\/La-storia-di-Salumificio-Frigeri.webp 430w, https:\/\/www.legacoopestense.coop\/unitidiamoformaalfuturo\/wp-content\/uploads\/2025\/04\/La-storia-di-Salumificio-Frigeri-300x300.webp 300w, https:\/\/www.legacoopestense.coop\/unitidiamoformaalfuturo\/wp-content\/uploads\/2025\/04\/La-storia-di-Salumificio-Frigeri-150x150.webp 150w\" sizes=\"(max-width: 430px) 100vw, 430px\" \/>\t\t\t\t\t\t\t\t<\/a>\n\t\t\t\t\t\t\t\t\t\t\t\t\t\t\t<\/div>\n\t\t\t\t<\/div>\n\t\t<div class=\"elementor-element elementor-element-f77fbd3 e-con-full e-flex e-con e-child\" data-id=\"f77fbd3\" data-element_type=\"container\" data-e-type=\"container\">\n\t\t\t\t<div class=\"elementor-element elementor-element-bce840f elementor-widget elementor-widget-text-editor\" data-id=\"bce840f\" data-element_type=\"widget\" data-e-type=\"widget\" data-widget_type=\"text-editor.default\">\n\t\t\t\t<div class=\"elementor-widget-container\">\n\t\t\t\t\t\t\t\t\t<p><span style=\"font-weight: 400;\">Nel 1948 cinquanta soci fondano la <\/span><i><span style=\"font-weight: 400;\">Cooperativa industrie alimentari modenesi <\/span><\/i><span style=\"font-weight: 400;\">(CIAM) che con 18\u00a0 dipendenti rileva la Fondazione Siligardi, nota per la lavorazione di carni suine e bovine. Nascono o si trasformano altre strutture produttive alimentari, formando il <\/span><i><span style=\"font-weight: 400;\">Consorzio di approvvigionamento <\/span><\/i><i><span style=\"font-weight: 400;\">delle cooperative di consumo e agricole<\/span><\/i><span style=\"font-weight: 400;\">,<\/span><span style=\"font-weight: 400;\"> con lo scopo primario di rifornire la frammentata rete degli\u00a0<\/span><span style=\"font-weight: 400;\">spacci cooperativi di consumo. Dieci anni dopo con un primo percorso unitario: nasce l\u2019<\/span><i><span style=\"font-weight: 400;\">A<\/span><\/i><i><span style=\"font-weight: 400;\">ssociazione <\/span><\/i><i><span style=\"font-weight: 400;\">p<\/span><\/i><i><span style=\"font-weight: 400;\">rovinciale cooperative di consumo<\/span><\/i><span style=\"font-weight: 400;\">, per cambiare le politiche della cooperazione di distribuzione. <\/span><span style=\"font-weight: 400;\">\u00a0<\/span><\/p><p><span style=\"font-weight: 400;\">Quando il furgone rosso supera per la prima volta i suoi cancelli, il Salumificio Frigieri \u00e8 diventato il <\/span><span style=\"font-weight: 400;\">\u00a0<\/span><span style=\"font-weight: 400;\">nuovo stabilimento della CIAM, che ne fa la sua sede. La cooperativa pu\u00f2 finalmente lavorare e <\/span><span style=\"font-weight: 400;\">\u00a0<\/span><span style=\"font-weight: 400;\">stagionare in proprio i prodotti suini, che dalla met\u00e0 degli anni \u201970 diventano la sua specialit\u00e0. La<\/span> <span style=\"font-weight: 400;\">CIAM cresce e nasce Unibon, si strutturano le cooperative dei soci conferitori. La cooperazione <\/span><span style=\"font-weight: 400;\">\u00a0<\/span><span style=\"font-weight: 400;\">genera cooperazione. Con il nuovo millennio, nuove fusioni creano Grandi Salumifici Italiani, poi il<\/span> <span style=\"font-weight: 400;\">Gruppo Gran Terre partecipato e controllato da un ampio sistema cooperativo, che ne fa uno dei <\/span><span style=\"font-weight: 400;\">maggiori gruppi agro-alimentari italiani ed europei.<\/span><span style=\"font-weight: 400;\">\u00a0<\/span><\/p><p><span style=\"font-weight: 400;\">Le radici si sono estese ben oltre i confini modenesi ed emiliani, ma a Paganine resta il cuore. La <\/span><span style=\"font-weight: 400;\">Ricostruzione del tessuto economico sociale e culturale delle terre modenesi porta il segno <\/span><span style=\"font-weight: 400;\">\u00a0<\/span><span style=\"font-weight: 400;\">fondamentale della cooperazione in settori decisivi della ricostruzione: edilizia, infrastrutture stradali <\/span><span style=\"font-weight: 400;\">\u00a0<\/span><span style=\"font-weight: 400;\">ed energetiche, abitazione, produzione agroindustriale, trasporti, stampa, servizi sociali e consumo. <\/span><span style=\"font-weight: 400;\">Il valore etico della cooperazione attraversa in quegli anni l\u2019intera societ\u00e0 modenese. Il suo valore <\/span><span style=\"font-weight: 400;\">\u00a0<\/span><span style=\"font-weight: 400;\">economico, sociale e politico ha nella Lotta di Liberazione, nel coraggio delle donne che assaltarono <\/span><span style=\"font-weight: 400;\">\u00a0<\/span><span style=\"font-weight: 400;\">il Salumificio Frigieri, negli uomini che governarono difficili traiettorie imprenditoriali con <\/span><span style=\"font-weight: 400;\">l\u2019intelligenza del lavoro e nella Costituzione un saldo ancoraggio, tutto da riscoprire e reinterpretare <\/span><span style=\"font-weight: 400;\">oggi per il futuro.<\/span><span style=\"font-weight: 400;\">\u00a0<\/span><\/p><p><span style=\"font-weight: 400;\">Vanni Bulgarelli<\/span><\/p>\t\t\t\t\t\t\t\t<\/div>\n\t\t\t\t<\/div>\n\t\t\t\t<div class=\"elementor-element elementor-element-dc9b61c elementor-widget elementor-widget-template\" data-id=\"dc9b61c\" data-element_type=\"widget\" data-e-type=\"widget\" data-widget_type=\"template.default\">\n\t\t\t\t<div class=\"elementor-widget-container\">\n\t\t\t\t\t\t\t<div class=\"elementor-template\">\n\t\t\t\t\t<div data-elementor-type=\"section\" data-elementor-id=\"1221\" class=\"elementor elementor-1221\" data-elementor-post-type=\"elementor_library\">\n\t\t\t<div class=\"elementor-element elementor-element-ddc1cfa e-con-full e-flex e-con e-child\" data-id=\"ddc1cfa\" data-element_type=\"container\" data-e-type=\"container\">\n\t\t\t\t<div class=\"elementor-element elementor-element-b06410c elementor-widget-tablet_extra__width-inherit elementor-widget elementor-widget-heading\" data-id=\"b06410c\" data-element_type=\"widget\" data-e-type=\"widget\" data-widget_type=\"heading.default\">\n\t\t\t\t<div class=\"elementor-widget-container\">\n\t\t\t\t\t<h2 class=\"elementor-heading-title elementor-size-default\">Ti interessa questa illustrazione?<\/h2>\t\t\t\t<\/div>\n\t\t\t\t<\/div>\n\t\t\t\t<div class=\"elementor-element elementor-element-b529d81 elementor-widget elementor-widget-text-editor\" data-id=\"b529d81\" data-element_type=\"widget\" data-e-type=\"widget\" data-widget_type=\"text-editor.default\">\n\t\t\t\t<div class=\"elementor-widget-container\">\n\t\t\t\t\t\t\t\t\t<p>Puoi <span style=\"text-decoration: underline;\"><a href=\"https:\/\/www.theferrareser.com\/shop-poster\/\" target=\"_blank\" rel=\"noopener\">acquistare il poster qui<\/a><\/span><\/p>\t\t\t\t\t\t\t\t<\/div>\n\t\t\t\t<\/div>\n\t\t\t\t<div class=\"elementor-element elementor-element-bde0a29 elementor-widget__width-auto elementor-invisible elementor-widget elementor-widget-button\" data-id=\"bde0a29\" data-element_type=\"widget\" data-e-type=\"widget\" data-settings=\"{&quot;_animation&quot;:&quot;fadeIn&quot;,&quot;_animation_delay&quot;:200}\" data-widget_type=\"button.default\">\n\t\t\t\t<div class=\"elementor-widget-container\">\n\t\t\t\t\t\t\t\t\t<div class=\"elementor-button-wrapper\">\n\t\t\t\t\t<a class=\"elementor-button elementor-button-link elementor-size-sm\" href=\"https:\/\/www.theferrareser.com\/shop-poster\/\" target=\"_blank\">\n\t\t\t\t\t\t<span class=\"elementor-button-content-wrapper\">\n\t\t\t\t\t\t\t\t\t<span class=\"elementor-button-text\">Acquista<\/span>\n\t\t\t\t\t<\/span>\n\t\t\t\t\t<\/a>\n\t\t\t\t<\/div>\n\t\t\t\t\t\t\t\t<\/div>\n\t\t\t\t<\/div>\n\t\t\t\t<\/div>\n\t\t\t\t<\/div>\n\t\t\t\t<\/div>\n\t\t\t\t\t\t<\/div>\n\t\t\t\t<\/div>\n\t\t\t\t<\/div>\n\t\t\t\t<\/div>\n\t\t\t\t<\/div>\n\t\t<div class=\"elementor-element elementor-element-67d4f9a e-con-full e-flex e-con e-parent\" data-id=\"67d4f9a\" data-element_type=\"container\" data-e-type=\"container\" data-settings=\"{&quot;background_background&quot;:&quot;classic&quot;}\">\n\t\t\t\t<div class=\"elementor-element elementor-element-247dc96 elementor-widget__width-initial elementor-widget-tablet_extra__width-inherit elementor-widget elementor-widget-heading\" data-id=\"247dc96\" data-element_type=\"widget\" data-e-type=\"widget\" data-widget_type=\"heading.default\">\n\t\t\t\t<div class=\"elementor-widget-container\">\n\t\t\t\t\t<h2 class=\"elementor-heading-title elementor-size-default\">Leggi le altre storie<\/h2>\t\t\t\t<\/div>\n\t\t\t\t<\/div>\n\t\t<div class=\"elementor-element elementor-element-c642d10 e-con-full e-flex e-con e-child\" data-id=\"c642d10\" data-element_type=\"container\" data-e-type=\"container\">\n\t\t\t\t<div class=\"elementor-element elementor-element-dfbef47 elementor-widget-mobile__width-inherit elementor-invisible elementor-widget elementor-widget-text-editor\" data-id=\"dfbef47\" data-element_type=\"widget\" data-e-type=\"widget\" data-settings=\"{&quot;_animation&quot;:&quot;fadeIn&quot;}\" data-widget_type=\"text-editor.default\">\n\t\t\t\t<div class=\"elementor-widget-container\">\n\t\t\t\t\t\t\t\t\t<h4><span style=\"font-weight: 400;\">12 storie di cooperazione, 12 viaggi nel tempo e nel futuro<\/span><\/h4><p><span style=\"font-weight: 400;\">Ogni mese, una storia.<br \/>Dalle lotte per la libert\u00e0 alle innovazioni di oggi, raccontiamo il passato e il presente della cooperazione attraverso <\/span><b>illustrazioni originali e racconti inediti<\/b><span style=\"font-weight: 400;\">.<\/span><\/p>\t\t\t\t\t\t\t\t<\/div>\n\t\t\t\t<\/div>\n\t\t\t\t<div class=\"elementor-element elementor-element-3215845 elementor-widget__width-auto elementor-invisible elementor-widget elementor-widget-button\" data-id=\"3215845\" data-element_type=\"widget\" data-e-type=\"widget\" data-settings=\"{&quot;_animation&quot;:&quot;fadeIn&quot;,&quot;_animation_delay&quot;:600}\" data-widget_type=\"button.default\">\n\t\t\t\t<div class=\"elementor-widget-container\">\n\t\t\t\t\t\t\t\t\t<div class=\"elementor-button-wrapper\">\n\t\t\t\t\t<a class=\"elementor-button elementor-button-link elementor-size-sm\" href=\"https:\/\/www.legacoopestense.coop\/unitidiamoformaalfuturo\/le-storie\/\">\n\t\t\t\t\t\t<span class=\"elementor-button-content-wrapper\">\n\t\t\t\t\t\t\t\t\t<span class=\"elementor-button-text\">Leggile tutte<\/span>\n\t\t\t\t\t<\/span>\n\t\t\t\t\t<\/a>\n\t\t\t\t<\/div>\n\t\t\t\t\t\t\t\t<\/div>\n\t\t\t\t<\/div>\n\t\t\t\t<\/div>\n\t\t\t\t<\/div>\n\t\t\t\t<\/div>\n\t\t","protected":false},"excerpt":{"rendered":"<p>Una storia nella storia: l\u2019assalto del Salumificio Frigieri Storia di Vanni Bulgarelli, illustrazione di Arianna Farricella A 80 anni dall\u2019assalto del Salumificio Frigieri futura sede di Salumifici Gran Terre\u00a0 Il furgone rosso attende nel piazzale che il carico sia completato. Un bimbo di nove anni guarda le\u00a0 ceste con la carne avvolta nella carta bianca, [&hellip;]<\/p>\n","protected":false},"author":1,"featured_media":0,"parent":11,"menu_order":0,"comment_status":"closed","ping_status":"closed","template":"","meta":{"footnotes":""},"class_list":["post-7","page","type-page","status-publish","hentry"],"yoast_head":"<!-- This site is optimized with the Yoast SEO plugin v27.1.1 - https:\/\/yoast.com\/product\/yoast-seo-wordpress\/ -->\n<title>CIAM - Uniti diamo Forma al Futuro<\/title>\n<meta name=\"robots\" content=\"index, follow, max-snippet:-1, max-image-preview:large, max-video-preview:-1\" \/>\n<link rel=\"canonical\" href=\"https:\/\/www.legacoopestense.coop\/unitidiamoformaalfuturo\/le-storie\/ciam\/\" \/>\n<meta property=\"og:locale\" content=\"it_IT\" \/>\n<meta property=\"og:type\" content=\"article\" \/>\n<meta property=\"og:title\" content=\"CIAM - Uniti diamo Forma al Futuro\" \/>\n<meta property=\"og:description\" content=\"Una storia nella storia: l\u2019assalto del Salumificio Frigieri Storia di Vanni Bulgarelli, illustrazione di Arianna Farricella A 80 anni dall\u2019assalto del Salumificio Frigieri futura sede di Salumifici Gran Terre\u00a0 Il furgone rosso attende nel piazzale che il carico sia completato. Un bimbo di nove anni guarda le\u00a0 ceste con la carne avvolta nella carta bianca, [&hellip;]\" \/>\n<meta property=\"og:url\" content=\"https:\/\/www.legacoopestense.coop\/unitidiamoformaalfuturo\/le-storie\/ciam\/\" \/>\n<meta property=\"og:site_name\" content=\"Uniti diamo Forma al Futuro\" \/>\n<meta property=\"article:publisher\" content=\"https:\/\/www.facebook.com\/legacoopestense\" \/>\n<meta property=\"article:modified_time\" content=\"2025-10-20T15:32:44+00:00\" \/>\n<meta property=\"og:image\" content=\"https:\/\/www.legacoopestense.coop\/unitidiamoformaalfuturo\/wp-content\/uploads\/2025\/04\/Manifesto-AssaltoSalumificio.webp\" \/>\n\t<meta property=\"og:image:width\" content=\"2000\" \/>\n\t<meta property=\"og:image:height\" content=\"2000\" \/>\n\t<meta property=\"og:image:type\" content=\"image\/webp\" \/>\n<meta name=\"twitter:card\" content=\"summary_large_image\" \/>\n<meta name=\"twitter:site\" content=\"@LegacoopEstense\" \/>\n<meta name=\"twitter:label1\" content=\"Tempo di lettura stimato\" \/>\n\t<meta name=\"twitter:data1\" content=\"7 minuti\" \/>\n<script type=\"application\/ld+json\" class=\"yoast-schema-graph\">{\"@context\":\"https:\/\/schema.org\",\"@graph\":[{\"@type\":\"WebPage\",\"@id\":\"https:\/\/www.legacoopestense.coop\/unitidiamoformaalfuturo\/le-storie\/ciam\/\",\"url\":\"https:\/\/www.legacoopestense.coop\/unitidiamoformaalfuturo\/le-storie\/ciam\/\",\"name\":\"CIAM - Uniti diamo Forma al Futuro\",\"isPartOf\":{\"@id\":\"https:\/\/www.legacoopestense.coop\/unitidiamoformaalfuturo\/#website\"},\"primaryImageOfPage\":{\"@id\":\"https:\/\/www.legacoopestense.coop\/unitidiamoformaalfuturo\/le-storie\/ciam\/#primaryimage\"},\"image\":{\"@id\":\"https:\/\/www.legacoopestense.coop\/unitidiamoformaalfuturo\/le-storie\/ciam\/#primaryimage\"},\"thumbnailUrl\":\"https:\/\/www.legacoopestense.coop\/unitidiamoformaalfuturo\/wp-content\/uploads\/2025\/04\/Manifesto-AssaltoSalumificio.webp\",\"datePublished\":\"2025-04-01T16:13:33+00:00\",\"dateModified\":\"2025-10-20T15:32:44+00:00\",\"breadcrumb\":{\"@id\":\"https:\/\/www.legacoopestense.coop\/unitidiamoformaalfuturo\/le-storie\/ciam\/#breadcrumb\"},\"inLanguage\":\"it-IT\",\"potentialAction\":[{\"@type\":\"ReadAction\",\"target\":[\"https:\/\/www.legacoopestense.coop\/unitidiamoformaalfuturo\/le-storie\/ciam\/\"]}]},{\"@type\":\"ImageObject\",\"inLanguage\":\"it-IT\",\"@id\":\"https:\/\/www.legacoopestense.coop\/unitidiamoformaalfuturo\/le-storie\/ciam\/#primaryimage\",\"url\":\"https:\/\/www.legacoopestense.coop\/unitidiamoformaalfuturo\/wp-content\/uploads\/2025\/04\/Manifesto-AssaltoSalumificio.webp\",\"contentUrl\":\"https:\/\/www.legacoopestense.coop\/unitidiamoformaalfuturo\/wp-content\/uploads\/2025\/04\/Manifesto-AssaltoSalumificio.webp\"},{\"@type\":\"BreadcrumbList\",\"@id\":\"https:\/\/www.legacoopestense.coop\/unitidiamoformaalfuturo\/le-storie\/ciam\/#breadcrumb\",\"itemListElement\":[{\"@type\":\"ListItem\",\"position\":1,\"name\":\"Home\",\"item\":\"https:\/\/www.legacoopestense.coop\/unitidiamoformaalfuturo\/\"},{\"@type\":\"ListItem\",\"position\":2,\"name\":\"Le Storie\",\"item\":\"https:\/\/www.legacoopestense.coop\/unitidiamoformaalfuturo\/le-storie\/\"},{\"@type\":\"ListItem\",\"position\":3,\"name\":\"CIAM\"}]},{\"@type\":\"WebSite\",\"@id\":\"https:\/\/www.legacoopestense.coop\/unitidiamoformaalfuturo\/#website\",\"url\":\"https:\/\/www.legacoopestense.coop\/unitidiamoformaalfuturo\/\",\"name\":\"Uniti diamo Forma al Futuro\",\"description\":\"Legacoop Estense\",\"publisher\":{\"@id\":\"https:\/\/www.legacoopestense.coop\/unitidiamoformaalfuturo\/#organization\"},\"potentialAction\":[{\"@type\":\"SearchAction\",\"target\":{\"@type\":\"EntryPoint\",\"urlTemplate\":\"https:\/\/www.legacoopestense.coop\/unitidiamoformaalfuturo\/?s={search_term_string}\"},\"query-input\":{\"@type\":\"PropertyValueSpecification\",\"valueRequired\":true,\"valueName\":\"search_term_string\"}}],\"inLanguage\":\"it-IT\"},{\"@type\":\"Organization\",\"@id\":\"https:\/\/www.legacoopestense.coop\/unitidiamoformaalfuturo\/#organization\",\"name\":\"Uniti diamo Forma al Futuro\",\"url\":\"https:\/\/www.legacoopestense.coop\/unitidiamoformaalfuturo\/\",\"logo\":{\"@type\":\"ImageObject\",\"inLanguage\":\"it-IT\",\"@id\":\"https:\/\/www.legacoopestense.coop\/unitidiamoformaalfuturo\/#\/schema\/logo\/image\/\",\"url\":\"https:\/\/www.legacoopestense.coop\/unitidiamoformaalfuturo\/wp-content\/uploads\/2025\/04\/Legacoop-Estense-2025IYC.webp\",\"contentUrl\":\"https:\/\/www.legacoopestense.coop\/unitidiamoformaalfuturo\/wp-content\/uploads\/2025\/04\/Legacoop-Estense-2025IYC.webp\",\"width\":512,\"height\":91,\"caption\":\"Uniti diamo Forma al Futuro\"},\"image\":{\"@id\":\"https:\/\/www.legacoopestense.coop\/unitidiamoformaalfuturo\/#\/schema\/logo\/image\/\"},\"sameAs\":[\"https:\/\/www.facebook.com\/legacoopestense\",\"https:\/\/x.com\/LegacoopEstense\",\"https:\/\/www.youtube.com\/channel\/UCxE6dZcxUwbcxqXVyik9M7A\"]}]}<\/script>\n<!-- \/ Yoast SEO plugin. -->","yoast_head_json":{"title":"CIAM - Uniti diamo Forma al Futuro","robots":{"index":"index","follow":"follow","max-snippet":"max-snippet:-1","max-image-preview":"max-image-preview:large","max-video-preview":"max-video-preview:-1"},"canonical":"https:\/\/www.legacoopestense.coop\/unitidiamoformaalfuturo\/le-storie\/ciam\/","og_locale":"it_IT","og_type":"article","og_title":"CIAM - Uniti diamo Forma al Futuro","og_description":"Una storia nella storia: l\u2019assalto del Salumificio Frigieri Storia di Vanni Bulgarelli, illustrazione di Arianna Farricella A 80 anni dall\u2019assalto del Salumificio Frigieri futura sede di Salumifici Gran Terre\u00a0 Il furgone rosso attende nel piazzale che il carico sia completato. Un bimbo di nove anni guarda le\u00a0 ceste con la carne avvolta nella carta bianca, [&hellip;]","og_url":"https:\/\/www.legacoopestense.coop\/unitidiamoformaalfuturo\/le-storie\/ciam\/","og_site_name":"Uniti diamo Forma al Futuro","article_publisher":"https:\/\/www.facebook.com\/legacoopestense","article_modified_time":"2025-10-20T15:32:44+00:00","og_image":[{"width":2000,"height":2000,"url":"https:\/\/www.legacoopestense.coop\/unitidiamoformaalfuturo\/wp-content\/uploads\/2025\/04\/Manifesto-AssaltoSalumificio.webp","type":"image\/webp"}],"twitter_card":"summary_large_image","twitter_site":"@LegacoopEstense","twitter_misc":{"Tempo di lettura stimato":"7 minuti"},"schema":{"@context":"https:\/\/schema.org","@graph":[{"@type":"WebPage","@id":"https:\/\/www.legacoopestense.coop\/unitidiamoformaalfuturo\/le-storie\/ciam\/","url":"https:\/\/www.legacoopestense.coop\/unitidiamoformaalfuturo\/le-storie\/ciam\/","name":"CIAM - Uniti diamo Forma al Futuro","isPartOf":{"@id":"https:\/\/www.legacoopestense.coop\/unitidiamoformaalfuturo\/#website"},"primaryImageOfPage":{"@id":"https:\/\/www.legacoopestense.coop\/unitidiamoformaalfuturo\/le-storie\/ciam\/#primaryimage"},"image":{"@id":"https:\/\/www.legacoopestense.coop\/unitidiamoformaalfuturo\/le-storie\/ciam\/#primaryimage"},"thumbnailUrl":"https:\/\/www.legacoopestense.coop\/unitidiamoformaalfuturo\/wp-content\/uploads\/2025\/04\/Manifesto-AssaltoSalumificio.webp","datePublished":"2025-04-01T16:13:33+00:00","dateModified":"2025-10-20T15:32:44+00:00","breadcrumb":{"@id":"https:\/\/www.legacoopestense.coop\/unitidiamoformaalfuturo\/le-storie\/ciam\/#breadcrumb"},"inLanguage":"it-IT","potentialAction":[{"@type":"ReadAction","target":["https:\/\/www.legacoopestense.coop\/unitidiamoformaalfuturo\/le-storie\/ciam\/"]}]},{"@type":"ImageObject","inLanguage":"it-IT","@id":"https:\/\/www.legacoopestense.coop\/unitidiamoformaalfuturo\/le-storie\/ciam\/#primaryimage","url":"https:\/\/www.legacoopestense.coop\/unitidiamoformaalfuturo\/wp-content\/uploads\/2025\/04\/Manifesto-AssaltoSalumificio.webp","contentUrl":"https:\/\/www.legacoopestense.coop\/unitidiamoformaalfuturo\/wp-content\/uploads\/2025\/04\/Manifesto-AssaltoSalumificio.webp"},{"@type":"BreadcrumbList","@id":"https:\/\/www.legacoopestense.coop\/unitidiamoformaalfuturo\/le-storie\/ciam\/#breadcrumb","itemListElement":[{"@type":"ListItem","position":1,"name":"Home","item":"https:\/\/www.legacoopestense.coop\/unitidiamoformaalfuturo\/"},{"@type":"ListItem","position":2,"name":"Le Storie","item":"https:\/\/www.legacoopestense.coop\/unitidiamoformaalfuturo\/le-storie\/"},{"@type":"ListItem","position":3,"name":"CIAM"}]},{"@type":"WebSite","@id":"https:\/\/www.legacoopestense.coop\/unitidiamoformaalfuturo\/#website","url":"https:\/\/www.legacoopestense.coop\/unitidiamoformaalfuturo\/","name":"Uniti diamo Forma al Futuro","description":"Legacoop Estense","publisher":{"@id":"https:\/\/www.legacoopestense.coop\/unitidiamoformaalfuturo\/#organization"},"potentialAction":[{"@type":"SearchAction","target":{"@type":"EntryPoint","urlTemplate":"https:\/\/www.legacoopestense.coop\/unitidiamoformaalfuturo\/?s={search_term_string}"},"query-input":{"@type":"PropertyValueSpecification","valueRequired":true,"valueName":"search_term_string"}}],"inLanguage":"it-IT"},{"@type":"Organization","@id":"https:\/\/www.legacoopestense.coop\/unitidiamoformaalfuturo\/#organization","name":"Uniti diamo Forma al Futuro","url":"https:\/\/www.legacoopestense.coop\/unitidiamoformaalfuturo\/","logo":{"@type":"ImageObject","inLanguage":"it-IT","@id":"https:\/\/www.legacoopestense.coop\/unitidiamoformaalfuturo\/#\/schema\/logo\/image\/","url":"https:\/\/www.legacoopestense.coop\/unitidiamoformaalfuturo\/wp-content\/uploads\/2025\/04\/Legacoop-Estense-2025IYC.webp","contentUrl":"https:\/\/www.legacoopestense.coop\/unitidiamoformaalfuturo\/wp-content\/uploads\/2025\/04\/Legacoop-Estense-2025IYC.webp","width":512,"height":91,"caption":"Uniti diamo Forma al Futuro"},"image":{"@id":"https:\/\/www.legacoopestense.coop\/unitidiamoformaalfuturo\/#\/schema\/logo\/image\/"},"sameAs":["https:\/\/www.facebook.com\/legacoopestense","https:\/\/x.com\/LegacoopEstense","https:\/\/www.youtube.com\/channel\/UCxE6dZcxUwbcxqXVyik9M7A"]}]}},"_links":{"self":[{"href":"https:\/\/www.legacoopestense.coop\/unitidiamoformaalfuturo\/wp-json\/wp\/v2\/pages\/7","targetHints":{"allow":["GET"]}}],"collection":[{"href":"https:\/\/www.legacoopestense.coop\/unitidiamoformaalfuturo\/wp-json\/wp\/v2\/pages"}],"about":[{"href":"https:\/\/www.legacoopestense.coop\/unitidiamoformaalfuturo\/wp-json\/wp\/v2\/types\/page"}],"author":[{"embeddable":true,"href":"https:\/\/www.legacoopestense.coop\/unitidiamoformaalfuturo\/wp-json\/wp\/v2\/users\/1"}],"replies":[{"embeddable":true,"href":"https:\/\/www.legacoopestense.coop\/unitidiamoformaalfuturo\/wp-json\/wp\/v2\/comments?post=7"}],"version-history":[{"count":44,"href":"https:\/\/www.legacoopestense.coop\/unitidiamoformaalfuturo\/wp-json\/wp\/v2\/pages\/7\/revisions"}],"predecessor-version":[{"id":1377,"href":"https:\/\/www.legacoopestense.coop\/unitidiamoformaalfuturo\/wp-json\/wp\/v2\/pages\/7\/revisions\/1377"}],"up":[{"embeddable":true,"href":"https:\/\/www.legacoopestense.coop\/unitidiamoformaalfuturo\/wp-json\/wp\/v2\/pages\/11"}],"wp:attachment":[{"href":"https:\/\/www.legacoopestense.coop\/unitidiamoformaalfuturo\/wp-json\/wp\/v2\/media?parent=7"}],"curies":[{"name":"wp","href":"https:\/\/api.w.org\/{rel}","templated":true}]}}