{"id":331,"date":"2025-04-07T11:41:57","date_gmt":"2025-04-07T09:41:57","guid":{"rendered":"https:\/\/www.legacoopestense.coop\/unitidiamoformaalfuturo\/?page_id=331"},"modified":"2025-10-20T17:32:29","modified_gmt":"2025-10-20T15:32:29","slug":"ugo-lugli","status":"publish","type":"page","link":"https:\/\/www.legacoopestense.coop\/unitidiamoformaalfuturo\/le-storie\/ugo-lugli\/","title":{"rendered":"Ugo Lugli"},"content":{"rendered":"\t\t<div data-elementor-type=\"wp-page\" data-elementor-id=\"331\" class=\"elementor elementor-331\" data-elementor-post-type=\"page\">\n\t\t\t\t<div class=\"elementor-element elementor-element-4f55b78 e-con-full e-flex e-con e-parent\" data-id=\"4f55b78\" data-element_type=\"container\" data-e-type=\"container\" data-settings=\"{&quot;background_background&quot;:&quot;classic&quot;}\">\n\t\t\t\t<\/div>\n\t\t<div class=\"elementor-element elementor-element-a37c6ea e-con-full e-flex e-con e-parent\" data-id=\"a37c6ea\" data-element_type=\"container\" data-e-type=\"container\">\n\t\t\t\t<div class=\"elementor-element elementor-element-fd7bd79 elementor-align-left elementor-widget elementor-widget-breadcrumbs\" data-id=\"fd7bd79\" data-element_type=\"widget\" data-e-type=\"widget\" data-widget_type=\"breadcrumbs.default\">\n\t\t\t\t<div class=\"elementor-widget-container\">\n\t\t\t\t\t<p id=\"breadcrumbs\"><span><span><a href=\"https:\/\/www.legacoopestense.coop\/unitidiamoformaalfuturo\/\">Home<\/a><\/span><\/span><\/p>\t\t\t\t<\/div>\n\t\t\t\t<\/div>\n\t\t\t\t<div class=\"elementor-element elementor-element-274bccf elementor-widget elementor-widget-heading\" data-id=\"274bccf\" data-element_type=\"widget\" data-e-type=\"widget\" data-widget_type=\"heading.default\">\n\t\t\t\t<div class=\"elementor-widget-container\">\n\t\t\t\t\t<h2 class=\"elementor-heading-title elementor-size-default\">Ugo Lugli, cooperatore antifascista <br>\n<small><i>Storia di Antonella Guarnieri, illustrazione di Paolo Bevilacqua<\/i><\/small><\/h2>\t\t\t\t<\/div>\n\t\t\t\t<\/div>\n\t\t<div class=\"elementor-element elementor-element-061263b e-con-full e-flex e-con e-child\" data-id=\"061263b\" data-element_type=\"container\" data-e-type=\"container\">\n\t\t\t\t<div class=\"elementor-element elementor-element-82d9c54 elementor-widget elementor-widget-image\" data-id=\"82d9c54\" data-element_type=\"widget\" data-e-type=\"widget\" data-settings=\"{&quot;motion_fx_motion_fx_scrolling&quot;:&quot;yes&quot;,&quot;motion_fx_translateY_effect&quot;:&quot;yes&quot;,&quot;motion_fx_translateY_direction&quot;:&quot;negative&quot;,&quot;motion_fx_translateY_speed&quot;:{&quot;unit&quot;:&quot;px&quot;,&quot;size&quot;:0.3,&quot;sizes&quot;:[]},&quot;motion_fx_translateY_affectedRange&quot;:{&quot;unit&quot;:&quot;%&quot;,&quot;size&quot;:&quot;&quot;,&quot;sizes&quot;:{&quot;start&quot;:0,&quot;end&quot;:100}},&quot;motion_fx_devices&quot;:[&quot;desktop&quot;,&quot;laptop&quot;,&quot;tablet_extra&quot;,&quot;tablet&quot;,&quot;mobile&quot;]}\" data-widget_type=\"image.default\">\n\t\t\t\t<div class=\"elementor-widget-container\">\n\t\t\t\t\t\t\t\t\t\t\t\t\t\t\t\t<a href=\"https:\/\/www.legacoopestense.coop\/unitidiamoformaalfuturo\/wp-content\/uploads\/2025\/04\/Manifesto-Lugli.webp\" data-elementor-open-lightbox=\"yes\" data-elementor-lightbox-title=\"Manifesto-Lugli\" data-e-action-hash=\"#elementor-action%3Aaction%3Dlightbox%26settings%3DeyJpZCI6OTY1LCJ1cmwiOiJodHRwczpcL1wvd3d3LmxlZ2Fjb29wZXN0ZW5zZS5jb29wXC91bml0aWRpYW1vZm9ybWFhbGZ1dHVyb1wvd3AtY29udGVudFwvdXBsb2Fkc1wvMjAyNVwvMDRcL01hbmlmZXN0by1MdWdsaS53ZWJwIn0%3D\">\n\t\t\t\t\t\t\t<img fetchpriority=\"high\" decoding=\"async\" width=\"2000\" height=\"2000\" src=\"https:\/\/www.legacoopestense.coop\/unitidiamoformaalfuturo\/wp-content\/uploads\/2025\/04\/Manifesto-Lugli.webp\" class=\"elementor-animation-float attachment-full size-full wp-image-965\" alt=\"\" srcset=\"https:\/\/www.legacoopestense.coop\/unitidiamoformaalfuturo\/wp-content\/uploads\/2025\/04\/Manifesto-Lugli.webp 2000w, https:\/\/www.legacoopestense.coop\/unitidiamoformaalfuturo\/wp-content\/uploads\/2025\/04\/Manifesto-Lugli-300x300.webp 300w, https:\/\/www.legacoopestense.coop\/unitidiamoformaalfuturo\/wp-content\/uploads\/2025\/04\/Manifesto-Lugli-1024x1024.webp 1024w, https:\/\/www.legacoopestense.coop\/unitidiamoformaalfuturo\/wp-content\/uploads\/2025\/04\/Manifesto-Lugli-150x150.webp 150w, https:\/\/www.legacoopestense.coop\/unitidiamoformaalfuturo\/wp-content\/uploads\/2025\/04\/Manifesto-Lugli-768x768.webp 768w, https:\/\/www.legacoopestense.coop\/unitidiamoformaalfuturo\/wp-content\/uploads\/2025\/04\/Manifesto-Lugli-1536x1536.webp 1536w\" sizes=\"(max-width: 2000px) 100vw, 2000px\" \/>\t\t\t\t\t\t\t\t<\/a>\n\t\t\t\t\t\t\t\t\t\t\t\t\t\t\t<\/div>\n\t\t\t\t<\/div>\n\t\t\t\t<div class=\"elementor-element elementor-element-7f3b5df elementor-widget__width-initial elementor-widget-tablet__width-inherit elementor-widget elementor-widget-text-editor\" data-id=\"7f3b5df\" data-element_type=\"widget\" data-e-type=\"widget\" data-widget_type=\"text-editor.default\">\n\t\t\t\t<div class=\"elementor-widget-container\">\n\t\t\t\t\t\t\t\t\t<p><span style=\"font-weight: 400;\">Ugo Lugli nacque a Bondeno il 29 giugno 1882, egli si impegno sin da giovane nelle fila del partito socialista, risultando, nel 1910, il primo sindaco di quel partito eletto nel suo paese.\u00a0<\/span><\/p><p><span style=\"font-weight: 400;\">Egli divenne, inoltre, uno dei massimi esponenti della \u201cLega delle cooperative\u201d, accanto a uomini del calibro di Mario Cavallari, teorico della cooperazione riformista, e di Francesco Baraldi, l\u2019avvocato che nel gennaio 1921 accolse Giacomo Matteotti al suo arrivo a Ferrara.<\/span><\/p><p><span style=\"font-weight: 400;\">E\u2019 difficile pensare Ugo bambino, eppure si tratta di uno sforzo che \u00e8 importante provare a fare, perch\u00e9 Ugo Lugli, dopo aver letto tanti documenti che lo riguardano, appare come il simbolo incarnato di ci\u00f2 che vissero, tra la fine dell\u2019Ottocento e l\u2019inizio del Novecento, le persone della provincia ferrarese che non appartenevano alle classi abbienti e che erano, per la maggioranza, braccianti agricoli, donne e uomini senza speranze n\u00e9 diritti, con un\u2019aspettativa di vita media che non arrivava ai trent\u2019anni.\u00a0<\/span><\/p><p><span style=\"font-weight: 400;\">Fu quella parte di popolazione che, passando dalle lotte del movimento bracciantile, alla persecuzione fascista ed alla dittatura, sub\u00ec la guerra, mantenendo in vita i valori della cooperazione per traghettarli sino alla Repubblica, dove poterono trovare nuova realizzazione e, finalmente, venire accolti come un prezioso contributo alla crescita equilibrata e giusta della societ\u00e0.\u00a0<\/span><\/p><p><span style=\"font-weight: 400;\">La cooperazione era stata fondamentale per quegli uomini e quelle donne cos\u00ec poveri e sottopagati, oggi si fatica moltissimo a comprendere quanto, che nelle prime cooperative di consumo avevano visto la possibilit\u00e0, grazie all\u2019acquisto di quantitativi pi\u00f9 elevati di merci, di perseguire l\u2019obiettivo comune di ottenere prezzi pi\u00f9 bassi per tutto ci\u00f2 che serviva alla loro sopravvivenza.<\/span><\/p><p><span style=\"font-weight: 400;\">Possiamo immaginare che Ugo non fosse un bambino ricco e che i suoi genitori avessero capito velocemente che quel ragazzino possedeva una intelligenza non comune e per questo, a differenza di tanti suoi coetanei, che difficilmente arrivavano alla fine delle scuole elementari, si fossero impegnati per fargli conseguire la licenza primaria.<\/span><\/p><p><span style=\"font-weight: 400;\">Ben presto quel ragazzo attento alle vite dei suoi poverissimi concittadini aveva compreso che esistevano idee, quelle socialiste, che erano le uniche ad interessarsi dei pi\u00f9 poveri, degli sfruttati che, in quei tempi, erano la maggioranza nelle campagne ferraresi.<\/span><\/p>\t\t\t\t\t\t\t\t<\/div>\n\t\t\t\t<\/div>\n\t\t\t\t<\/div>\n\t\t\t\t<div class=\"elementor-element elementor-element-308e599 elementor-widget elementor-widget-heading\" data-id=\"308e599\" data-element_type=\"widget\" data-e-type=\"widget\" data-widget_type=\"heading.default\">\n\t\t\t\t<div class=\"elementor-widget-container\">\n\t\t\t\t\t<h3 class=\"elementor-heading-title elementor-size-default\">Di Ugo le forze dell\u2019ordine avevano iniziato ad interessarsi presto, proprio a causa della sua attivit\u00e0 politica e per questo lo sorvegliavano.<\/h3>\t\t\t\t<\/div>\n\t\t\t\t<\/div>\n\t\t\t\t<div class=\"elementor-element elementor-element-3e2700e elementor-widget elementor-widget-text-editor\" data-id=\"3e2700e\" data-element_type=\"widget\" data-e-type=\"widget\" data-widget_type=\"text-editor.default\">\n\t\t\t\t<div class=\"elementor-widget-container\">\n\t\t\t\t\t\t\t\t\t<p><span style=\"font-weight: 400;\">Il prefetto di Ferrara, nella scheda a sua firma che apre il fascicolo, redatta nel 1906, quando Lugli aveva solo 24 anni, lo descriveva come un uomo di grande intelligenza, sebbene avesse fatto le solo scuole elementari, con la fisionomia dello studente, forse per gli occhiali da miope, che mai aveva smesso di accrescere il proprio sapere \u201cfornendosi un buon corredo di cognizioni\u201d e che si guadagnava da vivere come impiegato presso la Congregazione di Carit\u00e0 di Bondeno.<\/span><\/p><p><span style=\"font-weight: 400;\">Che fosse un uomo dotato di una personalit\u00e0 forte e di grande equilibrio si comprende con chiarezza sempre dalle pagine del suo fascicolo personale.\u00a0<\/span><\/p><p><span style=\"font-weight: 400;\">E\u2019 in un documento successivo, del 1911, sempre a firma dell\u2019allora prefetto di Ferrara, che si legge che Lugli doveva essere considerato un idealista, per\u00f2 pacifico, considerato che egli \u201crifugge da qualsiasi atto di violenza e fa uso della sua influenza per indurre le masse a manifestare nelle forme pacifiche e legali le proprie aspirazioni\u201d.<\/span><\/p><p><span style=\"font-weight: 400;\">Egli, a non ancora trent\u2019anni, metteva in evidenza la volont\u00e0 di guidare quella popolazione attraverso un percorso di cambiamento e di crescita economica e sociale, invitandoli, per\u00f2, all\u2019uso di forme di protesta legali e, soprattutto, che non ne mettessero a rischio la sopravvivenza.<\/span><\/p><p><span style=\"font-weight: 400;\">Nel 1921, l\u2019anno dell\u2019attacco furibondo del fascismo e dello squadrismo \u201cagrario\u201d, guidato da Italo Balbo, a riprova che la violenza fascista non era una forma di reazione contro avversari politici aggressivi, ma in realt\u00e0 era un modo, che si rivel\u00f2 particolarmente proficuo di terrorizzare gli appartenenti ad altri partiti, anche l\u2019importante dirigente cooperativo venne fatto segno di intimidazioni e di aggressioni.\u00a0<\/span><\/p>\t\t\t\t\t\t\t\t<\/div>\n\t\t\t\t<\/div>\n\t\t<div class=\"elementor-element elementor-element-049e6a1 e-con-full e-flex e-con e-child\" data-id=\"049e6a1\" data-element_type=\"container\" data-e-type=\"container\">\n\t\t\t\t<div class=\"elementor-element elementor-element-a355473 elementor-widget__width-initial elementor-widget elementor-widget-image\" data-id=\"a355473\" data-element_type=\"widget\" data-e-type=\"widget\" data-settings=\"{&quot;motion_fx_motion_fx_scrolling&quot;:&quot;yes&quot;,&quot;motion_fx_translateY_effect&quot;:&quot;yes&quot;,&quot;motion_fx_translateY_direction&quot;:&quot;negative&quot;,&quot;motion_fx_translateY_speed&quot;:{&quot;unit&quot;:&quot;px&quot;,&quot;size&quot;:0.3,&quot;sizes&quot;:[]},&quot;motion_fx_translateY_affectedRange&quot;:{&quot;unit&quot;:&quot;%&quot;,&quot;size&quot;:&quot;&quot;,&quot;sizes&quot;:{&quot;start&quot;:0,&quot;end&quot;:100}},&quot;motion_fx_devices&quot;:[&quot;desktop&quot;,&quot;laptop&quot;,&quot;tablet_extra&quot;,&quot;tablet&quot;,&quot;mobile&quot;]}\" data-widget_type=\"image.default\">\n\t\t\t\t<div class=\"elementor-widget-container\">\n\t\t\t\t\t\t\t\t\t\t\t\t\t\t\t\t<a href=\"https:\/\/www.legacoopestense.coop\/unitidiamoformaalfuturo\/wp-content\/uploads\/2025\/04\/Ugo-Lugli-liberta.webp\" data-elementor-open-lightbox=\"yes\" data-elementor-lightbox-title=\"Ugo Lugli-libert\u00e0\" data-e-action-hash=\"#elementor-action%3Aaction%3Dlightbox%26settings%3DeyJpZCI6NDY0LCJ1cmwiOiJodHRwczpcL1wvd3d3LmxlZ2Fjb29wZXN0ZW5zZS5jb29wXC91bml0aWRpYW1vZm9ybWFhbGZ1dHVyb1wvd3AtY29udGVudFwvdXBsb2Fkc1wvMjAyNVwvMDRcL1Vnby1MdWdsaS1saWJlcnRhLndlYnAifQ%3D%3D\">\n\t\t\t\t\t\t\t<img decoding=\"async\" width=\"430\" height=\"430\" src=\"https:\/\/www.legacoopestense.coop\/unitidiamoformaalfuturo\/wp-content\/uploads\/2025\/04\/Ugo-Lugli-liberta.webp\" class=\"elementor-animation-float attachment-full size-full wp-image-464\" alt=\"\" srcset=\"https:\/\/www.legacoopestense.coop\/unitidiamoformaalfuturo\/wp-content\/uploads\/2025\/04\/Ugo-Lugli-liberta.webp 430w, https:\/\/www.legacoopestense.coop\/unitidiamoformaalfuturo\/wp-content\/uploads\/2025\/04\/Ugo-Lugli-liberta-300x300.webp 300w, https:\/\/www.legacoopestense.coop\/unitidiamoformaalfuturo\/wp-content\/uploads\/2025\/04\/Ugo-Lugli-liberta-150x150.webp 150w\" sizes=\"(max-width: 430px) 100vw, 430px\" \/>\t\t\t\t\t\t\t\t<\/a>\n\t\t\t\t\t\t\t\t\t\t\t\t\t\t\t<\/div>\n\t\t\t\t<\/div>\n\t\t<div class=\"elementor-element elementor-element-adc0a81 e-con-full e-flex e-con e-child\" data-id=\"adc0a81\" data-element_type=\"container\" data-e-type=\"container\">\n\t\t\t\t<div class=\"elementor-element elementor-element-566b0ab elementor-widget elementor-widget-text-editor\" data-id=\"566b0ab\" data-element_type=\"widget\" data-e-type=\"widget\" data-widget_type=\"text-editor.default\">\n\t\t\t\t<div class=\"elementor-widget-container\">\n\t\t\t\t\t\t\t\t\t<p><span style=\"font-weight: 400;\">I fascisti lo temevano per il ruolo centrale che egli aveva assunto nell\u2019economia locale grazie alle sue capacit\u00e0 e al suo lavoro svolto ad altissimo livello nella cooperazione.<\/span><\/p><p><span style=\"font-weight: 400;\">Per questo gli intimarono di lasciare il paese, temendo che egli potesse esercitare la propria autorevolezza durante le elezioni comunali. Egli si rifiut\u00f2 e per questo venne bastonato. Il fatto si sarebbe ripetuto, e con gravi conseguenze, il 3 marzo 1922.<\/span><\/p><p><span style=\"font-weight: 400;\">Ugo Lugli, nonostante avesse subito violenza, per la volont\u00e0 fortissima di mantenere viva la cooperazione nel suo territorio difendendola dalle incapacit\u00e0 fasciste, accett\u00f2 di diventare Segretario della Cooperativa di Produzione e Lavoro fascista di Bondeno.\u00a0<\/span><\/p><p><span style=\"font-weight: 400;\">Un documento del 27 giugno 1930 a firma del prefetto di Ferrara, relativo alla possibilit\u00e0 di concedere a Lugli il passaporto che aveva richiesto, cos\u00ec lo descrive, mettendone in luce, sebbene convinto socialista, le capacit\u00e0: \u201cLugli Ugo di Gaetano, segretario della Cooperativa di Produzione e Lavoro di Bondeno, per la quale gestisce direttamente terreni ed assume importanti opere di bonifica ed idraulica\u201d.<\/span><\/p><p><span style=\"font-weight: 400;\">E\u2019 un documento importante che testimonia le qualit\u00e0 evidenti di un uomo che aveva portato la cooperazione bondenese a livelli floridi ed evidenzia, inoltre, la incapacit\u00e0 dei fascisti che si trovavano costretti ad accettare che un elemento chiaramente avverso al regime gestisse una realt\u00e0 economica di tale importanza.<\/span><\/p><p><span style=\"font-weight: 400;\">Nel 1945, dopo la fine della guerra, Ugo Lugli venne nominato dal CLN direttore generale dell\u2019Unione Provinciale delle Cooperative.<\/span><\/p><p><span style=\"font-weight: 400;\">Fu certamente la fine di un incubo per un uomo che aveva vissuto la sua intera esistenza facendo crescere, prosperare la cooperazione e l\u2019economia del suo territorio e che per difendere questo patrimonio e questi valori\u00a0 dal regime, pur essendone un avversarie indefesso, era rimasto al suo posto all\u2019interno della Cooperativa di Produzione e Lavoro fascista di Bondeno.<\/span><\/p><p><span style=\"font-weight: 400;\">La sua storia mostra certo la tempra dell\u2019uomo, ma ancor pi\u00f9 testimonia il valore di un ente, che nato dalla volont\u00e0 di salvaguardia dei meno abbienti, nel secondo dopoguerra, si candidava ad essere, come effettivamente avvenne, come uno dei principali attori della crescita economica nazionale.<\/span><\/p><p>A.G.<\/p>\t\t\t\t\t\t\t\t<\/div>\n\t\t\t\t<\/div>\n\t\t\t\t<div class=\"elementor-element elementor-element-4d435cc elementor-widget elementor-widget-template\" data-id=\"4d435cc\" data-element_type=\"widget\" data-e-type=\"widget\" data-widget_type=\"template.default\">\n\t\t\t\t<div class=\"elementor-widget-container\">\n\t\t\t\t\t\t\t<div class=\"elementor-template\">\n\t\t\t\t\t<div data-elementor-type=\"section\" data-elementor-id=\"1221\" class=\"elementor elementor-1221\" data-elementor-post-type=\"elementor_library\">\n\t\t\t<div class=\"elementor-element elementor-element-ddc1cfa e-con-full e-flex e-con e-child\" data-id=\"ddc1cfa\" data-element_type=\"container\" data-e-type=\"container\">\n\t\t\t\t<div class=\"elementor-element elementor-element-b06410c elementor-widget-tablet_extra__width-inherit elementor-widget elementor-widget-heading\" data-id=\"b06410c\" data-element_type=\"widget\" data-e-type=\"widget\" data-widget_type=\"heading.default\">\n\t\t\t\t<div class=\"elementor-widget-container\">\n\t\t\t\t\t<h2 class=\"elementor-heading-title elementor-size-default\">Ti interessa questa illustrazione?<\/h2>\t\t\t\t<\/div>\n\t\t\t\t<\/div>\n\t\t\t\t<div class=\"elementor-element elementor-element-b529d81 elementor-widget elementor-widget-text-editor\" data-id=\"b529d81\" data-element_type=\"widget\" data-e-type=\"widget\" data-widget_type=\"text-editor.default\">\n\t\t\t\t<div class=\"elementor-widget-container\">\n\t\t\t\t\t\t\t\t\t<p>Puoi <span style=\"text-decoration: underline;\"><a href=\"https:\/\/www.theferrareser.com\/shop-poster\/\" target=\"_blank\" rel=\"noopener\">acquistare il poster qui<\/a><\/span><\/p>\t\t\t\t\t\t\t\t<\/div>\n\t\t\t\t<\/div>\n\t\t\t\t<div class=\"elementor-element elementor-element-bde0a29 elementor-widget__width-auto elementor-invisible elementor-widget elementor-widget-button\" data-id=\"bde0a29\" data-element_type=\"widget\" data-e-type=\"widget\" data-settings=\"{&quot;_animation&quot;:&quot;fadeIn&quot;,&quot;_animation_delay&quot;:200}\" data-widget_type=\"button.default\">\n\t\t\t\t<div class=\"elementor-widget-container\">\n\t\t\t\t\t\t\t\t\t<div class=\"elementor-button-wrapper\">\n\t\t\t\t\t<a class=\"elementor-button elementor-button-link elementor-size-sm\" href=\"https:\/\/www.theferrareser.com\/shop-poster\/\" target=\"_blank\">\n\t\t\t\t\t\t<span class=\"elementor-button-content-wrapper\">\n\t\t\t\t\t\t\t\t\t<span class=\"elementor-button-text\">Acquista<\/span>\n\t\t\t\t\t<\/span>\n\t\t\t\t\t<\/a>\n\t\t\t\t<\/div>\n\t\t\t\t\t\t\t\t<\/div>\n\t\t\t\t<\/div>\n\t\t\t\t<\/div>\n\t\t\t\t<\/div>\n\t\t\t\t<\/div>\n\t\t\t\t\t\t<\/div>\n\t\t\t\t<\/div>\n\t\t\t\t<\/div>\n\t\t\t\t<\/div>\n\t\t\t\t<\/div>\n\t\t<div class=\"elementor-element elementor-element-3feee76 e-con-full e-flex e-con e-parent\" data-id=\"3feee76\" data-element_type=\"container\" data-e-type=\"container\" data-settings=\"{&quot;background_background&quot;:&quot;classic&quot;}\">\n\t\t\t\t<div class=\"elementor-element elementor-element-64f2137 elementor-widget__width-initial elementor-widget-tablet_extra__width-inherit elementor-widget elementor-widget-heading\" data-id=\"64f2137\" data-element_type=\"widget\" data-e-type=\"widget\" data-widget_type=\"heading.default\">\n\t\t\t\t<div class=\"elementor-widget-container\">\n\t\t\t\t\t<h2 class=\"elementor-heading-title elementor-size-default\">Leggi le altre storie<\/h2>\t\t\t\t<\/div>\n\t\t\t\t<\/div>\n\t\t<div class=\"elementor-element elementor-element-a2066df e-con-full e-flex e-con e-child\" data-id=\"a2066df\" data-element_type=\"container\" data-e-type=\"container\">\n\t\t\t\t<div class=\"elementor-element elementor-element-c5940e0 elementor-widget-mobile__width-inherit elementor-invisible elementor-widget elementor-widget-text-editor\" data-id=\"c5940e0\" data-element_type=\"widget\" data-e-type=\"widget\" data-settings=\"{&quot;_animation&quot;:&quot;fadeIn&quot;}\" data-widget_type=\"text-editor.default\">\n\t\t\t\t<div class=\"elementor-widget-container\">\n\t\t\t\t\t\t\t\t\t<h4><span style=\"font-weight: 400;\">12 storie di cooperazione, 12 viaggi nel tempo e nel futuro<\/span><\/h4><p><span style=\"font-weight: 400;\">Ogni mese, una storia.<br \/>Dalle lotte per la libert\u00e0 alle innovazioni di oggi, raccontiamo il passato e il presente della cooperazione attraverso <\/span><b>illustrazioni originali e racconti inediti<\/b><span style=\"font-weight: 400;\">.<\/span><\/p>\t\t\t\t\t\t\t\t<\/div>\n\t\t\t\t<\/div>\n\t\t\t\t<div class=\"elementor-element elementor-element-c674f54 elementor-widget__width-auto elementor-invisible elementor-widget elementor-widget-button\" data-id=\"c674f54\" data-element_type=\"widget\" data-e-type=\"widget\" data-settings=\"{&quot;_animation&quot;:&quot;fadeIn&quot;,&quot;_animation_delay&quot;:600}\" data-widget_type=\"button.default\">\n\t\t\t\t<div class=\"elementor-widget-container\">\n\t\t\t\t\t\t\t\t\t<div class=\"elementor-button-wrapper\">\n\t\t\t\t\t<a class=\"elementor-button elementor-button-link elementor-size-sm\" href=\"https:\/\/www.legacoopestense.coop\/unitidiamoformaalfuturo\/le-storie\/\">\n\t\t\t\t\t\t<span class=\"elementor-button-content-wrapper\">\n\t\t\t\t\t\t\t\t\t<span class=\"elementor-button-text\">Leggile tutte<\/span>\n\t\t\t\t\t<\/span>\n\t\t\t\t\t<\/a>\n\t\t\t\t<\/div>\n\t\t\t\t\t\t\t\t<\/div>\n\t\t\t\t<\/div>\n\t\t\t\t<\/div>\n\t\t\t\t<\/div>\n\t\t\t\t<\/div>\n\t\t","protected":false},"excerpt":{"rendered":"<p>Ugo Lugli, cooperatore antifascista Storia di Antonella Guarnieri, illustrazione di Paolo Bevilacqua Ugo Lugli nacque a Bondeno il 29 giugno 1882, egli si impegno sin da giovane nelle fila del partito socialista, risultando, nel 1910, il primo sindaco di quel partito eletto nel suo paese.\u00a0 Egli divenne, inoltre, uno dei massimi esponenti della \u201cLega delle [&hellip;]<\/p>\n","protected":false},"author":2,"featured_media":0,"parent":11,"menu_order":0,"comment_status":"closed","ping_status":"closed","template":"","meta":{"footnotes":""},"class_list":["post-331","page","type-page","status-publish","hentry"],"yoast_head":"<!-- This site is optimized with the Yoast SEO plugin v27.1.1 - https:\/\/yoast.com\/product\/yoast-seo-wordpress\/ -->\n<title>Ugo Lugli - Uniti diamo Forma al Futuro<\/title>\n<meta name=\"robots\" content=\"index, follow, max-snippet:-1, max-image-preview:large, max-video-preview:-1\" \/>\n<link rel=\"canonical\" href=\"https:\/\/www.legacoopestense.coop\/unitidiamoformaalfuturo\/le-storie\/ugo-lugli\/\" \/>\n<meta property=\"og:locale\" content=\"it_IT\" \/>\n<meta property=\"og:type\" content=\"article\" \/>\n<meta property=\"og:title\" content=\"Ugo Lugli - Uniti diamo Forma al Futuro\" \/>\n<meta property=\"og:description\" content=\"Ugo Lugli, cooperatore antifascista Storia di Antonella Guarnieri, illustrazione di Paolo Bevilacqua Ugo Lugli nacque a Bondeno il 29 giugno 1882, egli si impegno sin da giovane nelle fila del partito socialista, risultando, nel 1910, il primo sindaco di quel partito eletto nel suo paese.\u00a0 Egli divenne, inoltre, uno dei massimi esponenti della \u201cLega delle [&hellip;]\" \/>\n<meta property=\"og:url\" content=\"https:\/\/www.legacoopestense.coop\/unitidiamoformaalfuturo\/le-storie\/ugo-lugli\/\" \/>\n<meta property=\"og:site_name\" content=\"Uniti diamo Forma al Futuro\" \/>\n<meta property=\"article:publisher\" content=\"https:\/\/www.facebook.com\/legacoopestense\" \/>\n<meta property=\"article:modified_time\" content=\"2025-10-20T15:32:29+00:00\" \/>\n<meta property=\"og:image\" content=\"https:\/\/www.legacoopestense.coop\/unitidiamoformaalfuturo\/wp-content\/uploads\/2025\/04\/Manifesto-Lugli.webp\" \/>\n\t<meta property=\"og:image:width\" content=\"2000\" \/>\n\t<meta property=\"og:image:height\" content=\"2000\" \/>\n\t<meta property=\"og:image:type\" content=\"image\/webp\" \/>\n<meta name=\"twitter:card\" content=\"summary_large_image\" \/>\n<meta name=\"twitter:site\" content=\"@LegacoopEstense\" \/>\n<meta name=\"twitter:label1\" content=\"Tempo di lettura stimato\" \/>\n\t<meta name=\"twitter:data1\" content=\"6 minuti\" \/>\n<script type=\"application\/ld+json\" class=\"yoast-schema-graph\">{\"@context\":\"https:\/\/schema.org\",\"@graph\":[{\"@type\":\"WebPage\",\"@id\":\"https:\/\/www.legacoopestense.coop\/unitidiamoformaalfuturo\/le-storie\/ugo-lugli\/\",\"url\":\"https:\/\/www.legacoopestense.coop\/unitidiamoformaalfuturo\/le-storie\/ugo-lugli\/\",\"name\":\"Ugo Lugli - Uniti diamo Forma al Futuro\",\"isPartOf\":{\"@id\":\"https:\/\/www.legacoopestense.coop\/unitidiamoformaalfuturo\/#website\"},\"primaryImageOfPage\":{\"@id\":\"https:\/\/www.legacoopestense.coop\/unitidiamoformaalfuturo\/le-storie\/ugo-lugli\/#primaryimage\"},\"image\":{\"@id\":\"https:\/\/www.legacoopestense.coop\/unitidiamoformaalfuturo\/le-storie\/ugo-lugli\/#primaryimage\"},\"thumbnailUrl\":\"https:\/\/www.legacoopestense.coop\/unitidiamoformaalfuturo\/wp-content\/uploads\/2025\/04\/Manifesto-Lugli.webp\",\"datePublished\":\"2025-04-07T09:41:57+00:00\",\"dateModified\":\"2025-10-20T15:32:29+00:00\",\"breadcrumb\":{\"@id\":\"https:\/\/www.legacoopestense.coop\/unitidiamoformaalfuturo\/le-storie\/ugo-lugli\/#breadcrumb\"},\"inLanguage\":\"it-IT\",\"potentialAction\":[{\"@type\":\"ReadAction\",\"target\":[\"https:\/\/www.legacoopestense.coop\/unitidiamoformaalfuturo\/le-storie\/ugo-lugli\/\"]}]},{\"@type\":\"ImageObject\",\"inLanguage\":\"it-IT\",\"@id\":\"https:\/\/www.legacoopestense.coop\/unitidiamoformaalfuturo\/le-storie\/ugo-lugli\/#primaryimage\",\"url\":\"https:\/\/www.legacoopestense.coop\/unitidiamoformaalfuturo\/wp-content\/uploads\/2025\/04\/Manifesto-Lugli.webp\",\"contentUrl\":\"https:\/\/www.legacoopestense.coop\/unitidiamoformaalfuturo\/wp-content\/uploads\/2025\/04\/Manifesto-Lugli.webp\"},{\"@type\":\"BreadcrumbList\",\"@id\":\"https:\/\/www.legacoopestense.coop\/unitidiamoformaalfuturo\/le-storie\/ugo-lugli\/#breadcrumb\",\"itemListElement\":[{\"@type\":\"ListItem\",\"position\":1,\"name\":\"Home\",\"item\":\"https:\/\/www.legacoopestense.coop\/unitidiamoformaalfuturo\/\"},{\"@type\":\"ListItem\",\"position\":2,\"name\":\"Le Storie\",\"item\":\"https:\/\/www.legacoopestense.coop\/unitidiamoformaalfuturo\/le-storie\/\"},{\"@type\":\"ListItem\",\"position\":3,\"name\":\"Ugo Lugli\"}]},{\"@type\":\"WebSite\",\"@id\":\"https:\/\/www.legacoopestense.coop\/unitidiamoformaalfuturo\/#website\",\"url\":\"https:\/\/www.legacoopestense.coop\/unitidiamoformaalfuturo\/\",\"name\":\"Uniti diamo Forma al Futuro\",\"description\":\"Legacoop Estense\",\"publisher\":{\"@id\":\"https:\/\/www.legacoopestense.coop\/unitidiamoformaalfuturo\/#organization\"},\"potentialAction\":[{\"@type\":\"SearchAction\",\"target\":{\"@type\":\"EntryPoint\",\"urlTemplate\":\"https:\/\/www.legacoopestense.coop\/unitidiamoformaalfuturo\/?s={search_term_string}\"},\"query-input\":{\"@type\":\"PropertyValueSpecification\",\"valueRequired\":true,\"valueName\":\"search_term_string\"}}],\"inLanguage\":\"it-IT\"},{\"@type\":\"Organization\",\"@id\":\"https:\/\/www.legacoopestense.coop\/unitidiamoformaalfuturo\/#organization\",\"name\":\"Uniti diamo Forma al Futuro\",\"url\":\"https:\/\/www.legacoopestense.coop\/unitidiamoformaalfuturo\/\",\"logo\":{\"@type\":\"ImageObject\",\"inLanguage\":\"it-IT\",\"@id\":\"https:\/\/www.legacoopestense.coop\/unitidiamoformaalfuturo\/#\/schema\/logo\/image\/\",\"url\":\"https:\/\/www.legacoopestense.coop\/unitidiamoformaalfuturo\/wp-content\/uploads\/2025\/04\/Legacoop-Estense-2025IYC.webp\",\"contentUrl\":\"https:\/\/www.legacoopestense.coop\/unitidiamoformaalfuturo\/wp-content\/uploads\/2025\/04\/Legacoop-Estense-2025IYC.webp\",\"width\":512,\"height\":91,\"caption\":\"Uniti diamo Forma al Futuro\"},\"image\":{\"@id\":\"https:\/\/www.legacoopestense.coop\/unitidiamoformaalfuturo\/#\/schema\/logo\/image\/\"},\"sameAs\":[\"https:\/\/www.facebook.com\/legacoopestense\",\"https:\/\/x.com\/LegacoopEstense\",\"https:\/\/www.youtube.com\/channel\/UCxE6dZcxUwbcxqXVyik9M7A\"]}]}<\/script>\n<!-- \/ Yoast SEO plugin. -->","yoast_head_json":{"title":"Ugo Lugli - Uniti diamo Forma al Futuro","robots":{"index":"index","follow":"follow","max-snippet":"max-snippet:-1","max-image-preview":"max-image-preview:large","max-video-preview":"max-video-preview:-1"},"canonical":"https:\/\/www.legacoopestense.coop\/unitidiamoformaalfuturo\/le-storie\/ugo-lugli\/","og_locale":"it_IT","og_type":"article","og_title":"Ugo Lugli - Uniti diamo Forma al Futuro","og_description":"Ugo Lugli, cooperatore antifascista Storia di Antonella Guarnieri, illustrazione di Paolo Bevilacqua Ugo Lugli nacque a Bondeno il 29 giugno 1882, egli si impegno sin da giovane nelle fila del partito socialista, risultando, nel 1910, il primo sindaco di quel partito eletto nel suo paese.\u00a0 Egli divenne, inoltre, uno dei massimi esponenti della \u201cLega delle [&hellip;]","og_url":"https:\/\/www.legacoopestense.coop\/unitidiamoformaalfuturo\/le-storie\/ugo-lugli\/","og_site_name":"Uniti diamo Forma al Futuro","article_publisher":"https:\/\/www.facebook.com\/legacoopestense","article_modified_time":"2025-10-20T15:32:29+00:00","og_image":[{"width":2000,"height":2000,"url":"https:\/\/www.legacoopestense.coop\/unitidiamoformaalfuturo\/wp-content\/uploads\/2025\/04\/Manifesto-Lugli.webp","type":"image\/webp"}],"twitter_card":"summary_large_image","twitter_site":"@LegacoopEstense","twitter_misc":{"Tempo di lettura stimato":"6 minuti"},"schema":{"@context":"https:\/\/schema.org","@graph":[{"@type":"WebPage","@id":"https:\/\/www.legacoopestense.coop\/unitidiamoformaalfuturo\/le-storie\/ugo-lugli\/","url":"https:\/\/www.legacoopestense.coop\/unitidiamoformaalfuturo\/le-storie\/ugo-lugli\/","name":"Ugo Lugli - Uniti diamo Forma al Futuro","isPartOf":{"@id":"https:\/\/www.legacoopestense.coop\/unitidiamoformaalfuturo\/#website"},"primaryImageOfPage":{"@id":"https:\/\/www.legacoopestense.coop\/unitidiamoformaalfuturo\/le-storie\/ugo-lugli\/#primaryimage"},"image":{"@id":"https:\/\/www.legacoopestense.coop\/unitidiamoformaalfuturo\/le-storie\/ugo-lugli\/#primaryimage"},"thumbnailUrl":"https:\/\/www.legacoopestense.coop\/unitidiamoformaalfuturo\/wp-content\/uploads\/2025\/04\/Manifesto-Lugli.webp","datePublished":"2025-04-07T09:41:57+00:00","dateModified":"2025-10-20T15:32:29+00:00","breadcrumb":{"@id":"https:\/\/www.legacoopestense.coop\/unitidiamoformaalfuturo\/le-storie\/ugo-lugli\/#breadcrumb"},"inLanguage":"it-IT","potentialAction":[{"@type":"ReadAction","target":["https:\/\/www.legacoopestense.coop\/unitidiamoformaalfuturo\/le-storie\/ugo-lugli\/"]}]},{"@type":"ImageObject","inLanguage":"it-IT","@id":"https:\/\/www.legacoopestense.coop\/unitidiamoformaalfuturo\/le-storie\/ugo-lugli\/#primaryimage","url":"https:\/\/www.legacoopestense.coop\/unitidiamoformaalfuturo\/wp-content\/uploads\/2025\/04\/Manifesto-Lugli.webp","contentUrl":"https:\/\/www.legacoopestense.coop\/unitidiamoformaalfuturo\/wp-content\/uploads\/2025\/04\/Manifesto-Lugli.webp"},{"@type":"BreadcrumbList","@id":"https:\/\/www.legacoopestense.coop\/unitidiamoformaalfuturo\/le-storie\/ugo-lugli\/#breadcrumb","itemListElement":[{"@type":"ListItem","position":1,"name":"Home","item":"https:\/\/www.legacoopestense.coop\/unitidiamoformaalfuturo\/"},{"@type":"ListItem","position":2,"name":"Le Storie","item":"https:\/\/www.legacoopestense.coop\/unitidiamoformaalfuturo\/le-storie\/"},{"@type":"ListItem","position":3,"name":"Ugo Lugli"}]},{"@type":"WebSite","@id":"https:\/\/www.legacoopestense.coop\/unitidiamoformaalfuturo\/#website","url":"https:\/\/www.legacoopestense.coop\/unitidiamoformaalfuturo\/","name":"Uniti diamo Forma al Futuro","description":"Legacoop Estense","publisher":{"@id":"https:\/\/www.legacoopestense.coop\/unitidiamoformaalfuturo\/#organization"},"potentialAction":[{"@type":"SearchAction","target":{"@type":"EntryPoint","urlTemplate":"https:\/\/www.legacoopestense.coop\/unitidiamoformaalfuturo\/?s={search_term_string}"},"query-input":{"@type":"PropertyValueSpecification","valueRequired":true,"valueName":"search_term_string"}}],"inLanguage":"it-IT"},{"@type":"Organization","@id":"https:\/\/www.legacoopestense.coop\/unitidiamoformaalfuturo\/#organization","name":"Uniti diamo Forma al Futuro","url":"https:\/\/www.legacoopestense.coop\/unitidiamoformaalfuturo\/","logo":{"@type":"ImageObject","inLanguage":"it-IT","@id":"https:\/\/www.legacoopestense.coop\/unitidiamoformaalfuturo\/#\/schema\/logo\/image\/","url":"https:\/\/www.legacoopestense.coop\/unitidiamoformaalfuturo\/wp-content\/uploads\/2025\/04\/Legacoop-Estense-2025IYC.webp","contentUrl":"https:\/\/www.legacoopestense.coop\/unitidiamoformaalfuturo\/wp-content\/uploads\/2025\/04\/Legacoop-Estense-2025IYC.webp","width":512,"height":91,"caption":"Uniti diamo Forma al Futuro"},"image":{"@id":"https:\/\/www.legacoopestense.coop\/unitidiamoformaalfuturo\/#\/schema\/logo\/image\/"},"sameAs":["https:\/\/www.facebook.com\/legacoopestense","https:\/\/x.com\/LegacoopEstense","https:\/\/www.youtube.com\/channel\/UCxE6dZcxUwbcxqXVyik9M7A"]}]}},"_links":{"self":[{"href":"https:\/\/www.legacoopestense.coop\/unitidiamoformaalfuturo\/wp-json\/wp\/v2\/pages\/331","targetHints":{"allow":["GET"]}}],"collection":[{"href":"https:\/\/www.legacoopestense.coop\/unitidiamoformaalfuturo\/wp-json\/wp\/v2\/pages"}],"about":[{"href":"https:\/\/www.legacoopestense.coop\/unitidiamoformaalfuturo\/wp-json\/wp\/v2\/types\/page"}],"author":[{"embeddable":true,"href":"https:\/\/www.legacoopestense.coop\/unitidiamoformaalfuturo\/wp-json\/wp\/v2\/users\/2"}],"replies":[{"embeddable":true,"href":"https:\/\/www.legacoopestense.coop\/unitidiamoformaalfuturo\/wp-json\/wp\/v2\/comments?post=331"}],"version-history":[{"count":31,"href":"https:\/\/www.legacoopestense.coop\/unitidiamoformaalfuturo\/wp-json\/wp\/v2\/pages\/331\/revisions"}],"predecessor-version":[{"id":1371,"href":"https:\/\/www.legacoopestense.coop\/unitidiamoformaalfuturo\/wp-json\/wp\/v2\/pages\/331\/revisions\/1371"}],"up":[{"embeddable":true,"href":"https:\/\/www.legacoopestense.coop\/unitidiamoformaalfuturo\/wp-json\/wp\/v2\/pages\/11"}],"wp:attachment":[{"href":"https:\/\/www.legacoopestense.coop\/unitidiamoformaalfuturo\/wp-json\/wp\/v2\/media?parent=331"}],"curies":[{"name":"wp","href":"https:\/\/api.w.org\/{rel}","templated":true}]}}