{"id":32,"date":"2025-04-02T15:05:11","date_gmt":"2025-04-02T13:05:11","guid":{"rendered":"https:\/\/www.legacoopestense.coop\/unitidiamoformaalfuturo\/?page_id=32"},"modified":"2025-10-20T17:32:52","modified_gmt":"2025-10-20T15:32:52","slug":"girotondo","status":"publish","type":"page","link":"https:\/\/www.legacoopestense.coop\/unitidiamoformaalfuturo\/le-storie\/girotondo\/","title":{"rendered":"Girotondo"},"content":{"rendered":"\t\t<div data-elementor-type=\"wp-page\" data-elementor-id=\"32\" class=\"elementor elementor-32\" data-elementor-post-type=\"page\">\n\t\t\t\t<div class=\"elementor-element elementor-element-fa486a9 e-con-full e-flex e-con e-parent\" data-id=\"fa486a9\" data-element_type=\"container\" data-e-type=\"container\" data-settings=\"{&quot;background_background&quot;:&quot;classic&quot;}\">\n\t\t\t\t<\/div>\n\t\t<div class=\"elementor-element elementor-element-ed234bc e-con-full e-flex e-con e-parent\" data-id=\"ed234bc\" data-element_type=\"container\" data-e-type=\"container\">\n\t\t\t\t<div class=\"elementor-element elementor-element-c9a5e02 elementor-align-left elementor-widget elementor-widget-breadcrumbs\" data-id=\"c9a5e02\" data-element_type=\"widget\" data-e-type=\"widget\" data-widget_type=\"breadcrumbs.default\">\n\t\t\t\t<div class=\"elementor-widget-container\">\n\t\t\t\t\t<p id=\"breadcrumbs\"><span><span><a href=\"https:\/\/www.legacoopestense.coop\/unitidiamoformaalfuturo\/\">Home<\/a><\/span><\/span><\/p>\t\t\t\t<\/div>\n\t\t\t\t<\/div>\n\t\t\t\t<div class=\"elementor-element elementor-element-d87397e elementor-widget elementor-widget-heading\" data-id=\"d87397e\" data-element_type=\"widget\" data-e-type=\"widget\" data-widget_type=\"heading.default\">\n\t\t\t\t<div class=\"elementor-widget-container\">\n\t\t\t\t\t<h2 class=\"elementor-heading-title elementor-size-default\">Girogirotondo non \u00e8 solo una filastrocca <br>\n<small><i>Storia di Giulia Bellotti, illustrazione di Marta Besantini<\/i><\/small><\/h2>\t\t\t\t<\/div>\n\t\t\t\t<\/div>\n\t\t<div class=\"elementor-element elementor-element-98586fb e-con-full e-flex e-con e-child\" data-id=\"98586fb\" data-element_type=\"container\" data-e-type=\"container\">\n\t\t\t\t<div class=\"elementor-element elementor-element-6def372 elementor-widget elementor-widget-image\" data-id=\"6def372\" data-element_type=\"widget\" data-e-type=\"widget\" data-widget_type=\"image.default\">\n\t\t\t\t<div class=\"elementor-widget-container\">\n\t\t\t\t\t\t\t\t\t\t\t\t\t\t\t\t<a href=\"https:\/\/www.legacoopestense.coop\/unitidiamoformaalfuturo\/wp-content\/uploads\/2025\/04\/Manifesto-Girotondo.jpg\" data-elementor-open-lightbox=\"yes\" data-elementor-lightbox-title=\"Manifesto Girotondo\" data-e-action-hash=\"#elementor-action%3Aaction%3Dlightbox%26settings%3DeyJpZCI6OTA2LCJ1cmwiOiJodHRwczpcL1wvd3d3LmxlZ2Fjb29wZXN0ZW5zZS5jb29wXC91bml0aWRpYW1vZm9ybWFhbGZ1dHVyb1wvd3AtY29udGVudFwvdXBsb2Fkc1wvMjAyNVwvMDRcL01hbmlmZXN0by1HaXJvdG9uZG8uanBnIn0%3D\">\n\t\t\t\t\t\t\t<img fetchpriority=\"high\" decoding=\"async\" width=\"1471\" height=\"1471\" src=\"https:\/\/www.legacoopestense.coop\/unitidiamoformaalfuturo\/wp-content\/uploads\/2025\/04\/Manifesto-Girotondo.jpg\" class=\"attachment-full size-full wp-image-906\" alt=\"\" srcset=\"https:\/\/www.legacoopestense.coop\/unitidiamoformaalfuturo\/wp-content\/uploads\/2025\/04\/Manifesto-Girotondo.jpg 1471w, https:\/\/www.legacoopestense.coop\/unitidiamoformaalfuturo\/wp-content\/uploads\/2025\/04\/Manifesto-Girotondo-300x300.jpg 300w, https:\/\/www.legacoopestense.coop\/unitidiamoformaalfuturo\/wp-content\/uploads\/2025\/04\/Manifesto-Girotondo-1024x1024.jpg 1024w, https:\/\/www.legacoopestense.coop\/unitidiamoformaalfuturo\/wp-content\/uploads\/2025\/04\/Manifesto-Girotondo-150x150.jpg 150w, https:\/\/www.legacoopestense.coop\/unitidiamoformaalfuturo\/wp-content\/uploads\/2025\/04\/Manifesto-Girotondo-768x768.jpg 768w\" sizes=\"(max-width: 1471px) 100vw, 1471px\" \/>\t\t\t\t\t\t\t\t<\/a>\n\t\t\t\t\t\t\t\t\t\t\t\t\t\t\t<\/div>\n\t\t\t\t<\/div>\n\t\t\t\t<div class=\"elementor-element elementor-element-a9758ac elementor-widget__width-initial elementor-widget-tablet__width-inherit elementor-widget elementor-widget-text-editor\" data-id=\"a9758ac\" data-element_type=\"widget\" data-e-type=\"widget\" data-widget_type=\"text-editor.default\">\n\t\t\t\t<div class=\"elementor-widget-container\">\n\t\t\t\t\t\t\t\t\t<p><span style=\"font-weight: 400;\">A Comacchio, una cittadina lagunare che si dirama tra canali e viuzze strette, dalle case colorate che si affacciano su ponti e ciottoli, verso la fine degli anni \u201980 e l\u2019inizio degli anni \u201990, cresce l\u2019esigenza di creare un luogo adatto ai bambini pi\u00f9 piccoli, un ambiente sicuro dove possano giocare e socializzare, anche solo per qualche ora.<\/span><\/p><p><span style=\"font-weight: 400;\">Senza perdersi troppo, dalle parole si passa ai fatti: un gruppo di mamme della zona, tra cui <\/span><i><span style=\"font-weight: 400;\">Carla Carli<\/span><\/i><span style=\"font-weight: 400;\">, si organizza attivamente \u2013 e volontariamente &#8211;\u00a0 ispirandosi al modello olandese di <\/span><i><span style=\"font-weight: 400;\">Bernard Van Leer<\/span><\/i><span style=\"font-weight: 400;\">. In collaborazione con il professor <\/span><i><span style=\"font-weight: 400;\">Frabboni<\/span><\/i><span style=\"font-weight: 400;\"> e la professoressa <\/span><i><span style=\"font-weight: 400;\">Dozza<\/span><\/i><span style=\"font-weight: 400;\"> dell\u2019Universit\u00e0 di Bologna, nasce \u201cL\u2019albero delle meraviglie\u201d, un cantiere pedagogico \u2013 cos\u00ec viene definito questo tipo di servizio \u2013 pensato per accogliere bambini e genitori, favorendo l\u2019incontro attraverso il gioco.\u00a0<\/span><\/p><p><span style=\"font-weight: 400;\">Un\u2019iniziativa che, agli occhi di molti, potrebbe sembrare il prequel dei nostri asili nido e che, nel giro di pochi anni, si trasforma in qualcosa di molto pi\u00f9 grande.<\/span><\/p><p><span style=\"font-weight: 400;\">L\u2019entusiasmo cresce di giorno in giorno e il servizio incontra una partecipazione crescente nella comunit\u00e0 comacchiese, tanto che si avverte la necessit\u00e0 di una struttura pi\u00f9 solida: nasce quindi l\u2019associazione \u201cLa Libellula\u201d \u2013 tutt\u2019oggi esistente e seguita dalla cooperativa &#8211; che il 22 maggio 1997 evolve nella \u201cCooperativa Sociale Girogirotondo\u201d, con l\u2019obiettivo di gestire i servizi in maniera pi\u00f9 strutturata e istituzionale.<\/span><\/p><p><span style=\"font-weight: 400;\">Sin dalla sua fondazione, la cooperativa si occupa di servizi educativi per la fascia d\u2019et\u00e0 0-6 anni, ampliando rapidamente il proprio operato all\u2019inclusione scolastica dei bambini con disabilit\u00e0.<\/span><\/p><p><span style=\"font-weight: 400;\">Partita con dodici soci fondatori, ha investito nella formazione e si \u00e8 progressivamente espansa, includendo nuovi servizi come il supporto ai disabili, centri per famiglie, campi solari, laboratori, oltre a uno sportello antiviolenza. Dal 2010, ha poi avviato attivit\u00e0 di inserimento lavorativo per persone svantaggiate, creando opportunit\u00e0 d\u2019impiego in diversi settori, tra cui i laboratori artigianali dedicati alla lavorazione della ceramica, perch\u00e9 nessuno deve esser lasciato indietro ed escluso.<\/span><\/p><p><span style=\"font-weight: 400;\">Negli ultimi trent\u2019anni, la cooperativa ha conosciuto una crescita significativa, sia in termini economici che occupazionali, arrivando oggi a dare lavoro a 230 persone, per il 90% donne con formazione umanistica. In un territorio in cui questi profili professionali vengono spesso sottovalutati, Girogirotondo li ha valorizzati e ha costruito una rete solida, collaborando con cooperative, consorzi e associazioni locali.<\/span><\/p><p><span style=\"font-weight: 400;\">Tra i progetti pi\u00f9 significativi, oltre a tutti i servizi per l\u2019infanzia, spiccano le iniziative rivolte ai giovani disabili che, una volta terminata la scuola superiore, faticano a trovare un\u2019occupazione. Grazie alla collaborazione con i Comuni, sono stati attivati percorsi per favorire autonomia, socializzazione e inserimento nel mondo del lavoro. L\u2019attenzione della cooperativa non si rivolge solo ai bambini e alle persone con disabilit\u00e0, ma anche alle loro famiglie, offrendo centri di socializzazione, corsi di preparazione alla nascita e supporto pre e post-natale.<\/span><\/p>\t\t\t\t\t\t\t\t<\/div>\n\t\t\t\t<\/div>\n\t\t\t\t<\/div>\n\t\t\t\t<div class=\"elementor-element elementor-element-923d1c2 elementor-widget elementor-widget-heading\" data-id=\"923d1c2\" data-element_type=\"widget\" data-e-type=\"widget\" data-widget_type=\"heading.default\">\n\t\t\t\t<div class=\"elementor-widget-container\">\n\t\t\t\t\t<h3 class=\"elementor-heading-title elementor-size-default\">Ma cosa lega la Cooperativa Girogirotondo al Carnevale sull\u2019Acqua di Comacchio?\n<\/h3>\t\t\t\t<\/div>\n\t\t\t\t<\/div>\n\t\t\t\t<div class=\"elementor-element elementor-element-097579d elementor-widget elementor-widget-text-editor\" data-id=\"097579d\" data-element_type=\"widget\" data-e-type=\"widget\" data-widget_type=\"text-editor.default\">\n\t\t\t\t<div class=\"elementor-widget-container\">\n\t\t\t\t\t\t\t\t\t<p><span style=\"font-weight: 400;\">La prima edizione del 2012 nasce come naturale espressione della mission educativa della cooperativa. L\u2019idea \u00e8 semplice quanto potente: portare i bambini fuori dagli edifici scolastici, fargli vivere il carnevale come un\u2019esperienza di comunit\u00e0. Cos\u00ec, un lungo serpentone di bambini mascherati sfila per le vie di Comacchio, scendendo dai Trepponti per arrivare al sagrato del Duomo, dove ricevono un attestato di partecipazione e un piccolo omaggio.<\/span><\/p><p><span style=\"font-weight: 400;\">Nel corso degli anni, l\u2019evento cresce e si struttura. Oggi, il Carnevale sull\u2019Acqua \u00e8 un appuntamento attesissimo che coinvolge l\u2019intera comunit\u00e0 locale e attira gruppi partecipanti dalle province circostanti, oltre a migliaia di turisti.<\/span><\/p><p><span style=\"font-weight: 400;\">Cos\u00ec la mattina di ognuna delle due domeniche che vedono Comacchio protagonista del Carnevale sull\u2019Acqua, come da tradizione, le scuole \u2013 comunali e parrocchiali \u2013 aprono la sfilata, scendendo dai Trepponti, mentre il pomeriggio si anima con barche allegoriche e spettacoli di danza di alto livello.<\/span><\/p><p><span style=\"font-weight: 400;\">Le barche \u2013 create dalle associazioni del territorio \u2013 sono frutto di un lungo lavoro artigianale che coinvolge costumisti, parrucchieri, scuole di moda e artigiani locali, che con maestria danno vita ad opere d\u2019arte che navigano lungo i canali di Comacchio, ammirate e fotografate da migliaia di persone.<\/span><\/p><p><span style=\"font-weight: 400;\">La Cooperativa Girogirotondo partecipa attivamente all\u2019organizzazione, curando inoltre la designazione dei fondi ottenuti attraverso un bando comunale e coinvolgendo sponsor locali.<\/span><\/p>\t\t\t\t\t\t\t\t<\/div>\n\t\t\t\t<\/div>\n\t\t<div class=\"elementor-element elementor-element-bb32b0a e-con-full e-flex e-con e-child\" data-id=\"bb32b0a\" data-element_type=\"container\" data-e-type=\"container\">\n\t\t\t\t<div class=\"elementor-element elementor-element-b6a670e elementor-widget__width-initial elementor-widget elementor-widget-image\" data-id=\"b6a670e\" data-element_type=\"widget\" data-e-type=\"widget\" data-widget_type=\"image.default\">\n\t\t\t\t<div class=\"elementor-widget-container\">\n\t\t\t\t\t\t\t\t\t\t\t\t\t\t\t\t<a href=\"https:\/\/www.legacoopestense.coop\/unitidiamoformaalfuturo\/wp-content\/uploads\/2025\/04\/La-storia-di-Girotondo.webp\" data-elementor-open-lightbox=\"yes\" data-elementor-lightbox-title=\"La storia di Girotondo\" data-e-action-hash=\"#elementor-action%3Aaction%3Dlightbox%26settings%3DeyJpZCI6MjE0LCJ1cmwiOiJodHRwczpcL1wvd3d3LmxlZ2Fjb29wZXN0ZW5zZS5jb29wXC91bml0aWRpYW1vZm9ybWFhbGZ1dHVyb1wvd3AtY29udGVudFwvdXBsb2Fkc1wvMjAyNVwvMDRcL0xhLXN0b3JpYS1kaS1HaXJvdG9uZG8ud2VicCJ9\">\n\t\t\t\t\t\t\t<img decoding=\"async\" width=\"430\" height=\"430\" src=\"https:\/\/www.legacoopestense.coop\/unitidiamoformaalfuturo\/wp-content\/uploads\/2025\/04\/La-storia-di-Girotondo.webp\" class=\"attachment-full size-full wp-image-214\" alt=\"\" srcset=\"https:\/\/www.legacoopestense.coop\/unitidiamoformaalfuturo\/wp-content\/uploads\/2025\/04\/La-storia-di-Girotondo.webp 430w, https:\/\/www.legacoopestense.coop\/unitidiamoformaalfuturo\/wp-content\/uploads\/2025\/04\/La-storia-di-Girotondo-300x300.webp 300w, https:\/\/www.legacoopestense.coop\/unitidiamoformaalfuturo\/wp-content\/uploads\/2025\/04\/La-storia-di-Girotondo-150x150.webp 150w\" sizes=\"(max-width: 430px) 100vw, 430px\" \/>\t\t\t\t\t\t\t\t<\/a>\n\t\t\t\t\t\t\t\t\t\t\t\t\t\t\t<\/div>\n\t\t\t\t<\/div>\n\t\t<div class=\"elementor-element elementor-element-092de36 e-con-full e-flex e-con e-child\" data-id=\"092de36\" data-element_type=\"container\" data-e-type=\"container\">\n\t\t\t\t<div class=\"elementor-element elementor-element-40f13f2 elementor-widget elementor-widget-text-editor\" data-id=\"40f13f2\" data-element_type=\"widget\" data-e-type=\"widget\" data-widget_type=\"text-editor.default\">\n\t\t\t\t<div class=\"elementor-widget-container\">\n\t\t\t\t\t\t\t\t\t<p><span style=\"font-weight: 400;\">Cuore pulsante dell\u2019evento \u00e8 la gara annuale, in cui barche, scuole e gruppi di danza sfilano davanti a una giuria composta da esperti del settore creativo, artistico e meccanico \u2013 perch\u00e9 s\u00ec, le barche non sono solo \u201caddobbate\u201d, ma hanno anche parti meccaniche che le rendono uniche e dettagliate! \u2013 oltre a tre persone scelte tra il pubblico. Il premio pi\u00f9 ambito? La Forcola d\u2019Oro, assegnata alla miglior barca in gara.<\/span><\/p><p><span style=\"font-weight: 400;\">Il Carnevale sull\u2019Acqua, per\u00f2, non \u00e8 solo spettacolo: \u00e8 un\u2019occasione di unione e socialit\u00e0 per tutta la comunit\u00e0. Oltre alla sfilata, vengono allestiti spazi sicuri per i pi\u00f9 piccoli, con laboratori creativi, animazione e persino una barca dedicata a bambini e famiglie, per provare l\u2019emozione di navigare lungo il canale Cavour.<\/span><\/p><p><span style=\"font-weight: 400;\">L\u2019evento \u00e8 un perfetto esempio di collaborazione tra cooperative, associazioni e cittadini, con un\u2019attenzione scrupolosa alla sicurezza e alla logistica. Il coinvolgimento delle forze dell\u2019ordine garantisce un\u2019esperienza serena ai visitatori che ogni anno raggiungono Comacchio per l\u2019occasione.<\/span><\/p><p><span style=\"font-weight: 400;\">Guardando al futuro, la Cooperativa Girogirotondo, in vista dei vent\u2019anni dell\u2019evento, si augura \u2013 e si merita! \u2013 che il Carnevale sull\u2019Acqua di Comacchio venga riconosciuto ufficialmente come carnevale storico, un traguardo che consoliderebbe l\u2019identit\u00e0 della manifestazione e della cooperativa stessa.<\/span><\/p><p><span style=\"font-weight: 400;\">L\u2019esperienza di Girogirotondo dimostra come un\u2019iniziativa nata dal volontariato possa trasformarsi in una realt\u00e0 solida e strutturata, capace di offrire servizi educativi, inclusivi e culturali, contribuendo in modo concreto alla crescita del territorio e della comunit\u00e0.<\/span><\/p><p><span style=\"font-weight: 400;\">Il Carnevale, inoltre, non \u00e8 solo una festa, ma un\u2019opportunit\u00e0 unica per vivere Comacchio e scoprire la sua storia, il suo patrimonio culturale e le sue tradizioni, offrendo ai visitatori un\u2019esperienza turistica davvero speciale.<\/span><\/p><p><i><span style=\"font-weight: 400;\">Quindi, che fai, non vieni?<\/span><\/i><\/p>\t\t\t\t\t\t\t\t<\/div>\n\t\t\t\t<\/div>\n\t\t\t\t<div class=\"elementor-element elementor-element-13f3652 elementor-widget elementor-widget-template\" data-id=\"13f3652\" data-element_type=\"widget\" data-e-type=\"widget\" data-widget_type=\"template.default\">\n\t\t\t\t<div class=\"elementor-widget-container\">\n\t\t\t\t\t\t\t<div class=\"elementor-template\">\n\t\t\t\t\t<div data-elementor-type=\"section\" data-elementor-id=\"1221\" class=\"elementor elementor-1221\" data-elementor-post-type=\"elementor_library\">\n\t\t\t<div class=\"elementor-element elementor-element-ddc1cfa e-con-full e-flex e-con e-child\" data-id=\"ddc1cfa\" data-element_type=\"container\" data-e-type=\"container\">\n\t\t\t\t<div class=\"elementor-element elementor-element-b06410c elementor-widget-tablet_extra__width-inherit elementor-widget elementor-widget-heading\" data-id=\"b06410c\" data-element_type=\"widget\" data-e-type=\"widget\" data-widget_type=\"heading.default\">\n\t\t\t\t<div class=\"elementor-widget-container\">\n\t\t\t\t\t<h2 class=\"elementor-heading-title elementor-size-default\">Ti interessa questa illustrazione?<\/h2>\t\t\t\t<\/div>\n\t\t\t\t<\/div>\n\t\t\t\t<div class=\"elementor-element elementor-element-b529d81 elementor-widget elementor-widget-text-editor\" data-id=\"b529d81\" data-element_type=\"widget\" data-e-type=\"widget\" data-widget_type=\"text-editor.default\">\n\t\t\t\t<div class=\"elementor-widget-container\">\n\t\t\t\t\t\t\t\t\t<p>Puoi <span style=\"text-decoration: underline;\"><a href=\"https:\/\/www.theferrareser.com\/shop-poster\/\" target=\"_blank\" rel=\"noopener\">acquistare il poster qui<\/a><\/span><\/p>\t\t\t\t\t\t\t\t<\/div>\n\t\t\t\t<\/div>\n\t\t\t\t<div class=\"elementor-element elementor-element-bde0a29 elementor-widget__width-auto elementor-invisible elementor-widget elementor-widget-button\" data-id=\"bde0a29\" data-element_type=\"widget\" data-e-type=\"widget\" data-settings=\"{&quot;_animation&quot;:&quot;fadeIn&quot;,&quot;_animation_delay&quot;:200}\" data-widget_type=\"button.default\">\n\t\t\t\t<div class=\"elementor-widget-container\">\n\t\t\t\t\t\t\t\t\t<div class=\"elementor-button-wrapper\">\n\t\t\t\t\t<a class=\"elementor-button elementor-button-link elementor-size-sm\" href=\"https:\/\/www.theferrareser.com\/shop-poster\/\" target=\"_blank\">\n\t\t\t\t\t\t<span class=\"elementor-button-content-wrapper\">\n\t\t\t\t\t\t\t\t\t<span class=\"elementor-button-text\">Acquista<\/span>\n\t\t\t\t\t<\/span>\n\t\t\t\t\t<\/a>\n\t\t\t\t<\/div>\n\t\t\t\t\t\t\t\t<\/div>\n\t\t\t\t<\/div>\n\t\t\t\t<\/div>\n\t\t\t\t<\/div>\n\t\t\t\t<\/div>\n\t\t\t\t\t\t<\/div>\n\t\t\t\t<\/div>\n\t\t\t\t<\/div>\n\t\t\t\t<\/div>\n\t\t\t\t<\/div>\n\t\t<div class=\"elementor-element elementor-element-d039e2f e-con-full e-flex e-con e-parent\" data-id=\"d039e2f\" data-element_type=\"container\" data-e-type=\"container\" data-settings=\"{&quot;background_background&quot;:&quot;classic&quot;}\">\n\t\t\t\t<div class=\"elementor-element elementor-element-c4f3e7d elementor-widget__width-initial elementor-widget-tablet_extra__width-inherit elementor-widget elementor-widget-heading\" data-id=\"c4f3e7d\" data-element_type=\"widget\" data-e-type=\"widget\" data-widget_type=\"heading.default\">\n\t\t\t\t<div class=\"elementor-widget-container\">\n\t\t\t\t\t<h2 class=\"elementor-heading-title elementor-size-default\">Leggi le altre storie<\/h2>\t\t\t\t<\/div>\n\t\t\t\t<\/div>\n\t\t<div class=\"elementor-element elementor-element-20013c6 e-con-full e-flex e-con e-child\" data-id=\"20013c6\" data-element_type=\"container\" data-e-type=\"container\">\n\t\t\t\t<div class=\"elementor-element elementor-element-a603848 elementor-widget-mobile__width-inherit elementor-invisible elementor-widget elementor-widget-text-editor\" data-id=\"a603848\" data-element_type=\"widget\" data-e-type=\"widget\" data-settings=\"{&quot;_animation&quot;:&quot;fadeIn&quot;}\" data-widget_type=\"text-editor.default\">\n\t\t\t\t<div class=\"elementor-widget-container\">\n\t\t\t\t\t\t\t\t\t<h4><span style=\"font-weight: 400;\">12 storie di cooperazione, 12 viaggi nel tempo e nel futuro<\/span><\/h4><p><span style=\"font-weight: 400;\">Ogni mese, una storia.<br \/>Dalle lotte per la libert\u00e0 alle innovazioni di oggi, raccontiamo il passato e il presente della cooperazione attraverso <\/span><b>illustrazioni originali e racconti inediti<\/b><span style=\"font-weight: 400;\">.<\/span><\/p>\t\t\t\t\t\t\t\t<\/div>\n\t\t\t\t<\/div>\n\t\t\t\t<div class=\"elementor-element elementor-element-9745e42 elementor-widget__width-auto elementor-invisible elementor-widget elementor-widget-button\" data-id=\"9745e42\" data-element_type=\"widget\" data-e-type=\"widget\" data-settings=\"{&quot;_animation&quot;:&quot;fadeIn&quot;,&quot;_animation_delay&quot;:600}\" data-widget_type=\"button.default\">\n\t\t\t\t<div class=\"elementor-widget-container\">\n\t\t\t\t\t\t\t\t\t<div class=\"elementor-button-wrapper\">\n\t\t\t\t\t<a class=\"elementor-button elementor-button-link elementor-size-sm\" href=\"https:\/\/www.legacoopestense.coop\/unitidiamoformaalfuturo\/le-storie\/\">\n\t\t\t\t\t\t<span class=\"elementor-button-content-wrapper\">\n\t\t\t\t\t\t\t\t\t<span class=\"elementor-button-text\">Leggile tutte<\/span>\n\t\t\t\t\t<\/span>\n\t\t\t\t\t<\/a>\n\t\t\t\t<\/div>\n\t\t\t\t\t\t\t\t<\/div>\n\t\t\t\t<\/div>\n\t\t\t\t<\/div>\n\t\t\t\t<\/div>\n\t\t\t\t<\/div>\n\t\t","protected":false},"excerpt":{"rendered":"<p>Girogirotondo non \u00e8 solo una filastrocca Storia di Giulia Bellotti, illustrazione di Marta Besantini A Comacchio, una cittadina lagunare che si dirama tra canali e viuzze strette, dalle case colorate che si affacciano su ponti e ciottoli, verso la fine degli anni \u201980 e l\u2019inizio degli anni \u201990, cresce l\u2019esigenza di creare un luogo adatto [&hellip;]<\/p>\n","protected":false},"author":1,"featured_media":0,"parent":11,"menu_order":0,"comment_status":"closed","ping_status":"closed","template":"","meta":{"footnotes":""},"class_list":["post-32","page","type-page","status-publish","hentry"],"yoast_head":"<!-- This site is optimized with the Yoast SEO plugin v27.1.1 - https:\/\/yoast.com\/product\/yoast-seo-wordpress\/ -->\n<title>Girotondo - Uniti diamo Forma al Futuro<\/title>\n<meta name=\"robots\" content=\"index, follow, max-snippet:-1, max-image-preview:large, max-video-preview:-1\" \/>\n<link rel=\"canonical\" href=\"https:\/\/www.legacoopestense.coop\/unitidiamoformaalfuturo\/le-storie\/girotondo\/\" \/>\n<meta property=\"og:locale\" content=\"it_IT\" \/>\n<meta property=\"og:type\" content=\"article\" \/>\n<meta property=\"og:title\" content=\"Girotondo - Uniti diamo Forma al Futuro\" \/>\n<meta property=\"og:description\" content=\"Girogirotondo non \u00e8 solo una filastrocca Storia di Giulia Bellotti, illustrazione di Marta Besantini A Comacchio, una cittadina lagunare che si dirama tra canali e viuzze strette, dalle case colorate che si affacciano su ponti e ciottoli, verso la fine degli anni \u201980 e l\u2019inizio degli anni \u201990, cresce l\u2019esigenza di creare un luogo adatto [&hellip;]\" \/>\n<meta property=\"og:url\" content=\"https:\/\/www.legacoopestense.coop\/unitidiamoformaalfuturo\/le-storie\/girotondo\/\" \/>\n<meta property=\"og:site_name\" content=\"Uniti diamo Forma al Futuro\" \/>\n<meta property=\"article:publisher\" content=\"https:\/\/www.facebook.com\/legacoopestense\" \/>\n<meta property=\"article:modified_time\" content=\"2025-10-20T15:32:52+00:00\" \/>\n<meta property=\"og:image\" content=\"https:\/\/www.legacoopestense.coop\/unitidiamoformaalfuturo\/wp-content\/uploads\/2025\/04\/Manifesto-Girotondo.jpg\" \/>\n\t<meta property=\"og:image:width\" content=\"1471\" \/>\n\t<meta property=\"og:image:height\" content=\"1471\" \/>\n\t<meta property=\"og:image:type\" content=\"image\/jpeg\" \/>\n<meta name=\"twitter:card\" content=\"summary_large_image\" \/>\n<meta name=\"twitter:site\" content=\"@LegacoopEstense\" \/>\n<meta name=\"twitter:label1\" content=\"Tempo di lettura stimato\" \/>\n\t<meta name=\"twitter:data1\" content=\"6 minuti\" \/>\n<script type=\"application\/ld+json\" class=\"yoast-schema-graph\">{\"@context\":\"https:\/\/schema.org\",\"@graph\":[{\"@type\":\"WebPage\",\"@id\":\"https:\/\/www.legacoopestense.coop\/unitidiamoformaalfuturo\/le-storie\/girotondo\/\",\"url\":\"https:\/\/www.legacoopestense.coop\/unitidiamoformaalfuturo\/le-storie\/girotondo\/\",\"name\":\"Girotondo - Uniti diamo Forma al Futuro\",\"isPartOf\":{\"@id\":\"https:\/\/www.legacoopestense.coop\/unitidiamoformaalfuturo\/#website\"},\"primaryImageOfPage\":{\"@id\":\"https:\/\/www.legacoopestense.coop\/unitidiamoformaalfuturo\/le-storie\/girotondo\/#primaryimage\"},\"image\":{\"@id\":\"https:\/\/www.legacoopestense.coop\/unitidiamoformaalfuturo\/le-storie\/girotondo\/#primaryimage\"},\"thumbnailUrl\":\"https:\/\/www.legacoopestense.coop\/unitidiamoformaalfuturo\/wp-content\/uploads\/2025\/04\/Manifesto-Girotondo.jpg\",\"datePublished\":\"2025-04-02T13:05:11+00:00\",\"dateModified\":\"2025-10-20T15:32:52+00:00\",\"breadcrumb\":{\"@id\":\"https:\/\/www.legacoopestense.coop\/unitidiamoformaalfuturo\/le-storie\/girotondo\/#breadcrumb\"},\"inLanguage\":\"it-IT\",\"potentialAction\":[{\"@type\":\"ReadAction\",\"target\":[\"https:\/\/www.legacoopestense.coop\/unitidiamoformaalfuturo\/le-storie\/girotondo\/\"]}]},{\"@type\":\"ImageObject\",\"inLanguage\":\"it-IT\",\"@id\":\"https:\/\/www.legacoopestense.coop\/unitidiamoformaalfuturo\/le-storie\/girotondo\/#primaryimage\",\"url\":\"https:\/\/www.legacoopestense.coop\/unitidiamoformaalfuturo\/wp-content\/uploads\/2025\/04\/Manifesto-Girotondo.jpg\",\"contentUrl\":\"https:\/\/www.legacoopestense.coop\/unitidiamoformaalfuturo\/wp-content\/uploads\/2025\/04\/Manifesto-Girotondo.jpg\",\"width\":1471,\"height\":1471},{\"@type\":\"BreadcrumbList\",\"@id\":\"https:\/\/www.legacoopestense.coop\/unitidiamoformaalfuturo\/le-storie\/girotondo\/#breadcrumb\",\"itemListElement\":[{\"@type\":\"ListItem\",\"position\":1,\"name\":\"Home\",\"item\":\"https:\/\/www.legacoopestense.coop\/unitidiamoformaalfuturo\/\"},{\"@type\":\"ListItem\",\"position\":2,\"name\":\"Le Storie\",\"item\":\"https:\/\/www.legacoopestense.coop\/unitidiamoformaalfuturo\/le-storie\/\"},{\"@type\":\"ListItem\",\"position\":3,\"name\":\"Girotondo\"}]},{\"@type\":\"WebSite\",\"@id\":\"https:\/\/www.legacoopestense.coop\/unitidiamoformaalfuturo\/#website\",\"url\":\"https:\/\/www.legacoopestense.coop\/unitidiamoformaalfuturo\/\",\"name\":\"Uniti diamo Forma al Futuro\",\"description\":\"Legacoop Estense\",\"publisher\":{\"@id\":\"https:\/\/www.legacoopestense.coop\/unitidiamoformaalfuturo\/#organization\"},\"potentialAction\":[{\"@type\":\"SearchAction\",\"target\":{\"@type\":\"EntryPoint\",\"urlTemplate\":\"https:\/\/www.legacoopestense.coop\/unitidiamoformaalfuturo\/?s={search_term_string}\"},\"query-input\":{\"@type\":\"PropertyValueSpecification\",\"valueRequired\":true,\"valueName\":\"search_term_string\"}}],\"inLanguage\":\"it-IT\"},{\"@type\":\"Organization\",\"@id\":\"https:\/\/www.legacoopestense.coop\/unitidiamoformaalfuturo\/#organization\",\"name\":\"Uniti diamo Forma al Futuro\",\"url\":\"https:\/\/www.legacoopestense.coop\/unitidiamoformaalfuturo\/\",\"logo\":{\"@type\":\"ImageObject\",\"inLanguage\":\"it-IT\",\"@id\":\"https:\/\/www.legacoopestense.coop\/unitidiamoformaalfuturo\/#\/schema\/logo\/image\/\",\"url\":\"https:\/\/www.legacoopestense.coop\/unitidiamoformaalfuturo\/wp-content\/uploads\/2025\/04\/Legacoop-Estense-2025IYC.webp\",\"contentUrl\":\"https:\/\/www.legacoopestense.coop\/unitidiamoformaalfuturo\/wp-content\/uploads\/2025\/04\/Legacoop-Estense-2025IYC.webp\",\"width\":512,\"height\":91,\"caption\":\"Uniti diamo Forma al Futuro\"},\"image\":{\"@id\":\"https:\/\/www.legacoopestense.coop\/unitidiamoformaalfuturo\/#\/schema\/logo\/image\/\"},\"sameAs\":[\"https:\/\/www.facebook.com\/legacoopestense\",\"https:\/\/x.com\/LegacoopEstense\",\"https:\/\/www.youtube.com\/channel\/UCxE6dZcxUwbcxqXVyik9M7A\"]}]}<\/script>\n<!-- \/ Yoast SEO plugin. -->","yoast_head_json":{"title":"Girotondo - Uniti diamo Forma al Futuro","robots":{"index":"index","follow":"follow","max-snippet":"max-snippet:-1","max-image-preview":"max-image-preview:large","max-video-preview":"max-video-preview:-1"},"canonical":"https:\/\/www.legacoopestense.coop\/unitidiamoformaalfuturo\/le-storie\/girotondo\/","og_locale":"it_IT","og_type":"article","og_title":"Girotondo - Uniti diamo Forma al Futuro","og_description":"Girogirotondo non \u00e8 solo una filastrocca Storia di Giulia Bellotti, illustrazione di Marta Besantini A Comacchio, una cittadina lagunare che si dirama tra canali e viuzze strette, dalle case colorate che si affacciano su ponti e ciottoli, verso la fine degli anni \u201980 e l\u2019inizio degli anni \u201990, cresce l\u2019esigenza di creare un luogo adatto [&hellip;]","og_url":"https:\/\/www.legacoopestense.coop\/unitidiamoformaalfuturo\/le-storie\/girotondo\/","og_site_name":"Uniti diamo Forma al Futuro","article_publisher":"https:\/\/www.facebook.com\/legacoopestense","article_modified_time":"2025-10-20T15:32:52+00:00","og_image":[{"width":1471,"height":1471,"url":"https:\/\/www.legacoopestense.coop\/unitidiamoformaalfuturo\/wp-content\/uploads\/2025\/04\/Manifesto-Girotondo.jpg","type":"image\/jpeg"}],"twitter_card":"summary_large_image","twitter_site":"@LegacoopEstense","twitter_misc":{"Tempo di lettura stimato":"6 minuti"},"schema":{"@context":"https:\/\/schema.org","@graph":[{"@type":"WebPage","@id":"https:\/\/www.legacoopestense.coop\/unitidiamoformaalfuturo\/le-storie\/girotondo\/","url":"https:\/\/www.legacoopestense.coop\/unitidiamoformaalfuturo\/le-storie\/girotondo\/","name":"Girotondo - Uniti diamo Forma al Futuro","isPartOf":{"@id":"https:\/\/www.legacoopestense.coop\/unitidiamoformaalfuturo\/#website"},"primaryImageOfPage":{"@id":"https:\/\/www.legacoopestense.coop\/unitidiamoformaalfuturo\/le-storie\/girotondo\/#primaryimage"},"image":{"@id":"https:\/\/www.legacoopestense.coop\/unitidiamoformaalfuturo\/le-storie\/girotondo\/#primaryimage"},"thumbnailUrl":"https:\/\/www.legacoopestense.coop\/unitidiamoformaalfuturo\/wp-content\/uploads\/2025\/04\/Manifesto-Girotondo.jpg","datePublished":"2025-04-02T13:05:11+00:00","dateModified":"2025-10-20T15:32:52+00:00","breadcrumb":{"@id":"https:\/\/www.legacoopestense.coop\/unitidiamoformaalfuturo\/le-storie\/girotondo\/#breadcrumb"},"inLanguage":"it-IT","potentialAction":[{"@type":"ReadAction","target":["https:\/\/www.legacoopestense.coop\/unitidiamoformaalfuturo\/le-storie\/girotondo\/"]}]},{"@type":"ImageObject","inLanguage":"it-IT","@id":"https:\/\/www.legacoopestense.coop\/unitidiamoformaalfuturo\/le-storie\/girotondo\/#primaryimage","url":"https:\/\/www.legacoopestense.coop\/unitidiamoformaalfuturo\/wp-content\/uploads\/2025\/04\/Manifesto-Girotondo.jpg","contentUrl":"https:\/\/www.legacoopestense.coop\/unitidiamoformaalfuturo\/wp-content\/uploads\/2025\/04\/Manifesto-Girotondo.jpg","width":1471,"height":1471},{"@type":"BreadcrumbList","@id":"https:\/\/www.legacoopestense.coop\/unitidiamoformaalfuturo\/le-storie\/girotondo\/#breadcrumb","itemListElement":[{"@type":"ListItem","position":1,"name":"Home","item":"https:\/\/www.legacoopestense.coop\/unitidiamoformaalfuturo\/"},{"@type":"ListItem","position":2,"name":"Le Storie","item":"https:\/\/www.legacoopestense.coop\/unitidiamoformaalfuturo\/le-storie\/"},{"@type":"ListItem","position":3,"name":"Girotondo"}]},{"@type":"WebSite","@id":"https:\/\/www.legacoopestense.coop\/unitidiamoformaalfuturo\/#website","url":"https:\/\/www.legacoopestense.coop\/unitidiamoformaalfuturo\/","name":"Uniti diamo Forma al Futuro","description":"Legacoop Estense","publisher":{"@id":"https:\/\/www.legacoopestense.coop\/unitidiamoformaalfuturo\/#organization"},"potentialAction":[{"@type":"SearchAction","target":{"@type":"EntryPoint","urlTemplate":"https:\/\/www.legacoopestense.coop\/unitidiamoformaalfuturo\/?s={search_term_string}"},"query-input":{"@type":"PropertyValueSpecification","valueRequired":true,"valueName":"search_term_string"}}],"inLanguage":"it-IT"},{"@type":"Organization","@id":"https:\/\/www.legacoopestense.coop\/unitidiamoformaalfuturo\/#organization","name":"Uniti diamo Forma al Futuro","url":"https:\/\/www.legacoopestense.coop\/unitidiamoformaalfuturo\/","logo":{"@type":"ImageObject","inLanguage":"it-IT","@id":"https:\/\/www.legacoopestense.coop\/unitidiamoformaalfuturo\/#\/schema\/logo\/image\/","url":"https:\/\/www.legacoopestense.coop\/unitidiamoformaalfuturo\/wp-content\/uploads\/2025\/04\/Legacoop-Estense-2025IYC.webp","contentUrl":"https:\/\/www.legacoopestense.coop\/unitidiamoformaalfuturo\/wp-content\/uploads\/2025\/04\/Legacoop-Estense-2025IYC.webp","width":512,"height":91,"caption":"Uniti diamo Forma al Futuro"},"image":{"@id":"https:\/\/www.legacoopestense.coop\/unitidiamoformaalfuturo\/#\/schema\/logo\/image\/"},"sameAs":["https:\/\/www.facebook.com\/legacoopestense","https:\/\/x.com\/LegacoopEstense","https:\/\/www.youtube.com\/channel\/UCxE6dZcxUwbcxqXVyik9M7A"]}]}},"_links":{"self":[{"href":"https:\/\/www.legacoopestense.coop\/unitidiamoformaalfuturo\/wp-json\/wp\/v2\/pages\/32","targetHints":{"allow":["GET"]}}],"collection":[{"href":"https:\/\/www.legacoopestense.coop\/unitidiamoformaalfuturo\/wp-json\/wp\/v2\/pages"}],"about":[{"href":"https:\/\/www.legacoopestense.coop\/unitidiamoformaalfuturo\/wp-json\/wp\/v2\/types\/page"}],"author":[{"embeddable":true,"href":"https:\/\/www.legacoopestense.coop\/unitidiamoformaalfuturo\/wp-json\/wp\/v2\/users\/1"}],"replies":[{"embeddable":true,"href":"https:\/\/www.legacoopestense.coop\/unitidiamoformaalfuturo\/wp-json\/wp\/v2\/comments?post=32"}],"version-history":[{"count":58,"href":"https:\/\/www.legacoopestense.coop\/unitidiamoformaalfuturo\/wp-json\/wp\/v2\/pages\/32\/revisions"}],"predecessor-version":[{"id":1380,"href":"https:\/\/www.legacoopestense.coop\/unitidiamoformaalfuturo\/wp-json\/wp\/v2\/pages\/32\/revisions\/1380"}],"up":[{"embeddable":true,"href":"https:\/\/www.legacoopestense.coop\/unitidiamoformaalfuturo\/wp-json\/wp\/v2\/pages\/11"}],"wp:attachment":[{"href":"https:\/\/www.legacoopestense.coop\/unitidiamoformaalfuturo\/wp-json\/wp\/v2\/media?parent=32"}],"curies":[{"name":"wp","href":"https:\/\/api.w.org\/{rel}","templated":true}]}}