{"id":28,"date":"2025-04-02T12:56:00","date_gmt":"2025-04-02T10:56:00","guid":{"rendered":"https:\/\/www.legacoopestense.coop\/unitidiamoformaalfuturo\/?page_id=28"},"modified":"2025-10-20T17:33:00","modified_gmt":"2025-10-20T15:33:00","slug":"mediagroup98","status":"publish","type":"page","link":"https:\/\/www.legacoopestense.coop\/unitidiamoformaalfuturo\/le-storie\/mediagroup98\/","title":{"rendered":"Mediagroup98"},"content":{"rendered":"\t\t<div data-elementor-type=\"wp-page\" data-elementor-id=\"28\" class=\"elementor elementor-28\" data-elementor-post-type=\"page\">\n\t\t\t\t<div class=\"elementor-element elementor-element-beeaa8c e-con-full e-flex e-con e-parent\" data-id=\"beeaa8c\" data-element_type=\"container\" data-e-type=\"container\" data-settings=\"{&quot;background_background&quot;:&quot;classic&quot;}\">\n\t\t\t\t<\/div>\n\t\t<div class=\"elementor-element elementor-element-11c8f6b e-con-full e-flex e-con e-parent\" data-id=\"11c8f6b\" data-element_type=\"container\" data-e-type=\"container\">\n\t\t\t\t<div class=\"elementor-element elementor-element-2aebb49 elementor-align-left elementor-widget elementor-widget-breadcrumbs\" data-id=\"2aebb49\" data-element_type=\"widget\" data-e-type=\"widget\" data-widget_type=\"breadcrumbs.default\">\n\t\t\t\t<div class=\"elementor-widget-container\">\n\t\t\t\t\t<p id=\"breadcrumbs\"><span><span><a href=\"https:\/\/www.legacoopestense.coop\/unitidiamoformaalfuturo\/\">Home<\/a><\/span><\/span><\/p>\t\t\t\t<\/div>\n\t\t\t\t<\/div>\n\t\t\t\t<div class=\"elementor-element elementor-element-d8df925 elementor-widget elementor-widget-heading\" data-id=\"d8df925\" data-element_type=\"widget\" data-e-type=\"widget\" data-widget_type=\"heading.default\">\n\t\t\t\t<div class=\"elementor-widget-container\">\n\t\t\t\t\t<h2 class=\"elementor-heading-title elementor-size-default\">Un\u2019idea giovane. La nascita di Mediagroup98 <br>\n<small><i>Storia di Laura Solieri, illustrazione di Marco Bertulu<\/i><\/small><\/h2>\t\t\t\t<\/div>\n\t\t\t\t<\/div>\n\t\t<div class=\"elementor-element elementor-element-fa9a76c e-con-full e-flex e-con e-child\" data-id=\"fa9a76c\" data-element_type=\"container\" data-e-type=\"container\">\n\t\t\t\t<div class=\"elementor-element elementor-element-38017b8 elementor-widget elementor-widget-image\" data-id=\"38017b8\" data-element_type=\"widget\" data-e-type=\"widget\" data-settings=\"{&quot;motion_fx_motion_fx_scrolling&quot;:&quot;yes&quot;,&quot;motion_fx_translateY_effect&quot;:&quot;yes&quot;,&quot;motion_fx_translateY_direction&quot;:&quot;negative&quot;,&quot;motion_fx_translateY_speed&quot;:{&quot;unit&quot;:&quot;px&quot;,&quot;size&quot;:0.3,&quot;sizes&quot;:[]},&quot;motion_fx_translateY_affectedRange&quot;:{&quot;unit&quot;:&quot;%&quot;,&quot;size&quot;:&quot;&quot;,&quot;sizes&quot;:{&quot;start&quot;:0,&quot;end&quot;:100}},&quot;motion_fx_devices&quot;:[&quot;desktop&quot;,&quot;laptop&quot;,&quot;tablet_extra&quot;,&quot;tablet&quot;,&quot;mobile&quot;]}\" data-widget_type=\"image.default\">\n\t\t\t\t<div class=\"elementor-widget-container\">\n\t\t\t\t\t\t\t\t\t\t\t\t\t\t\t\t<a href=\"https:\/\/www.legacoopestense.coop\/unitidiamoformaalfuturo\/wp-content\/uploads\/2025\/04\/Manifesto-Mediagroup98.webp\" data-elementor-open-lightbox=\"yes\" data-elementor-lightbox-title=\"Manifesto-Mediagroup98\" data-e-action-hash=\"#elementor-action%3Aaction%3Dlightbox%26settings%3DeyJpZCI6OTU4LCJ1cmwiOiJodHRwczpcL1wvd3d3LmxlZ2Fjb29wZXN0ZW5zZS5jb29wXC91bml0aWRpYW1vZm9ybWFhbGZ1dHVyb1wvd3AtY29udGVudFwvdXBsb2Fkc1wvMjAyNVwvMDRcL01hbmlmZXN0by1NZWRpYWdyb3VwOTgud2VicCJ9\">\n\t\t\t\t\t\t\t<img fetchpriority=\"high\" decoding=\"async\" width=\"2000\" height=\"2000\" src=\"https:\/\/www.legacoopestense.coop\/unitidiamoformaalfuturo\/wp-content\/uploads\/2025\/04\/Manifesto-Mediagroup98.webp\" class=\"elementor-animation-float attachment-full size-full wp-image-958\" alt=\"\" srcset=\"https:\/\/www.legacoopestense.coop\/unitidiamoformaalfuturo\/wp-content\/uploads\/2025\/04\/Manifesto-Mediagroup98.webp 2000w, https:\/\/www.legacoopestense.coop\/unitidiamoformaalfuturo\/wp-content\/uploads\/2025\/04\/Manifesto-Mediagroup98-300x300.webp 300w, https:\/\/www.legacoopestense.coop\/unitidiamoformaalfuturo\/wp-content\/uploads\/2025\/04\/Manifesto-Mediagroup98-1024x1024.webp 1024w, https:\/\/www.legacoopestense.coop\/unitidiamoformaalfuturo\/wp-content\/uploads\/2025\/04\/Manifesto-Mediagroup98-150x150.webp 150w, https:\/\/www.legacoopestense.coop\/unitidiamoformaalfuturo\/wp-content\/uploads\/2025\/04\/Manifesto-Mediagroup98-768x768.webp 768w, https:\/\/www.legacoopestense.coop\/unitidiamoformaalfuturo\/wp-content\/uploads\/2025\/04\/Manifesto-Mediagroup98-1536x1536.webp 1536w\" sizes=\"(max-width: 2000px) 100vw, 2000px\" \/>\t\t\t\t\t\t\t\t<\/a>\n\t\t\t\t\t\t\t\t\t\t\t\t\t\t\t<\/div>\n\t\t\t\t<\/div>\n\t\t\t\t<div class=\"elementor-element elementor-element-7fcc597 elementor-widget__width-initial elementor-widget-tablet__width-inherit elementor-widget elementor-widget-text-editor\" data-id=\"7fcc597\" data-element_type=\"widget\" data-e-type=\"widget\" data-widget_type=\"text-editor.default\">\n\t\t\t\t<div class=\"elementor-widget-container\">\n\t\t\t\t\t\t\t\t\t<p><span style=\"font-weight: 400;\">Le idee e le decisioni che poi ti cambiano la vita, spesso, nascono nei luoghi pi\u00f9 inaspettati, come in un\u2019aula o lungo un corridoio qualsiasi della tua universit\u00e0, oppure nel sottopalco di un teatro.<\/span><\/p><p><span style=\"font-weight: 400;\">Siamo negli anni Ottanta, un periodo storico in cui frequentare l\u2019universit\u00e0 era abbastanza difficile: si usciva dalle lotte degli anni Settanta, e gi\u00e0 allora non c\u2019erano particolari prospettive di lavoro, soprattutto per chi aveva svolto studi umanistici. Ma tra i giovani studenti c\u2019era ugualmente, come \u00e8 giusto che sia, una gran voglia di guardare al futuro con slancio, di costruirlo a misura delle proprie idee, immaginando un modo nuovo di fare impresa, cooperativo, auto-organizzandosi e auto-determinandosi, con un\u2019offerta pionieristica per il mercato di quei tempi.\u00a0<\/span><\/p><p><span style=\"font-weight: 400;\">E cos\u00ec ci si mette in cerchio e ci si guarda bene negli occhi, per valutare la fattibilit\u00e0 e la sostenibilit\u00e0 nel tempo di un proposito del genere, lasciandosi contagiare dall\u2019ebbrezza dell\u2019ignoto quel tanto che basta per fare il primo grande passo, quello decisivo per non tornare indietro. Insieme, uniti, che \u00e8 l\u2019aspetto che in questa storia conta pi\u00f9 di tutti.\u00a0<\/span><\/p><p><span style=\"font-weight: 400;\">Siamo nel 1982 quando a Modena, da 17 soci, nasce la cooperativa \u201cStudio e Lavoro\u201d per gestire un progetto per il diritto allo studio universitario e relativi servizi interni all\u2019Universit\u00e0 stessa, e nel 1986 quando da 16 soci riuniti nel sottopalco del Teatro Comunale di Modena (dove per pagarsi gli studi universitari facevano le maschere), nasce la cooperativa Eidos, dal greco idea, immagine, attiva nel campo della comunicazione e della cultura. <\/span><\/p>\t\t\t\t\t\t\t\t<\/div>\n\t\t\t\t<\/div>\n\t\t\t\t<\/div>\n\t\t\t\t<div class=\"elementor-element elementor-element-a16cf5c elementor-widget elementor-widget-heading\" data-id=\"a16cf5c\" data-element_type=\"widget\" data-e-type=\"widget\" data-widget_type=\"heading.default\">\n\t\t\t\t<div class=\"elementor-widget-container\">\n\t\t\t\t\t<h3 class=\"elementor-heading-title elementor-size-default\">Pochi soldi in tasca all\u2019inizio, per non dire neanche una lira, ma prima dell\u2019aspetto economico, del desiderio e del bisogno di guadagno dei soci, preponderante era l\u2019idea di comunit\u00e0, di fare le cose insieme.<\/h3>\t\t\t\t<\/div>\n\t\t\t\t<\/div>\n\t\t\t\t<div class=\"elementor-element elementor-element-46852f3 elementor-widget elementor-widget-text-editor\" data-id=\"46852f3\" data-element_type=\"widget\" data-e-type=\"widget\" data-widget_type=\"text-editor.default\">\n\t\t\t\t<div class=\"elementor-widget-container\">\n\t\t\t\t\t\t\t\t\t<p><span style=\"font-weight: 400;\">E grazie alla presenza di famiglie alle spalle disponibili a dare il proprio sostegno, queste due nuove realt\u00e0 sono state presto in grado di camminare con sicurezza sulle loro giovani e forti gambe, con la grinta di uno sguardo corale che sa guardare lontano, e addosso la divisa giusta per sognare pi\u00f9 forte (per Eidos la scelta ricadde su gonne e camicie a fiori che ancora in molti ricordano!).\u00a0<\/span><\/p><p><span style=\"font-weight: 400;\">La nascita di queste cooperative ad opera di giovani e giovanissimi e, nel caso di Eidos, per la maggioranza donne, segna due delle esperienze imprenditoriali modenesi pi\u00f9 interessanti e significative di quegli anni, e non solo.\u00a0<\/span><\/p><p><span style=\"font-weight: 400;\">La scelta del modello cooperativo consente a entrambe queste realt\u00e0 di conciliare al meglio tempi di vita, studio e lavoro nella maniera pi\u00f9 autonoma possibile, garantendo la flessibilit\u00e0 necessaria soprattutto a quelle lavoratrici che, in Eidos, stavano in quel periodo per diventare madri, ponendo le basi per quello che \u00e8 diventato il fiore all\u2019occhiello di questa storia imprenditoriale, ovvero la costante implementazione di misure volte a favorire un\u2019occupazione femminile qualificata, pari opportunit\u00e0 di accesso al lavoro, allo sviluppo professionale e pari opportunit\u00e0 formative, a salvaguardare la piena attuazione della parit\u00e0 salariale, ad agevolare i congedi di paternit\u00e0, a dare sostegno ed attenzione ai caregiver.<\/span><\/p><p><span style=\"font-weight: 400;\">Scrupolose ricerche di mercato, il confronto e il dialogo costanti con il territorio, dall\u2019Universit\u00e0 all\u2019amministrazione comunale al mondo delle aziende, hanno consentito a entrambe di crescere rapidamente nei rispettivi settori, di evolversi ed espandere i propri servizi: per Studio e Lavoro, presieduta da Benito Gaballo e Graziano Pavone, presidente e vicepresidente, nell\u2019ambito dei servizi per biblioteche e videoteche, impianti sportivi, fiere, copisteria e editing, gestione centri di informazione e altro ancora, e per Eidos, guidata da Maria Cristina Manfredini e Liana Stradi, presidente e vicepresidente, nell\u2019ambito delle pubbliche relazioni, editoria aziendale, formazione e comunicazione integrata d\u2019impresa.\u00a0<\/span><\/p><p><span style=\"font-weight: 400;\">Passer\u00e0 un po\u2019 di tempo prima che le loro strade si incrocino fino a diventare un\u2019unica via maestra che nel 1998 porta alla nascita di Mediagroup98, agenzia specializzata in comunicazione integrata, progettazione e gestione di eventi e servizi per l\u2019informazione, l\u2019orientamento e l\u2019inclusione sociale, la gestione documentale e la cultura per imprese private ed enti locali, che negli anni \u00e8 arrivata a contare oltre 300 professionisti e ad operare su tre sedi (Modena, Parma, Milano).\u00a0\u00a0<\/span><\/p><p><span style=\"font-weight: 400;\">La collaborazione inizia con la gestione dell\u2019Informagiovani di Modena nell\u2019ambito di un percorso delle due cooperative all\u2019interno del Consorzio Informazione e Comunicazione che, in un\u2019epoca ricordiamo in cui non c\u2019era internet, divenne presto leader a livello nazionale in tema di formazione, fornitura di banche dati e coordinamento di pi\u00f9 di 500 Informagiovani sul territorio italiano, arrivando ad estendere la propria attivit\u00e0 anche agli URP (Uffici Relazioni con il Pubblico) delle pubbliche amministrazioni.<\/span><\/p>\t\t\t\t\t\t\t\t<\/div>\n\t\t\t\t<\/div>\n\t\t<div class=\"elementor-element elementor-element-8e5752d e-con-full e-flex e-con e-child\" data-id=\"8e5752d\" data-element_type=\"container\" data-e-type=\"container\">\n\t\t\t\t<div class=\"elementor-element elementor-element-9e99cea elementor-widget__width-initial elementor-widget elementor-widget-image\" data-id=\"9e99cea\" data-element_type=\"widget\" data-e-type=\"widget\" data-settings=\"{&quot;motion_fx_motion_fx_scrolling&quot;:&quot;yes&quot;,&quot;motion_fx_translateY_effect&quot;:&quot;yes&quot;,&quot;motion_fx_translateY_direction&quot;:&quot;negative&quot;,&quot;motion_fx_translateY_speed&quot;:{&quot;unit&quot;:&quot;px&quot;,&quot;size&quot;:0.3,&quot;sizes&quot;:[]},&quot;motion_fx_translateY_affectedRange&quot;:{&quot;unit&quot;:&quot;%&quot;,&quot;size&quot;:&quot;&quot;,&quot;sizes&quot;:{&quot;start&quot;:0,&quot;end&quot;:100}},&quot;motion_fx_devices&quot;:[&quot;desktop&quot;,&quot;laptop&quot;,&quot;tablet_extra&quot;,&quot;tablet&quot;,&quot;mobile&quot;]}\" data-widget_type=\"image.default\">\n\t\t\t\t<div class=\"elementor-widget-container\">\n\t\t\t\t\t\t\t\t\t\t\t\t\t\t\t\t<a href=\"https:\/\/www.legacoopestense.coop\/unitidiamoformaalfuturo\/wp-content\/uploads\/2025\/04\/La-storia-di-Mediagroup98.webp\" data-elementor-open-lightbox=\"yes\" data-elementor-lightbox-title=\"La storia di Mediagroup98\" data-e-action-hash=\"#elementor-action%3Aaction%3Dlightbox%26settings%3DeyJpZCI6MjA5LCJ1cmwiOiJodHRwczpcL1wvd3d3LmxlZ2Fjb29wZXN0ZW5zZS5jb29wXC91bml0aWRpYW1vZm9ybWFhbGZ1dHVyb1wvd3AtY29udGVudFwvdXBsb2Fkc1wvMjAyNVwvMDRcL0xhLXN0b3JpYS1kaS1NZWRpYWdyb3VwOTgud2VicCJ9\">\n\t\t\t\t\t\t\t<img decoding=\"async\" width=\"430\" height=\"430\" src=\"https:\/\/www.legacoopestense.coop\/unitidiamoformaalfuturo\/wp-content\/uploads\/2025\/04\/La-storia-di-Mediagroup98.webp\" class=\"elementor-animation-float attachment-full size-full wp-image-209\" alt=\"\" srcset=\"https:\/\/www.legacoopestense.coop\/unitidiamoformaalfuturo\/wp-content\/uploads\/2025\/04\/La-storia-di-Mediagroup98.webp 430w, https:\/\/www.legacoopestense.coop\/unitidiamoformaalfuturo\/wp-content\/uploads\/2025\/04\/La-storia-di-Mediagroup98-300x300.webp 300w, https:\/\/www.legacoopestense.coop\/unitidiamoformaalfuturo\/wp-content\/uploads\/2025\/04\/La-storia-di-Mediagroup98-150x150.webp 150w\" sizes=\"(max-width: 430px) 100vw, 430px\" \/>\t\t\t\t\t\t\t\t<\/a>\n\t\t\t\t\t\t\t\t\t\t\t\t\t\t\t<\/div>\n\t\t\t\t<\/div>\n\t\t<div class=\"elementor-element elementor-element-625e0ee e-con-full e-flex e-con e-child\" data-id=\"625e0ee\" data-element_type=\"container\" data-e-type=\"container\">\n\t\t\t\t<div class=\"elementor-element elementor-element-bba57e8 elementor-widget elementor-widget-text-editor\" data-id=\"bba57e8\" data-element_type=\"widget\" data-e-type=\"widget\" data-widget_type=\"text-editor.default\">\n\t\t\t\t<div class=\"elementor-widget-container\">\n\t\t\t\t\t\t\t\t\t<p><span style=\"font-weight: 400;\">La storia corre e si snoda lungo una partitura di persone, incontri, parole e riconoscimenti che costituiscono la colonna sonora portante di questa societ\u00e0 cooperativa. In occasione del decennale celebrato con Ivano Barberini e Rita Levi-Montalcini, grazie anche all\u2019adesione al network dell\u2019associazione Impronta Etica, vengono messe in campo nuove pratiche di responsabilit\u00e0 sociale d\u2019impresa e si intraprende il percorso per la stesura della Carta dei Valori di Mediagroup98. Rispetto, accoglienza, solidariet\u00e0, partecipazione, merito, responsabilit\u00e0, innovazione, intergenerazionalit\u00e0. Musica per le orecchie, ritmata da un\u2019altra parola fondamentale: cambiamento. Perch\u00e9 \u00e8 generando e abbracciando il cambiamento connaturato al trascorrere del tempo, che si riesce a guardare avanti, pensando alle generazioni future e, insieme, nutrendo di responsabilit\u00e0 e lungimiranza il percorso portato avanti fino ad ora.\u00a0<\/span><\/p><p><span style=\"font-weight: 400;\">In tutti questi anni, nel libro soci di Mediagroup98, il numero di matricola ha raggiunto quota 3mila: 3mila persone che sono passate da qui, che sono state formate, avviate al lavoro, che hanno intrapreso un\u2019esperienza che rimarr\u00e0 per sempre nel loro curriculum professionale e umano. Ai Best Event Awards 2013, il premio pi\u00f9 ambito e importante della event&amp;communication industry italiana, Mediagroup98 si \u00e8 aggiudicata l\u2019oscar nella categoria Educational &#8211; Formazione con l\u2019evento Bellacoopia Modena, e negli anni successivi altri quattro Oscar nelle categorie Team Building e Convegni&amp;Congressi, portando sul palco del Museo della Scienza e della Tecnica di Milano e dell\u2019Auditorium Parco della Musica a Roma, la cooperazione, i suoi valori, la sua capacit\u00e0 di rivolgersi alle giovani generazioni.\u00a0<\/span><\/p><p><span style=\"font-weight: 400;\">Perch\u00e9 cooperazione significa anche preoccuparsi del futuro e di chi viene dopo di noi, per una cultura di prevenzione che ha garantito, nel momento del bisogno, la sopravvivenza della cooperativa e del lavoro di tutte le sue persone durante la pandemia di Covid, quando il 65% delle attivit\u00e0 sono state sospese per oltre venti mesi, per poi riprendere e crescere come mai prima. Quando si dice resilienza, si intende questo. Crescere e crescere in modo sostenibile si pu\u00f2, avendo sempre presenti le ricadute delle proprie azioni sugli altri, sulla societ\u00e0 in cui operiamo, facendo della sicurezza, della sostenibilit\u00e0 e della parit\u00e0, tre concetti guida: Mediagroup98 opera attraverso un sistema integrato Qualit\u00e0, Sicurezza, Sostenibilit\u00e0, Parit\u00e0 che poggia sulle certificazioni ISO 9001, ISO 45.000, ISO 20121, Parit\u00e0 di genere UNI\/Dpr 125, per tutti i processi produttivi e in tutte le aree di attivit\u00e0.<\/span><\/p><p><span style=\"font-weight: 400;\">\u201c\u2026 <\/span><i><span style=\"font-weight: 400;\">Vedo i forti aiutare i deboli, vedo noi condividere doni e sogni, questa canzone \u00e8 sulla Cooperazione e sul tipo di mondo che potrebbe essere, che mondo meraviglioso potrebbe essere\u2026<\/span><\/i><span style=\"font-weight: 400;\">\u201d recita la canzone \u201cGrande idea\u201d scritta da un gruppo di giovani cooperatori canadesi e donata dallo stesso Ivano Barberini &#8211; il primo e ad oggi l&#8217;unico italiano a presiedere l&#8217;Alleanza Cooperativa Internazionale &#8211; a quei giovani studenti modenesi da cui nacque tutto questo.\u00a0<\/span><\/p><p><span style=\"font-weight: 400;\">Oggi, il testo incorniciato di questa canzone campeggia all\u2019ingresso di Mediagroup98 e ci ricorda che un mondo migliore, se costruito per davvero assieme, pu\u00f2 esserci.\u00a0<\/span><\/p>\t\t\t\t\t\t\t\t<\/div>\n\t\t\t\t<\/div>\n\t\t\t\t<div class=\"elementor-element elementor-element-05e9f08 elementor-widget elementor-widget-template\" data-id=\"05e9f08\" data-element_type=\"widget\" data-e-type=\"widget\" data-widget_type=\"template.default\">\n\t\t\t\t<div class=\"elementor-widget-container\">\n\t\t\t\t\t\t\t<div class=\"elementor-template\">\n\t\t\t\t\t<div data-elementor-type=\"section\" data-elementor-id=\"1221\" class=\"elementor elementor-1221\" data-elementor-post-type=\"elementor_library\">\n\t\t\t<div class=\"elementor-element elementor-element-ddc1cfa e-con-full e-flex e-con e-child\" data-id=\"ddc1cfa\" data-element_type=\"container\" data-e-type=\"container\">\n\t\t\t\t<div class=\"elementor-element elementor-element-b06410c elementor-widget-tablet_extra__width-inherit elementor-widget elementor-widget-heading\" data-id=\"b06410c\" data-element_type=\"widget\" data-e-type=\"widget\" data-widget_type=\"heading.default\">\n\t\t\t\t<div class=\"elementor-widget-container\">\n\t\t\t\t\t<h2 class=\"elementor-heading-title elementor-size-default\">Ti interessa questa illustrazione?<\/h2>\t\t\t\t<\/div>\n\t\t\t\t<\/div>\n\t\t\t\t<div class=\"elementor-element elementor-element-b529d81 elementor-widget elementor-widget-text-editor\" data-id=\"b529d81\" data-element_type=\"widget\" data-e-type=\"widget\" data-widget_type=\"text-editor.default\">\n\t\t\t\t<div class=\"elementor-widget-container\">\n\t\t\t\t\t\t\t\t\t<p>Puoi <span style=\"text-decoration: underline;\"><a href=\"https:\/\/www.theferrareser.com\/shop-poster\/\" target=\"_blank\" rel=\"noopener\">acquistare il poster qui<\/a><\/span><\/p>\t\t\t\t\t\t\t\t<\/div>\n\t\t\t\t<\/div>\n\t\t\t\t<div class=\"elementor-element elementor-element-bde0a29 elementor-widget__width-auto elementor-invisible elementor-widget elementor-widget-button\" data-id=\"bde0a29\" data-element_type=\"widget\" data-e-type=\"widget\" data-settings=\"{&quot;_animation&quot;:&quot;fadeIn&quot;,&quot;_animation_delay&quot;:200}\" data-widget_type=\"button.default\">\n\t\t\t\t<div class=\"elementor-widget-container\">\n\t\t\t\t\t\t\t\t\t<div class=\"elementor-button-wrapper\">\n\t\t\t\t\t<a class=\"elementor-button elementor-button-link elementor-size-sm\" href=\"https:\/\/www.theferrareser.com\/shop-poster\/\" target=\"_blank\">\n\t\t\t\t\t\t<span class=\"elementor-button-content-wrapper\">\n\t\t\t\t\t\t\t\t\t<span class=\"elementor-button-text\">Acquista<\/span>\n\t\t\t\t\t<\/span>\n\t\t\t\t\t<\/a>\n\t\t\t\t<\/div>\n\t\t\t\t\t\t\t\t<\/div>\n\t\t\t\t<\/div>\n\t\t\t\t<\/div>\n\t\t\t\t<\/div>\n\t\t\t\t<\/div>\n\t\t\t\t\t\t<\/div>\n\t\t\t\t<\/div>\n\t\t\t\t<\/div>\n\t\t\t\t<\/div>\n\t\t\t\t<\/div>\n\t\t<div class=\"elementor-element elementor-element-5ecdf9a e-con-full e-flex e-con e-parent\" data-id=\"5ecdf9a\" data-element_type=\"container\" data-e-type=\"container\" data-settings=\"{&quot;background_background&quot;:&quot;classic&quot;}\">\n\t\t\t\t<div class=\"elementor-element elementor-element-698fcf8 elementor-widget__width-initial elementor-widget-tablet_extra__width-inherit elementor-widget elementor-widget-heading\" data-id=\"698fcf8\" data-element_type=\"widget\" data-e-type=\"widget\" data-widget_type=\"heading.default\">\n\t\t\t\t<div class=\"elementor-widget-container\">\n\t\t\t\t\t<h2 class=\"elementor-heading-title elementor-size-default\">Leggi le altre storie<\/h2>\t\t\t\t<\/div>\n\t\t\t\t<\/div>\n\t\t<div class=\"elementor-element elementor-element-de770fd e-con-full e-flex e-con e-child\" data-id=\"de770fd\" data-element_type=\"container\" data-e-type=\"container\">\n\t\t\t\t<div class=\"elementor-element elementor-element-c4f9e2e elementor-widget-mobile__width-inherit elementor-invisible elementor-widget elementor-widget-text-editor\" data-id=\"c4f9e2e\" data-element_type=\"widget\" data-e-type=\"widget\" data-settings=\"{&quot;_animation&quot;:&quot;fadeIn&quot;}\" data-widget_type=\"text-editor.default\">\n\t\t\t\t<div class=\"elementor-widget-container\">\n\t\t\t\t\t\t\t\t\t<h4><span style=\"font-weight: 400;\">12 storie di cooperazione, 12 viaggi nel tempo e nel futuro<\/span><\/h4><p><span style=\"font-weight: 400;\">Ogni mese, una storia.<br \/>Dalle lotte per la libert\u00e0 alle innovazioni di oggi, raccontiamo il passato e il presente della cooperazione attraverso <\/span><b>illustrazioni originali e racconti inediti<\/b><span style=\"font-weight: 400;\">.<\/span><\/p>\t\t\t\t\t\t\t\t<\/div>\n\t\t\t\t<\/div>\n\t\t\t\t<div class=\"elementor-element elementor-element-c92397a elementor-widget__width-auto elementor-invisible elementor-widget elementor-widget-button\" data-id=\"c92397a\" data-element_type=\"widget\" data-e-type=\"widget\" data-settings=\"{&quot;_animation&quot;:&quot;fadeIn&quot;,&quot;_animation_delay&quot;:600}\" data-widget_type=\"button.default\">\n\t\t\t\t<div class=\"elementor-widget-container\">\n\t\t\t\t\t\t\t\t\t<div class=\"elementor-button-wrapper\">\n\t\t\t\t\t<a class=\"elementor-button elementor-button-link elementor-size-sm\" href=\"https:\/\/www.legacoopestense.coop\/unitidiamoformaalfuturo\/le-storie\/\">\n\t\t\t\t\t\t<span class=\"elementor-button-content-wrapper\">\n\t\t\t\t\t\t\t\t\t<span class=\"elementor-button-text\">Leggile tutte<\/span>\n\t\t\t\t\t<\/span>\n\t\t\t\t\t<\/a>\n\t\t\t\t<\/div>\n\t\t\t\t\t\t\t\t<\/div>\n\t\t\t\t<\/div>\n\t\t\t\t<\/div>\n\t\t\t\t<\/div>\n\t\t\t\t<\/div>\n\t\t","protected":false},"excerpt":{"rendered":"<p>Un\u2019idea giovane. La nascita di Mediagroup98 Storia di Laura Solieri, illustrazione di Marco Bertulu Le idee e le decisioni che poi ti cambiano la vita, spesso, nascono nei luoghi pi\u00f9 inaspettati, come in un\u2019aula o lungo un corridoio qualsiasi della tua universit\u00e0, oppure nel sottopalco di un teatro. Siamo negli anni Ottanta, un periodo storico [&hellip;]<\/p>\n","protected":false},"author":1,"featured_media":0,"parent":11,"menu_order":0,"comment_status":"closed","ping_status":"closed","template":"","meta":{"footnotes":""},"class_list":["post-28","page","type-page","status-publish","hentry"],"yoast_head":"<!-- This site is optimized with the Yoast SEO plugin v27.1.1 - https:\/\/yoast.com\/product\/yoast-seo-wordpress\/ -->\n<title>Mediagroup98 - Uniti diamo Forma al Futuro<\/title>\n<meta name=\"robots\" content=\"index, follow, max-snippet:-1, max-image-preview:large, max-video-preview:-1\" \/>\n<link rel=\"canonical\" href=\"https:\/\/www.legacoopestense.coop\/unitidiamoformaalfuturo\/le-storie\/mediagroup98\/\" \/>\n<meta property=\"og:locale\" content=\"it_IT\" \/>\n<meta property=\"og:type\" content=\"article\" \/>\n<meta property=\"og:title\" content=\"Mediagroup98 - Uniti diamo Forma al Futuro\" \/>\n<meta property=\"og:description\" content=\"Un\u2019idea giovane. La nascita di Mediagroup98 Storia di Laura Solieri, illustrazione di Marco Bertulu Le idee e le decisioni che poi ti cambiano la vita, spesso, nascono nei luoghi pi\u00f9 inaspettati, come in un\u2019aula o lungo un corridoio qualsiasi della tua universit\u00e0, oppure nel sottopalco di un teatro. Siamo negli anni Ottanta, un periodo storico [&hellip;]\" \/>\n<meta property=\"og:url\" content=\"https:\/\/www.legacoopestense.coop\/unitidiamoformaalfuturo\/le-storie\/mediagroup98\/\" \/>\n<meta property=\"og:site_name\" content=\"Uniti diamo Forma al Futuro\" \/>\n<meta property=\"article:publisher\" content=\"https:\/\/www.facebook.com\/legacoopestense\" \/>\n<meta property=\"article:modified_time\" content=\"2025-10-20T15:33:00+00:00\" \/>\n<meta property=\"og:image\" content=\"https:\/\/www.legacoopestense.coop\/unitidiamoformaalfuturo\/wp-content\/uploads\/2025\/04\/Manifesto-Mediagroup98.webp\" \/>\n\t<meta property=\"og:image:width\" content=\"2000\" \/>\n\t<meta property=\"og:image:height\" content=\"2000\" \/>\n\t<meta property=\"og:image:type\" content=\"image\/webp\" \/>\n<meta name=\"twitter:card\" content=\"summary_large_image\" \/>\n<meta name=\"twitter:site\" content=\"@LegacoopEstense\" \/>\n<meta name=\"twitter:label1\" content=\"Tempo di lettura stimato\" \/>\n\t<meta name=\"twitter:data1\" content=\"8 minuti\" \/>\n<script type=\"application\/ld+json\" class=\"yoast-schema-graph\">{\"@context\":\"https:\/\/schema.org\",\"@graph\":[{\"@type\":\"WebPage\",\"@id\":\"https:\/\/www.legacoopestense.coop\/unitidiamoformaalfuturo\/le-storie\/mediagroup98\/\",\"url\":\"https:\/\/www.legacoopestense.coop\/unitidiamoformaalfuturo\/le-storie\/mediagroup98\/\",\"name\":\"Mediagroup98 - Uniti diamo Forma al Futuro\",\"isPartOf\":{\"@id\":\"https:\/\/www.legacoopestense.coop\/unitidiamoformaalfuturo\/#website\"},\"primaryImageOfPage\":{\"@id\":\"https:\/\/www.legacoopestense.coop\/unitidiamoformaalfuturo\/le-storie\/mediagroup98\/#primaryimage\"},\"image\":{\"@id\":\"https:\/\/www.legacoopestense.coop\/unitidiamoformaalfuturo\/le-storie\/mediagroup98\/#primaryimage\"},\"thumbnailUrl\":\"https:\/\/www.legacoopestense.coop\/unitidiamoformaalfuturo\/wp-content\/uploads\/2025\/04\/Manifesto-Mediagroup98.webp\",\"datePublished\":\"2025-04-02T10:56:00+00:00\",\"dateModified\":\"2025-10-20T15:33:00+00:00\",\"breadcrumb\":{\"@id\":\"https:\/\/www.legacoopestense.coop\/unitidiamoformaalfuturo\/le-storie\/mediagroup98\/#breadcrumb\"},\"inLanguage\":\"it-IT\",\"potentialAction\":[{\"@type\":\"ReadAction\",\"target\":[\"https:\/\/www.legacoopestense.coop\/unitidiamoformaalfuturo\/le-storie\/mediagroup98\/\"]}]},{\"@type\":\"ImageObject\",\"inLanguage\":\"it-IT\",\"@id\":\"https:\/\/www.legacoopestense.coop\/unitidiamoformaalfuturo\/le-storie\/mediagroup98\/#primaryimage\",\"url\":\"https:\/\/www.legacoopestense.coop\/unitidiamoformaalfuturo\/wp-content\/uploads\/2025\/04\/Manifesto-Mediagroup98.webp\",\"contentUrl\":\"https:\/\/www.legacoopestense.coop\/unitidiamoformaalfuturo\/wp-content\/uploads\/2025\/04\/Manifesto-Mediagroup98.webp\"},{\"@type\":\"BreadcrumbList\",\"@id\":\"https:\/\/www.legacoopestense.coop\/unitidiamoformaalfuturo\/le-storie\/mediagroup98\/#breadcrumb\",\"itemListElement\":[{\"@type\":\"ListItem\",\"position\":1,\"name\":\"Home\",\"item\":\"https:\/\/www.legacoopestense.coop\/unitidiamoformaalfuturo\/\"},{\"@type\":\"ListItem\",\"position\":2,\"name\":\"Le Storie\",\"item\":\"https:\/\/www.legacoopestense.coop\/unitidiamoformaalfuturo\/le-storie\/\"},{\"@type\":\"ListItem\",\"position\":3,\"name\":\"Mediagroup98\"}]},{\"@type\":\"WebSite\",\"@id\":\"https:\/\/www.legacoopestense.coop\/unitidiamoformaalfuturo\/#website\",\"url\":\"https:\/\/www.legacoopestense.coop\/unitidiamoformaalfuturo\/\",\"name\":\"Uniti diamo Forma al Futuro\",\"description\":\"Legacoop Estense\",\"publisher\":{\"@id\":\"https:\/\/www.legacoopestense.coop\/unitidiamoformaalfuturo\/#organization\"},\"potentialAction\":[{\"@type\":\"SearchAction\",\"target\":{\"@type\":\"EntryPoint\",\"urlTemplate\":\"https:\/\/www.legacoopestense.coop\/unitidiamoformaalfuturo\/?s={search_term_string}\"},\"query-input\":{\"@type\":\"PropertyValueSpecification\",\"valueRequired\":true,\"valueName\":\"search_term_string\"}}],\"inLanguage\":\"it-IT\"},{\"@type\":\"Organization\",\"@id\":\"https:\/\/www.legacoopestense.coop\/unitidiamoformaalfuturo\/#organization\",\"name\":\"Uniti diamo Forma al Futuro\",\"url\":\"https:\/\/www.legacoopestense.coop\/unitidiamoformaalfuturo\/\",\"logo\":{\"@type\":\"ImageObject\",\"inLanguage\":\"it-IT\",\"@id\":\"https:\/\/www.legacoopestense.coop\/unitidiamoformaalfuturo\/#\/schema\/logo\/image\/\",\"url\":\"https:\/\/www.legacoopestense.coop\/unitidiamoformaalfuturo\/wp-content\/uploads\/2025\/04\/Legacoop-Estense-2025IYC.webp\",\"contentUrl\":\"https:\/\/www.legacoopestense.coop\/unitidiamoformaalfuturo\/wp-content\/uploads\/2025\/04\/Legacoop-Estense-2025IYC.webp\",\"width\":512,\"height\":91,\"caption\":\"Uniti diamo Forma al Futuro\"},\"image\":{\"@id\":\"https:\/\/www.legacoopestense.coop\/unitidiamoformaalfuturo\/#\/schema\/logo\/image\/\"},\"sameAs\":[\"https:\/\/www.facebook.com\/legacoopestense\",\"https:\/\/x.com\/LegacoopEstense\",\"https:\/\/www.youtube.com\/channel\/UCxE6dZcxUwbcxqXVyik9M7A\"]}]}<\/script>\n<!-- \/ Yoast SEO plugin. -->","yoast_head_json":{"title":"Mediagroup98 - Uniti diamo Forma al Futuro","robots":{"index":"index","follow":"follow","max-snippet":"max-snippet:-1","max-image-preview":"max-image-preview:large","max-video-preview":"max-video-preview:-1"},"canonical":"https:\/\/www.legacoopestense.coop\/unitidiamoformaalfuturo\/le-storie\/mediagroup98\/","og_locale":"it_IT","og_type":"article","og_title":"Mediagroup98 - Uniti diamo Forma al Futuro","og_description":"Un\u2019idea giovane. La nascita di Mediagroup98 Storia di Laura Solieri, illustrazione di Marco Bertulu Le idee e le decisioni che poi ti cambiano la vita, spesso, nascono nei luoghi pi\u00f9 inaspettati, come in un\u2019aula o lungo un corridoio qualsiasi della tua universit\u00e0, oppure nel sottopalco di un teatro. Siamo negli anni Ottanta, un periodo storico [&hellip;]","og_url":"https:\/\/www.legacoopestense.coop\/unitidiamoformaalfuturo\/le-storie\/mediagroup98\/","og_site_name":"Uniti diamo Forma al Futuro","article_publisher":"https:\/\/www.facebook.com\/legacoopestense","article_modified_time":"2025-10-20T15:33:00+00:00","og_image":[{"width":2000,"height":2000,"url":"https:\/\/www.legacoopestense.coop\/unitidiamoformaalfuturo\/wp-content\/uploads\/2025\/04\/Manifesto-Mediagroup98.webp","type":"image\/webp"}],"twitter_card":"summary_large_image","twitter_site":"@LegacoopEstense","twitter_misc":{"Tempo di lettura stimato":"8 minuti"},"schema":{"@context":"https:\/\/schema.org","@graph":[{"@type":"WebPage","@id":"https:\/\/www.legacoopestense.coop\/unitidiamoformaalfuturo\/le-storie\/mediagroup98\/","url":"https:\/\/www.legacoopestense.coop\/unitidiamoformaalfuturo\/le-storie\/mediagroup98\/","name":"Mediagroup98 - Uniti diamo Forma al Futuro","isPartOf":{"@id":"https:\/\/www.legacoopestense.coop\/unitidiamoformaalfuturo\/#website"},"primaryImageOfPage":{"@id":"https:\/\/www.legacoopestense.coop\/unitidiamoformaalfuturo\/le-storie\/mediagroup98\/#primaryimage"},"image":{"@id":"https:\/\/www.legacoopestense.coop\/unitidiamoformaalfuturo\/le-storie\/mediagroup98\/#primaryimage"},"thumbnailUrl":"https:\/\/www.legacoopestense.coop\/unitidiamoformaalfuturo\/wp-content\/uploads\/2025\/04\/Manifesto-Mediagroup98.webp","datePublished":"2025-04-02T10:56:00+00:00","dateModified":"2025-10-20T15:33:00+00:00","breadcrumb":{"@id":"https:\/\/www.legacoopestense.coop\/unitidiamoformaalfuturo\/le-storie\/mediagroup98\/#breadcrumb"},"inLanguage":"it-IT","potentialAction":[{"@type":"ReadAction","target":["https:\/\/www.legacoopestense.coop\/unitidiamoformaalfuturo\/le-storie\/mediagroup98\/"]}]},{"@type":"ImageObject","inLanguage":"it-IT","@id":"https:\/\/www.legacoopestense.coop\/unitidiamoformaalfuturo\/le-storie\/mediagroup98\/#primaryimage","url":"https:\/\/www.legacoopestense.coop\/unitidiamoformaalfuturo\/wp-content\/uploads\/2025\/04\/Manifesto-Mediagroup98.webp","contentUrl":"https:\/\/www.legacoopestense.coop\/unitidiamoformaalfuturo\/wp-content\/uploads\/2025\/04\/Manifesto-Mediagroup98.webp"},{"@type":"BreadcrumbList","@id":"https:\/\/www.legacoopestense.coop\/unitidiamoformaalfuturo\/le-storie\/mediagroup98\/#breadcrumb","itemListElement":[{"@type":"ListItem","position":1,"name":"Home","item":"https:\/\/www.legacoopestense.coop\/unitidiamoformaalfuturo\/"},{"@type":"ListItem","position":2,"name":"Le Storie","item":"https:\/\/www.legacoopestense.coop\/unitidiamoformaalfuturo\/le-storie\/"},{"@type":"ListItem","position":3,"name":"Mediagroup98"}]},{"@type":"WebSite","@id":"https:\/\/www.legacoopestense.coop\/unitidiamoformaalfuturo\/#website","url":"https:\/\/www.legacoopestense.coop\/unitidiamoformaalfuturo\/","name":"Uniti diamo Forma al Futuro","description":"Legacoop Estense","publisher":{"@id":"https:\/\/www.legacoopestense.coop\/unitidiamoformaalfuturo\/#organization"},"potentialAction":[{"@type":"SearchAction","target":{"@type":"EntryPoint","urlTemplate":"https:\/\/www.legacoopestense.coop\/unitidiamoformaalfuturo\/?s={search_term_string}"},"query-input":{"@type":"PropertyValueSpecification","valueRequired":true,"valueName":"search_term_string"}}],"inLanguage":"it-IT"},{"@type":"Organization","@id":"https:\/\/www.legacoopestense.coop\/unitidiamoformaalfuturo\/#organization","name":"Uniti diamo Forma al Futuro","url":"https:\/\/www.legacoopestense.coop\/unitidiamoformaalfuturo\/","logo":{"@type":"ImageObject","inLanguage":"it-IT","@id":"https:\/\/www.legacoopestense.coop\/unitidiamoformaalfuturo\/#\/schema\/logo\/image\/","url":"https:\/\/www.legacoopestense.coop\/unitidiamoformaalfuturo\/wp-content\/uploads\/2025\/04\/Legacoop-Estense-2025IYC.webp","contentUrl":"https:\/\/www.legacoopestense.coop\/unitidiamoformaalfuturo\/wp-content\/uploads\/2025\/04\/Legacoop-Estense-2025IYC.webp","width":512,"height":91,"caption":"Uniti diamo Forma al Futuro"},"image":{"@id":"https:\/\/www.legacoopestense.coop\/unitidiamoformaalfuturo\/#\/schema\/logo\/image\/"},"sameAs":["https:\/\/www.facebook.com\/legacoopestense","https:\/\/x.com\/LegacoopEstense","https:\/\/www.youtube.com\/channel\/UCxE6dZcxUwbcxqXVyik9M7A"]}]}},"_links":{"self":[{"href":"https:\/\/www.legacoopestense.coop\/unitidiamoformaalfuturo\/wp-json\/wp\/v2\/pages\/28","targetHints":{"allow":["GET"]}}],"collection":[{"href":"https:\/\/www.legacoopestense.coop\/unitidiamoformaalfuturo\/wp-json\/wp\/v2\/pages"}],"about":[{"href":"https:\/\/www.legacoopestense.coop\/unitidiamoformaalfuturo\/wp-json\/wp\/v2\/types\/page"}],"author":[{"embeddable":true,"href":"https:\/\/www.legacoopestense.coop\/unitidiamoformaalfuturo\/wp-json\/wp\/v2\/users\/1"}],"replies":[{"embeddable":true,"href":"https:\/\/www.legacoopestense.coop\/unitidiamoformaalfuturo\/wp-json\/wp\/v2\/comments?post=28"}],"version-history":[{"count":55,"href":"https:\/\/www.legacoopestense.coop\/unitidiamoformaalfuturo\/wp-json\/wp\/v2\/pages\/28\/revisions"}],"predecessor-version":[{"id":1383,"href":"https:\/\/www.legacoopestense.coop\/unitidiamoformaalfuturo\/wp-json\/wp\/v2\/pages\/28\/revisions\/1383"}],"up":[{"embeddable":true,"href":"https:\/\/www.legacoopestense.coop\/unitidiamoformaalfuturo\/wp-json\/wp\/v2\/pages\/11"}],"wp:attachment":[{"href":"https:\/\/www.legacoopestense.coop\/unitidiamoformaalfuturo\/wp-json\/wp\/v2\/media?parent=28"}],"curies":[{"name":"wp","href":"https:\/\/api.w.org\/{rel}","templated":true}]}}