{"id":1439,"date":"2025-11-21T15:34:30","date_gmt":"2025-11-21T14:34:30","guid":{"rendered":"https:\/\/www.legacoopestense.coop\/unitidiamoformaalfuturo\/?page_id=1439"},"modified":"2025-12-03T13:40:10","modified_gmt":"2025-12-03T12:40:10","slug":"parco-della-creativita","status":"publish","type":"page","link":"https:\/\/www.legacoopestense.coop\/unitidiamoformaalfuturo\/le-storie\/parco-della-creativita\/","title":{"rendered":"Parco della creativit\u00e0"},"content":{"rendered":"\t\t<div data-elementor-type=\"wp-page\" data-elementor-id=\"1439\" class=\"elementor elementor-1439\" data-elementor-post-type=\"page\">\n\t\t\t\t<div class=\"elementor-element elementor-element-c8dccc4 e-con-full e-flex e-con e-parent\" data-id=\"c8dccc4\" data-element_type=\"container\" data-e-type=\"container\" data-settings=\"{&quot;background_background&quot;:&quot;classic&quot;}\">\n\t\t\t\t<\/div>\n\t\t<div class=\"elementor-element elementor-element-afebcf7 e-con-full e-flex e-con e-parent\" data-id=\"afebcf7\" data-element_type=\"container\" data-e-type=\"container\">\n\t\t\t\t<div class=\"elementor-element elementor-element-56a3264 elementor-align-left elementor-widget elementor-widget-breadcrumbs\" data-id=\"56a3264\" data-element_type=\"widget\" data-e-type=\"widget\" data-widget_type=\"breadcrumbs.default\">\n\t\t\t\t<div class=\"elementor-widget-container\">\n\t\t\t\t\t<p id=\"breadcrumbs\"><span><span><a href=\"https:\/\/www.legacoopestense.coop\/unitidiamoformaalfuturo\/\">Home<\/a><\/span><\/span><\/p>\t\t\t\t<\/div>\n\t\t\t\t<\/div>\n\t\t\t\t<div class=\"elementor-element elementor-element-3b6d4b8 elementor-widget elementor-widget-heading\" data-id=\"3b6d4b8\" data-element_type=\"widget\" data-e-type=\"widget\" data-widget_type=\"heading.default\">\n\t\t\t\t<div class=\"elementor-widget-container\">\n\t\t\t\t\t<h2 class=\"elementor-heading-title elementor-size-default\">Parco della Creativit\u00e0 <br>\n<small><i>Storia di Paola Ducci,\nillustrazione di Mert Bozkurt<\/i><\/small><\/h2>\t\t\t\t<\/div>\n\t\t\t\t<\/div>\n\t\t<div class=\"elementor-element elementor-element-8fa245c e-con-full e-flex e-con e-child\" data-id=\"8fa245c\" data-element_type=\"container\" data-e-type=\"container\">\n\t\t\t\t<div class=\"elementor-element elementor-element-03a11d6 elementor-widget elementor-widget-image\" data-id=\"03a11d6\" data-element_type=\"widget\" data-e-type=\"widget\" data-widget_type=\"image.default\">\n\t\t\t\t<div class=\"elementor-widget-container\">\n\t\t\t\t\t\t\t\t\t\t\t\t\t\t\t\t<a href=\"https:\/\/www.legacoopestense.coop\/unitidiamoformaalfuturo\/wp-content\/uploads\/2025\/12\/illustrazione_MertBozkurt.jpeg\" data-elementor-open-lightbox=\"yes\" data-elementor-lightbox-title=\"illustrazione_MertBozkurt\" data-e-action-hash=\"#elementor-action%3Aaction%3Dlightbox%26settings%3DeyJpZCI6MTQ0NiwidXJsIjoiaHR0cHM6XC9cL3d3dy5sZWdhY29vcGVzdGVuc2UuY29vcFwvdW5pdGlkaWFtb2Zvcm1hYWxmdXR1cm9cL3dwLWNvbnRlbnRcL3VwbG9hZHNcLzIwMjVcLzEyXC9pbGx1c3RyYXppb25lX01lcnRCb3prdXJ0LmpwZWcifQ%3D%3D\">\n\t\t\t\t\t\t\t<img fetchpriority=\"high\" decoding=\"async\" width=\"1280\" height=\"1600\" src=\"https:\/\/www.legacoopestense.coop\/unitidiamoformaalfuturo\/wp-content\/uploads\/2025\/12\/illustrazione_MertBozkurt.jpeg\" class=\"attachment-full size-full wp-image-1446\" alt=\"\" srcset=\"https:\/\/www.legacoopestense.coop\/unitidiamoformaalfuturo\/wp-content\/uploads\/2025\/12\/illustrazione_MertBozkurt.jpeg 1280w, https:\/\/www.legacoopestense.coop\/unitidiamoformaalfuturo\/wp-content\/uploads\/2025\/12\/illustrazione_MertBozkurt-240x300.jpeg 240w, https:\/\/www.legacoopestense.coop\/unitidiamoformaalfuturo\/wp-content\/uploads\/2025\/12\/illustrazione_MertBozkurt-819x1024.jpeg 819w, https:\/\/www.legacoopestense.coop\/unitidiamoformaalfuturo\/wp-content\/uploads\/2025\/12\/illustrazione_MertBozkurt-768x960.jpeg 768w, https:\/\/www.legacoopestense.coop\/unitidiamoformaalfuturo\/wp-content\/uploads\/2025\/12\/illustrazione_MertBozkurt-1229x1536.jpeg 1229w\" sizes=\"(max-width: 1280px) 100vw, 1280px\" \/>\t\t\t\t\t\t\t\t<\/a>\n\t\t\t\t\t\t\t\t\t\t\t\t\t\t\t<\/div>\n\t\t\t\t<\/div>\n\t\t\t\t<div class=\"elementor-element elementor-element-a1ec405 elementor-widget__width-initial elementor-widget elementor-widget-text-editor\" data-id=\"a1ec405\" data-element_type=\"widget\" data-e-type=\"widget\" data-widget_type=\"text-editor.default\">\n\t\t\t\t<div class=\"elementor-widget-container\">\n\t\t\t\t\t\t\t\t\t<p>C\u2019era un tempo, non troppo lontano, in cui l\u2019area dell\u2019ex A.M.C.M. a Modena, era un luogo dove la citt\u00e0 faceva scorrere la sua energia. Era il cuore tecnico della citt\u00e0: qui si accendeva la luce che illuminava le case, sibilava il gas che scaldava le famiglie, si riparavano tram e filobus che attraversavano le vie come nervature mobili. Era un piccolo universo operativo, vivo e laborioso, fatto di turni, martelli, odore di ferro e carbone.<\/p><p>Poi, all\u2019improvviso, il silenzio.<\/p><p>Nel 1995 le porte si chiusero, e le grandi strutture in mattoni rimasero immobili, come animali addormentati sotto la polvere. La palazzina degli uffici, l\u2019ex centrale Enel, l\u2019officina dei tram, continuarono a respirare piano, conservando le storie di chi vi aveva lavorato. Il quartiere Buon Pastore, intorno, nel frattempo, continuava ad espandersi, a vivere, a farsi pi\u00f9 denso. Ma l\u2019enorme vuoto urbano, carico di memoria industriale, rimase come una pausa sospesa nel tessuto della citt\u00e0.<\/p><p>Oggi quella pausa si ritorce, vibra, si apre. L\u2019intervento di riqualificazione, di cui l\u2019area \u00e8 stata oggetto, sebbene ancora non sia completamente terminato, non ha voluto cancellare quel silenzio: anzi, ha voluto ridargli voce. Restituirgli senso. Fare di questa memoria una nuova linfa per la citt\u00e0.<\/p><p>Innumerevoli, lungo il corso degli anni, erano state le idee e le proposte che si erano alternate, ma mai erano arrivate ad essere esecutive. Poi per\u00f2, come quasi sempre accade, arriva il progetto giusto, nel momento giusto e via, i lavori partono. Il progetto, che per le sue finalit\u00e0 diventa cos\u00ec un gesto di cura per quell\u2019angolo di vecchia citt\u00e0, si accende con il nome di \u201cParco della creativit\u00e0\u201d. A firmarlo \u00e8 lo studio Politecnica e lo Studio Ark\u00e8. Proprio l\u2019arch. Maria Cristina Fregni di Politecnica lo definisce \u201cun gesto di rigenerazione, non solo edilizia, ma urbana e sociale\u201d. Le sue parole si traducono in fatti. L\u2019obiettivo non \u00e8 solo quello di rigenerare costruendo una palestra, o una nuova piazza pubblica, ma far nascere qualcosa che intrecci passato e futuro in un unico spazio urbano che racchiuda arti performative, culture urbane, patrimonio identitario, sport, aggregazione, mobilit\u00e0 dolce, abitare contemporaneo e commercio di qualit\u00e0. Il tutto con un denominatore comune: la bellezza, l\u2019utilit\u00e0 e la sostenibilit\u00e0. Nel progetto esecutivo ogni nuovo volume dialoga con le preesistenze: le accompagna, le osserva senza sovrastarle, come ci si avvicina con rispetto a una vecchia macchina che ha lavorato per decenni e che ora diventa parte di una storia diversa. La gestione non facile delle acque e del sistema fognario dell\u2019area, cos\u00ec come il ridisegno delle strade, i parcheggi seminterrati, e la nuova area abitativa, sorta in continuit\u00e0 con la piazza, concorrono a un\u2019idea: \u201cfare di questo frammento di Modena un nodo connettivo, un punto di cucitura tra passato e futuro, tra centro e periferia. Come se l\u2019intervento urbano non fosse solo costruire \u2013continua Fregni \u2013 ma ricomporre. Non progettare muri, ma immaginare relazioni.<\/p>\t\t\t\t\t\t\t\t<\/div>\n\t\t\t\t<\/div>\n\t\t\t\t<\/div>\n\t\t\t\t<div class=\"elementor-element elementor-element-17c9c57 elementor-widget elementor-widget-heading\" data-id=\"17c9c57\" data-element_type=\"widget\" data-e-type=\"widget\" data-widget_type=\"heading.default\">\n\t\t\t\t<div class=\"elementor-widget-container\">\n\t\t\t\t\t<h3 class=\"elementor-heading-title elementor-size-default\">La complessit\u00e0 e la responsabilit\u00e0 di agire per la trasformazione di un'area cos\u00ec ricca di memoria e di \"sapere\" richiedevano conoscenza del contesto locale e capacit\u00e0 di lavorare in sinergia con enti e attori diversi.<\/h3>\t\t\t\t<\/div>\n\t\t\t\t<\/div>\n\t\t\t\t<div class=\"elementor-element elementor-element-08b35d5 elementor-widget elementor-widget-text-editor\" data-id=\"08b35d5\" data-element_type=\"widget\" data-e-type=\"widget\" data-widget_type=\"text-editor.default\">\n\t\t\t\t<div class=\"elementor-widget-container\">\n\t\t\t\t\t\t\t\t\t<p>Non a caso ad una tale sfida hanno aderito imprese del mondo cooperativo (Politecnica, CMB e Coop Alleanza 3.0), imprese che hanno visto nel Parco della Creativit\u00e0 l&#8217;opportunit\u00e0 per riallacciare il legame con il territorio in cui sono nate e diventate globali, sostenendolo con un gesto concreto di presenza. Imprese che, proprio perch\u00e9 cooperative, sono abituate al lavoro corale, in cui non c&#8217;\u00e8 velleit\u00e0 di primogenitura n\u00e9 spazio per protagonismi individuali, e che sanno affrontare la negoziazione tra le varie istanze come un modo per accrescere il valore del proprio lavoro\u201d.<\/p><p>A pochi minuti da Piazza Grande, i pedoni ora possono raggiungere l\u2019area per poi attraversarla su un asse che li guida, come un filo rosso, verso il cuore di questa nuova area rigenerata. Le rampe salgono, lasciando spazio ad un parcheggio seminterrato, le pavimentazioni cambiano quota, creando una dimensione urbana che sembra respirare, espandersi, aprirsi allo sguardo. Il quartiere non trova cos\u00ec soltanto un nuovo luogo, ma un nuovo ritmo che gruppetti di giovani contribuiscono a &#8220;suonare&#8221;, con la loro presenza, in chiacchiere e musica, sulle panchine della nuova e neonata agor\u00e0.<\/p><p>E tra rimessa e centrali, ecco nascere la \u201cPiazza dei Binari\u201d, ancora in fase di realizzazione. Uno spazio dinamico, con accesso da via Buon pastore, dove le tracce della vecchia filovia diventano memoria visibile, non nostalgia, ma fondamento di aggregazione contemporanea. Qui gli edifici storici, restaurati e reinventati che la circondano,<\/p>\t\t\t\t\t\t\t\t<\/div>\n\t\t\t\t<\/div>\n\t\t\t\t<div class=\"elementor-element elementor-element-071dd89 elementor-widget elementor-widget-heading\" data-id=\"071dd89\" data-element_type=\"widget\" data-e-type=\"widget\" data-widget_type=\"heading.default\">\n\t\t\t\t<div class=\"elementor-widget-container\">\n\t\t\t\t\t<h3 class=\"elementor-heading-title elementor-size-default\">offrono cultura, teatro, creativit\u00e0, e il verde dialoga con le sedute e con le pavimentazioni che accompagnano i passi.<\/h3>\t\t\t\t<\/div>\n\t\t\t\t<\/div>\n\t\t<div class=\"elementor-element elementor-element-64bbc84 e-con-full e-flex e-con e-child\" data-id=\"64bbc84\" data-element_type=\"container\" data-e-type=\"container\">\n\t\t\t\t<div class=\"elementor-element elementor-element-2c80583 elementor-widget__width-initial elementor-widget elementor-widget-image\" data-id=\"2c80583\" data-element_type=\"widget\" data-e-type=\"widget\" data-widget_type=\"image.default\">\n\t\t\t\t<div class=\"elementor-widget-container\">\n\t\t\t\t\t\t\t\t\t\t\t\t\t\t\t\t<a href=\"https:\/\/www.legacoopestense.coop\/unitidiamoformaalfuturo\/wp-content\/uploads\/2025\/12\/Dettaglio-Bozkurt.png\" data-elementor-open-lightbox=\"yes\" data-elementor-lightbox-title=\"Dettaglio-Bozkurt\" data-e-action-hash=\"#elementor-action%3Aaction%3Dlightbox%26settings%3DeyJpZCI6MTQ0OCwidXJsIjoiaHR0cHM6XC9cL3d3dy5sZWdhY29vcGVzdGVuc2UuY29vcFwvdW5pdGlkaWFtb2Zvcm1hYWxmdXR1cm9cL3dwLWNvbnRlbnRcL3VwbG9hZHNcLzIwMjVcLzEyXC9EZXR0YWdsaW8tQm96a3VydC5wbmcifQ%3D%3D\">\n\t\t\t\t\t\t\t<img decoding=\"async\" width=\"430\" height=\"500\" src=\"https:\/\/www.legacoopestense.coop\/unitidiamoformaalfuturo\/wp-content\/uploads\/2025\/12\/Dettaglio-Bozkurt.png\" class=\"attachment-full size-full wp-image-1448\" alt=\"\" srcset=\"https:\/\/www.legacoopestense.coop\/unitidiamoformaalfuturo\/wp-content\/uploads\/2025\/12\/Dettaglio-Bozkurt.png 430w, https:\/\/www.legacoopestense.coop\/unitidiamoformaalfuturo\/wp-content\/uploads\/2025\/12\/Dettaglio-Bozkurt-258x300.png 258w\" sizes=\"(max-width: 430px) 100vw, 430px\" \/>\t\t\t\t\t\t\t\t<\/a>\n\t\t\t\t\t\t\t\t\t\t\t\t\t\t\t<\/div>\n\t\t\t\t<\/div>\n\t\t<div class=\"elementor-element elementor-element-8f4c838 e-con-full e-flex e-con e-child\" data-id=\"8f4c838\" data-element_type=\"container\" data-e-type=\"container\">\n\t\t\t\t<div class=\"elementor-element elementor-element-665aef8 elementor-widget elementor-widget-text-editor\" data-id=\"665aef8\" data-element_type=\"widget\" data-e-type=\"widget\" data-widget_type=\"text-editor.default\">\n\t\t\t\t<div class=\"elementor-widget-container\">\n\t\t\t\t\t\t\t\t\t<p>Pi\u00f9 a sud, l\u2019ingresso da via Peretti apre un varco alla nuova dimensione civile del progetto: la \u201cPiazza\u201d pi\u00f9 grande, spazio di attesa, di incontro, di preparazione allo spettacolo della citt\u00e0, o allo spettacolo a cui si pu\u00f2 scegliere di assistere presso il nuovo \u201cTeatro delle Passioni\u201d. Una prima sala \u00e8 gi\u00e0 attiva, mentre la struttura principale aprir\u00e0 con anche un ristorante panoramico. Il vecchio Teatro delle Passioni, amatissimo dai modenesi era situato poco lontano, dove un tempo c\u2019erano le officine della vecchia filovia di Modena e dove nella primavera di quest\u2019anno si \u00e8 accesa una nuova insegna Coop. C\u2019\u00e8 chi ha sofferto questo passaggio, come i tecnici storici Fabrizio Orlandi e Raffaele Lello Formicone, legati a quel luogo \u201cdi calore umano e relazioni\u201d. Ma il tempo sta curando il distacco e oggi Lello riconosce che \u201cla scelta ha dato spazio a nuovi modi di vivere la citt\u00e0\u201d.<\/p><p>Nel 2024 la piazza principale \u00e8 stata dedicata alla famiglia Panini, simbolo modenese di creativit\u00e0: dalle figurine all\u2019editoria, fino alle collezioni d\u2019auto e fotografia. Nell\u2019estate 2025 \u00e8 arrivata un\u2019altra apertura: il rinnovato cinema estivo, che ha spostato l\u2019ingresso su questo nuovo parco, guadagnando qualit\u00e0 e nuovi spazi per socialit\u00e0 e attivit\u00e0 collaterali. \u201cOra c\u2019\u00e8 spazio per far giocare i bambini, per incontrarsi, per respirare una citt\u00e0 aperta\u201d, spiega Greta Barbolini, presidente Associazione Supercinema estivo Modena.<\/p><p>Oggi dove un tempo si accendeva la luce, si accendono le idee, dove correvano i binari, corrono le voci. Dove nascevano scintille di energia, nascono scintille di cultura. La citt\u00e0 riprende ci\u00f2 che aveva lasciato dormire: non lo risveglia come era, ma come pu\u00f2 diventare. Il Parco della Creativit\u00e0 \u00e8 un respiro antico che trova nuove parole, un passato che non si spegne, ma illumina ancora, come una lampada che, cambiata la corrente, continua a dare luce al futuro.<\/p>\t\t\t\t\t\t\t\t<\/div>\n\t\t\t\t<\/div>\n\t\t\t\t<div class=\"elementor-element elementor-element-bb8e72a elementor-widget elementor-widget-template\" data-id=\"bb8e72a\" data-element_type=\"widget\" data-e-type=\"widget\" data-widget_type=\"template.default\">\n\t\t\t\t<div class=\"elementor-widget-container\">\n\t\t\t\t\t\t\t<div class=\"elementor-template\">\n\t\t\t\t\t<div data-elementor-type=\"section\" data-elementor-id=\"1221\" class=\"elementor elementor-1221\" data-elementor-post-type=\"elementor_library\">\n\t\t\t<div class=\"elementor-element elementor-element-ddc1cfa e-con-full e-flex e-con e-child\" data-id=\"ddc1cfa\" data-element_type=\"container\" data-e-type=\"container\">\n\t\t\t\t<div class=\"elementor-element elementor-element-b06410c elementor-widget-tablet_extra__width-inherit elementor-widget elementor-widget-heading\" data-id=\"b06410c\" data-element_type=\"widget\" data-e-type=\"widget\" data-widget_type=\"heading.default\">\n\t\t\t\t<div class=\"elementor-widget-container\">\n\t\t\t\t\t<h2 class=\"elementor-heading-title elementor-size-default\">Ti interessa questa illustrazione?<\/h2>\t\t\t\t<\/div>\n\t\t\t\t<\/div>\n\t\t\t\t<div class=\"elementor-element elementor-element-b529d81 elementor-widget elementor-widget-text-editor\" data-id=\"b529d81\" data-element_type=\"widget\" data-e-type=\"widget\" data-widget_type=\"text-editor.default\">\n\t\t\t\t<div class=\"elementor-widget-container\">\n\t\t\t\t\t\t\t\t\t<p>Puoi <span style=\"text-decoration: underline;\"><a href=\"https:\/\/www.theferrareser.com\/shop-poster\/\" target=\"_blank\" rel=\"noopener\">acquistare il poster qui<\/a><\/span><\/p>\t\t\t\t\t\t\t\t<\/div>\n\t\t\t\t<\/div>\n\t\t\t\t<div class=\"elementor-element elementor-element-bde0a29 elementor-widget__width-auto elementor-invisible elementor-widget elementor-widget-button\" data-id=\"bde0a29\" data-element_type=\"widget\" data-e-type=\"widget\" data-settings=\"{&quot;_animation&quot;:&quot;fadeIn&quot;,&quot;_animation_delay&quot;:200}\" data-widget_type=\"button.default\">\n\t\t\t\t<div class=\"elementor-widget-container\">\n\t\t\t\t\t\t\t\t\t<div class=\"elementor-button-wrapper\">\n\t\t\t\t\t<a class=\"elementor-button elementor-button-link elementor-size-sm\" href=\"https:\/\/www.theferrareser.com\/shop-poster\/\" target=\"_blank\">\n\t\t\t\t\t\t<span class=\"elementor-button-content-wrapper\">\n\t\t\t\t\t\t\t\t\t<span class=\"elementor-button-text\">Acquista<\/span>\n\t\t\t\t\t<\/span>\n\t\t\t\t\t<\/a>\n\t\t\t\t<\/div>\n\t\t\t\t\t\t\t\t<\/div>\n\t\t\t\t<\/div>\n\t\t\t\t<\/div>\n\t\t\t\t<\/div>\n\t\t\t\t<\/div>\n\t\t\t\t\t\t<\/div>\n\t\t\t\t<\/div>\n\t\t\t\t<\/div>\n\t\t\t\t<\/div>\n\t\t\t\t<\/div>\n\t\t<div class=\"elementor-element elementor-element-54d12cb e-con-full e-flex e-con e-parent\" data-id=\"54d12cb\" data-element_type=\"container\" data-e-type=\"container\" data-settings=\"{&quot;background_background&quot;:&quot;classic&quot;}\">\n\t\t\t\t<div class=\"elementor-element elementor-element-2350c38 elementor-widget__width-initial elementor-widget-tablet_extra__width-inherit elementor-widget elementor-widget-heading\" data-id=\"2350c38\" data-element_type=\"widget\" data-e-type=\"widget\" data-widget_type=\"heading.default\">\n\t\t\t\t<div class=\"elementor-widget-container\">\n\t\t\t\t\t<h2 class=\"elementor-heading-title elementor-size-default\">Leggi le altre storie<\/h2>\t\t\t\t<\/div>\n\t\t\t\t<\/div>\n\t\t<div class=\"elementor-element elementor-element-5b70745 e-con-full e-flex e-con e-child\" data-id=\"5b70745\" data-element_type=\"container\" data-e-type=\"container\">\n\t\t\t\t<div class=\"elementor-element elementor-element-4144847 elementor-widget-mobile__width-inherit elementor-invisible elementor-widget elementor-widget-text-editor\" data-id=\"4144847\" data-element_type=\"widget\" data-e-type=\"widget\" data-settings=\"{&quot;_animation&quot;:&quot;fadeIn&quot;}\" data-widget_type=\"text-editor.default\">\n\t\t\t\t<div class=\"elementor-widget-container\">\n\t\t\t\t\t\t\t\t\t<h4><span style=\"font-weight: 400;\">12 storie di cooperazione, 12 viaggi nel tempo e nel futuro<\/span><\/h4><p><span style=\"font-weight: 400;\">Ogni mese, una storia.<br \/>Dalle lotte per la libert\u00e0 alle innovazioni di oggi, raccontiamo il passato e il presente della cooperazione attraverso <\/span><b>illustrazioni originali e racconti inediti<\/b><span style=\"font-weight: 400;\">.<\/span><\/p>\t\t\t\t\t\t\t\t<\/div>\n\t\t\t\t<\/div>\n\t\t\t\t<div class=\"elementor-element elementor-element-6a9e8ae elementor-widget__width-auto elementor-invisible elementor-widget elementor-widget-button\" data-id=\"6a9e8ae\" data-element_type=\"widget\" data-e-type=\"widget\" data-settings=\"{&quot;_animation&quot;:&quot;fadeIn&quot;,&quot;_animation_delay&quot;:600}\" data-widget_type=\"button.default\">\n\t\t\t\t<div class=\"elementor-widget-container\">\n\t\t\t\t\t\t\t\t\t<div class=\"elementor-button-wrapper\">\n\t\t\t\t\t<a class=\"elementor-button elementor-button-link elementor-size-sm\" href=\"https:\/\/www.legacoopestense.coop\/unitidiamoformaalfuturo\/le-storie\/\">\n\t\t\t\t\t\t<span class=\"elementor-button-content-wrapper\">\n\t\t\t\t\t\t\t\t\t<span class=\"elementor-button-text\">Leggile tutte<\/span>\n\t\t\t\t\t<\/span>\n\t\t\t\t\t<\/a>\n\t\t\t\t<\/div>\n\t\t\t\t\t\t\t\t<\/div>\n\t\t\t\t<\/div>\n\t\t\t\t<\/div>\n\t\t\t\t<\/div>\n\t\t\t\t<\/div>\n\t\t","protected":false},"excerpt":{"rendered":"<p>Parco della Creativit\u00e0 Storia di Paola Ducci, illustrazione di Mert Bozkurt C\u2019era un tempo, non troppo lontano, in cui l\u2019area dell\u2019ex A.M.C.M. a Modena, era un luogo dove la citt\u00e0 faceva scorrere la sua energia. Era il cuore tecnico della citt\u00e0: qui si accendeva la luce che illuminava le case, sibilava il gas che scaldava [&hellip;]<\/p>\n","protected":false},"author":2,"featured_media":0,"parent":11,"menu_order":0,"comment_status":"closed","ping_status":"closed","template":"","meta":{"footnotes":""},"class_list":["post-1439","page","type-page","status-publish","hentry"],"yoast_head":"<!-- This site is optimized with the Yoast SEO plugin v27.1.1 - https:\/\/yoast.com\/product\/yoast-seo-wordpress\/ -->\n<title>Parco della creativit\u00e0 - Uniti diamo Forma al Futuro<\/title>\n<meta name=\"robots\" content=\"index, follow, max-snippet:-1, max-image-preview:large, max-video-preview:-1\" \/>\n<link rel=\"canonical\" href=\"https:\/\/www.legacoopestense.coop\/unitidiamoformaalfuturo\/le-storie\/parco-della-creativita\/\" \/>\n<meta property=\"og:locale\" content=\"it_IT\" \/>\n<meta property=\"og:type\" content=\"article\" \/>\n<meta property=\"og:title\" content=\"Parco della creativit\u00e0 - Uniti diamo Forma al Futuro\" \/>\n<meta property=\"og:description\" content=\"Parco della Creativit\u00e0 Storia di Paola Ducci, illustrazione di Mert Bozkurt C\u2019era un tempo, non troppo lontano, in cui l\u2019area dell\u2019ex A.M.C.M. a Modena, era un luogo dove la citt\u00e0 faceva scorrere la sua energia. Era il cuore tecnico della citt\u00e0: qui si accendeva la luce che illuminava le case, sibilava il gas che scaldava [&hellip;]\" \/>\n<meta property=\"og:url\" content=\"https:\/\/www.legacoopestense.coop\/unitidiamoformaalfuturo\/le-storie\/parco-della-creativita\/\" \/>\n<meta property=\"og:site_name\" content=\"Uniti diamo Forma al Futuro\" \/>\n<meta property=\"article:publisher\" content=\"https:\/\/www.facebook.com\/legacoopestense\" \/>\n<meta property=\"article:modified_time\" content=\"2025-12-03T12:40:10+00:00\" \/>\n<meta property=\"og:image\" content=\"https:\/\/www.legacoopestense.coop\/unitidiamoformaalfuturo\/wp-content\/uploads\/2025\/12\/illustrazione_MertBozkurt.jpeg\" \/>\n\t<meta property=\"og:image:width\" content=\"1280\" \/>\n\t<meta property=\"og:image:height\" content=\"1600\" \/>\n\t<meta property=\"og:image:type\" content=\"image\/jpeg\" \/>\n<meta name=\"twitter:card\" content=\"summary_large_image\" \/>\n<meta name=\"twitter:site\" content=\"@LegacoopEstense\" \/>\n<meta name=\"twitter:label1\" content=\"Tempo di lettura stimato\" \/>\n\t<meta name=\"twitter:data1\" content=\"7 minuti\" \/>\n<script type=\"application\/ld+json\" class=\"yoast-schema-graph\">{\"@context\":\"https:\/\/schema.org\",\"@graph\":[{\"@type\":\"WebPage\",\"@id\":\"https:\/\/www.legacoopestense.coop\/unitidiamoformaalfuturo\/le-storie\/parco-della-creativita\/\",\"url\":\"https:\/\/www.legacoopestense.coop\/unitidiamoformaalfuturo\/le-storie\/parco-della-creativita\/\",\"name\":\"Parco della creativit\u00e0 - Uniti diamo Forma al Futuro\",\"isPartOf\":{\"@id\":\"https:\/\/www.legacoopestense.coop\/unitidiamoformaalfuturo\/#website\"},\"primaryImageOfPage\":{\"@id\":\"https:\/\/www.legacoopestense.coop\/unitidiamoformaalfuturo\/le-storie\/parco-della-creativita\/#primaryimage\"},\"image\":{\"@id\":\"https:\/\/www.legacoopestense.coop\/unitidiamoformaalfuturo\/le-storie\/parco-della-creativita\/#primaryimage\"},\"thumbnailUrl\":\"https:\/\/www.legacoopestense.coop\/unitidiamoformaalfuturo\/wp-content\/uploads\/2025\/12\/illustrazione_MertBozkurt.jpeg\",\"datePublished\":\"2025-11-21T14:34:30+00:00\",\"dateModified\":\"2025-12-03T12:40:10+00:00\",\"breadcrumb\":{\"@id\":\"https:\/\/www.legacoopestense.coop\/unitidiamoformaalfuturo\/le-storie\/parco-della-creativita\/#breadcrumb\"},\"inLanguage\":\"it-IT\",\"potentialAction\":[{\"@type\":\"ReadAction\",\"target\":[\"https:\/\/www.legacoopestense.coop\/unitidiamoformaalfuturo\/le-storie\/parco-della-creativita\/\"]}]},{\"@type\":\"ImageObject\",\"inLanguage\":\"it-IT\",\"@id\":\"https:\/\/www.legacoopestense.coop\/unitidiamoformaalfuturo\/le-storie\/parco-della-creativita\/#primaryimage\",\"url\":\"https:\/\/www.legacoopestense.coop\/unitidiamoformaalfuturo\/wp-content\/uploads\/2025\/12\/illustrazione_MertBozkurt.jpeg\",\"contentUrl\":\"https:\/\/www.legacoopestense.coop\/unitidiamoformaalfuturo\/wp-content\/uploads\/2025\/12\/illustrazione_MertBozkurt.jpeg\"},{\"@type\":\"BreadcrumbList\",\"@id\":\"https:\/\/www.legacoopestense.coop\/unitidiamoformaalfuturo\/le-storie\/parco-della-creativita\/#breadcrumb\",\"itemListElement\":[{\"@type\":\"ListItem\",\"position\":1,\"name\":\"Home\",\"item\":\"https:\/\/www.legacoopestense.coop\/unitidiamoformaalfuturo\/\"},{\"@type\":\"ListItem\",\"position\":2,\"name\":\"Le Storie\",\"item\":\"https:\/\/www.legacoopestense.coop\/unitidiamoformaalfuturo\/le-storie\/\"},{\"@type\":\"ListItem\",\"position\":3,\"name\":\"Parco della creativit\u00e0\"}]},{\"@type\":\"WebSite\",\"@id\":\"https:\/\/www.legacoopestense.coop\/unitidiamoformaalfuturo\/#website\",\"url\":\"https:\/\/www.legacoopestense.coop\/unitidiamoformaalfuturo\/\",\"name\":\"Uniti diamo Forma al Futuro\",\"description\":\"Legacoop Estense\",\"publisher\":{\"@id\":\"https:\/\/www.legacoopestense.coop\/unitidiamoformaalfuturo\/#organization\"},\"potentialAction\":[{\"@type\":\"SearchAction\",\"target\":{\"@type\":\"EntryPoint\",\"urlTemplate\":\"https:\/\/www.legacoopestense.coop\/unitidiamoformaalfuturo\/?s={search_term_string}\"},\"query-input\":{\"@type\":\"PropertyValueSpecification\",\"valueRequired\":true,\"valueName\":\"search_term_string\"}}],\"inLanguage\":\"it-IT\"},{\"@type\":\"Organization\",\"@id\":\"https:\/\/www.legacoopestense.coop\/unitidiamoformaalfuturo\/#organization\",\"name\":\"Uniti diamo Forma al Futuro\",\"url\":\"https:\/\/www.legacoopestense.coop\/unitidiamoformaalfuturo\/\",\"logo\":{\"@type\":\"ImageObject\",\"inLanguage\":\"it-IT\",\"@id\":\"https:\/\/www.legacoopestense.coop\/unitidiamoformaalfuturo\/#\/schema\/logo\/image\/\",\"url\":\"https:\/\/www.legacoopestense.coop\/unitidiamoformaalfuturo\/wp-content\/uploads\/2025\/04\/Legacoop-Estense-2025IYC.webp\",\"contentUrl\":\"https:\/\/www.legacoopestense.coop\/unitidiamoformaalfuturo\/wp-content\/uploads\/2025\/04\/Legacoop-Estense-2025IYC.webp\",\"width\":512,\"height\":91,\"caption\":\"Uniti diamo Forma al Futuro\"},\"image\":{\"@id\":\"https:\/\/www.legacoopestense.coop\/unitidiamoformaalfuturo\/#\/schema\/logo\/image\/\"},\"sameAs\":[\"https:\/\/www.facebook.com\/legacoopestense\",\"https:\/\/x.com\/LegacoopEstense\",\"https:\/\/www.youtube.com\/channel\/UCxE6dZcxUwbcxqXVyik9M7A\"]}]}<\/script>\n<!-- \/ Yoast SEO plugin. -->","yoast_head_json":{"title":"Parco della creativit\u00e0 - Uniti diamo Forma al Futuro","robots":{"index":"index","follow":"follow","max-snippet":"max-snippet:-1","max-image-preview":"max-image-preview:large","max-video-preview":"max-video-preview:-1"},"canonical":"https:\/\/www.legacoopestense.coop\/unitidiamoformaalfuturo\/le-storie\/parco-della-creativita\/","og_locale":"it_IT","og_type":"article","og_title":"Parco della creativit\u00e0 - Uniti diamo Forma al Futuro","og_description":"Parco della Creativit\u00e0 Storia di Paola Ducci, illustrazione di Mert Bozkurt C\u2019era un tempo, non troppo lontano, in cui l\u2019area dell\u2019ex A.M.C.M. a Modena, era un luogo dove la citt\u00e0 faceva scorrere la sua energia. Era il cuore tecnico della citt\u00e0: qui si accendeva la luce che illuminava le case, sibilava il gas che scaldava [&hellip;]","og_url":"https:\/\/www.legacoopestense.coop\/unitidiamoformaalfuturo\/le-storie\/parco-della-creativita\/","og_site_name":"Uniti diamo Forma al Futuro","article_publisher":"https:\/\/www.facebook.com\/legacoopestense","article_modified_time":"2025-12-03T12:40:10+00:00","og_image":[{"width":1280,"height":1600,"url":"https:\/\/www.legacoopestense.coop\/unitidiamoformaalfuturo\/wp-content\/uploads\/2025\/12\/illustrazione_MertBozkurt.jpeg","type":"image\/jpeg"}],"twitter_card":"summary_large_image","twitter_site":"@LegacoopEstense","twitter_misc":{"Tempo di lettura stimato":"7 minuti"},"schema":{"@context":"https:\/\/schema.org","@graph":[{"@type":"WebPage","@id":"https:\/\/www.legacoopestense.coop\/unitidiamoformaalfuturo\/le-storie\/parco-della-creativita\/","url":"https:\/\/www.legacoopestense.coop\/unitidiamoformaalfuturo\/le-storie\/parco-della-creativita\/","name":"Parco della creativit\u00e0 - Uniti diamo Forma al Futuro","isPartOf":{"@id":"https:\/\/www.legacoopestense.coop\/unitidiamoformaalfuturo\/#website"},"primaryImageOfPage":{"@id":"https:\/\/www.legacoopestense.coop\/unitidiamoformaalfuturo\/le-storie\/parco-della-creativita\/#primaryimage"},"image":{"@id":"https:\/\/www.legacoopestense.coop\/unitidiamoformaalfuturo\/le-storie\/parco-della-creativita\/#primaryimage"},"thumbnailUrl":"https:\/\/www.legacoopestense.coop\/unitidiamoformaalfuturo\/wp-content\/uploads\/2025\/12\/illustrazione_MertBozkurt.jpeg","datePublished":"2025-11-21T14:34:30+00:00","dateModified":"2025-12-03T12:40:10+00:00","breadcrumb":{"@id":"https:\/\/www.legacoopestense.coop\/unitidiamoformaalfuturo\/le-storie\/parco-della-creativita\/#breadcrumb"},"inLanguage":"it-IT","potentialAction":[{"@type":"ReadAction","target":["https:\/\/www.legacoopestense.coop\/unitidiamoformaalfuturo\/le-storie\/parco-della-creativita\/"]}]},{"@type":"ImageObject","inLanguage":"it-IT","@id":"https:\/\/www.legacoopestense.coop\/unitidiamoformaalfuturo\/le-storie\/parco-della-creativita\/#primaryimage","url":"https:\/\/www.legacoopestense.coop\/unitidiamoformaalfuturo\/wp-content\/uploads\/2025\/12\/illustrazione_MertBozkurt.jpeg","contentUrl":"https:\/\/www.legacoopestense.coop\/unitidiamoformaalfuturo\/wp-content\/uploads\/2025\/12\/illustrazione_MertBozkurt.jpeg"},{"@type":"BreadcrumbList","@id":"https:\/\/www.legacoopestense.coop\/unitidiamoformaalfuturo\/le-storie\/parco-della-creativita\/#breadcrumb","itemListElement":[{"@type":"ListItem","position":1,"name":"Home","item":"https:\/\/www.legacoopestense.coop\/unitidiamoformaalfuturo\/"},{"@type":"ListItem","position":2,"name":"Le Storie","item":"https:\/\/www.legacoopestense.coop\/unitidiamoformaalfuturo\/le-storie\/"},{"@type":"ListItem","position":3,"name":"Parco della creativit\u00e0"}]},{"@type":"WebSite","@id":"https:\/\/www.legacoopestense.coop\/unitidiamoformaalfuturo\/#website","url":"https:\/\/www.legacoopestense.coop\/unitidiamoformaalfuturo\/","name":"Uniti diamo Forma al Futuro","description":"Legacoop Estense","publisher":{"@id":"https:\/\/www.legacoopestense.coop\/unitidiamoformaalfuturo\/#organization"},"potentialAction":[{"@type":"SearchAction","target":{"@type":"EntryPoint","urlTemplate":"https:\/\/www.legacoopestense.coop\/unitidiamoformaalfuturo\/?s={search_term_string}"},"query-input":{"@type":"PropertyValueSpecification","valueRequired":true,"valueName":"search_term_string"}}],"inLanguage":"it-IT"},{"@type":"Organization","@id":"https:\/\/www.legacoopestense.coop\/unitidiamoformaalfuturo\/#organization","name":"Uniti diamo Forma al Futuro","url":"https:\/\/www.legacoopestense.coop\/unitidiamoformaalfuturo\/","logo":{"@type":"ImageObject","inLanguage":"it-IT","@id":"https:\/\/www.legacoopestense.coop\/unitidiamoformaalfuturo\/#\/schema\/logo\/image\/","url":"https:\/\/www.legacoopestense.coop\/unitidiamoformaalfuturo\/wp-content\/uploads\/2025\/04\/Legacoop-Estense-2025IYC.webp","contentUrl":"https:\/\/www.legacoopestense.coop\/unitidiamoformaalfuturo\/wp-content\/uploads\/2025\/04\/Legacoop-Estense-2025IYC.webp","width":512,"height":91,"caption":"Uniti diamo Forma al Futuro"},"image":{"@id":"https:\/\/www.legacoopestense.coop\/unitidiamoformaalfuturo\/#\/schema\/logo\/image\/"},"sameAs":["https:\/\/www.facebook.com\/legacoopestense","https:\/\/x.com\/LegacoopEstense","https:\/\/www.youtube.com\/channel\/UCxE6dZcxUwbcxqXVyik9M7A"]}]}},"_links":{"self":[{"href":"https:\/\/www.legacoopestense.coop\/unitidiamoformaalfuturo\/wp-json\/wp\/v2\/pages\/1439","targetHints":{"allow":["GET"]}}],"collection":[{"href":"https:\/\/www.legacoopestense.coop\/unitidiamoformaalfuturo\/wp-json\/wp\/v2\/pages"}],"about":[{"href":"https:\/\/www.legacoopestense.coop\/unitidiamoformaalfuturo\/wp-json\/wp\/v2\/types\/page"}],"author":[{"embeddable":true,"href":"https:\/\/www.legacoopestense.coop\/unitidiamoformaalfuturo\/wp-json\/wp\/v2\/users\/2"}],"replies":[{"embeddable":true,"href":"https:\/\/www.legacoopestense.coop\/unitidiamoformaalfuturo\/wp-json\/wp\/v2\/comments?post=1439"}],"version-history":[{"count":4,"href":"https:\/\/www.legacoopestense.coop\/unitidiamoformaalfuturo\/wp-json\/wp\/v2\/pages\/1439\/revisions"}],"predecessor-version":[{"id":1454,"href":"https:\/\/www.legacoopestense.coop\/unitidiamoformaalfuturo\/wp-json\/wp\/v2\/pages\/1439\/revisions\/1454"}],"up":[{"embeddable":true,"href":"https:\/\/www.legacoopestense.coop\/unitidiamoformaalfuturo\/wp-json\/wp\/v2\/pages\/11"}],"wp:attachment":[{"href":"https:\/\/www.legacoopestense.coop\/unitidiamoformaalfuturo\/wp-json\/wp\/v2\/media?parent=1439"}],"curies":[{"name":"wp","href":"https:\/\/api.w.org\/{rel}","templated":true}]}}