{"id":1393,"date":"2025-10-30T10:39:58","date_gmt":"2025-10-30T09:39:58","guid":{"rendered":"https:\/\/www.legacoopestense.coop\/unitidiamoformaalfuturo\/?page_id=1393"},"modified":"2025-10-30T10:51:24","modified_gmt":"2025-10-30T09:51:24","slug":"il-centro-armonico-terapeutico","status":"publish","type":"page","link":"https:\/\/www.legacoopestense.coop\/unitidiamoformaalfuturo\/le-storie\/il-centro-armonico-terapeutico\/","title":{"rendered":"Il Centro Armonico Terapeutico"},"content":{"rendered":"\t\t<div data-elementor-type=\"wp-page\" data-elementor-id=\"1393\" class=\"elementor elementor-1393\" data-elementor-post-type=\"page\">\n\t\t\t\t<div class=\"elementor-element elementor-element-73ea465 e-con-full e-flex e-con e-parent\" data-id=\"73ea465\" data-element_type=\"container\" data-e-type=\"container\" data-settings=\"{&quot;background_background&quot;:&quot;classic&quot;}\">\n\t\t\t\t<\/div>\n\t\t<div class=\"elementor-element elementor-element-a5df1bc e-con-full e-flex e-con e-parent\" data-id=\"a5df1bc\" data-element_type=\"container\" data-e-type=\"container\">\n\t\t\t\t<div class=\"elementor-element elementor-element-0702152 elementor-align-left elementor-widget elementor-widget-breadcrumbs\" data-id=\"0702152\" data-element_type=\"widget\" data-e-type=\"widget\" data-widget_type=\"breadcrumbs.default\">\n\t\t\t\t<div class=\"elementor-widget-container\">\n\t\t\t\t\t<p id=\"breadcrumbs\"><span><span><a href=\"https:\/\/www.legacoopestense.coop\/unitidiamoformaalfuturo\/\">Home<\/a><\/span><\/span><\/p>\t\t\t\t<\/div>\n\t\t\t\t<\/div>\n\t\t\t\t<div class=\"elementor-element elementor-element-c10744c elementor-widget elementor-widget-heading\" data-id=\"c10744c\" data-element_type=\"widget\" data-e-type=\"widget\" data-widget_type=\"heading.default\">\n\t\t\t\t<div class=\"elementor-widget-container\">\n\t\t\t\t\t<h2 class=\"elementor-heading-title elementor-size-default\">Bubu e Coc\u00f2 al Centro Armonico Terapeutico <br>\n<small><i>Storia di Marcello Parmeggiani \u201cTargi\u201d, illustrazione di Francesca Fiocchi<\/i><\/small><\/h2>\t\t\t\t<\/div>\n\t\t\t\t<\/div>\n\t\t<div class=\"elementor-element elementor-element-d63ac22 e-con-full e-flex e-con e-child\" data-id=\"d63ac22\" data-element_type=\"container\" data-e-type=\"container\">\n\t\t\t\t<div class=\"elementor-element elementor-element-db886d9 elementor-widget elementor-widget-image\" data-id=\"db886d9\" data-element_type=\"widget\" data-e-type=\"widget\" data-widget_type=\"image.default\">\n\t\t\t\t<div class=\"elementor-widget-container\">\n\t\t\t\t\t\t\t\t\t\t\t\t\t\t\t\t<a href=\"https:\/\/www.legacoopestense.coop\/unitidiamoformaalfuturo\/wp-content\/uploads\/2025\/10\/Bubu-e-Coco.webp\" data-elementor-open-lightbox=\"yes\" data-elementor-lightbox-title=\"Bubu e Coc\u00f2\" data-e-action-hash=\"#elementor-action%3Aaction%3Dlightbox%26settings%3DeyJpZCI6MTM5NywidXJsIjoiaHR0cHM6XC9cL3d3dy5sZWdhY29vcGVzdGVuc2UuY29vcFwvdW5pdGlkaWFtb2Zvcm1hYWxmdXR1cm9cL3dwLWNvbnRlbnRcL3VwbG9hZHNcLzIwMjVcLzEwXC9CdWJ1LWUtQ29jby53ZWJwIn0%3D\">\n\t\t\t\t\t\t\t<img fetchpriority=\"high\" decoding=\"async\" width=\"1920\" height=\"1920\" src=\"https:\/\/www.legacoopestense.coop\/unitidiamoformaalfuturo\/wp-content\/uploads\/2025\/10\/Bubu-e-Coco.webp\" class=\"attachment-full size-full wp-image-1397\" alt=\"Bubu e Coc\u00f2\" srcset=\"https:\/\/www.legacoopestense.coop\/unitidiamoformaalfuturo\/wp-content\/uploads\/2025\/10\/Bubu-e-Coco.webp 1920w, https:\/\/www.legacoopestense.coop\/unitidiamoformaalfuturo\/wp-content\/uploads\/2025\/10\/Bubu-e-Coco-300x300.webp 300w, https:\/\/www.legacoopestense.coop\/unitidiamoformaalfuturo\/wp-content\/uploads\/2025\/10\/Bubu-e-Coco-1024x1024.webp 1024w, https:\/\/www.legacoopestense.coop\/unitidiamoformaalfuturo\/wp-content\/uploads\/2025\/10\/Bubu-e-Coco-150x150.webp 150w, https:\/\/www.legacoopestense.coop\/unitidiamoformaalfuturo\/wp-content\/uploads\/2025\/10\/Bubu-e-Coco-768x768.webp 768w, https:\/\/www.legacoopestense.coop\/unitidiamoformaalfuturo\/wp-content\/uploads\/2025\/10\/Bubu-e-Coco-1536x1536.webp 1536w\" sizes=\"(max-width: 1920px) 100vw, 1920px\" \/>\t\t\t\t\t\t\t\t<\/a>\n\t\t\t\t\t\t\t\t\t\t\t\t\t\t\t<\/div>\n\t\t\t\t<\/div>\n\t\t\t\t<div class=\"elementor-element elementor-element-b9dd216 elementor-widget__width-initial elementor-widget elementor-widget-text-editor\" data-id=\"b9dd216\" data-element_type=\"widget\" data-e-type=\"widget\" data-widget_type=\"text-editor.default\">\n\t\t\t\t<div class=\"elementor-widget-container\">\n\t\t\t\t\t\t\t\t\t<p>Mi chiamo Bubu e sto con persone speciali. Con Coc\u00f2 ci siamo divisi i compiti: io con la mia calma, la mia pazienza pesante prendo i pi\u00f9 mossi; lei sta con i pi\u00f9 chiusi, a cui d\u00e0 tutta la sua gioia contagiosa. Sono qua dall\u2019inizio della cooperativa e della mia vita precedente non ho molti ricordi, ma di questa so che me la sono goduta. Di sera ci troviamo insieme agli altri al giardino zen per raccontarci cosa abbiamo fatto.<br \/>&#8211; Hai visto quella signora con le mani che le tremavano? dice Buck. S\u00ec, dice Coc\u00f2, ma quando ha posato la fronte sulla mia schiena ha smesso. Mi chiedo cosa penser\u00e0 il grande masso del giardino che ci ascolta discutere del senso della vita o immaginare cosa ci sia oltre il nostro casale o su \u2013 questo mi interessa molto &#8211; cosa ci sar\u00e0 da mangiare domani. <br \/>&#8211; Bubu sei sempre il solito; forse lui non parler\u00e0, ma ci ascolta, ci fa parlare, ci aiuta a focalizzare la mente, lo stato di concentrazione e raccoglimento.<br \/>Coc\u00f2 \u00e8 il terzo occhio del gruppo, ma anche quinto o sesto. Buck invece parla di ci\u00f2 che si dice dentro il casale: sull\u2019importanza del gruppo e del lavoro di \u00e9quipe, del valore della bellezza, del dialogo e del prendersi cura. <br \/>Gli ottimisti tra noi dicono che esistono tanti mondi uguali al nostro, io sostengo invece che siamo un posto raro, se non unico. Temo che gli umani l\u00e0 fuori si stiano ammalando di egoismo e abbiano dimenticato il valore dell\u2019empatia e cos\u00ec la loro vita si \u00e8 svuotata di relazioni.<\/p>\t\t\t\t\t\t\t\t<\/div>\n\t\t\t\t<\/div>\n\t\t\t\t<\/div>\n\t\t\t\t<div class=\"elementor-element elementor-element-54008c6 elementor-widget elementor-widget-text-editor\" data-id=\"54008c6\" data-element_type=\"widget\" data-e-type=\"widget\" data-widget_type=\"text-editor.default\">\n\t\t\t\t<div class=\"elementor-widget-container\">\n\t\t\t\t\t\t\t\t\t<p>Si \u00e8 fatto tardi e saluto tutti, ho gi\u00e0 i miei vent\u2019anni suonati. Non \u00e8 facile essere testimoni quotidiani delle fragilit\u00e0 umane. Per me \u00e8 stato un dono: vivere vicino ad umani che scelgono la gentilezza, che imparano a respirare insieme realizzando che la vita non \u00e8 una gara ma un cammino condiviso. Coc\u00f2 mi segue come un cagnolino.<br \/>&#8211; Il gruppo \u2013 dice &#8211; \u00e8 importante perch\u00e9 ti d\u00e0 la possibilit\u00e0 di parlare della tua esperienza con persone che vivono situazioni simili in un ambiente protetto e in assenza di giudizio. C\u2019\u00e8 tanto stress e pressioni fuori vero?, mi chiede.<br \/>&#8211; Temo che tante persone l\u00e0 fuori si sentano inadeguate, fragili, timorose di non sentirsi accettate.<br \/>Ma in questa cooperativa si ritrovano, le aiutiamo ad entrare di nuovo in relazione con loro stesse.<br \/>La positivit\u00e0 di Coc\u00f2 mi sta facendo passare il sonno.<br \/>Ma tu hai capito cos\u2019\u00e8 la mindfulness? Sono tipo esercizi di rilassamento?<br \/>&#8211; Molto di pi\u00f9 Bubu. \u00c8 uno stato di consapevolezza, disponibilit\u00e0 a entrare in contatto con la propria esperienza anche quando questa \u00e8 difficile o scomoda.<br \/>&#8211; E questo permette un incontro pi\u00f9 autentico con se stessi e con il mondo?<br \/>&#8211; Esatto, sin da piccoli. Qui oltre alla pet therapy si fanno attivit\u00e0 creative, centri estivi, laboratori per farli mettere in gioco, ascoltando la natura e sviluppando sensibilit\u00e0 e consapevolezza. Anche sul luogo di lavoro ce n\u2019\u00e8 necessit\u00e0, i ragazzi fanno programmi anche per le aziende.<br \/>&#8211; Non so cosa sia un\u2019azienda Coc\u00f2, ma se si lavora non fa per me. Io sto bene qua dove si coltivano cura e benessere, con le persone speciali che vengono qui pensando di ricevere serenit\u00e0 ma in realt\u00e0 portano sempre qualcosa insieme a qualche dolcetto: le loro storie, le loro lacrime, le loro risate.<br \/>&#8211; Che restano tra i rami di questi alberi come fili invisibili che si intrecciano. E noi \u2013 dice &#8211; siamo i custodi di quella trama, anche grazie a te Bubu. Fai sempre il vecchio burbero, ma alla fine hai un cuore grande. E dovresti fare yoga, sei pigro!<br \/>&#8211; Ma mi ci vedi con il fisico che ho?<br \/>&#8211; Le solite scuse, scopriresti ci\u00f2 che gi\u00e0 esiste ma a nuovi livelli sempre pi\u00f9 profondi. Non vedi come escono dalle lezioni?<br \/>Coc\u00f2 aveva ragione. Pi\u00f9 leggeri, rigenerati, connessi.<br \/>&#8211; Perch\u00e9 questo \u2013 dice Coc\u00f2 &#8211; \u00e8 un luogo che include, dove i confini si aprono e le persone imparano ad essere pi\u00f9 autonome. E anche se non lo vuoi ammettere, Bubu, sei diventato anche tu qualcosa di diverso: da mascotte a un compagno di viaggio, un osservatore privilegiato delle rinascite umane.<br \/>Non mi sento cos\u00ec importante, le dico. Ho solo imparato col tempo che il semplice stare insieme, condividere silenzi e sguardi, pu\u00f2 guarire pi\u00f9 di molte medicine. <br \/>&#8211; Perch\u00e9 qui si pratica il proporre invece che l\u2019imporre.<br \/>&#8211; Per\u00f2 la dieta me la impongono, mica me la propongono!<br \/>&#8211; Bubu, sei sempre il solito. Saresti perfetto per NON condurre un gruppo di autocoscienza!<br \/>&#8211; E cosa sarebbe?<br \/>&#8211; \u00c8 uno spazio di condivisione e riflessione collettiva dove si esprimono liberamente pensieri, emozioni ed esperienze personali in un ambiente di ascolto e rispetto reciproco.<br \/>&#8211; E a cosa serve?<br \/>&#8211; Da quanto ho capito siamo in un\u2019epoca di grandi cambiamenti nei ruoli di genere e nelle relazioni. E tanti non trovano pi\u00f9 i vecchi riferimenti e reagiscono con la violenza. Vengono tante donne. E chi lavora nella relazione d\u2019aiuto ha una grande responsabilit\u00e0: accogliere, ascoltare e accompagnare con competenza e rispetto le vittime per comprendere, prevenire e contrastare la violenza.<br \/>&#8211; E gli uomini?<br \/>&#8211; Stanno arrivando un po\u2019 con i loro tempi, dovresti saperlo. I gruppi di autocoscienza offrono loro l\u2019opportunit\u00e0 di riscoprire e ridefinire la propria identit\u00e0 maschile oltre gli stereotipi tradizionali. Per loro \u00e8 iniziare un viaggio verso una maschilit\u00e0 pi\u00f9 autentica e consapevole, capace di costruire relazioni pi\u00f9 sane con se stessi e con gli altri.<\/p>\t\t\t\t\t\t\t\t<\/div>\n\t\t\t\t<\/div>\n\t\t<div class=\"elementor-element elementor-element-f42b8c3 e-con-full e-flex e-con e-child\" data-id=\"f42b8c3\" data-element_type=\"container\" data-e-type=\"container\">\n\t\t\t\t<div class=\"elementor-element elementor-element-8e845a5 elementor-widget__width-initial elementor-widget elementor-widget-image\" data-id=\"8e845a5\" data-element_type=\"widget\" data-e-type=\"widget\" data-widget_type=\"image.default\">\n\t\t\t\t<div class=\"elementor-widget-container\">\n\t\t\t\t\t\t\t\t\t\t\t\t\t\t\t\t<a href=\"https:\/\/www.legacoopestense.coop\/unitidiamoformaalfuturo\/wp-content\/uploads\/2025\/10\/Dettaglio-fiocchi.webp\" data-elementor-open-lightbox=\"yes\" data-elementor-lightbox-title=\"Dettaglio fiocchi\" data-e-action-hash=\"#elementor-action%3Aaction%3Dlightbox%26settings%3DeyJpZCI6MTM5OCwidXJsIjoiaHR0cHM6XC9cL3d3dy5sZWdhY29vcGVzdGVuc2UuY29vcFwvdW5pdGlkaWFtb2Zvcm1hYWxmdXR1cm9cL3dwLWNvbnRlbnRcL3VwbG9hZHNcLzIwMjVcLzEwXC9EZXR0YWdsaW8tZmlvY2NoaS53ZWJwIn0%3D\">\n\t\t\t\t\t\t\t<img decoding=\"async\" width=\"512\" height=\"512\" src=\"https:\/\/www.legacoopestense.coop\/unitidiamoformaalfuturo\/wp-content\/uploads\/2025\/10\/Dettaglio-fiocchi.webp\" class=\"attachment-full size-full wp-image-1398\" alt=\"\" srcset=\"https:\/\/www.legacoopestense.coop\/unitidiamoformaalfuturo\/wp-content\/uploads\/2025\/10\/Dettaglio-fiocchi.webp 512w, https:\/\/www.legacoopestense.coop\/unitidiamoformaalfuturo\/wp-content\/uploads\/2025\/10\/Dettaglio-fiocchi-300x300.webp 300w, https:\/\/www.legacoopestense.coop\/unitidiamoformaalfuturo\/wp-content\/uploads\/2025\/10\/Dettaglio-fiocchi-150x150.webp 150w\" sizes=\"(max-width: 512px) 100vw, 512px\" \/>\t\t\t\t\t\t\t\t<\/a>\n\t\t\t\t\t\t\t\t\t\t\t\t\t\t\t<\/div>\n\t\t\t\t<\/div>\n\t\t<div class=\"elementor-element elementor-element-fdaa3b0 e-con-full e-flex e-con e-child\" data-id=\"fdaa3b0\" data-element_type=\"container\" data-e-type=\"container\">\n\t\t\t\t<div class=\"elementor-element elementor-element-c304bb6 elementor-widget elementor-widget-text-editor\" data-id=\"c304bb6\" data-element_type=\"widget\" data-e-type=\"widget\" data-widget_type=\"text-editor.default\">\n\t\t\t\t<div class=\"elementor-widget-container\">\n\t\t\t\t\t\t\t\t\t<p>Io non so cosa ci sia fuori da qui, ma nella mia vita ho capito che possiamo conoscere noi stessi solo attraverso un altro, che non ci \u00e8 concesso di riuscirci da soli. In fondo ho speranza in ci\u00f2 che verr\u00e0, ho speranza se dopo di me ci sar\u00e0 Coc\u00f2.<\/p><p>&#8211; Bubu, non ti lascio andare a letto se non mi racconti una storia.<br \/>&#8211; Te ne racconto una per tutte le persone passate di qui, quella di Martina, una bambina nata con sindrome genetica \u201ccri du chat\u201d. Martina ha una gioia di vivere incredibile, una esplosivit\u00e0 emotiva e motoria e una grande volont\u00e0 di approcciarsi agli altri. La sua mamma non sa cosa fare e un giorno la porta qui per farle fare una esperienza da persona speciale qual era. Con il tempo impara ad autocontrollarsi e mette in atto contatti affettivi adeguati, soprattutto con animali come noi che siamo diventati i suoi compagni di vita di cui racconta quotidianamente.<\/p>\t\t\t\t\t\t\t\t<\/div>\n\t\t\t\t<\/div>\n\t\t\t\t<div class=\"elementor-element elementor-element-f18fb99 elementor-widget elementor-widget-heading\" data-id=\"f18fb99\" data-element_type=\"widget\" data-e-type=\"widget\" data-widget_type=\"heading.default\">\n\t\t\t\t<div class=\"elementor-widget-container\">\n\t\t\t\t\t<h3 class=\"elementor-heading-title elementor-size-default\">- E come finisce la storia?\n<br>\n- La storia non \u00e8 finita.<\/h3>\t\t\t\t<\/div>\n\t\t\t\t<\/div>\n\t\t\t\t<div class=\"elementor-element elementor-element-11cd084 elementor-widget elementor-widget-text-editor\" data-id=\"11cd084\" data-element_type=\"widget\" data-e-type=\"widget\" data-widget_type=\"text-editor.default\">\n\t\t\t\t<div class=\"elementor-widget-container\">\n\t\t\t\t\t\t\t\t\t<p>Martina e gli altri sono ancora qua.<\/p><p>\u00c8 tardi, mi sdraio sulla paglia sognando che un giorno qualcuno racconter\u00e0 di me e di Coc\u00f2 come di due amici che hanno insegnato senza parole. Che sorrideranno all\u2019idea di un vecchio maialino scontroso e di una cagnolina saggia. A me basta sapere che per vent\u2019anni ho avuto un posto nel cuore di chi ha trovato pace in questa cooperativa. \u00c8 questo il ricordo che porter\u00f2 con me, insieme alle corse di Coc\u00f2, al cibo buono e all\u2019odore dolce della terra dopo la pioggia.<\/p>\t\t\t\t\t\t\t\t<\/div>\n\t\t\t\t<\/div>\n\t\t\t\t<div class=\"elementor-element elementor-element-8a0daad elementor-widget elementor-widget-template\" data-id=\"8a0daad\" data-element_type=\"widget\" data-e-type=\"widget\" data-widget_type=\"template.default\">\n\t\t\t\t<div class=\"elementor-widget-container\">\n\t\t\t\t\t\t\t<div class=\"elementor-template\">\n\t\t\t\t\t<div data-elementor-type=\"section\" data-elementor-id=\"1221\" class=\"elementor elementor-1221\" data-elementor-post-type=\"elementor_library\">\n\t\t\t<div class=\"elementor-element elementor-element-ddc1cfa e-con-full e-flex e-con e-child\" data-id=\"ddc1cfa\" data-element_type=\"container\" data-e-type=\"container\">\n\t\t\t\t<div class=\"elementor-element elementor-element-b06410c elementor-widget-tablet_extra__width-inherit elementor-widget elementor-widget-heading\" data-id=\"b06410c\" data-element_type=\"widget\" data-e-type=\"widget\" data-widget_type=\"heading.default\">\n\t\t\t\t<div class=\"elementor-widget-container\">\n\t\t\t\t\t<h2 class=\"elementor-heading-title elementor-size-default\">Ti interessa questa illustrazione?<\/h2>\t\t\t\t<\/div>\n\t\t\t\t<\/div>\n\t\t\t\t<div class=\"elementor-element elementor-element-b529d81 elementor-widget elementor-widget-text-editor\" data-id=\"b529d81\" data-element_type=\"widget\" data-e-type=\"widget\" data-widget_type=\"text-editor.default\">\n\t\t\t\t<div class=\"elementor-widget-container\">\n\t\t\t\t\t\t\t\t\t<p>Puoi <span style=\"text-decoration: underline;\"><a href=\"https:\/\/www.theferrareser.com\/shop-poster\/\" target=\"_blank\" rel=\"noopener\">acquistare il poster qui<\/a><\/span><\/p>\t\t\t\t\t\t\t\t<\/div>\n\t\t\t\t<\/div>\n\t\t\t\t<div class=\"elementor-element elementor-element-bde0a29 elementor-widget__width-auto elementor-invisible elementor-widget elementor-widget-button\" data-id=\"bde0a29\" data-element_type=\"widget\" data-e-type=\"widget\" data-settings=\"{&quot;_animation&quot;:&quot;fadeIn&quot;,&quot;_animation_delay&quot;:200}\" data-widget_type=\"button.default\">\n\t\t\t\t<div class=\"elementor-widget-container\">\n\t\t\t\t\t\t\t\t\t<div class=\"elementor-button-wrapper\">\n\t\t\t\t\t<a class=\"elementor-button elementor-button-link elementor-size-sm\" href=\"https:\/\/www.theferrareser.com\/shop-poster\/\" target=\"_blank\">\n\t\t\t\t\t\t<span class=\"elementor-button-content-wrapper\">\n\t\t\t\t\t\t\t\t\t<span class=\"elementor-button-text\">Acquista<\/span>\n\t\t\t\t\t<\/span>\n\t\t\t\t\t<\/a>\n\t\t\t\t<\/div>\n\t\t\t\t\t\t\t\t<\/div>\n\t\t\t\t<\/div>\n\t\t\t\t<\/div>\n\t\t\t\t<\/div>\n\t\t\t\t<\/div>\n\t\t\t\t\t\t<\/div>\n\t\t\t\t<\/div>\n\t\t\t\t<\/div>\n\t\t\t\t<\/div>\n\t\t\t\t<\/div>\n\t\t<div class=\"elementor-element elementor-element-a250bfb e-con-full e-flex e-con e-parent\" data-id=\"a250bfb\" data-element_type=\"container\" data-e-type=\"container\" data-settings=\"{&quot;background_background&quot;:&quot;classic&quot;}\">\n\t\t\t\t<div class=\"elementor-element elementor-element-926e6d8 elementor-widget__width-initial elementor-widget-tablet_extra__width-inherit elementor-widget elementor-widget-heading\" data-id=\"926e6d8\" data-element_type=\"widget\" data-e-type=\"widget\" data-widget_type=\"heading.default\">\n\t\t\t\t<div class=\"elementor-widget-container\">\n\t\t\t\t\t<h2 class=\"elementor-heading-title elementor-size-default\">Leggi le altre storie<\/h2>\t\t\t\t<\/div>\n\t\t\t\t<\/div>\n\t\t<div class=\"elementor-element elementor-element-3bde561 e-con-full e-flex e-con e-child\" data-id=\"3bde561\" data-element_type=\"container\" data-e-type=\"container\">\n\t\t\t\t<div class=\"elementor-element elementor-element-ba5d242 elementor-widget-mobile__width-inherit elementor-invisible elementor-widget elementor-widget-text-editor\" data-id=\"ba5d242\" data-element_type=\"widget\" data-e-type=\"widget\" data-settings=\"{&quot;_animation&quot;:&quot;fadeIn&quot;}\" data-widget_type=\"text-editor.default\">\n\t\t\t\t<div class=\"elementor-widget-container\">\n\t\t\t\t\t\t\t\t\t<h4><span style=\"font-weight: 400;\">12 storie di cooperazione, 12 viaggi nel tempo e nel futuro<\/span><\/h4><p><span style=\"font-weight: 400;\">Ogni mese, una storia.<br \/>Dalle lotte per la libert\u00e0 alle innovazioni di oggi, raccontiamo il passato e il presente della cooperazione attraverso <\/span><b>illustrazioni originali e racconti inediti<\/b><span style=\"font-weight: 400;\">.<\/span><\/p>\t\t\t\t\t\t\t\t<\/div>\n\t\t\t\t<\/div>\n\t\t\t\t<div class=\"elementor-element elementor-element-f5cd76e elementor-widget__width-auto elementor-invisible elementor-widget elementor-widget-button\" data-id=\"f5cd76e\" data-element_type=\"widget\" data-e-type=\"widget\" data-settings=\"{&quot;_animation&quot;:&quot;fadeIn&quot;,&quot;_animation_delay&quot;:600}\" data-widget_type=\"button.default\">\n\t\t\t\t<div class=\"elementor-widget-container\">\n\t\t\t\t\t\t\t\t\t<div class=\"elementor-button-wrapper\">\n\t\t\t\t\t<a class=\"elementor-button elementor-button-link elementor-size-sm\" href=\"https:\/\/www.legacoopestense.coop\/unitidiamoformaalfuturo\/le-storie\/\">\n\t\t\t\t\t\t<span class=\"elementor-button-content-wrapper\">\n\t\t\t\t\t\t\t\t\t<span class=\"elementor-button-text\">Leggile tutte<\/span>\n\t\t\t\t\t<\/span>\n\t\t\t\t\t<\/a>\n\t\t\t\t<\/div>\n\t\t\t\t\t\t\t\t<\/div>\n\t\t\t\t<\/div>\n\t\t\t\t<\/div>\n\t\t\t\t<\/div>\n\t\t\t\t<\/div>\n\t\t","protected":false},"excerpt":{"rendered":"<p>Bubu e Coc\u00f2 al Centro Armonico Terapeutico Storia di Marcello Parmeggiani \u201cTargi\u201d, illustrazione di Francesca Fiocchi Mi chiamo Bubu e sto con persone speciali. Con Coc\u00f2 ci siamo divisi i compiti: io con la mia calma, la mia pazienza pesante prendo i pi\u00f9 mossi; lei sta con i pi\u00f9 chiusi, a cui d\u00e0 tutta la [&hellip;]<\/p>\n","protected":false},"author":2,"featured_media":0,"parent":11,"menu_order":0,"comment_status":"closed","ping_status":"closed","template":"","meta":{"footnotes":""},"class_list":["post-1393","page","type-page","status-publish","hentry"],"yoast_head":"<!-- This site is optimized with the Yoast SEO plugin v27.1.1 - https:\/\/yoast.com\/product\/yoast-seo-wordpress\/ -->\n<title>Il Centro Armonico Terapeutico - Uniti diamo Forma al Futuro<\/title>\n<meta name=\"robots\" content=\"index, follow, max-snippet:-1, max-image-preview:large, max-video-preview:-1\" \/>\n<link rel=\"canonical\" href=\"https:\/\/www.legacoopestense.coop\/unitidiamoformaalfuturo\/le-storie\/il-centro-armonico-terapeutico\/\" \/>\n<meta property=\"og:locale\" content=\"it_IT\" \/>\n<meta property=\"og:type\" content=\"article\" \/>\n<meta property=\"og:title\" content=\"Il Centro Armonico Terapeutico - Uniti diamo Forma al Futuro\" \/>\n<meta property=\"og:description\" content=\"Bubu e Coc\u00f2 al Centro Armonico Terapeutico Storia di Marcello Parmeggiani \u201cTargi\u201d, illustrazione di Francesca Fiocchi Mi chiamo Bubu e sto con persone speciali. Con Coc\u00f2 ci siamo divisi i compiti: io con la mia calma, la mia pazienza pesante prendo i pi\u00f9 mossi; lei sta con i pi\u00f9 chiusi, a cui d\u00e0 tutta la [&hellip;]\" \/>\n<meta property=\"og:url\" content=\"https:\/\/www.legacoopestense.coop\/unitidiamoformaalfuturo\/le-storie\/il-centro-armonico-terapeutico\/\" \/>\n<meta property=\"og:site_name\" content=\"Uniti diamo Forma al Futuro\" \/>\n<meta property=\"article:publisher\" content=\"https:\/\/www.facebook.com\/legacoopestense\" \/>\n<meta property=\"article:modified_time\" content=\"2025-10-30T09:51:24+00:00\" \/>\n<meta property=\"og:image\" content=\"https:\/\/www.legacoopestense.coop\/unitidiamoformaalfuturo\/wp-content\/uploads\/2025\/10\/Bubu-e-Coco.webp\" \/>\n\t<meta property=\"og:image:width\" content=\"1920\" \/>\n\t<meta property=\"og:image:height\" content=\"1920\" \/>\n\t<meta property=\"og:image:type\" content=\"image\/webp\" \/>\n<meta name=\"twitter:card\" content=\"summary_large_image\" \/>\n<meta name=\"twitter:site\" content=\"@LegacoopEstense\" \/>\n<meta name=\"twitter:label1\" content=\"Tempo di lettura stimato\" \/>\n\t<meta name=\"twitter:data1\" content=\"7 minuti\" \/>\n<script type=\"application\/ld+json\" class=\"yoast-schema-graph\">{\"@context\":\"https:\/\/schema.org\",\"@graph\":[{\"@type\":\"WebPage\",\"@id\":\"https:\/\/www.legacoopestense.coop\/unitidiamoformaalfuturo\/le-storie\/il-centro-armonico-terapeutico\/\",\"url\":\"https:\/\/www.legacoopestense.coop\/unitidiamoformaalfuturo\/le-storie\/il-centro-armonico-terapeutico\/\",\"name\":\"Il Centro Armonico Terapeutico - Uniti diamo Forma al Futuro\",\"isPartOf\":{\"@id\":\"https:\/\/www.legacoopestense.coop\/unitidiamoformaalfuturo\/#website\"},\"primaryImageOfPage\":{\"@id\":\"https:\/\/www.legacoopestense.coop\/unitidiamoformaalfuturo\/le-storie\/il-centro-armonico-terapeutico\/#primaryimage\"},\"image\":{\"@id\":\"https:\/\/www.legacoopestense.coop\/unitidiamoformaalfuturo\/le-storie\/il-centro-armonico-terapeutico\/#primaryimage\"},\"thumbnailUrl\":\"https:\/\/www.legacoopestense.coop\/unitidiamoformaalfuturo\/wp-content\/uploads\/2025\/10\/Bubu-e-Coco.webp\",\"datePublished\":\"2025-10-30T09:39:58+00:00\",\"dateModified\":\"2025-10-30T09:51:24+00:00\",\"breadcrumb\":{\"@id\":\"https:\/\/www.legacoopestense.coop\/unitidiamoformaalfuturo\/le-storie\/il-centro-armonico-terapeutico\/#breadcrumb\"},\"inLanguage\":\"it-IT\",\"potentialAction\":[{\"@type\":\"ReadAction\",\"target\":[\"https:\/\/www.legacoopestense.coop\/unitidiamoformaalfuturo\/le-storie\/il-centro-armonico-terapeutico\/\"]}]},{\"@type\":\"ImageObject\",\"inLanguage\":\"it-IT\",\"@id\":\"https:\/\/www.legacoopestense.coop\/unitidiamoformaalfuturo\/le-storie\/il-centro-armonico-terapeutico\/#primaryimage\",\"url\":\"https:\/\/www.legacoopestense.coop\/unitidiamoformaalfuturo\/wp-content\/uploads\/2025\/10\/Bubu-e-Coco.webp\",\"contentUrl\":\"https:\/\/www.legacoopestense.coop\/unitidiamoformaalfuturo\/wp-content\/uploads\/2025\/10\/Bubu-e-Coco.webp\"},{\"@type\":\"BreadcrumbList\",\"@id\":\"https:\/\/www.legacoopestense.coop\/unitidiamoformaalfuturo\/le-storie\/il-centro-armonico-terapeutico\/#breadcrumb\",\"itemListElement\":[{\"@type\":\"ListItem\",\"position\":1,\"name\":\"Home\",\"item\":\"https:\/\/www.legacoopestense.coop\/unitidiamoformaalfuturo\/\"},{\"@type\":\"ListItem\",\"position\":2,\"name\":\"Le Storie\",\"item\":\"https:\/\/www.legacoopestense.coop\/unitidiamoformaalfuturo\/le-storie\/\"},{\"@type\":\"ListItem\",\"position\":3,\"name\":\"Il Centro Armonico Terapeutico\"}]},{\"@type\":\"WebSite\",\"@id\":\"https:\/\/www.legacoopestense.coop\/unitidiamoformaalfuturo\/#website\",\"url\":\"https:\/\/www.legacoopestense.coop\/unitidiamoformaalfuturo\/\",\"name\":\"Uniti diamo Forma al Futuro\",\"description\":\"Legacoop Estense\",\"publisher\":{\"@id\":\"https:\/\/www.legacoopestense.coop\/unitidiamoformaalfuturo\/#organization\"},\"potentialAction\":[{\"@type\":\"SearchAction\",\"target\":{\"@type\":\"EntryPoint\",\"urlTemplate\":\"https:\/\/www.legacoopestense.coop\/unitidiamoformaalfuturo\/?s={search_term_string}\"},\"query-input\":{\"@type\":\"PropertyValueSpecification\",\"valueRequired\":true,\"valueName\":\"search_term_string\"}}],\"inLanguage\":\"it-IT\"},{\"@type\":\"Organization\",\"@id\":\"https:\/\/www.legacoopestense.coop\/unitidiamoformaalfuturo\/#organization\",\"name\":\"Uniti diamo Forma al Futuro\",\"url\":\"https:\/\/www.legacoopestense.coop\/unitidiamoformaalfuturo\/\",\"logo\":{\"@type\":\"ImageObject\",\"inLanguage\":\"it-IT\",\"@id\":\"https:\/\/www.legacoopestense.coop\/unitidiamoformaalfuturo\/#\/schema\/logo\/image\/\",\"url\":\"https:\/\/www.legacoopestense.coop\/unitidiamoformaalfuturo\/wp-content\/uploads\/2025\/04\/Legacoop-Estense-2025IYC.webp\",\"contentUrl\":\"https:\/\/www.legacoopestense.coop\/unitidiamoformaalfuturo\/wp-content\/uploads\/2025\/04\/Legacoop-Estense-2025IYC.webp\",\"width\":512,\"height\":91,\"caption\":\"Uniti diamo Forma al Futuro\"},\"image\":{\"@id\":\"https:\/\/www.legacoopestense.coop\/unitidiamoformaalfuturo\/#\/schema\/logo\/image\/\"},\"sameAs\":[\"https:\/\/www.facebook.com\/legacoopestense\",\"https:\/\/x.com\/LegacoopEstense\",\"https:\/\/www.youtube.com\/channel\/UCxE6dZcxUwbcxqXVyik9M7A\"]}]}<\/script>\n<!-- \/ Yoast SEO plugin. -->","yoast_head_json":{"title":"Il Centro Armonico Terapeutico - Uniti diamo Forma al Futuro","robots":{"index":"index","follow":"follow","max-snippet":"max-snippet:-1","max-image-preview":"max-image-preview:large","max-video-preview":"max-video-preview:-1"},"canonical":"https:\/\/www.legacoopestense.coop\/unitidiamoformaalfuturo\/le-storie\/il-centro-armonico-terapeutico\/","og_locale":"it_IT","og_type":"article","og_title":"Il Centro Armonico Terapeutico - Uniti diamo Forma al Futuro","og_description":"Bubu e Coc\u00f2 al Centro Armonico Terapeutico Storia di Marcello Parmeggiani \u201cTargi\u201d, illustrazione di Francesca Fiocchi Mi chiamo Bubu e sto con persone speciali. Con Coc\u00f2 ci siamo divisi i compiti: io con la mia calma, la mia pazienza pesante prendo i pi\u00f9 mossi; lei sta con i pi\u00f9 chiusi, a cui d\u00e0 tutta la [&hellip;]","og_url":"https:\/\/www.legacoopestense.coop\/unitidiamoformaalfuturo\/le-storie\/il-centro-armonico-terapeutico\/","og_site_name":"Uniti diamo Forma al Futuro","article_publisher":"https:\/\/www.facebook.com\/legacoopestense","article_modified_time":"2025-10-30T09:51:24+00:00","og_image":[{"width":1920,"height":1920,"url":"https:\/\/www.legacoopestense.coop\/unitidiamoformaalfuturo\/wp-content\/uploads\/2025\/10\/Bubu-e-Coco.webp","type":"image\/webp"}],"twitter_card":"summary_large_image","twitter_site":"@LegacoopEstense","twitter_misc":{"Tempo di lettura stimato":"7 minuti"},"schema":{"@context":"https:\/\/schema.org","@graph":[{"@type":"WebPage","@id":"https:\/\/www.legacoopestense.coop\/unitidiamoformaalfuturo\/le-storie\/il-centro-armonico-terapeutico\/","url":"https:\/\/www.legacoopestense.coop\/unitidiamoformaalfuturo\/le-storie\/il-centro-armonico-terapeutico\/","name":"Il Centro Armonico Terapeutico - Uniti diamo Forma al Futuro","isPartOf":{"@id":"https:\/\/www.legacoopestense.coop\/unitidiamoformaalfuturo\/#website"},"primaryImageOfPage":{"@id":"https:\/\/www.legacoopestense.coop\/unitidiamoformaalfuturo\/le-storie\/il-centro-armonico-terapeutico\/#primaryimage"},"image":{"@id":"https:\/\/www.legacoopestense.coop\/unitidiamoformaalfuturo\/le-storie\/il-centro-armonico-terapeutico\/#primaryimage"},"thumbnailUrl":"https:\/\/www.legacoopestense.coop\/unitidiamoformaalfuturo\/wp-content\/uploads\/2025\/10\/Bubu-e-Coco.webp","datePublished":"2025-10-30T09:39:58+00:00","dateModified":"2025-10-30T09:51:24+00:00","breadcrumb":{"@id":"https:\/\/www.legacoopestense.coop\/unitidiamoformaalfuturo\/le-storie\/il-centro-armonico-terapeutico\/#breadcrumb"},"inLanguage":"it-IT","potentialAction":[{"@type":"ReadAction","target":["https:\/\/www.legacoopestense.coop\/unitidiamoformaalfuturo\/le-storie\/il-centro-armonico-terapeutico\/"]}]},{"@type":"ImageObject","inLanguage":"it-IT","@id":"https:\/\/www.legacoopestense.coop\/unitidiamoformaalfuturo\/le-storie\/il-centro-armonico-terapeutico\/#primaryimage","url":"https:\/\/www.legacoopestense.coop\/unitidiamoformaalfuturo\/wp-content\/uploads\/2025\/10\/Bubu-e-Coco.webp","contentUrl":"https:\/\/www.legacoopestense.coop\/unitidiamoformaalfuturo\/wp-content\/uploads\/2025\/10\/Bubu-e-Coco.webp"},{"@type":"BreadcrumbList","@id":"https:\/\/www.legacoopestense.coop\/unitidiamoformaalfuturo\/le-storie\/il-centro-armonico-terapeutico\/#breadcrumb","itemListElement":[{"@type":"ListItem","position":1,"name":"Home","item":"https:\/\/www.legacoopestense.coop\/unitidiamoformaalfuturo\/"},{"@type":"ListItem","position":2,"name":"Le Storie","item":"https:\/\/www.legacoopestense.coop\/unitidiamoformaalfuturo\/le-storie\/"},{"@type":"ListItem","position":3,"name":"Il Centro Armonico Terapeutico"}]},{"@type":"WebSite","@id":"https:\/\/www.legacoopestense.coop\/unitidiamoformaalfuturo\/#website","url":"https:\/\/www.legacoopestense.coop\/unitidiamoformaalfuturo\/","name":"Uniti diamo Forma al Futuro","description":"Legacoop Estense","publisher":{"@id":"https:\/\/www.legacoopestense.coop\/unitidiamoformaalfuturo\/#organization"},"potentialAction":[{"@type":"SearchAction","target":{"@type":"EntryPoint","urlTemplate":"https:\/\/www.legacoopestense.coop\/unitidiamoformaalfuturo\/?s={search_term_string}"},"query-input":{"@type":"PropertyValueSpecification","valueRequired":true,"valueName":"search_term_string"}}],"inLanguage":"it-IT"},{"@type":"Organization","@id":"https:\/\/www.legacoopestense.coop\/unitidiamoformaalfuturo\/#organization","name":"Uniti diamo Forma al Futuro","url":"https:\/\/www.legacoopestense.coop\/unitidiamoformaalfuturo\/","logo":{"@type":"ImageObject","inLanguage":"it-IT","@id":"https:\/\/www.legacoopestense.coop\/unitidiamoformaalfuturo\/#\/schema\/logo\/image\/","url":"https:\/\/www.legacoopestense.coop\/unitidiamoformaalfuturo\/wp-content\/uploads\/2025\/04\/Legacoop-Estense-2025IYC.webp","contentUrl":"https:\/\/www.legacoopestense.coop\/unitidiamoformaalfuturo\/wp-content\/uploads\/2025\/04\/Legacoop-Estense-2025IYC.webp","width":512,"height":91,"caption":"Uniti diamo Forma al Futuro"},"image":{"@id":"https:\/\/www.legacoopestense.coop\/unitidiamoformaalfuturo\/#\/schema\/logo\/image\/"},"sameAs":["https:\/\/www.facebook.com\/legacoopestense","https:\/\/x.com\/LegacoopEstense","https:\/\/www.youtube.com\/channel\/UCxE6dZcxUwbcxqXVyik9M7A"]}]}},"_links":{"self":[{"href":"https:\/\/www.legacoopestense.coop\/unitidiamoformaalfuturo\/wp-json\/wp\/v2\/pages\/1393","targetHints":{"allow":["GET"]}}],"collection":[{"href":"https:\/\/www.legacoopestense.coop\/unitidiamoformaalfuturo\/wp-json\/wp\/v2\/pages"}],"about":[{"href":"https:\/\/www.legacoopestense.coop\/unitidiamoformaalfuturo\/wp-json\/wp\/v2\/types\/page"}],"author":[{"embeddable":true,"href":"https:\/\/www.legacoopestense.coop\/unitidiamoformaalfuturo\/wp-json\/wp\/v2\/users\/2"}],"replies":[{"embeddable":true,"href":"https:\/\/www.legacoopestense.coop\/unitidiamoformaalfuturo\/wp-json\/wp\/v2\/comments?post=1393"}],"version-history":[{"count":4,"href":"https:\/\/www.legacoopestense.coop\/unitidiamoformaalfuturo\/wp-json\/wp\/v2\/pages\/1393\/revisions"}],"predecessor-version":[{"id":1401,"href":"https:\/\/www.legacoopestense.coop\/unitidiamoformaalfuturo\/wp-json\/wp\/v2\/pages\/1393\/revisions\/1401"}],"up":[{"embeddable":true,"href":"https:\/\/www.legacoopestense.coop\/unitidiamoformaalfuturo\/wp-json\/wp\/v2\/pages\/11"}],"wp:attachment":[{"href":"https:\/\/www.legacoopestense.coop\/unitidiamoformaalfuturo\/wp-json\/wp\/v2\/media?parent=1393"}],"curies":[{"name":"wp","href":"https:\/\/api.w.org\/{rel}","templated":true}]}}