{"id":1180,"date":"2025-09-29T11:08:37","date_gmt":"2025-09-29T09:08:37","guid":{"rendered":"https:\/\/www.legacoopestense.coop\/unitidiamoformaalfuturo\/?page_id=1180"},"modified":"2025-10-02T16:19:09","modified_gmt":"2025-10-02T14:19:09","slug":"cooperativa-castello","status":"publish","type":"page","link":"https:\/\/www.legacoopestense.coop\/unitidiamoformaalfuturo\/le-storie\/cooperativa-castello\/","title":{"rendered":"Cooperativa Castello"},"content":{"rendered":"\t\t<div data-elementor-type=\"wp-page\" data-elementor-id=\"1180\" class=\"elementor elementor-1180\" data-elementor-post-type=\"page\">\n\t\t\t\t<div class=\"elementor-element elementor-element-6b65be4 e-con-full e-flex e-con e-parent\" data-id=\"6b65be4\" data-element_type=\"container\" data-e-type=\"container\" data-settings=\"{&quot;background_background&quot;:&quot;classic&quot;}\">\n\t\t\t\t<\/div>\n\t\t<div class=\"elementor-element elementor-element-1deaaf1 e-con-full e-flex e-con e-parent\" data-id=\"1deaaf1\" data-element_type=\"container\" data-e-type=\"container\">\n\t\t\t\t<div class=\"elementor-element elementor-element-c83c945 elementor-align-left elementor-widget elementor-widget-breadcrumbs\" data-id=\"c83c945\" data-element_type=\"widget\" data-e-type=\"widget\" data-widget_type=\"breadcrumbs.default\">\n\t\t\t\t<div class=\"elementor-widget-container\">\n\t\t\t\t\t<p id=\"breadcrumbs\"><span><span><a href=\"https:\/\/www.legacoopestense.coop\/unitidiamoformaalfuturo\/\">Home<\/a><\/span><\/span><\/p>\t\t\t\t<\/div>\n\t\t\t\t<\/div>\n\t\t\t\t<div class=\"elementor-element elementor-element-1e9df59 elementor-widget elementor-widget-heading\" data-id=\"1e9df59\" data-element_type=\"widget\" data-e-type=\"widget\" data-widget_type=\"heading.default\">\n\t\t\t\t<div class=\"elementor-widget-container\">\n\t\t\t\t\t<h2 class=\"elementor-heading-title elementor-size-default\">Cooperativa Castello, una comunit\u00e0 di abitanti <br>\n<small><i>Illustrazione di Laura Massaro, storia di Stefania Andreotti<\/i><\/small><\/h2>\t\t\t\t<\/div>\n\t\t\t\t<\/div>\n\t\t<div class=\"elementor-element elementor-element-3d27dbd e-con-full e-flex e-con e-child\" data-id=\"3d27dbd\" data-element_type=\"container\" data-e-type=\"container\">\n\t\t\t\t<div class=\"elementor-element elementor-element-8f20955 elementor-widget elementor-widget-image\" data-id=\"8f20955\" data-element_type=\"widget\" data-e-type=\"widget\" data-widget_type=\"image.default\">\n\t\t\t\t<div class=\"elementor-widget-container\">\n\t\t\t\t\t\t\t\t\t\t\t\t\t\t\t<img fetchpriority=\"high\" decoding=\"async\" width=\"2560\" height=\"2560\" src=\"https:\/\/www.legacoopestense.coop\/unitidiamoformaalfuturo\/wp-content\/uploads\/2025\/10\/massaro-scaled.jpg\" class=\"attachment-full size-full wp-image-1266\" alt=\"\" srcset=\"https:\/\/www.legacoopestense.coop\/unitidiamoformaalfuturo\/wp-content\/uploads\/2025\/10\/massaro-scaled.jpg 2560w, https:\/\/www.legacoopestense.coop\/unitidiamoformaalfuturo\/wp-content\/uploads\/2025\/10\/massaro-300x300.jpg 300w, https:\/\/www.legacoopestense.coop\/unitidiamoformaalfuturo\/wp-content\/uploads\/2025\/10\/massaro-1024x1024.jpg 1024w, https:\/\/www.legacoopestense.coop\/unitidiamoformaalfuturo\/wp-content\/uploads\/2025\/10\/massaro-150x150.jpg 150w, https:\/\/www.legacoopestense.coop\/unitidiamoformaalfuturo\/wp-content\/uploads\/2025\/10\/massaro-768x768.jpg 768w, https:\/\/www.legacoopestense.coop\/unitidiamoformaalfuturo\/wp-content\/uploads\/2025\/10\/massaro-1536x1536.jpg 1536w, https:\/\/www.legacoopestense.coop\/unitidiamoformaalfuturo\/wp-content\/uploads\/2025\/10\/massaro-2048x2048.jpg 2048w\" sizes=\"(max-width: 2560px) 100vw, 2560px\" \/>\t\t\t\t\t\t\t\t\t\t\t\t\t\t\t<\/div>\n\t\t\t\t<\/div>\n\t\t\t\t<div class=\"elementor-element elementor-element-3fa2551 elementor-widget__width-initial elementor-widget elementor-widget-text-editor\" data-id=\"3fa2551\" data-element_type=\"widget\" data-e-type=\"widget\" data-widget_type=\"text-editor.default\">\n\t\t\t\t<div class=\"elementor-widget-container\">\n\t\t\t\t\t\t\t\t\t<p>La Castello \u00e8 una cooperativa di abitanti di Legacoop, nata a Ferrara nel 1971 per rispondere alla crescente domanda di case dovuta alla crescita demografica delle citt\u00e0 e alla migrazione dalle campagne negli anni \u201960. Per contrastare la conseguente speculazione edilizia, le persone si sono associate con lo scopo di edificare immobili alle migliori condizioni di mercato, con l\u2019apporto economico diretto dei soci e di finanziamenti bancari assistiti da contributi pubblici. La cooperazione ha permesso di rendere concreto il sogno di una casa, una famiglia, una vita in comunit\u00e0. Oggi, la societ\u00e0 \u00e8 cambiata e con lei la popolazione dei caseggiati che si trovano a Ferrara, Comacchio, Porto Garibaldi e Copparo: 1.059 soci, 731 appartamenti distribuiti in 24 complessi condominiali, 56% donne, 93% italiani, in prevalenza anziani. Ma lo scopo resta lo stesso, far vivere meglio le persone. Per capire come questo sia possibile, abbiamo incontrato gli abitanti di via Medini, nel quartiere Doro di Ferrara. Abbiamo ascoltato i loro racconti, siamo entrati nelle loro case e nei loro spazi condivisi, dove le panchine vengono aggiunte invece che tolte. Negli uffici amministrativi della cooperativa, nello sportello di ascolto, nello studio medico Julian Tudor Hart.<\/p><p><strong>Nel rispetto della privacy, di seguito abbiamo rimescolato storie e nomi, ma mantenuto la verit\u00e0 che ci \u00e8 stata affidata: una citt\u00e0 ideale \u00e8 possibile, basta creare le condizioni perch\u00e9 accada.<\/strong> <\/p>\t\t\t\t\t\t\t\t<\/div>\n\t\t\t\t<\/div>\n\t\t\t\t<\/div>\n\t\t\t\t<div class=\"elementor-element elementor-element-9f0f224 elementor-widget elementor-widget-heading\" data-id=\"9f0f224\" data-element_type=\"widget\" data-e-type=\"widget\" data-widget_type=\"heading.default\">\n\t\t\t\t<div class=\"elementor-widget-container\">\n\t\t\t\t\t<h3 class=\"elementor-heading-title elementor-size-default\">La citt\u00e0 ideale\n<br><i><small>di Stefania Andreotti<\/small><i><\/h3>\t\t\t\t<\/div>\n\t\t\t\t<\/div>\n\t\t\t\t<div class=\"elementor-element elementor-element-43d7f9e elementor-widget elementor-widget-text-editor\" data-id=\"43d7f9e\" data-element_type=\"widget\" data-e-type=\"widget\" data-widget_type=\"text-editor.default\">\n\t\t\t\t<div class=\"elementor-widget-container\">\n\t\t\t\t\t\t\t\t\t<p><strong>Maria e Luisa <\/strong><br \/>&#8220;Qui nessuno \u00e8 mai solo, neanche se vuole&#8221;, scherza Maria, seduta accanto a Luisa sulla panchina sotto casa. Attorno a loro c\u2019\u00e8 un silenzio rotto solo dalle cicale, ma, di l\u00ec a poco il viale inizia a popolarsi di abitanti. Finch\u00e9 la stagione lo permette, \u00e8 sempre cos\u00ec, complice il fresco dei giardini alberati lungo tutta via Medini, 150 metri di strada, una citt\u00e0 ideale appena fuori le mura di Ferrara, fatta di affitti calmierati, condivisione, verde pubblico, solidariet\u00e0 e servizi garantiti.<\/p><p>&#8220;Abbiamo 77 anni siamo coetanee, ma prima non ci conoscevamo. Lei \u00e8 vedova, io sono divorziata, perch\u00e9 stavo con un cretino e a un bel momento ho pensato che fosse meglio stare da sola e godermi la vita che mi rimane, tranquilla. Adesso quando ho voglia di compagnia vengo gi\u00f9 e c&#8217;\u00e8 sempre qualcuno con cui intrattenersi sulle ricette, sul tempo, ma mai pettegolezzi sugli altri. Non ci interessa sparlare. Poi ad una certa ora, quando mi stanco, torno su, chiudo la porta e buonanotte&#8221;. Bella la socialit\u00e0, ma anche la tranquillit\u00e0 domestica ha il suo valore, fa bene intendere Maria. E nel complesso abitativo della cooperativa Castello si possono trovare entrambe le cose. Un tetto e una vita dignitosa, anche per anziani, donne sole e stranieri, che qui sono la maggioranza.<\/p><p><strong>Toni<\/strong><br \/>&#8220;Io sono un ragazzo di 87 anni &#8211; scherza Antonio, detto Toni &#8211; sono arrivato qui per necessit\u00e0 e sono rimasto per scelta. Da ragazzo stavo in campagna, poi ho trovato lavoro al polo industriale qui vicino e, grazie a questa opportunit\u00e0, sono riuscito a trasferirmi in citt\u00e0. Da qui potevo andare in fabbrica con la bicicletta, perch\u00e9 avevo appena i soldi per la casa, figuriamoci l&#8217;auto. In questi anni ho trovato pi\u00f9 che dei vicini, dei veri amici. Abbiamo verde dappertutto e servizi vicini. C&#8217;\u00e8 la fermata dell&#8217;autobus, il supermercato e un ambulatorio medico di comunit\u00e0 che \u00e8 il pi\u00f9 all&#8217;avanguardia della citt\u00e0. Chi ce lo fa fare alla nostra et\u00e0 di andare via?&#8221;<\/p><p><strong>Gianni<\/strong><br \/>&#8220;Quando \u00e8 nata mia figlia, nel &#8217;79, mia moglie ed io vivevamo divisi, ognuno a casa dei suoi, perch\u00e9 non avevamo soldi per una casa nostra. Quell&#8217;anno la cooperativa Castello ha costruito questi condomini per la gente come noi che, pur avendo un lavoro, non riusciva a mettere da parte abbastanza soldi per un affitto o un mutuo. Un po&#8217; come succede adesso, purtroppo. Qui, versando una quota iniziale accessibile, abbiamo avuto il nostro appartamento, e siamo diventati a tutti gli effetti una famiglia&#8221;. Ancora si commuove Gianni a ricordare i suoi vent&#8217;anni: difficili, ma pieni di soddisfazioni.<\/p><p><strong>Vanni e i panchinari<\/strong><br \/>&#8220;Vieni Vanni che ci intervistano&#8221; in tre sono gi\u00e0 seduti ai loro posti sulla panchina, manca il quarto. &#8220;Basta che non sia Libero, il Giornale o la Verit\u00e0. Io parlo solo con la Repubblica, il Domani e il Manifesto&#8221;, ci tiene a chiarire Vanni, sedendosi accanto a loro. &#8220;Noi siamo i panchinari. Ci mettiamo qui un&#8217;oretta la mattina, poi torniamo al pomeriggio. Facciamo le nostre chiacchiere. Parliamo della Spal, anzi no scusa Arsss et Laborrr \u2013 dice sottolineando le consonanti, e ridono tutti, per non piangere delle tristi vicende della squadra di calcio ferrarese \u2013 parliamo anche di politica, e se ci arrabbiamo, allora passiamo alla roba da mangiare, che quella mette d&#8217;accordo tutti&#8221;. &#8220;Coi leghisti discutiamo, ma tra noi andiamo d&#8217;accordo&#8221; vuole sempre precisare Vanni, che da ex ferroviere ed ex sindacalista, non perdona nessuno. Tramvieri, metalmeccanici, operaie agricole, operatrici sanitarie qui c\u2019\u00e8 tutta una classe lavoratrice che negli anni Settanta ha potuto coronare il sogno di avere una propria abitazione grazie alla propriet\u00e0 indivisa, non un\u2019edilizia popolare, destinata a redditi pi\u00f9 bassi, ma cooperativa, che oltre alle quattro mura ha pensato anche alle quattro chiacchiere, per garantire una vita degna, fino alla fine.<\/p><p><strong>Chiara<\/strong><br \/>\u201cPer quarant\u2019anni ho vissuto nel centro storico della citt\u00e0, bellissimo per carit\u00e0, ma mancava qualcosa. Il senso di umanit\u00e0, di prossimit\u00e0 che c\u2019\u00e8 qui non si trova altrove. Non \u00e8 vicinato, \u00e8 vicinanza. Qualcosa di simile alle comuni dove ho vissuto da ragazza negli anni \u201990. Qui se vuoi puoi condividere spazi e tempo, ma puoi anche goderti il tuo privato\u201d. Chiara vive in via Medini da dieci anni e ci sta bene, non rimpiange la vita in centro. \u201cDa qui in bici posso arrivare comodamente a scuola dove insegno. Certo bisogna saper stare in un bilocale con il bagno cieco, ma sapendosi adattare, alla fine ti innamori\u201d.<\/p><p><strong>Miro e Rina<\/strong><br \/>\u201cPrendila, prendila, sta salendo sull\u2019albero\u201d. Urla Kateryna, detta Rina, dopo aver lanciato la palla contro la siepe per stanare una lucertola, che cerca disperatamente la via di fuga lungo il tronco di uno dei tigli. Ma Amir, ribattezzato Miro dagli abitanti del posto abituati a tradurre in versione locale i nomi stranieri, \u00e8 pi\u00f9 veloce del piccolo rettile, lo acchiappa e lo chiude delicatamente nella mano per portarlo fieramente in dono a Rina. Lei ha otto anni \u00e8 biondissima con gli occhi azzurri, \u00e8 arrivata dall\u2019Ucraina con la mamma quando \u00e8 scoppiata la guerra e qui ha trovato un po\u2019 di pace. Lui \u00e8 la terza generazione di emigrati dal Marocco, figlio di quella manodopera che cinquant\u2019anni fa ha contribuito a costruire le case dove poi sono rimasti ad abitare. Rina e Miro sono migliori amici, i loro pomeriggi sono fatti di avventure, giochi e rincorse lungo la via, finch\u00e9 qualcuno non intima loro di salire in casa a fare i compiti. Sotto gli occhi vigili e bonari dei tanti nonni di via Medini che tollerano i loro schiamazzi e non li perdono mai di vista.<\/p><p>\u00a0<\/p>\t\t\t\t\t\t\t\t<\/div>\n\t\t\t\t<\/div>\n\t\t<div class=\"elementor-element elementor-element-73bd2bd e-con-full e-flex e-con e-child\" data-id=\"73bd2bd\" data-element_type=\"container\" data-e-type=\"container\">\n\t\t\t\t<div class=\"elementor-element elementor-element-f85b019 elementor-widget__width-initial elementor-widget elementor-widget-image\" data-id=\"f85b019\" data-element_type=\"widget\" data-e-type=\"widget\" data-widget_type=\"image.default\">\n\t\t\t\t<div class=\"elementor-widget-container\">\n\t\t\t\t\t\t\t\t\t\t\t\t\t\t\t\t<a href=\"https:\/\/www.legacoopestense.coop\/unitidiamoformaalfuturo\/wp-content\/uploads\/2025\/10\/illustrazione_massaro_2.jpg\" data-elementor-open-lightbox=\"yes\" data-elementor-lightbox-title=\"illustrazione_massaro_2\" data-e-action-hash=\"#elementor-action%3Aaction%3Dlightbox%26settings%3DeyJpZCI6MTI3MSwidXJsIjoiaHR0cHM6XC9cL3d3dy5sZWdhY29vcGVzdGVuc2UuY29vcFwvdW5pdGlkaWFtb2Zvcm1hYWxmdXR1cm9cL3dwLWNvbnRlbnRcL3VwbG9hZHNcLzIwMjVcLzEwXC9pbGx1c3RyYXppb25lX21hc3Nhcm9fMi5qcGcifQ%3D%3D\">\n\t\t\t\t\t\t\t<img decoding=\"async\" width=\"968\" height=\"1283\" src=\"https:\/\/www.legacoopestense.coop\/unitidiamoformaalfuturo\/wp-content\/uploads\/2025\/10\/illustrazione_massaro_2.jpg\" class=\"attachment-full size-full wp-image-1271\" alt=\"\" srcset=\"https:\/\/www.legacoopestense.coop\/unitidiamoformaalfuturo\/wp-content\/uploads\/2025\/10\/illustrazione_massaro_2.jpg 968w, https:\/\/www.legacoopestense.coop\/unitidiamoformaalfuturo\/wp-content\/uploads\/2025\/10\/illustrazione_massaro_2-226x300.jpg 226w, https:\/\/www.legacoopestense.coop\/unitidiamoformaalfuturo\/wp-content\/uploads\/2025\/10\/illustrazione_massaro_2-773x1024.jpg 773w, https:\/\/www.legacoopestense.coop\/unitidiamoformaalfuturo\/wp-content\/uploads\/2025\/10\/illustrazione_massaro_2-768x1018.jpg 768w\" sizes=\"(max-width: 968px) 100vw, 968px\" \/>\t\t\t\t\t\t\t\t<\/a>\n\t\t\t\t\t\t\t\t\t\t\t\t\t\t\t<\/div>\n\t\t\t\t<\/div>\n\t\t<div class=\"elementor-element elementor-element-675f03d e-con-full e-flex e-con e-child\" data-id=\"675f03d\" data-element_type=\"container\" data-e-type=\"container\">\n\t\t\t\t<div class=\"elementor-element elementor-element-d4c8829 elementor-widget elementor-widget-text-editor\" data-id=\"d4c8829\" data-element_type=\"widget\" data-e-type=\"widget\" data-widget_type=\"text-editor.default\">\n\t\t\t\t<div class=\"elementor-widget-container\">\n\t\t\t\t\t\t\t\t\t<p><strong>Gina<\/strong><br \/>\u201cOgni tanto sposto il divano, giro l\u2019armadio, faccio un po\u2019 di cambiamenti, quando mio marito torna resta fermo sulla porta e chiede se ha sbagliato casa\u201d, sogghigna Gina, 80 anni portati splendidamente, un concentrato di energia e buon umore, piena di voglia di novit\u00e0, che esprime riarredando casa. Una cosa per\u00f2 resta sempre uguale. \u201cDa ogni angolo devo poter vedere fuori, il parco, il verde, le persone che passano\u201d. E questo non manca dalle ampie finestre, da cui entra luce e vita. Sul com\u00f2 le foto dei figli ormai grandi. \u201cAdesso questa casa \u00e8 tutta per noi, le siamo troppo affezionati per andarcene, e poi \u00e8 al piano terra, siamo comodi con tutto e ci sentiamo sicuri, mai soli\u201d. Dice, mentre sta gi\u00e0 pensando ad una nuova collocazione per il tavolo della cucina.<\/p><p><strong>Angela<\/strong><br \/>\u201cHo comprato i piatti di carta perch\u00e9 siamo tanti, ma li ho presi dorati, perch\u00e9 anche se compie cento anni, mia mamma resta una regina\u201d. Angela sta allestendo la sala ricreativa di via Medini perch\u00e9 il giorno dopo la mamma raggiunger\u00e0 l\u2019ambito traguardo del secolo di vita. \u201cSono in pensiero perch\u00e9 lei \u00e8 molto esigente e si aspetta che tutto sia all\u2019altezza dell\u2019occasione\u201d dice affaccendandosi tra tovaglie di lino e centrini di pizzo. \u201cAvremo la musica, i fiori, i palloncini, verranno parenti e vicini, ci sar\u00e0 anche l\u2019assessore per consegnare una targa, siamo tutti molto emozionati\u201d, e corre a mettere le bibite in frigo. Le feste comunitarie non sono una novit\u00e0 per gli abitanti, ci sono diverse occasioni in cui si uniscono tutti per mangiare, ballare e divertirsi assieme, come \u00e8 successo con la tavolata di Ferragosto, a cui hanno partecipato in 150. Ognuno ha portato qualcosa, ci si \u00e8 divisi i compiti e ne \u00e8 uscita una giornata indimenticabile, anche per chi non poteva andare al mare.<\/p><p><strong>Franca<\/strong><br \/>Quando c\u2019\u00e8 da organizzare eventi e mettere a tavola le persone, Franca \u00e8 sempre coinvolta. \u00c8 anche grazie a lei che dal luned\u00ec al venerd\u00ec nella sala incontro le persone che vivono sole, possono mangiare tutte assieme. \u201cPer qualcuno il pranzo \u00e8 il momento in cui si sente di pi\u00f9 la solitudine, se stiamo qui insieme, si affronta meglio, ci si distrae, e passa la tristezza\u201d. Poi si pu\u00f2 restare a giocare a carte \u2013 bridge e burraco vanno per la maggiore \u2013 ma si fanno anche corsi di cucito e altre attivit\u00e0 creative di intrattenimento, per alleggerire i pensieri e il passare del tempo.<\/p>\t\t\t\t\t\t\t\t<\/div>\n\t\t\t\t<\/div>\n\t\t\t\t<div class=\"elementor-element elementor-element-4dc107f elementor-widget elementor-widget-template\" data-id=\"4dc107f\" data-element_type=\"widget\" data-e-type=\"widget\" data-widget_type=\"template.default\">\n\t\t\t\t<div class=\"elementor-widget-container\">\n\t\t\t\t\t\t\t<div class=\"elementor-template\">\n\t\t\t\t\t<div data-elementor-type=\"section\" data-elementor-id=\"1221\" class=\"elementor elementor-1221\" data-elementor-post-type=\"elementor_library\">\n\t\t\t<div class=\"elementor-element elementor-element-ddc1cfa e-con-full e-flex e-con e-child\" data-id=\"ddc1cfa\" data-element_type=\"container\" data-e-type=\"container\">\n\t\t\t\t<div class=\"elementor-element elementor-element-b06410c elementor-widget-tablet_extra__width-inherit elementor-widget elementor-widget-heading\" data-id=\"b06410c\" data-element_type=\"widget\" data-e-type=\"widget\" data-widget_type=\"heading.default\">\n\t\t\t\t<div class=\"elementor-widget-container\">\n\t\t\t\t\t<h2 class=\"elementor-heading-title elementor-size-default\">Ti interessa questa illustrazione?<\/h2>\t\t\t\t<\/div>\n\t\t\t\t<\/div>\n\t\t\t\t<div class=\"elementor-element elementor-element-b529d81 elementor-widget elementor-widget-text-editor\" data-id=\"b529d81\" data-element_type=\"widget\" data-e-type=\"widget\" data-widget_type=\"text-editor.default\">\n\t\t\t\t<div class=\"elementor-widget-container\">\n\t\t\t\t\t\t\t\t\t<p>Puoi <span style=\"text-decoration: underline;\"><a href=\"https:\/\/www.theferrareser.com\/shop-poster\/\" target=\"_blank\" rel=\"noopener\">acquistare il poster qui<\/a><\/span><\/p>\t\t\t\t\t\t\t\t<\/div>\n\t\t\t\t<\/div>\n\t\t\t\t<div class=\"elementor-element elementor-element-bde0a29 elementor-widget__width-auto elementor-invisible elementor-widget elementor-widget-button\" data-id=\"bde0a29\" data-element_type=\"widget\" data-e-type=\"widget\" data-settings=\"{&quot;_animation&quot;:&quot;fadeIn&quot;,&quot;_animation_delay&quot;:200}\" data-widget_type=\"button.default\">\n\t\t\t\t<div class=\"elementor-widget-container\">\n\t\t\t\t\t\t\t\t\t<div class=\"elementor-button-wrapper\">\n\t\t\t\t\t<a class=\"elementor-button elementor-button-link elementor-size-sm\" href=\"https:\/\/www.theferrareser.com\/shop-poster\/\" target=\"_blank\">\n\t\t\t\t\t\t<span class=\"elementor-button-content-wrapper\">\n\t\t\t\t\t\t\t\t\t<span class=\"elementor-button-text\">Acquista<\/span>\n\t\t\t\t\t<\/span>\n\t\t\t\t\t<\/a>\n\t\t\t\t<\/div>\n\t\t\t\t\t\t\t\t<\/div>\n\t\t\t\t<\/div>\n\t\t\t\t<\/div>\n\t\t\t\t<\/div>\n\t\t\t\t<\/div>\n\t\t\t\t\t\t<\/div>\n\t\t\t\t<\/div>\n\t\t\t\t<\/div>\n\t\t\t\t<\/div>\n\t\t\t\t<\/div>\n\t\t<div class=\"elementor-element elementor-element-b6fdc0e e-con-full e-flex e-con e-parent\" data-id=\"b6fdc0e\" data-element_type=\"container\" data-e-type=\"container\" data-settings=\"{&quot;background_background&quot;:&quot;classic&quot;}\">\n\t\t\t\t<div class=\"elementor-element elementor-element-7a6ff48 elementor-widget__width-initial elementor-widget-tablet_extra__width-inherit elementor-widget elementor-widget-heading\" data-id=\"7a6ff48\" data-element_type=\"widget\" data-e-type=\"widget\" data-widget_type=\"heading.default\">\n\t\t\t\t<div class=\"elementor-widget-container\">\n\t\t\t\t\t<h2 class=\"elementor-heading-title elementor-size-default\">Leggi le altre storie<\/h2>\t\t\t\t<\/div>\n\t\t\t\t<\/div>\n\t\t<div class=\"elementor-element elementor-element-f35aec7 e-con-full e-flex e-con e-child\" data-id=\"f35aec7\" data-element_type=\"container\" data-e-type=\"container\">\n\t\t\t\t<div class=\"elementor-element elementor-element-d3ad46b elementor-widget-mobile__width-inherit elementor-invisible elementor-widget elementor-widget-text-editor\" data-id=\"d3ad46b\" data-element_type=\"widget\" data-e-type=\"widget\" data-settings=\"{&quot;_animation&quot;:&quot;fadeIn&quot;}\" data-widget_type=\"text-editor.default\">\n\t\t\t\t<div class=\"elementor-widget-container\">\n\t\t\t\t\t\t\t\t\t<h4><span style=\"font-weight: 400;\">12 storie di cooperazione, 12 viaggi nel tempo e nel futuro<\/span><\/h4><p><span style=\"font-weight: 400;\">Ogni mese, una storia.<br \/>Dalle lotte per la libert\u00e0 alle innovazioni di oggi, raccontiamo il passato e il presente della cooperazione attraverso <\/span><b>illustrazioni originali e racconti inediti<\/b><span style=\"font-weight: 400;\">.<\/span><\/p>\t\t\t\t\t\t\t\t<\/div>\n\t\t\t\t<\/div>\n\t\t\t\t<div class=\"elementor-element elementor-element-ee22979 elementor-widget__width-auto elementor-invisible elementor-widget elementor-widget-button\" data-id=\"ee22979\" data-element_type=\"widget\" data-e-type=\"widget\" data-settings=\"{&quot;_animation&quot;:&quot;fadeIn&quot;,&quot;_animation_delay&quot;:600}\" data-widget_type=\"button.default\">\n\t\t\t\t<div class=\"elementor-widget-container\">\n\t\t\t\t\t\t\t\t\t<div class=\"elementor-button-wrapper\">\n\t\t\t\t\t<a class=\"elementor-button elementor-button-link elementor-size-sm\" href=\"https:\/\/www.legacoopestense.coop\/unitidiamoformaalfuturo\/le-storie\/\">\n\t\t\t\t\t\t<span class=\"elementor-button-content-wrapper\">\n\t\t\t\t\t\t\t\t\t<span class=\"elementor-button-text\">Leggile tutte<\/span>\n\t\t\t\t\t<\/span>\n\t\t\t\t\t<\/a>\n\t\t\t\t<\/div>\n\t\t\t\t\t\t\t\t<\/div>\n\t\t\t\t<\/div>\n\t\t\t\t<\/div>\n\t\t\t\t<\/div>\n\t\t\t\t<\/div>\n\t\t","protected":false},"excerpt":{"rendered":"<p>Cooperativa Castello, una comunit\u00e0 di abitanti Illustrazione di Laura Massaro, storia di Stefania Andreotti La Castello \u00e8 una cooperativa di abitanti di Legacoop, nata a Ferrara nel 1971 per rispondere alla crescente domanda di case dovuta alla crescita demografica delle citt\u00e0 e alla migrazione dalle campagne negli anni \u201960. Per contrastare la conseguente speculazione edilizia, [&hellip;]<\/p>\n","protected":false},"author":2,"featured_media":0,"parent":11,"menu_order":0,"comment_status":"closed","ping_status":"closed","template":"","meta":{"footnotes":""},"class_list":["post-1180","page","type-page","status-publish","hentry"],"yoast_head":"<!-- This site is optimized with the Yoast SEO plugin v27.1.1 - https:\/\/yoast.com\/product\/yoast-seo-wordpress\/ -->\n<title>Cooperativa Castello - Uniti diamo Forma al Futuro<\/title>\n<meta name=\"robots\" content=\"index, follow, max-snippet:-1, max-image-preview:large, max-video-preview:-1\" \/>\n<link rel=\"canonical\" href=\"https:\/\/www.legacoopestense.coop\/unitidiamoformaalfuturo\/le-storie\/cooperativa-castello\/\" \/>\n<meta property=\"og:locale\" content=\"it_IT\" \/>\n<meta property=\"og:type\" content=\"article\" \/>\n<meta property=\"og:title\" content=\"Cooperativa Castello - Uniti diamo Forma al Futuro\" \/>\n<meta property=\"og:description\" content=\"Cooperativa Castello, una comunit\u00e0 di abitanti Illustrazione di Laura Massaro, storia di Stefania Andreotti La Castello \u00e8 una cooperativa di abitanti di Legacoop, nata a Ferrara nel 1971 per rispondere alla crescente domanda di case dovuta alla crescita demografica delle citt\u00e0 e alla migrazione dalle campagne negli anni \u201960. Per contrastare la conseguente speculazione edilizia, [&hellip;]\" \/>\n<meta property=\"og:url\" content=\"https:\/\/www.legacoopestense.coop\/unitidiamoformaalfuturo\/le-storie\/cooperativa-castello\/\" \/>\n<meta property=\"og:site_name\" content=\"Uniti diamo Forma al Futuro\" \/>\n<meta property=\"article:publisher\" content=\"https:\/\/www.facebook.com\/legacoopestense\" \/>\n<meta property=\"article:modified_time\" content=\"2025-10-02T14:19:09+00:00\" \/>\n<meta property=\"og:image\" content=\"https:\/\/www.legacoopestense.coop\/unitidiamoformaalfuturo\/wp-content\/uploads\/2025\/10\/massaro-scaled.jpg\" \/>\n\t<meta property=\"og:image:width\" content=\"2560\" \/>\n\t<meta property=\"og:image:height\" content=\"2560\" \/>\n\t<meta property=\"og:image:type\" content=\"image\/jpeg\" \/>\n<meta name=\"twitter:card\" content=\"summary_large_image\" \/>\n<meta name=\"twitter:site\" content=\"@LegacoopEstense\" \/>\n<meta name=\"twitter:label1\" content=\"Tempo di lettura stimato\" \/>\n\t<meta name=\"twitter:data1\" content=\"10 minuti\" \/>\n<script type=\"application\/ld+json\" class=\"yoast-schema-graph\">{\"@context\":\"https:\/\/schema.org\",\"@graph\":[{\"@type\":\"WebPage\",\"@id\":\"https:\/\/www.legacoopestense.coop\/unitidiamoformaalfuturo\/le-storie\/cooperativa-castello\/\",\"url\":\"https:\/\/www.legacoopestense.coop\/unitidiamoformaalfuturo\/le-storie\/cooperativa-castello\/\",\"name\":\"Cooperativa Castello - Uniti diamo Forma al Futuro\",\"isPartOf\":{\"@id\":\"https:\/\/www.legacoopestense.coop\/unitidiamoformaalfuturo\/#website\"},\"primaryImageOfPage\":{\"@id\":\"https:\/\/www.legacoopestense.coop\/unitidiamoformaalfuturo\/le-storie\/cooperativa-castello\/#primaryimage\"},\"image\":{\"@id\":\"https:\/\/www.legacoopestense.coop\/unitidiamoformaalfuturo\/le-storie\/cooperativa-castello\/#primaryimage\"},\"thumbnailUrl\":\"https:\/\/www.legacoopestense.coop\/unitidiamoformaalfuturo\/wp-content\/uploads\/2025\/10\/massaro-scaled.jpg\",\"datePublished\":\"2025-09-29T09:08:37+00:00\",\"dateModified\":\"2025-10-02T14:19:09+00:00\",\"breadcrumb\":{\"@id\":\"https:\/\/www.legacoopestense.coop\/unitidiamoformaalfuturo\/le-storie\/cooperativa-castello\/#breadcrumb\"},\"inLanguage\":\"it-IT\",\"potentialAction\":[{\"@type\":\"ReadAction\",\"target\":[\"https:\/\/www.legacoopestense.coop\/unitidiamoformaalfuturo\/le-storie\/cooperativa-castello\/\"]}]},{\"@type\":\"ImageObject\",\"inLanguage\":\"it-IT\",\"@id\":\"https:\/\/www.legacoopestense.coop\/unitidiamoformaalfuturo\/le-storie\/cooperativa-castello\/#primaryimage\",\"url\":\"https:\/\/www.legacoopestense.coop\/unitidiamoformaalfuturo\/wp-content\/uploads\/2025\/10\/massaro-scaled.jpg\",\"contentUrl\":\"https:\/\/www.legacoopestense.coop\/unitidiamoformaalfuturo\/wp-content\/uploads\/2025\/10\/massaro-scaled.jpg\",\"width\":2560,\"height\":2560},{\"@type\":\"BreadcrumbList\",\"@id\":\"https:\/\/www.legacoopestense.coop\/unitidiamoformaalfuturo\/le-storie\/cooperativa-castello\/#breadcrumb\",\"itemListElement\":[{\"@type\":\"ListItem\",\"position\":1,\"name\":\"Home\",\"item\":\"https:\/\/www.legacoopestense.coop\/unitidiamoformaalfuturo\/\"},{\"@type\":\"ListItem\",\"position\":2,\"name\":\"Le Storie\",\"item\":\"https:\/\/www.legacoopestense.coop\/unitidiamoformaalfuturo\/le-storie\/\"},{\"@type\":\"ListItem\",\"position\":3,\"name\":\"Cooperativa Castello\"}]},{\"@type\":\"WebSite\",\"@id\":\"https:\/\/www.legacoopestense.coop\/unitidiamoformaalfuturo\/#website\",\"url\":\"https:\/\/www.legacoopestense.coop\/unitidiamoformaalfuturo\/\",\"name\":\"Uniti diamo Forma al Futuro\",\"description\":\"Legacoop Estense\",\"publisher\":{\"@id\":\"https:\/\/www.legacoopestense.coop\/unitidiamoformaalfuturo\/#organization\"},\"potentialAction\":[{\"@type\":\"SearchAction\",\"target\":{\"@type\":\"EntryPoint\",\"urlTemplate\":\"https:\/\/www.legacoopestense.coop\/unitidiamoformaalfuturo\/?s={search_term_string}\"},\"query-input\":{\"@type\":\"PropertyValueSpecification\",\"valueRequired\":true,\"valueName\":\"search_term_string\"}}],\"inLanguage\":\"it-IT\"},{\"@type\":\"Organization\",\"@id\":\"https:\/\/www.legacoopestense.coop\/unitidiamoformaalfuturo\/#organization\",\"name\":\"Uniti diamo Forma al Futuro\",\"url\":\"https:\/\/www.legacoopestense.coop\/unitidiamoformaalfuturo\/\",\"logo\":{\"@type\":\"ImageObject\",\"inLanguage\":\"it-IT\",\"@id\":\"https:\/\/www.legacoopestense.coop\/unitidiamoformaalfuturo\/#\/schema\/logo\/image\/\",\"url\":\"https:\/\/www.legacoopestense.coop\/unitidiamoformaalfuturo\/wp-content\/uploads\/2025\/04\/Legacoop-Estense-2025IYC.webp\",\"contentUrl\":\"https:\/\/www.legacoopestense.coop\/unitidiamoformaalfuturo\/wp-content\/uploads\/2025\/04\/Legacoop-Estense-2025IYC.webp\",\"width\":512,\"height\":91,\"caption\":\"Uniti diamo Forma al Futuro\"},\"image\":{\"@id\":\"https:\/\/www.legacoopestense.coop\/unitidiamoformaalfuturo\/#\/schema\/logo\/image\/\"},\"sameAs\":[\"https:\/\/www.facebook.com\/legacoopestense\",\"https:\/\/x.com\/LegacoopEstense\",\"https:\/\/www.youtube.com\/channel\/UCxE6dZcxUwbcxqXVyik9M7A\"]}]}<\/script>\n<!-- \/ Yoast SEO plugin. -->","yoast_head_json":{"title":"Cooperativa Castello - Uniti diamo Forma al Futuro","robots":{"index":"index","follow":"follow","max-snippet":"max-snippet:-1","max-image-preview":"max-image-preview:large","max-video-preview":"max-video-preview:-1"},"canonical":"https:\/\/www.legacoopestense.coop\/unitidiamoformaalfuturo\/le-storie\/cooperativa-castello\/","og_locale":"it_IT","og_type":"article","og_title":"Cooperativa Castello - Uniti diamo Forma al Futuro","og_description":"Cooperativa Castello, una comunit\u00e0 di abitanti Illustrazione di Laura Massaro, storia di Stefania Andreotti La Castello \u00e8 una cooperativa di abitanti di Legacoop, nata a Ferrara nel 1971 per rispondere alla crescente domanda di case dovuta alla crescita demografica delle citt\u00e0 e alla migrazione dalle campagne negli anni \u201960. Per contrastare la conseguente speculazione edilizia, [&hellip;]","og_url":"https:\/\/www.legacoopestense.coop\/unitidiamoformaalfuturo\/le-storie\/cooperativa-castello\/","og_site_name":"Uniti diamo Forma al Futuro","article_publisher":"https:\/\/www.facebook.com\/legacoopestense","article_modified_time":"2025-10-02T14:19:09+00:00","og_image":[{"width":2560,"height":2560,"url":"https:\/\/www.legacoopestense.coop\/unitidiamoformaalfuturo\/wp-content\/uploads\/2025\/10\/massaro-scaled.jpg","type":"image\/jpeg"}],"twitter_card":"summary_large_image","twitter_site":"@LegacoopEstense","twitter_misc":{"Tempo di lettura stimato":"10 minuti"},"schema":{"@context":"https:\/\/schema.org","@graph":[{"@type":"WebPage","@id":"https:\/\/www.legacoopestense.coop\/unitidiamoformaalfuturo\/le-storie\/cooperativa-castello\/","url":"https:\/\/www.legacoopestense.coop\/unitidiamoformaalfuturo\/le-storie\/cooperativa-castello\/","name":"Cooperativa Castello - Uniti diamo Forma al Futuro","isPartOf":{"@id":"https:\/\/www.legacoopestense.coop\/unitidiamoformaalfuturo\/#website"},"primaryImageOfPage":{"@id":"https:\/\/www.legacoopestense.coop\/unitidiamoformaalfuturo\/le-storie\/cooperativa-castello\/#primaryimage"},"image":{"@id":"https:\/\/www.legacoopestense.coop\/unitidiamoformaalfuturo\/le-storie\/cooperativa-castello\/#primaryimage"},"thumbnailUrl":"https:\/\/www.legacoopestense.coop\/unitidiamoformaalfuturo\/wp-content\/uploads\/2025\/10\/massaro-scaled.jpg","datePublished":"2025-09-29T09:08:37+00:00","dateModified":"2025-10-02T14:19:09+00:00","breadcrumb":{"@id":"https:\/\/www.legacoopestense.coop\/unitidiamoformaalfuturo\/le-storie\/cooperativa-castello\/#breadcrumb"},"inLanguage":"it-IT","potentialAction":[{"@type":"ReadAction","target":["https:\/\/www.legacoopestense.coop\/unitidiamoformaalfuturo\/le-storie\/cooperativa-castello\/"]}]},{"@type":"ImageObject","inLanguage":"it-IT","@id":"https:\/\/www.legacoopestense.coop\/unitidiamoformaalfuturo\/le-storie\/cooperativa-castello\/#primaryimage","url":"https:\/\/www.legacoopestense.coop\/unitidiamoformaalfuturo\/wp-content\/uploads\/2025\/10\/massaro-scaled.jpg","contentUrl":"https:\/\/www.legacoopestense.coop\/unitidiamoformaalfuturo\/wp-content\/uploads\/2025\/10\/massaro-scaled.jpg","width":2560,"height":2560},{"@type":"BreadcrumbList","@id":"https:\/\/www.legacoopestense.coop\/unitidiamoformaalfuturo\/le-storie\/cooperativa-castello\/#breadcrumb","itemListElement":[{"@type":"ListItem","position":1,"name":"Home","item":"https:\/\/www.legacoopestense.coop\/unitidiamoformaalfuturo\/"},{"@type":"ListItem","position":2,"name":"Le Storie","item":"https:\/\/www.legacoopestense.coop\/unitidiamoformaalfuturo\/le-storie\/"},{"@type":"ListItem","position":3,"name":"Cooperativa Castello"}]},{"@type":"WebSite","@id":"https:\/\/www.legacoopestense.coop\/unitidiamoformaalfuturo\/#website","url":"https:\/\/www.legacoopestense.coop\/unitidiamoformaalfuturo\/","name":"Uniti diamo Forma al Futuro","description":"Legacoop Estense","publisher":{"@id":"https:\/\/www.legacoopestense.coop\/unitidiamoformaalfuturo\/#organization"},"potentialAction":[{"@type":"SearchAction","target":{"@type":"EntryPoint","urlTemplate":"https:\/\/www.legacoopestense.coop\/unitidiamoformaalfuturo\/?s={search_term_string}"},"query-input":{"@type":"PropertyValueSpecification","valueRequired":true,"valueName":"search_term_string"}}],"inLanguage":"it-IT"},{"@type":"Organization","@id":"https:\/\/www.legacoopestense.coop\/unitidiamoformaalfuturo\/#organization","name":"Uniti diamo Forma al Futuro","url":"https:\/\/www.legacoopestense.coop\/unitidiamoformaalfuturo\/","logo":{"@type":"ImageObject","inLanguage":"it-IT","@id":"https:\/\/www.legacoopestense.coop\/unitidiamoformaalfuturo\/#\/schema\/logo\/image\/","url":"https:\/\/www.legacoopestense.coop\/unitidiamoformaalfuturo\/wp-content\/uploads\/2025\/04\/Legacoop-Estense-2025IYC.webp","contentUrl":"https:\/\/www.legacoopestense.coop\/unitidiamoformaalfuturo\/wp-content\/uploads\/2025\/04\/Legacoop-Estense-2025IYC.webp","width":512,"height":91,"caption":"Uniti diamo Forma al Futuro"},"image":{"@id":"https:\/\/www.legacoopestense.coop\/unitidiamoformaalfuturo\/#\/schema\/logo\/image\/"},"sameAs":["https:\/\/www.facebook.com\/legacoopestense","https:\/\/x.com\/LegacoopEstense","https:\/\/www.youtube.com\/channel\/UCxE6dZcxUwbcxqXVyik9M7A"]}]}},"_links":{"self":[{"href":"https:\/\/www.legacoopestense.coop\/unitidiamoformaalfuturo\/wp-json\/wp\/v2\/pages\/1180","targetHints":{"allow":["GET"]}}],"collection":[{"href":"https:\/\/www.legacoopestense.coop\/unitidiamoformaalfuturo\/wp-json\/wp\/v2\/pages"}],"about":[{"href":"https:\/\/www.legacoopestense.coop\/unitidiamoformaalfuturo\/wp-json\/wp\/v2\/types\/page"}],"author":[{"embeddable":true,"href":"https:\/\/www.legacoopestense.coop\/unitidiamoformaalfuturo\/wp-json\/wp\/v2\/users\/2"}],"replies":[{"embeddable":true,"href":"https:\/\/www.legacoopestense.coop\/unitidiamoformaalfuturo\/wp-json\/wp\/v2\/comments?post=1180"}],"version-history":[{"count":7,"href":"https:\/\/www.legacoopestense.coop\/unitidiamoformaalfuturo\/wp-json\/wp\/v2\/pages\/1180\/revisions"}],"predecessor-version":[{"id":1292,"href":"https:\/\/www.legacoopestense.coop\/unitidiamoformaalfuturo\/wp-json\/wp\/v2\/pages\/1180\/revisions\/1292"}],"up":[{"embeddable":true,"href":"https:\/\/www.legacoopestense.coop\/unitidiamoformaalfuturo\/wp-json\/wp\/v2\/pages\/11"}],"wp:attachment":[{"href":"https:\/\/www.legacoopestense.coop\/unitidiamoformaalfuturo\/wp-json\/wp\/v2\/media?parent=1180"}],"curies":[{"name":"wp","href":"https:\/\/api.w.org\/{rel}","templated":true}]}}