{"id":1104,"date":"2025-09-22T18:18:51","date_gmt":"2025-09-22T16:18:51","guid":{"rendered":"https:\/\/www.legacoopestense.coop\/unitidiamoformaalfuturo\/?page_id=1104"},"modified":"2025-10-21T09:55:21","modified_gmt":"2025-10-21T07:55:21","slug":"il-teatro-anatomico-di-palazzo-paradiso","status":"publish","type":"page","link":"https:\/\/www.legacoopestense.coop\/unitidiamoformaalfuturo\/le-storie\/il-teatro-anatomico-di-palazzo-paradiso\/","title":{"rendered":"Il Teatro Anatomico di Palazzo Paradiso"},"content":{"rendered":"\t\t<div data-elementor-type=\"wp-page\" data-elementor-id=\"1104\" class=\"elementor elementor-1104\" data-elementor-post-type=\"page\">\n\t\t\t\t<div class=\"elementor-element elementor-element-9873f6a e-con-full e-flex e-con e-parent\" data-id=\"9873f6a\" data-element_type=\"container\" data-e-type=\"container\" data-settings=\"{&quot;background_background&quot;:&quot;classic&quot;}\">\n\t\t\t\t<\/div>\n\t\t<div class=\"elementor-element elementor-element-d94dbe2 e-con-full e-flex e-con e-parent\" data-id=\"d94dbe2\" data-element_type=\"container\" data-e-type=\"container\">\n\t\t\t\t<div class=\"elementor-element elementor-element-f6aac0f elementor-align-left elementor-widget elementor-widget-breadcrumbs\" data-id=\"f6aac0f\" data-element_type=\"widget\" data-e-type=\"widget\" data-widget_type=\"breadcrumbs.default\">\n\t\t\t\t<div class=\"elementor-widget-container\">\n\t\t\t\t\t<p id=\"breadcrumbs\"><span><span><a href=\"https:\/\/www.legacoopestense.coop\/unitidiamoformaalfuturo\/\">Home<\/a><\/span><\/span><\/p>\t\t\t\t<\/div>\n\t\t\t\t<\/div>\n\t\t\t\t<div class=\"elementor-element elementor-element-aed6630 elementor-widget elementor-widget-heading\" data-id=\"aed6630\" data-element_type=\"widget\" data-e-type=\"widget\" data-widget_type=\"heading.default\">\n\t\t\t\t<div class=\"elementor-widget-container\">\n\t\t\t\t\t<h2 class=\"elementor-heading-title elementor-size-default\">Il Teatro Anatomico di Palazzo Paradiso <br>\n<small><i>Illustrazione di Chiara Sgarbi, storia di Alice Pelucchi<\/i><\/small><\/h2>\t\t\t\t<\/div>\n\t\t\t\t<\/div>\n\t\t<div class=\"elementor-element elementor-element-e380b77 e-con-full e-flex e-con e-child\" data-id=\"e380b77\" data-element_type=\"container\" data-e-type=\"container\">\n\t\t\t\t<div class=\"elementor-element elementor-element-ca83ef0 elementor-widget elementor-widget-image\" data-id=\"ca83ef0\" data-element_type=\"widget\" data-e-type=\"widget\" data-widget_type=\"image.default\">\n\t\t\t\t<div class=\"elementor-widget-container\">\n\t\t\t\t\t\t\t\t\t\t\t\t\t\t\t\t<a href=\"https:\/\/www.legacoopestense.coop\/unitidiamoformaalfuturo\/wp-content\/uploads\/2025\/10\/sgarbi-scaled.jpg\" data-elementor-open-lightbox=\"yes\" data-elementor-lightbox-title=\"Illustrazione_sgarbi\" data-e-action-hash=\"#elementor-action%3Aaction%3Dlightbox%26settings%3DeyJpZCI6MTI2NywidXJsIjoiaHR0cHM6XC9cL3d3dy5sZWdhY29vcGVzdGVuc2UuY29vcFwvdW5pdGlkaWFtb2Zvcm1hYWxmdXR1cm9cL3dwLWNvbnRlbnRcL3VwbG9hZHNcLzIwMjVcLzEwXC9zZ2FyYmktc2NhbGVkLmpwZyJ9\">\n\t\t\t\t\t\t\t<img fetchpriority=\"high\" decoding=\"async\" width=\"2560\" height=\"2560\" src=\"https:\/\/www.legacoopestense.coop\/unitidiamoformaalfuturo\/wp-content\/uploads\/2025\/10\/sgarbi-scaled.jpg\" class=\"attachment-full size-full wp-image-1267\" alt=\"\" srcset=\"https:\/\/www.legacoopestense.coop\/unitidiamoformaalfuturo\/wp-content\/uploads\/2025\/10\/sgarbi-scaled.jpg 2560w, https:\/\/www.legacoopestense.coop\/unitidiamoformaalfuturo\/wp-content\/uploads\/2025\/10\/sgarbi-300x300.jpg 300w, https:\/\/www.legacoopestense.coop\/unitidiamoformaalfuturo\/wp-content\/uploads\/2025\/10\/sgarbi-1024x1024.jpg 1024w, https:\/\/www.legacoopestense.coop\/unitidiamoformaalfuturo\/wp-content\/uploads\/2025\/10\/sgarbi-150x150.jpg 150w, https:\/\/www.legacoopestense.coop\/unitidiamoformaalfuturo\/wp-content\/uploads\/2025\/10\/sgarbi-768x768.jpg 768w, https:\/\/www.legacoopestense.coop\/unitidiamoformaalfuturo\/wp-content\/uploads\/2025\/10\/sgarbi-1536x1536.jpg 1536w, https:\/\/www.legacoopestense.coop\/unitidiamoformaalfuturo\/wp-content\/uploads\/2025\/10\/sgarbi-2048x2048.jpg 2048w\" sizes=\"(max-width: 2560px) 100vw, 2560px\" \/>\t\t\t\t\t\t\t\t<\/a>\n\t\t\t\t\t\t\t\t\t\t\t\t\t\t\t<\/div>\n\t\t\t\t<\/div>\n\t\t\t\t<div class=\"elementor-element elementor-element-6936e68 elementor-widget__width-initial elementor-widget elementor-widget-text-editor\" data-id=\"6936e68\" data-element_type=\"widget\" data-e-type=\"widget\" data-widget_type=\"text-editor.default\">\n\t\t\t\t<div class=\"elementor-widget-container\">\n\t\t\t\t\t\t\t\t\t<p>Parto da una confessione: con il termine teatro anatomico la prima cosa a cui penso \u00e8 un\u2019opera uscita dalla mente di Rudolf Steiner, come il \u201cGoetheanum\u201d: un edificio curvilineo fatto per accogliere ogni forma d\u2019arte in modo organico. Poi mi rendo conto che \u00e8 una mia deriva e scivolo nell\u2019estremo opposto, verso la sala operatoria lugubre di The Knick, nella New York di inizio \u2018900, dove la chirurgia \u00e8 spettacolo e sfoggio dell\u2019ego dei medici, con un realismo al limite della sopportazione \u2014 anche per chi, come me, \u00e8 cresciuta tra film di Dario Argento e racconti di interventi.<\/p><p>Questa sala interamente di legno non appartiene a nessuno dei due estremi: il teatro anatomico di Palazzo Paradiso \u00e8 molto luminoso, geometrico, progettato per offrire una visuale ottimale sul tavolo di dissezione e lo trovo stranamente accogliente. L\u2019intervento in occasione dei 50 anni della cooperativa Copma \u2013 40mila euro erogati tramite l\u2019Art Bonus \u2013 \u00e8 iniziato con la disinfestazione antitarlo che ha sigillato e saturato con anidride carbonica la stanza ottagonale. Poi c\u2019\u00e8 stato il trattamento a spruzzo, la stuccatura delle perforazioni e infine la riscoperta dell\u2019azzurro del settecento.<\/p><p>Infatti quello che mi colpisce di pi\u00f9 entrando, messo in risalto da un limpido sabato mattina che filtra dalle vetrate, \u00e8 il colore delle gradinate di legno. Prima di iniziare il restauro del 2021, Copma, la Soprintendenza e il restauratore Alberto Sorpilli hanno ragionato a lungo se riscoprire la tonalit\u00e0 vivace del \u2018700 oppure mantenere quella pi\u00f9 smorzata del 1986. La scelta \u00e8 ricaduta sul colore originario e ne sono felice, ma ripenso a come invece sia la precedente nuance tenue quella che circondava mia nonna quando presentava per la prima volta le sue ricerche di anatomia patologica, poi diventate la base del suo lavoro di una vita. Nei suoi racconti per me quei giorni odorano di formaldeide e hanno il suono dei topini nello stabulario del Mammuth. Ora quei ricordi hanno anche uno sfondo pastello.<\/p><p>In epoca recente qui le presentazioni erano perlopi\u00f9 riservate ai soli membri dell\u2019Ateneo, ma per almeno mezzo secolo dopo la sua costruzione, nel 1731, le dissezioni erano davvero aperte al pubblico. \u00c8 strano pensare a come siano state anche per molto tempo uno spettacolo itinerante: i teatri smontabili duravano solo per il periodo delle lezioni e i tavoli anatomici venivano posizionati in locali sia pubblici che privati, come chiese, case di professori, collegi o botteghe. Solo quando il pubblico divenne troppo numeroso si decise di erigere un teatro permanente, dotato di luce naturale e temperatura adeguata.<\/p>\t\t\t\t\t\t\t\t<\/div>\n\t\t\t\t<\/div>\n\t\t\t\t<\/div>\n\t\t\t\t<div class=\"elementor-element elementor-element-d976e0f elementor-widget elementor-widget-text-editor\" data-id=\"d976e0f\" data-element_type=\"widget\" data-e-type=\"widget\" data-widget_type=\"text-editor.default\">\n\t\t\t\t<div class=\"elementor-widget-container\">\n\t\t\t\t\t\t\t\t\t<p>Mi guardo intorno ricordando di aver letto di tre ingressi: l\u2019ampia porta del docente verso il cortile di Palazzo Paradiso, l\u2019ingresso degli studenti sul lato opposto e lo sportello stretto per il passaggio dei cadaveri. Ma ne conto quattro. Devo assolutamente togliermi questo dubbio: secondo l\u2019IA la quarta porta \u2013 in origine finestra di illuminazione o servizio \u2013 \u00e8 stata adattata solo in epoca moderna per l\u2019ingresso dei visitatori. Anche sull\u2019identit\u00e0 dei quattro busti in marmo, non facenti parte della decorazione del Settecento, l\u2019IA non pu\u00f2 trattenersi dal darmi una risposta, pur ammettendone l\u2019incertezza: tra le effigi potrebbero esserci Giovanni Battista Canani, anatomista ferrarese che ha dato il nome a una parte della mano, Giacinto Agnelli, Girolamo Fabrici d\u2019Acquapendente e Marcello Malpighi. Un\u2019amica mi ha raccontato che uno dei busti fu scalpellato via dai goliardi qualche anno fa, forse per la somiglianza con un loro compagno. Ora comunque sono tornati insieme, chiunque essi siano.<\/p><p>Seduta sugli spalti di fronte all\u2019ingresso principale, il mio sguardo si fissa sul pavimento: sar\u00e0 originale, consumato dal sangue, dai secchi e dalla segatura? In effetti attorno al tavolo risulta pi\u00f9 lucido, probabilmente per i passaggi di chi si occupava delle pulizie. Le mie elucubrazioni su dove andasse a finire il sangue vengono interrotte dall\u2019entrata di un ragazzo. \u00c8 uno studente di medicina che ha portato un amico a visitare il teatro. Mi racconta che all\u2019epoca Ferrara era tra le poche citt\u00e0 in Europa a poter disporre di cadaveri freschi: le universit\u00e0 di Bologna, Padova e Ferrara si approvvigionavano per le loro dissezioni soprattutto tra i condannati a morte o negli ospedali. Nella nostra citt\u00e0, in particolare, gli studi di anatomia erano gi\u00e0 molto consolidati e, anche dopo la devoluzione estense verso il controllo pontificio, c\u2019era un\u2019inusuale disponibilit\u00e0 di corpi. Al contrario di quanto pensassi, la Chiesa allora non poneva grossi ostacoli all\u2019utilizzo di cadaveri a fini scientifici e didattici.<\/p>\t\t\t\t\t\t\t\t<\/div>\n\t\t\t\t<\/div>\n\t\t<div class=\"elementor-element elementor-element-ba6ec16 e-con-full e-flex e-con e-child\" data-id=\"ba6ec16\" data-element_type=\"container\" data-e-type=\"container\">\n\t\t\t\t<div class=\"elementor-element elementor-element-7645c08 elementor-widget__width-initial elementor-widget elementor-widget-image\" data-id=\"7645c08\" data-element_type=\"widget\" data-e-type=\"widget\" data-widget_type=\"image.default\">\n\t\t\t\t<div class=\"elementor-widget-container\">\n\t\t\t\t\t\t\t\t\t\t\t\t\t\t\t\t<a href=\"https:\/\/www.legacoopestense.coop\/unitidiamoformaalfuturo\/wp-content\/uploads\/2025\/10\/illustrazione_sgarbi_2.jpg\" data-elementor-open-lightbox=\"yes\" data-elementor-lightbox-title=\"illustrazione_sgarbi_2\" data-e-action-hash=\"#elementor-action%3Aaction%3Dlightbox%26settings%3DeyJpZCI6MTI3NiwidXJsIjoiaHR0cHM6XC9cL3d3dy5sZWdhY29vcGVzdGVuc2UuY29vcFwvdW5pdGlkaWFtb2Zvcm1hYWxmdXR1cm9cL3dwLWNvbnRlbnRcL3VwbG9hZHNcLzIwMjVcLzEwXC9pbGx1c3RyYXppb25lX3NnYXJiaV8yLmpwZyJ9\">\n\t\t\t\t\t\t\t<img decoding=\"async\" width=\"1229\" height=\"1538\" src=\"https:\/\/www.legacoopestense.coop\/unitidiamoformaalfuturo\/wp-content\/uploads\/2025\/10\/illustrazione_sgarbi_2.jpg\" class=\"attachment-full size-full wp-image-1276\" alt=\"\" srcset=\"https:\/\/www.legacoopestense.coop\/unitidiamoformaalfuturo\/wp-content\/uploads\/2025\/10\/illustrazione_sgarbi_2.jpg 1229w, https:\/\/www.legacoopestense.coop\/unitidiamoformaalfuturo\/wp-content\/uploads\/2025\/10\/illustrazione_sgarbi_2-240x300.jpg 240w, https:\/\/www.legacoopestense.coop\/unitidiamoformaalfuturo\/wp-content\/uploads\/2025\/10\/illustrazione_sgarbi_2-818x1024.jpg 818w, https:\/\/www.legacoopestense.coop\/unitidiamoformaalfuturo\/wp-content\/uploads\/2025\/10\/illustrazione_sgarbi_2-768x961.jpg 768w, https:\/\/www.legacoopestense.coop\/unitidiamoformaalfuturo\/wp-content\/uploads\/2025\/10\/illustrazione_sgarbi_2-1227x1536.jpg 1227w\" sizes=\"(max-width: 1229px) 100vw, 1229px\" \/>\t\t\t\t\t\t\t\t<\/a>\n\t\t\t\t\t\t\t\t\t\t\t\t\t\t\t<\/div>\n\t\t\t\t<\/div>\n\t\t<div class=\"elementor-element elementor-element-4df1f30 e-con-full e-flex e-con e-child\" data-id=\"4df1f30\" data-element_type=\"container\" data-e-type=\"container\">\n\t\t\t\t<div class=\"elementor-element elementor-element-2bd645f elementor-widget elementor-widget-text-editor\" data-id=\"2bd645f\" data-element_type=\"widget\" data-e-type=\"widget\" data-widget_type=\"text-editor.default\">\n\t\t\t\t<div class=\"elementor-widget-container\">\n\t\t\t\t\t\t\t\t\t<p>Questo teatro nell\u2019Ottocento \u00e8 stato soppiantato da quello nel nuovo padiglione del Sant\u2019Anna. E cos\u00ec Ferrara divenne una sorta di \u201cteatro anatomico all\u2019aperto\u201d: questa definizione provocatoria non \u00e8 mia, ma di Daniela Fratti, scrittrice e storica della medicina (e, tra le altre cose, anche allieva di mia nonna) che mi racconta delle numerose lettere dell\u2019epoca da parte di cittadini infuriati per l\u2019odore di formaldeide e decomposizione che invadeva il centro, nella zona dietro al Boldini. La questione della pulizia e della sanificazione stava diventando centrale. E lo \u00e8 ancora. Come per Copma, fondata negli anni \u201970 da un gruppo di donne con secchielli e scope e oggi diventata partner scientifico dell\u2019Universit\u00e0 di Ferrara. Il loro PCHS\u00ae (Probiotic Cleaning Hygiene System) combina un mop tecnico con detergenti a base di colture microbiche: batteri buoni che colonizzano le superfici e impediscono ai patogeni di proliferare. Ormai numerosi studi internazionali, condotti dal Centro Ricerche CIAS e dall\u2019Azienda Ospedaliera di Ferrara, ne hanno certificato l\u2019efficacia a lungo termine, tanto da definirlo \u201cil vaccino per le superfici\u201d. Me le immagino un po\u2019 come streghe dei nostri tempi, a cavallo di un mop invece che di una scopa, mentre compiono rituali di purificazione e protezione. Oggi il PCHS\u00ae \u00e8 applicato con successo in ambulatori, ospedali e scuole, anche se il suo utilizzo non \u00e8 ancora cos\u00ec diffuso come potrebbe.<\/p>\t\t\t\t\t\t\t\t<\/div>\n\t\t\t\t<\/div>\n\t\t\t\t<div class=\"elementor-element elementor-element-85cec86 elementor-widget elementor-widget-heading\" data-id=\"85cec86\" data-element_type=\"widget\" data-e-type=\"widget\" data-widget_type=\"heading.default\">\n\t\t\t\t<div class=\"elementor-widget-container\">\n\t\t\t\t\t<h3 class=\"elementor-heading-title elementor-size-default\">Nella Breve storia del corpo umano, Bill Bryson ci ricorda che anche dentro di noi siamo pi\u00f9 microbi che cellule umane.<\/h3>\t\t\t\t<\/div>\n\t\t\t\t<\/div>\n\t\t\t\t<div class=\"elementor-element elementor-element-a64b053 elementor-widget elementor-widget-text-editor\" data-id=\"a64b053\" data-element_type=\"widget\" data-e-type=\"widget\" data-widget_type=\"text-editor.default\">\n\t\t\t\t<div class=\"elementor-widget-container\">\n\t\t\t\t\t\t\t\t\t<p>Copma lavora proprio in armonia con questa osservazione: non sterminare a tappeto, bens\u00ec selezionare alleati con cui cooperare. Che poi \u00e8 lo stesso concetto del microbiota intestinale, solo che mentre i media lo usano per venderci un altro yogurt che ci cambier\u00e0 la vita, Copma lo ha reso una reale forma di protezione della salute e dell\u2019ambiente. Prima di lasciare il teatro, mi fermo un momento per respirare tutto quello che \u00e8 successo in questo luogo. Ogni gesto in fondo, dissezionare un cadavere oppure passare un mop, pu\u00f2 diventare un atto di cura collettiva.<\/p>\t\t\t\t\t\t\t\t<\/div>\n\t\t\t\t<\/div>\n\t\t\t\t<div class=\"elementor-element elementor-element-0004efd elementor-widget elementor-widget-template\" data-id=\"0004efd\" data-element_type=\"widget\" data-e-type=\"widget\" data-widget_type=\"template.default\">\n\t\t\t\t<div class=\"elementor-widget-container\">\n\t\t\t\t\t\t\t<div class=\"elementor-template\">\n\t\t\t\t\t<div data-elementor-type=\"section\" data-elementor-id=\"1221\" class=\"elementor elementor-1221\" data-elementor-post-type=\"elementor_library\">\n\t\t\t<div class=\"elementor-element elementor-element-ddc1cfa e-con-full e-flex e-con e-child\" data-id=\"ddc1cfa\" data-element_type=\"container\" data-e-type=\"container\">\n\t\t\t\t<div class=\"elementor-element elementor-element-b06410c elementor-widget-tablet_extra__width-inherit elementor-widget elementor-widget-heading\" data-id=\"b06410c\" data-element_type=\"widget\" data-e-type=\"widget\" data-widget_type=\"heading.default\">\n\t\t\t\t<div class=\"elementor-widget-container\">\n\t\t\t\t\t<h2 class=\"elementor-heading-title elementor-size-default\">Ti interessa questa illustrazione?<\/h2>\t\t\t\t<\/div>\n\t\t\t\t<\/div>\n\t\t\t\t<div class=\"elementor-element elementor-element-b529d81 elementor-widget elementor-widget-text-editor\" data-id=\"b529d81\" data-element_type=\"widget\" data-e-type=\"widget\" data-widget_type=\"text-editor.default\">\n\t\t\t\t<div class=\"elementor-widget-container\">\n\t\t\t\t\t\t\t\t\t<p>Puoi <span style=\"text-decoration: underline;\"><a href=\"https:\/\/www.theferrareser.com\/shop-poster\/\" target=\"_blank\" rel=\"noopener\">acquistare il poster qui<\/a><\/span><\/p>\t\t\t\t\t\t\t\t<\/div>\n\t\t\t\t<\/div>\n\t\t\t\t<div class=\"elementor-element elementor-element-bde0a29 elementor-widget__width-auto elementor-invisible elementor-widget elementor-widget-button\" data-id=\"bde0a29\" data-element_type=\"widget\" data-e-type=\"widget\" data-settings=\"{&quot;_animation&quot;:&quot;fadeIn&quot;,&quot;_animation_delay&quot;:200}\" data-widget_type=\"button.default\">\n\t\t\t\t<div class=\"elementor-widget-container\">\n\t\t\t\t\t\t\t\t\t<div class=\"elementor-button-wrapper\">\n\t\t\t\t\t<a class=\"elementor-button elementor-button-link elementor-size-sm\" href=\"https:\/\/www.theferrareser.com\/shop-poster\/\" target=\"_blank\">\n\t\t\t\t\t\t<span class=\"elementor-button-content-wrapper\">\n\t\t\t\t\t\t\t\t\t<span class=\"elementor-button-text\">Acquista<\/span>\n\t\t\t\t\t<\/span>\n\t\t\t\t\t<\/a>\n\t\t\t\t<\/div>\n\t\t\t\t\t\t\t\t<\/div>\n\t\t\t\t<\/div>\n\t\t\t\t<\/div>\n\t\t\t\t<\/div>\n\t\t\t\t<\/div>\n\t\t\t\t\t\t<\/div>\n\t\t\t\t<\/div>\n\t\t\t\t<\/div>\n\t\t\t\t<\/div>\n\t\t\t\t<\/div>\n\t\t<div class=\"elementor-element elementor-element-c553114 e-con-full e-flex e-con e-parent\" data-id=\"c553114\" data-element_type=\"container\" data-e-type=\"container\" data-settings=\"{&quot;background_background&quot;:&quot;classic&quot;}\">\n\t\t\t\t<div class=\"elementor-element elementor-element-7d5621b elementor-widget__width-initial elementor-widget-tablet_extra__width-inherit elementor-widget elementor-widget-heading\" data-id=\"7d5621b\" data-element_type=\"widget\" data-e-type=\"widget\" data-widget_type=\"heading.default\">\n\t\t\t\t<div class=\"elementor-widget-container\">\n\t\t\t\t\t<h2 class=\"elementor-heading-title elementor-size-default\">Leggi le altre storie<\/h2>\t\t\t\t<\/div>\n\t\t\t\t<\/div>\n\t\t<div class=\"elementor-element elementor-element-490d7de e-con-full e-flex e-con e-child\" data-id=\"490d7de\" data-element_type=\"container\" data-e-type=\"container\">\n\t\t\t\t<div class=\"elementor-element elementor-element-161a504 elementor-widget-mobile__width-inherit elementor-invisible elementor-widget elementor-widget-text-editor\" data-id=\"161a504\" data-element_type=\"widget\" data-e-type=\"widget\" data-settings=\"{&quot;_animation&quot;:&quot;fadeIn&quot;}\" data-widget_type=\"text-editor.default\">\n\t\t\t\t<div class=\"elementor-widget-container\">\n\t\t\t\t\t\t\t\t\t<h4><span style=\"font-weight: 400;\">12 storie di cooperazione, 12 viaggi nel tempo e nel futuro<\/span><\/h4><p><span style=\"font-weight: 400;\">Ogni mese, una storia.<br \/>Dalle lotte per la libert\u00e0 alle innovazioni di oggi, raccontiamo il passato e il presente della cooperazione attraverso <\/span><b>illustrazioni originali e racconti inediti<\/b><span style=\"font-weight: 400;\">.<\/span><\/p>\t\t\t\t\t\t\t\t<\/div>\n\t\t\t\t<\/div>\n\t\t\t\t<div class=\"elementor-element elementor-element-c83ac52 elementor-widget__width-auto elementor-invisible elementor-widget elementor-widget-button\" data-id=\"c83ac52\" data-element_type=\"widget\" data-e-type=\"widget\" data-settings=\"{&quot;_animation&quot;:&quot;fadeIn&quot;,&quot;_animation_delay&quot;:600}\" data-widget_type=\"button.default\">\n\t\t\t\t<div class=\"elementor-widget-container\">\n\t\t\t\t\t\t\t\t\t<div class=\"elementor-button-wrapper\">\n\t\t\t\t\t<a class=\"elementor-button elementor-button-link elementor-size-sm\" href=\"https:\/\/www.legacoopestense.coop\/unitidiamoformaalfuturo\/le-storie\/\">\n\t\t\t\t\t\t<span class=\"elementor-button-content-wrapper\">\n\t\t\t\t\t\t\t\t\t<span class=\"elementor-button-text\">Leggile tutte<\/span>\n\t\t\t\t\t<\/span>\n\t\t\t\t\t<\/a>\n\t\t\t\t<\/div>\n\t\t\t\t\t\t\t\t<\/div>\n\t\t\t\t<\/div>\n\t\t\t\t<\/div>\n\t\t\t\t<\/div>\n\t\t\t\t<\/div>\n\t\t","protected":false},"excerpt":{"rendered":"<p>Il Teatro Anatomico di Palazzo Paradiso Illustrazione di Chiara Sgarbi, storia di Alice Pelucchi Parto da una confessione: con il termine teatro anatomico la prima cosa a cui penso \u00e8 un\u2019opera uscita dalla mente di Rudolf Steiner, come il \u201cGoetheanum\u201d: un edificio curvilineo fatto per accogliere ogni forma d\u2019arte in modo organico. Poi mi rendo [&hellip;]<\/p>\n","protected":false},"author":2,"featured_media":0,"parent":11,"menu_order":0,"comment_status":"closed","ping_status":"closed","template":"","meta":{"footnotes":""},"class_list":["post-1104","page","type-page","status-publish","hentry"],"yoast_head":"<!-- This site is optimized with the Yoast SEO plugin v27.1.1 - https:\/\/yoast.com\/product\/yoast-seo-wordpress\/ -->\n<title>Il Teatro Anatomico di Palazzo Paradiso - Uniti diamo Forma al Futuro<\/title>\n<meta name=\"robots\" content=\"noindex, nofollow\" \/>\n<meta property=\"og:locale\" content=\"it_IT\" \/>\n<meta property=\"og:type\" content=\"article\" \/>\n<meta property=\"og:title\" content=\"Il Teatro Anatomico di Palazzo Paradiso - Uniti diamo Forma al Futuro\" \/>\n<meta property=\"og:description\" content=\"Il Teatro Anatomico di Palazzo Paradiso Illustrazione di Chiara Sgarbi, storia di Alice Pelucchi Parto da una confessione: con il termine teatro anatomico la prima cosa a cui penso \u00e8 un\u2019opera uscita dalla mente di Rudolf Steiner, come il \u201cGoetheanum\u201d: un edificio curvilineo fatto per accogliere ogni forma d\u2019arte in modo organico. Poi mi rendo [&hellip;]\" \/>\n<meta property=\"og:url\" content=\"https:\/\/www.legacoopestense.coop\/unitidiamoformaalfuturo\/le-storie\/il-teatro-anatomico-di-palazzo-paradiso\/\" \/>\n<meta property=\"og:site_name\" content=\"Uniti diamo Forma al Futuro\" \/>\n<meta property=\"article:publisher\" content=\"https:\/\/www.facebook.com\/legacoopestense\" \/>\n<meta property=\"article:modified_time\" content=\"2025-10-21T07:55:21+00:00\" \/>\n<meta property=\"og:image\" content=\"https:\/\/www.legacoopestense.coop\/unitidiamoformaalfuturo\/wp-content\/uploads\/2025\/10\/sgarbi-scaled.jpg\" \/>\n\t<meta property=\"og:image:width\" content=\"2560\" \/>\n\t<meta property=\"og:image:height\" content=\"2560\" \/>\n\t<meta property=\"og:image:type\" content=\"image\/jpeg\" \/>\n<meta name=\"twitter:card\" content=\"summary_large_image\" \/>\n<meta name=\"twitter:site\" content=\"@LegacoopEstense\" \/>\n<meta name=\"twitter:label1\" content=\"Tempo di lettura stimato\" \/>\n\t<meta name=\"twitter:data1\" content=\"7 minuti\" \/>\n<script type=\"application\/ld+json\" class=\"yoast-schema-graph\">{\"@context\":\"https:\/\/schema.org\",\"@graph\":[{\"@type\":\"WebPage\",\"@id\":\"https:\/\/www.legacoopestense.coop\/unitidiamoformaalfuturo\/le-storie\/il-teatro-anatomico-di-palazzo-paradiso\/\",\"url\":\"https:\/\/www.legacoopestense.coop\/unitidiamoformaalfuturo\/le-storie\/il-teatro-anatomico-di-palazzo-paradiso\/\",\"name\":\"Il Teatro Anatomico di Palazzo Paradiso - Uniti diamo Forma al Futuro\",\"isPartOf\":{\"@id\":\"https:\/\/www.legacoopestense.coop\/unitidiamoformaalfuturo\/#website\"},\"primaryImageOfPage\":{\"@id\":\"https:\/\/www.legacoopestense.coop\/unitidiamoformaalfuturo\/le-storie\/il-teatro-anatomico-di-palazzo-paradiso\/#primaryimage\"},\"image\":{\"@id\":\"https:\/\/www.legacoopestense.coop\/unitidiamoformaalfuturo\/le-storie\/il-teatro-anatomico-di-palazzo-paradiso\/#primaryimage\"},\"thumbnailUrl\":\"https:\/\/www.legacoopestense.coop\/unitidiamoformaalfuturo\/wp-content\/uploads\/2025\/10\/sgarbi-scaled.jpg\",\"datePublished\":\"2025-09-22T16:18:51+00:00\",\"dateModified\":\"2025-10-21T07:55:21+00:00\",\"breadcrumb\":{\"@id\":\"https:\/\/www.legacoopestense.coop\/unitidiamoformaalfuturo\/le-storie\/il-teatro-anatomico-di-palazzo-paradiso\/#breadcrumb\"},\"inLanguage\":\"it-IT\",\"potentialAction\":[{\"@type\":\"ReadAction\",\"target\":[\"https:\/\/www.legacoopestense.coop\/unitidiamoformaalfuturo\/le-storie\/il-teatro-anatomico-di-palazzo-paradiso\/\"]}]},{\"@type\":\"ImageObject\",\"inLanguage\":\"it-IT\",\"@id\":\"https:\/\/www.legacoopestense.coop\/unitidiamoformaalfuturo\/le-storie\/il-teatro-anatomico-di-palazzo-paradiso\/#primaryimage\",\"url\":\"https:\/\/www.legacoopestense.coop\/unitidiamoformaalfuturo\/wp-content\/uploads\/2025\/10\/sgarbi-scaled.jpg\",\"contentUrl\":\"https:\/\/www.legacoopestense.coop\/unitidiamoformaalfuturo\/wp-content\/uploads\/2025\/10\/sgarbi-scaled.jpg\",\"width\":2560,\"height\":2560},{\"@type\":\"BreadcrumbList\",\"@id\":\"https:\/\/www.legacoopestense.coop\/unitidiamoformaalfuturo\/le-storie\/il-teatro-anatomico-di-palazzo-paradiso\/#breadcrumb\",\"itemListElement\":[{\"@type\":\"ListItem\",\"position\":1,\"name\":\"Home\",\"item\":\"https:\/\/www.legacoopestense.coop\/unitidiamoformaalfuturo\/\"},{\"@type\":\"ListItem\",\"position\":2,\"name\":\"Le Storie\",\"item\":\"https:\/\/www.legacoopestense.coop\/unitidiamoformaalfuturo\/le-storie\/\"},{\"@type\":\"ListItem\",\"position\":3,\"name\":\"Il Teatro Anatomico di Palazzo Paradiso\"}]},{\"@type\":\"WebSite\",\"@id\":\"https:\/\/www.legacoopestense.coop\/unitidiamoformaalfuturo\/#website\",\"url\":\"https:\/\/www.legacoopestense.coop\/unitidiamoformaalfuturo\/\",\"name\":\"Uniti diamo Forma al Futuro\",\"description\":\"Legacoop Estense\",\"publisher\":{\"@id\":\"https:\/\/www.legacoopestense.coop\/unitidiamoformaalfuturo\/#organization\"},\"potentialAction\":[{\"@type\":\"SearchAction\",\"target\":{\"@type\":\"EntryPoint\",\"urlTemplate\":\"https:\/\/www.legacoopestense.coop\/unitidiamoformaalfuturo\/?s={search_term_string}\"},\"query-input\":{\"@type\":\"PropertyValueSpecification\",\"valueRequired\":true,\"valueName\":\"search_term_string\"}}],\"inLanguage\":\"it-IT\"},{\"@type\":\"Organization\",\"@id\":\"https:\/\/www.legacoopestense.coop\/unitidiamoformaalfuturo\/#organization\",\"name\":\"Uniti diamo Forma al Futuro\",\"url\":\"https:\/\/www.legacoopestense.coop\/unitidiamoformaalfuturo\/\",\"logo\":{\"@type\":\"ImageObject\",\"inLanguage\":\"it-IT\",\"@id\":\"https:\/\/www.legacoopestense.coop\/unitidiamoformaalfuturo\/#\/schema\/logo\/image\/\",\"url\":\"https:\/\/www.legacoopestense.coop\/unitidiamoformaalfuturo\/wp-content\/uploads\/2025\/04\/Legacoop-Estense-2025IYC.webp\",\"contentUrl\":\"https:\/\/www.legacoopestense.coop\/unitidiamoformaalfuturo\/wp-content\/uploads\/2025\/04\/Legacoop-Estense-2025IYC.webp\",\"width\":512,\"height\":91,\"caption\":\"Uniti diamo Forma al Futuro\"},\"image\":{\"@id\":\"https:\/\/www.legacoopestense.coop\/unitidiamoformaalfuturo\/#\/schema\/logo\/image\/\"},\"sameAs\":[\"https:\/\/www.facebook.com\/legacoopestense\",\"https:\/\/x.com\/LegacoopEstense\",\"https:\/\/www.youtube.com\/channel\/UCxE6dZcxUwbcxqXVyik9M7A\"]}]}<\/script>\n<!-- \/ Yoast SEO plugin. -->","yoast_head_json":{"title":"Il Teatro Anatomico di Palazzo Paradiso - Uniti diamo Forma al Futuro","robots":{"index":"noindex","follow":"nofollow"},"og_locale":"it_IT","og_type":"article","og_title":"Il Teatro Anatomico di Palazzo Paradiso - Uniti diamo Forma al Futuro","og_description":"Il Teatro Anatomico di Palazzo Paradiso Illustrazione di Chiara Sgarbi, storia di Alice Pelucchi Parto da una confessione: con il termine teatro anatomico la prima cosa a cui penso \u00e8 un\u2019opera uscita dalla mente di Rudolf Steiner, come il \u201cGoetheanum\u201d: un edificio curvilineo fatto per accogliere ogni forma d\u2019arte in modo organico. Poi mi rendo [&hellip;]","og_url":"https:\/\/www.legacoopestense.coop\/unitidiamoformaalfuturo\/le-storie\/il-teatro-anatomico-di-palazzo-paradiso\/","og_site_name":"Uniti diamo Forma al Futuro","article_publisher":"https:\/\/www.facebook.com\/legacoopestense","article_modified_time":"2025-10-21T07:55:21+00:00","og_image":[{"width":2560,"height":2560,"url":"https:\/\/www.legacoopestense.coop\/unitidiamoformaalfuturo\/wp-content\/uploads\/2025\/10\/sgarbi-scaled.jpg","type":"image\/jpeg"}],"twitter_card":"summary_large_image","twitter_site":"@LegacoopEstense","twitter_misc":{"Tempo di lettura stimato":"7 minuti"},"schema":{"@context":"https:\/\/schema.org","@graph":[{"@type":"WebPage","@id":"https:\/\/www.legacoopestense.coop\/unitidiamoformaalfuturo\/le-storie\/il-teatro-anatomico-di-palazzo-paradiso\/","url":"https:\/\/www.legacoopestense.coop\/unitidiamoformaalfuturo\/le-storie\/il-teatro-anatomico-di-palazzo-paradiso\/","name":"Il Teatro Anatomico di Palazzo Paradiso - Uniti diamo Forma al Futuro","isPartOf":{"@id":"https:\/\/www.legacoopestense.coop\/unitidiamoformaalfuturo\/#website"},"primaryImageOfPage":{"@id":"https:\/\/www.legacoopestense.coop\/unitidiamoformaalfuturo\/le-storie\/il-teatro-anatomico-di-palazzo-paradiso\/#primaryimage"},"image":{"@id":"https:\/\/www.legacoopestense.coop\/unitidiamoformaalfuturo\/le-storie\/il-teatro-anatomico-di-palazzo-paradiso\/#primaryimage"},"thumbnailUrl":"https:\/\/www.legacoopestense.coop\/unitidiamoformaalfuturo\/wp-content\/uploads\/2025\/10\/sgarbi-scaled.jpg","datePublished":"2025-09-22T16:18:51+00:00","dateModified":"2025-10-21T07:55:21+00:00","breadcrumb":{"@id":"https:\/\/www.legacoopestense.coop\/unitidiamoformaalfuturo\/le-storie\/il-teatro-anatomico-di-palazzo-paradiso\/#breadcrumb"},"inLanguage":"it-IT","potentialAction":[{"@type":"ReadAction","target":["https:\/\/www.legacoopestense.coop\/unitidiamoformaalfuturo\/le-storie\/il-teatro-anatomico-di-palazzo-paradiso\/"]}]},{"@type":"ImageObject","inLanguage":"it-IT","@id":"https:\/\/www.legacoopestense.coop\/unitidiamoformaalfuturo\/le-storie\/il-teatro-anatomico-di-palazzo-paradiso\/#primaryimage","url":"https:\/\/www.legacoopestense.coop\/unitidiamoformaalfuturo\/wp-content\/uploads\/2025\/10\/sgarbi-scaled.jpg","contentUrl":"https:\/\/www.legacoopestense.coop\/unitidiamoformaalfuturo\/wp-content\/uploads\/2025\/10\/sgarbi-scaled.jpg","width":2560,"height":2560},{"@type":"BreadcrumbList","@id":"https:\/\/www.legacoopestense.coop\/unitidiamoformaalfuturo\/le-storie\/il-teatro-anatomico-di-palazzo-paradiso\/#breadcrumb","itemListElement":[{"@type":"ListItem","position":1,"name":"Home","item":"https:\/\/www.legacoopestense.coop\/unitidiamoformaalfuturo\/"},{"@type":"ListItem","position":2,"name":"Le Storie","item":"https:\/\/www.legacoopestense.coop\/unitidiamoformaalfuturo\/le-storie\/"},{"@type":"ListItem","position":3,"name":"Il Teatro Anatomico di Palazzo Paradiso"}]},{"@type":"WebSite","@id":"https:\/\/www.legacoopestense.coop\/unitidiamoformaalfuturo\/#website","url":"https:\/\/www.legacoopestense.coop\/unitidiamoformaalfuturo\/","name":"Uniti diamo Forma al Futuro","description":"Legacoop Estense","publisher":{"@id":"https:\/\/www.legacoopestense.coop\/unitidiamoformaalfuturo\/#organization"},"potentialAction":[{"@type":"SearchAction","target":{"@type":"EntryPoint","urlTemplate":"https:\/\/www.legacoopestense.coop\/unitidiamoformaalfuturo\/?s={search_term_string}"},"query-input":{"@type":"PropertyValueSpecification","valueRequired":true,"valueName":"search_term_string"}}],"inLanguage":"it-IT"},{"@type":"Organization","@id":"https:\/\/www.legacoopestense.coop\/unitidiamoformaalfuturo\/#organization","name":"Uniti diamo Forma al Futuro","url":"https:\/\/www.legacoopestense.coop\/unitidiamoformaalfuturo\/","logo":{"@type":"ImageObject","inLanguage":"it-IT","@id":"https:\/\/www.legacoopestense.coop\/unitidiamoformaalfuturo\/#\/schema\/logo\/image\/","url":"https:\/\/www.legacoopestense.coop\/unitidiamoformaalfuturo\/wp-content\/uploads\/2025\/04\/Legacoop-Estense-2025IYC.webp","contentUrl":"https:\/\/www.legacoopestense.coop\/unitidiamoformaalfuturo\/wp-content\/uploads\/2025\/04\/Legacoop-Estense-2025IYC.webp","width":512,"height":91,"caption":"Uniti diamo Forma al Futuro"},"image":{"@id":"https:\/\/www.legacoopestense.coop\/unitidiamoformaalfuturo\/#\/schema\/logo\/image\/"},"sameAs":["https:\/\/www.facebook.com\/legacoopestense","https:\/\/x.com\/LegacoopEstense","https:\/\/www.youtube.com\/channel\/UCxE6dZcxUwbcxqXVyik9M7A"]}]}},"_links":{"self":[{"href":"https:\/\/www.legacoopestense.coop\/unitidiamoformaalfuturo\/wp-json\/wp\/v2\/pages\/1104","targetHints":{"allow":["GET"]}}],"collection":[{"href":"https:\/\/www.legacoopestense.coop\/unitidiamoformaalfuturo\/wp-json\/wp\/v2\/pages"}],"about":[{"href":"https:\/\/www.legacoopestense.coop\/unitidiamoformaalfuturo\/wp-json\/wp\/v2\/types\/page"}],"author":[{"embeddable":true,"href":"https:\/\/www.legacoopestense.coop\/unitidiamoformaalfuturo\/wp-json\/wp\/v2\/users\/2"}],"replies":[{"embeddable":true,"href":"https:\/\/www.legacoopestense.coop\/unitidiamoformaalfuturo\/wp-json\/wp\/v2\/comments?post=1104"}],"version-history":[{"count":7,"href":"https:\/\/www.legacoopestense.coop\/unitidiamoformaalfuturo\/wp-json\/wp\/v2\/pages\/1104\/revisions"}],"predecessor-version":[{"id":1387,"href":"https:\/\/www.legacoopestense.coop\/unitidiamoformaalfuturo\/wp-json\/wp\/v2\/pages\/1104\/revisions\/1387"}],"up":[{"embeddable":true,"href":"https:\/\/www.legacoopestense.coop\/unitidiamoformaalfuturo\/wp-json\/wp\/v2\/pages\/11"}],"wp:attachment":[{"href":"https:\/\/www.legacoopestense.coop\/unitidiamoformaalfuturo\/wp-json\/wp\/v2\/media?parent=1104"}],"curies":[{"name":"wp","href":"https:\/\/api.w.org\/{rel}","templated":true}]}}