{"id":1103,"date":"2025-09-22T18:18:37","date_gmt":"2025-09-22T16:18:37","guid":{"rendered":"https:\/\/www.legacoopestense.coop\/unitidiamoformaalfuturo\/?page_id=1103"},"modified":"2025-11-21T15:32:22","modified_gmt":"2025-11-21T14:32:22","slug":"lambrusco-un-vino-giovane","status":"publish","type":"page","link":"https:\/\/www.legacoopestense.coop\/unitidiamoformaalfuturo\/le-storie\/lambrusco-un-vino-giovane\/","title":{"rendered":"Lambrusco, un vino giovane"},"content":{"rendered":"\t\t<div data-elementor-type=\"wp-page\" data-elementor-id=\"1103\" class=\"elementor elementor-1103\" data-elementor-post-type=\"page\">\n\t\t\t\t<div class=\"elementor-element elementor-element-c482541 e-con-full e-flex e-con e-parent\" data-id=\"c482541\" data-element_type=\"container\" data-e-type=\"container\" data-settings=\"{&quot;background_background&quot;:&quot;classic&quot;}\">\n\t\t\t\t<\/div>\n\t\t<div class=\"elementor-element elementor-element-ba99d2f e-con-full e-flex e-con e-parent\" data-id=\"ba99d2f\" data-element_type=\"container\" data-e-type=\"container\">\n\t\t\t\t<div class=\"elementor-element elementor-element-f075f09 elementor-align-left elementor-widget elementor-widget-breadcrumbs\" data-id=\"f075f09\" data-element_type=\"widget\" data-e-type=\"widget\" data-widget_type=\"breadcrumbs.default\">\n\t\t\t\t<div class=\"elementor-widget-container\">\n\t\t\t\t\t<p id=\"breadcrumbs\"><span><span><a href=\"https:\/\/www.legacoopestense.coop\/unitidiamoformaalfuturo\/\">Home<\/a><\/span><\/span><\/p>\t\t\t\t<\/div>\n\t\t\t\t<\/div>\n\t\t\t\t<div class=\"elementor-element elementor-element-7a876a6 elementor-widget elementor-widget-heading\" data-id=\"7a876a6\" data-element_type=\"widget\" data-e-type=\"widget\" data-widget_type=\"heading.default\">\n\t\t\t\t<div class=\"elementor-widget-container\">\n\t\t\t\t\t<h2 class=\"elementor-heading-title elementor-size-default\">Lambrusco, storia di un vino giovane\n<br><small><i>Storia di Roberto Franchini e illustrata da Gabriele Melegari<\/i><\/small><\/h2>\t\t\t\t<\/div>\n\t\t\t\t<\/div>\n\t\t<div class=\"elementor-element elementor-element-ab862c4 e-con-full e-flex e-con e-child\" data-id=\"ab862c4\" data-element_type=\"container\" data-e-type=\"container\">\n\t\t\t\t<div class=\"elementor-element elementor-element-10d4d78 elementor-widget elementor-widget-image\" data-id=\"10d4d78\" data-element_type=\"widget\" data-e-type=\"widget\" data-settings=\"{&quot;motion_fx_motion_fx_scrolling&quot;:&quot;yes&quot;,&quot;motion_fx_translateY_effect&quot;:&quot;yes&quot;,&quot;motion_fx_translateY_direction&quot;:&quot;negative&quot;,&quot;motion_fx_translateY_speed&quot;:{&quot;unit&quot;:&quot;px&quot;,&quot;size&quot;:0.3,&quot;sizes&quot;:[]},&quot;motion_fx_translateY_affectedRange&quot;:{&quot;unit&quot;:&quot;%&quot;,&quot;size&quot;:&quot;&quot;,&quot;sizes&quot;:{&quot;start&quot;:0,&quot;end&quot;:100}},&quot;motion_fx_devices&quot;:[&quot;desktop&quot;,&quot;laptop&quot;,&quot;tablet_extra&quot;,&quot;tablet&quot;,&quot;mobile&quot;]}\" data-widget_type=\"image.default\">\n\t\t\t\t<div class=\"elementor-widget-container\">\n\t\t\t\t\t\t\t\t\t\t\t\t\t\t\t\t<a href=\"https:\/\/www.legacoopestense.coop\/unitidiamoformaalfuturo\/wp-content\/uploads\/2025\/11\/Lambrusco.webp\" data-elementor-open-lightbox=\"yes\" data-elementor-lightbox-title=\"Lambrusco\" data-e-action-hash=\"#elementor-action%3Aaction%3Dlightbox%26settings%3DeyJpZCI6MTQyMCwidXJsIjoiaHR0cHM6XC9cL3d3dy5sZWdhY29vcGVzdGVuc2UuY29vcFwvdW5pdGlkaWFtb2Zvcm1hYWxmdXR1cm9cL3dwLWNvbnRlbnRcL3VwbG9hZHNcLzIwMjVcLzExXC9MYW1icnVzY28ud2VicCJ9\">\n\t\t\t\t\t\t\t<img fetchpriority=\"high\" decoding=\"async\" width=\"1080\" height=\"1080\" src=\"https:\/\/www.legacoopestense.coop\/unitidiamoformaalfuturo\/wp-content\/uploads\/2025\/11\/Lambrusco.webp\" class=\"elementor-animation-float attachment-full size-full wp-image-1420\" alt=\"\" srcset=\"https:\/\/www.legacoopestense.coop\/unitidiamoformaalfuturo\/wp-content\/uploads\/2025\/11\/Lambrusco.webp 1080w, https:\/\/www.legacoopestense.coop\/unitidiamoformaalfuturo\/wp-content\/uploads\/2025\/11\/Lambrusco-300x300.webp 300w, https:\/\/www.legacoopestense.coop\/unitidiamoformaalfuturo\/wp-content\/uploads\/2025\/11\/Lambrusco-1024x1024.webp 1024w, https:\/\/www.legacoopestense.coop\/unitidiamoformaalfuturo\/wp-content\/uploads\/2025\/11\/Lambrusco-150x150.webp 150w, https:\/\/www.legacoopestense.coop\/unitidiamoformaalfuturo\/wp-content\/uploads\/2025\/11\/Lambrusco-768x768.webp 768w\" sizes=\"(max-width: 1080px) 100vw, 1080px\" \/>\t\t\t\t\t\t\t\t<\/a>\n\t\t\t\t\t\t\t\t\t\t\t\t\t\t\t<\/div>\n\t\t\t\t<\/div>\n\t\t\t\t<div class=\"elementor-element elementor-element-1d7bad4 elementor-widget__width-initial elementor-widget-tablet__width-inherit elementor-widget elementor-widget-text-editor\" data-id=\"1d7bad4\" data-element_type=\"widget\" data-e-type=\"widget\" data-widget_type=\"text-editor.default\">\n\t\t\t\t<div class=\"elementor-widget-container\">\n\t\t\t\t\t\t\t\t\t<p>C\u2019era una volta il mediatore. Non produceva nulla ma aveva in mano il mondo del vino: era lui che faceva il prezzo dell\u2019uva che i contadini vendevano a chi il vino lo faceva. Mediava, ma a favore di chi? Alla fin fine, era un passaggio inutile nel mondo dell\u2019economia. Il suo mondo fin\u00ec quando contadini e vinificatori decisero di mettersi assieme e non farsi gestire da altri se non da loro stessi.<\/p><p>A Castelfranco la formula per superare il mediatore port\u00f2 alla nascita di una cooperativa, \u201cdella cooperativa\u201d: era il 1959. Il Civ e Civ nacque da una sfida, in apparenza solo economica, ma anche e soprattutto di affermazione di dignit\u00e0. Era una sfida, come era una sfida la costruzione della loro sede proprio di fronte alla cantina padronale che esisteva da tempo. Fu anche qualcosa di pi\u00f9: i mezzadri, numerosi nelle campagne modenesi, ora potevano conferire la met\u00e0 dell\u2019uva che spettava al proprietario del fondo ancora a questa cantina ma l\u2019altra met\u00e0 avevano la libert\u00e0 di portarla nella cooperativa. Insomma, la cooperativa port\u00f2 qualche soldo in pi\u00f9 ai contadini ma anche una maggiore libert\u00e0 economica.<\/p><p>Era anche lo spirito del tempo: l\u2019Italia si preparava a vivere e a festeggiare il \u201cboom economico\u201d. La data di nascita della cooperativa pu\u00f2 forse essere casuale ma non pi\u00f9 di tanto. Guardiamo quella data a sessant\u2019anni di distanza e vediamo i mitici Anni Sessanta.<\/p><p>Il paese cambia passo, gli italiani si spostano da nord a sud, dalla campagna alle citt\u00e0. Dai campi alle fabbriche. Le campagne sembrano il vecchio che va dimenticato, la citt\u00e0 \u00e8 il nuovo che \u201crende liberi\u201d, come si diceva gi\u00e0 mille anni prima. Il lavoro nelle fabbriche e, soprattutto, negli uffici lascia poco spazio per la pausa pranzo, spesso si comincia a mangiare fuori, ci si abitua a mangiare di meno e a bere vini pi\u00f9 leggeri.<\/p><p>Tutto cambia, e cambia in fretta. Ecco la lavatrice, ecco il frigorifero e, soprattutto, l\u2019automobile: da Torino arriva un\u2019auto piccola ma alla portata di tutti. Di quasi tutti. E basta? Nel 1954 arriva la televisione, e nelle case entra un nuovo elettrodomestico, il televisore; la Rai comincia a trasmettere le prime trasmissioni: film, telefilm, sceneggiati. E poi lo sport e gli spettacoli del sabato sera, con musica e balletto. C\u2019\u00e8 anche Carosello, i primi spot pubblicitari mascherati da scenette comiche. I prodotti di consumo entrano nelle case degli italiani e con loro entra il consumismo. E, con il consumismo, trionfa l\u2019America, un paese dinamico e giovane.<\/p>\t\t\t\t\t\t\t\t<\/div>\n\t\t\t\t<\/div>\n\t\t\t\t<\/div>\n\t\t\t\t<div class=\"elementor-element elementor-element-200cfc5 elementor-widget elementor-widget-heading\" data-id=\"200cfc5\" data-element_type=\"widget\" data-e-type=\"widget\" data-widget_type=\"heading.default\">\n\t\t\t\t<div class=\"elementor-widget-container\">\n\t\t\t\t\t<h3 class=\"elementor-heading-title elementor-size-default\">L\u2019Emilia, che \u00e8 terra giovane e dinamica, non poteva che aprirle la porta, soprattutto nella cultura, tanto che si \u00e8 spesso detto e scritto che questa regione \u00e8 il 51\u00b0 stato degli USA. <\/h3>\t\t\t\t<\/div>\n\t\t\t\t<\/div>\n\t\t\t\t<div class=\"elementor-element elementor-element-0eb0b26 elementor-widget elementor-widget-text-editor\" data-id=\"0eb0b26\" data-element_type=\"widget\" data-e-type=\"widget\" data-widget_type=\"text-editor.default\">\n\t\t\t\t<div class=\"elementor-widget-container\">\n\t\t\t\t\t\t\t\t\t<p>Una terra di comunismo fatto di lambrusco e popcorn, come avrebbe poi cantato il reggiano Ligabue.<\/p><p>Cambia il vino e cambia il modo di farlo. Non subito, certo, ma senza soluzione di continuit\u00e0. Soprattutto, comincia a cambiare il gusto di chi lo beve, il vino.<\/p><p>Per il lambrusco cambia anche una storia lunga e, tutto sommato, meno gloriosa di quanto oggi possa sembrare. Il lambrusco era, sostanzialmente, un vino da taglio, venduto nelle regioni del nord per \u201ctagliare\u201d i vini rossi troppo robusti. I produttori modenesi avevano un cruccio: il lambrusco non era vino da invecchiamento e, soprattutto, non era vino che potesse reggere i viaggi sulle navi dirette in America.<\/p><p>Il vino modenese conosciuto dai viaggiatori e dai buongustai era il vino bianco: il Trebbiano, in particolare quello delle colline. Non \u00e8 un caso se la cantina cooperativa di Castelfranco \u00e8 famosa soprattutto per i vini bianchi<\/p><p>Il lambrusco si \u00e8 poi preso la rivincita negli ultimi decenni del Novecento: \u00e8 sbarcato negli USA come \u201cil vino giovane\u201d, il vino per i giovani e per rimanere giovani. Con qualche ingenuit\u00e0 di troppo, poi recuperata.<\/p><p>I vini sono fatti del loro profumo, del loro colore, del loro gusto (e retrogusto) ma anche dal loro carattere. I vini che rimangono nella nostra memoria hanno un carattere che li fa ricordare. Il lambrusco ha resistito a lungo anche perch\u00e9 sa farsi ricordare: non si impone ma \u00e8 un buon compagno di tavola, aiuta a combattere la sete e i piatti di una cucina grassa. Non \u00e8 noioso oppure supponente, non \u00e8 stupidamente frivolo.<\/p><p>Se leggete i giornali e le riviste troverete quasi sempre un aggettivo a fianco del lambrusco: giovane. Il lambrusco \u00e8 un vino giovane. Sono pochi o, forse nessuno, i vini che possono definirsi giovani e con questo carattere imporsi nella memoria.<\/p><p>Ma il lambrusco ha alle spalle un forte leggenda di vino, se non giovane, giovanile. E quali i segni della giovent\u00f9? La forza vitale, l\u2019irruenza, lo slancio, la passione, l\u2019anticonformismo\u201d. Non tutti assieme e non per sempre, ma insomma\u2026<\/p>\t\t\t\t\t\t\t\t<\/div>\n\t\t\t\t<\/div>\n\t\t\t\t<div class=\"elementor-element elementor-element-09ee9d1 elementor-widget elementor-widget-heading\" data-id=\"09ee9d1\" data-element_type=\"widget\" data-e-type=\"widget\" data-widget_type=\"heading.default\">\n\t\t\t\t<div class=\"elementor-widget-container\">\n\t\t\t\t\t<h3 class=\"elementor-heading-title elementor-size-default\">\"Il Lambrusco \u2013 ha scritto Curzio Malaparte \u2013 non solo \u00e8 il vino pi\u00f9 garibaldino del mondo ma il pi\u00f9 generoso, il pi\u00f9 libero, il pi\u00f9 italiano fra tutti i vini italiani. Un buon bevitore di lambrusco non \u00e8 soltanto uomo fiero, ardito e generoso: \u00e8 soprattutto un uomo libero!\"<\/h3>\t\t\t\t<\/div>\n\t\t\t\t<\/div>\n\t\t<div class=\"elementor-element elementor-element-52dc6af e-con-full e-flex e-con e-child\" data-id=\"52dc6af\" data-element_type=\"container\" data-e-type=\"container\">\n\t\t\t\t<div class=\"elementor-element elementor-element-30011ad elementor-widget__width-initial elementor-widget elementor-widget-image\" data-id=\"30011ad\" data-element_type=\"widget\" data-e-type=\"widget\" data-widget_type=\"image.default\">\n\t\t\t\t<div class=\"elementor-widget-container\">\n\t\t\t\t\t\t\t\t\t\t\t\t\t\t\t\t<a href=\"https:\/\/www.legacoopestense.coop\/unitidiamoformaalfuturo\/wp-content\/uploads\/2025\/11\/Dettaglio-lambrusco.jpg\" data-elementor-open-lightbox=\"yes\" data-elementor-lightbox-title=\"Dettaglio lambrusco\" data-e-action-hash=\"#elementor-action%3Aaction%3Dlightbox%26settings%3DeyJpZCI6MTQyMSwidXJsIjoiaHR0cHM6XC9cL3d3dy5sZWdhY29vcGVzdGVuc2UuY29vcFwvdW5pdGlkaWFtb2Zvcm1hYWxmdXR1cm9cL3dwLWNvbnRlbnRcL3VwbG9hZHNcLzIwMjVcLzExXC9EZXR0YWdsaW8tbGFtYnJ1c2NvLmpwZyJ9\">\n\t\t\t\t\t\t\t<img decoding=\"async\" width=\"512\" height=\"512\" src=\"https:\/\/www.legacoopestense.coop\/unitidiamoformaalfuturo\/wp-content\/uploads\/2025\/11\/Dettaglio-lambrusco.jpg\" class=\"attachment-full size-full wp-image-1421\" alt=\"\" srcset=\"https:\/\/www.legacoopestense.coop\/unitidiamoformaalfuturo\/wp-content\/uploads\/2025\/11\/Dettaglio-lambrusco.jpg 512w, https:\/\/www.legacoopestense.coop\/unitidiamoformaalfuturo\/wp-content\/uploads\/2025\/11\/Dettaglio-lambrusco-300x300.jpg 300w, https:\/\/www.legacoopestense.coop\/unitidiamoformaalfuturo\/wp-content\/uploads\/2025\/11\/Dettaglio-lambrusco-150x150.jpg 150w\" sizes=\"(max-width: 512px) 100vw, 512px\" \/>\t\t\t\t\t\t\t\t<\/a>\n\t\t\t\t\t\t\t\t\t\t\t\t\t\t\t<\/div>\n\t\t\t\t<\/div>\n\t\t<div class=\"elementor-element elementor-element-c70e6d4 e-con-full e-flex e-con e-child\" data-id=\"c70e6d4\" data-element_type=\"container\" data-e-type=\"container\">\n\t\t\t\t<div class=\"elementor-element elementor-element-a00ac8a elementor-widget elementor-widget-text-editor\" data-id=\"a00ac8a\" data-element_type=\"widget\" data-e-type=\"widget\" data-widget_type=\"text-editor.default\">\n\t\t\t\t<div class=\"elementor-widget-container\">\n\t\t\t\t\t\t\t\t\t<p>In realt\u00e0, il lambrusco \u00e8 un vero vino emiliano, borghese e popolare insieme. Con le dovute distanze e differenze. Pare quasi che esistessero due mitologie dello stesso vino: l\u2019una era quella delle osterie popolari, affollate di gente del popolo, punto di ritrovo dei combattenti per l\u2019Unit\u00e0 d\u2019Italia, dei Garibaldini, degli anarchici di Bakunin e di Andrea Costa, dei socialisti di Camillo Prampolini. L\u2019altra era quella del vino della fragile borghesia moderata, alla quale apparteneva il commediografo e poeta Paolo Ferrari, dei banchetti poetici alla Felice Cavallotti o dei brindisi dei liberali progressisti. O, forse, il lambrusco era il pi\u00f9 interclassista dei vini, come ancora oggi si dimostra. Perfetto per l\u2019Emilia di oggi.<\/p><p>Non so quanti, nel 1959, si resero subito conto che si chiudeva un capitolo di storia durato a lungo, molto a lungo. Eppure, cos\u00ec \u00e8 stato e, se la nuova cooperativa ha resistito al tempo, vorr\u00e0 pur dire qualcosa. Che ci sono mode che passano e vini che restano.<\/p><p>Oggi quella cooperativa \u00e8 una delle maggiori aziende italiane.<\/p>\t\t\t\t\t\t\t\t<\/div>\n\t\t\t\t<\/div>\n\t\t\t\t<div class=\"elementor-element elementor-element-7789f42 elementor-widget elementor-widget-template\" data-id=\"7789f42\" data-element_type=\"widget\" data-e-type=\"widget\" data-widget_type=\"template.default\">\n\t\t\t\t<div class=\"elementor-widget-container\">\n\t\t\t\t\t\t\t<div class=\"elementor-template\">\n\t\t\t\t\t<div data-elementor-type=\"section\" data-elementor-id=\"1221\" class=\"elementor elementor-1221\" data-elementor-post-type=\"elementor_library\">\n\t\t\t<div class=\"elementor-element elementor-element-ddc1cfa e-con-full e-flex e-con e-child\" data-id=\"ddc1cfa\" data-element_type=\"container\" data-e-type=\"container\">\n\t\t\t\t<div class=\"elementor-element elementor-element-b06410c elementor-widget-tablet_extra__width-inherit elementor-widget elementor-widget-heading\" data-id=\"b06410c\" data-element_type=\"widget\" data-e-type=\"widget\" data-widget_type=\"heading.default\">\n\t\t\t\t<div class=\"elementor-widget-container\">\n\t\t\t\t\t<h2 class=\"elementor-heading-title elementor-size-default\">Ti interessa questa illustrazione?<\/h2>\t\t\t\t<\/div>\n\t\t\t\t<\/div>\n\t\t\t\t<div class=\"elementor-element elementor-element-b529d81 elementor-widget elementor-widget-text-editor\" data-id=\"b529d81\" data-element_type=\"widget\" data-e-type=\"widget\" data-widget_type=\"text-editor.default\">\n\t\t\t\t<div class=\"elementor-widget-container\">\n\t\t\t\t\t\t\t\t\t<p>Puoi <span style=\"text-decoration: underline;\"><a href=\"https:\/\/www.theferrareser.com\/shop-poster\/\" target=\"_blank\" rel=\"noopener\">acquistare il poster qui<\/a><\/span><\/p>\t\t\t\t\t\t\t\t<\/div>\n\t\t\t\t<\/div>\n\t\t\t\t<div class=\"elementor-element elementor-element-bde0a29 elementor-widget__width-auto elementor-invisible elementor-widget elementor-widget-button\" data-id=\"bde0a29\" data-element_type=\"widget\" data-e-type=\"widget\" data-settings=\"{&quot;_animation&quot;:&quot;fadeIn&quot;,&quot;_animation_delay&quot;:200}\" data-widget_type=\"button.default\">\n\t\t\t\t<div class=\"elementor-widget-container\">\n\t\t\t\t\t\t\t\t\t<div class=\"elementor-button-wrapper\">\n\t\t\t\t\t<a class=\"elementor-button elementor-button-link elementor-size-sm\" href=\"https:\/\/www.theferrareser.com\/shop-poster\/\" target=\"_blank\">\n\t\t\t\t\t\t<span class=\"elementor-button-content-wrapper\">\n\t\t\t\t\t\t\t\t\t<span class=\"elementor-button-text\">Acquista<\/span>\n\t\t\t\t\t<\/span>\n\t\t\t\t\t<\/a>\n\t\t\t\t<\/div>\n\t\t\t\t\t\t\t\t<\/div>\n\t\t\t\t<\/div>\n\t\t\t\t<\/div>\n\t\t\t\t<\/div>\n\t\t\t\t<\/div>\n\t\t\t\t\t\t<\/div>\n\t\t\t\t<\/div>\n\t\t\t\t<\/div>\n\t\t\t\t<\/div>\n\t\t\t\t<\/div>\n\t\t<div class=\"elementor-element elementor-element-4520f02 e-con-full e-flex e-con e-parent\" data-id=\"4520f02\" data-element_type=\"container\" data-e-type=\"container\" data-settings=\"{&quot;background_background&quot;:&quot;classic&quot;}\">\n\t\t\t\t<div class=\"elementor-element elementor-element-5117146 elementor-widget__width-initial elementor-widget-tablet_extra__width-inherit elementor-widget elementor-widget-heading\" data-id=\"5117146\" data-element_type=\"widget\" data-e-type=\"widget\" data-widget_type=\"heading.default\">\n\t\t\t\t<div class=\"elementor-widget-container\">\n\t\t\t\t\t<h2 class=\"elementor-heading-title elementor-size-default\">Leggi le altre storie<\/h2>\t\t\t\t<\/div>\n\t\t\t\t<\/div>\n\t\t<div class=\"elementor-element elementor-element-a586a56 e-con-full e-flex e-con e-child\" data-id=\"a586a56\" data-element_type=\"container\" data-e-type=\"container\">\n\t\t\t\t<div class=\"elementor-element elementor-element-47b8c36 elementor-widget-mobile__width-inherit elementor-invisible elementor-widget elementor-widget-text-editor\" data-id=\"47b8c36\" data-element_type=\"widget\" data-e-type=\"widget\" data-settings=\"{&quot;_animation&quot;:&quot;fadeIn&quot;}\" data-widget_type=\"text-editor.default\">\n\t\t\t\t<div class=\"elementor-widget-container\">\n\t\t\t\t\t\t\t\t\t<h4><span style=\"font-weight: 400;\">12 storie di cooperazione, 12 viaggi nel tempo e nel futuro<\/span><\/h4><p><span style=\"font-weight: 400;\">Ogni mese, una storia.<br \/>Dalle lotte per la libert\u00e0 alle innovazioni di oggi, raccontiamo il passato e il presente della cooperazione attraverso <\/span><b>illustrazioni originali e racconti inediti<\/b><span style=\"font-weight: 400;\">.<\/span><\/p>\t\t\t\t\t\t\t\t<\/div>\n\t\t\t\t<\/div>\n\t\t\t\t<div class=\"elementor-element elementor-element-b8478eb elementor-widget__width-auto elementor-invisible elementor-widget elementor-widget-button\" data-id=\"b8478eb\" data-element_type=\"widget\" data-e-type=\"widget\" data-settings=\"{&quot;_animation&quot;:&quot;fadeIn&quot;,&quot;_animation_delay&quot;:600}\" data-widget_type=\"button.default\">\n\t\t\t\t<div class=\"elementor-widget-container\">\n\t\t\t\t\t\t\t\t\t<div class=\"elementor-button-wrapper\">\n\t\t\t\t\t<a class=\"elementor-button elementor-button-link elementor-size-sm\" href=\"https:\/\/www.legacoopestense.coop\/unitidiamoformaalfuturo\/le-storie\/\">\n\t\t\t\t\t\t<span class=\"elementor-button-content-wrapper\">\n\t\t\t\t\t\t\t\t\t<span class=\"elementor-button-text\">Leggile tutte<\/span>\n\t\t\t\t\t<\/span>\n\t\t\t\t\t<\/a>\n\t\t\t\t<\/div>\n\t\t\t\t\t\t\t\t<\/div>\n\t\t\t\t<\/div>\n\t\t\t\t<\/div>\n\t\t\t\t<\/div>\n\t\t\t\t<\/div>\n\t\t","protected":false},"excerpt":{"rendered":"<p>Lambrusco, storia di un vino giovane Storia di Roberto Franchini e illustrata da Gabriele Melegari C\u2019era una volta il mediatore. Non produceva nulla ma aveva in mano il mondo del vino: era lui che faceva il prezzo dell\u2019uva che i contadini vendevano a chi il vino lo faceva. Mediava, ma a favore di chi? Alla [&hellip;]<\/p>\n","protected":false},"author":2,"featured_media":0,"parent":11,"menu_order":0,"comment_status":"closed","ping_status":"closed","template":"","meta":{"footnotes":""},"class_list":["post-1103","page","type-page","status-publish","hentry"],"yoast_head":"<!-- This site is optimized with the Yoast SEO plugin v27.1.1 - https:\/\/yoast.com\/product\/yoast-seo-wordpress\/ -->\n<title>Lambrusco, un vino giovane - Uniti diamo Forma al Futuro<\/title>\n<meta name=\"robots\" content=\"index, follow, max-snippet:-1, max-image-preview:large, max-video-preview:-1\" \/>\n<link rel=\"canonical\" href=\"https:\/\/www.legacoopestense.coop\/unitidiamoformaalfuturo\/le-storie\/lambrusco-un-vino-giovane\/\" \/>\n<meta property=\"og:locale\" content=\"it_IT\" \/>\n<meta property=\"og:type\" content=\"article\" \/>\n<meta property=\"og:title\" content=\"Lambrusco, un vino giovane - Uniti diamo Forma al Futuro\" \/>\n<meta property=\"og:description\" content=\"Lambrusco, storia di un vino giovane Storia di Roberto Franchini e illustrata da Gabriele Melegari C\u2019era una volta il mediatore. Non produceva nulla ma aveva in mano il mondo del vino: era lui che faceva il prezzo dell\u2019uva che i contadini vendevano a chi il vino lo faceva. Mediava, ma a favore di chi? Alla [&hellip;]\" \/>\n<meta property=\"og:url\" content=\"https:\/\/www.legacoopestense.coop\/unitidiamoformaalfuturo\/le-storie\/lambrusco-un-vino-giovane\/\" \/>\n<meta property=\"og:site_name\" content=\"Uniti diamo Forma al Futuro\" \/>\n<meta property=\"article:publisher\" content=\"https:\/\/www.facebook.com\/legacoopestense\" \/>\n<meta property=\"article:modified_time\" content=\"2025-11-21T14:32:22+00:00\" \/>\n<meta property=\"og:image\" content=\"https:\/\/www.legacoopestense.coop\/unitidiamoformaalfuturo\/wp-content\/uploads\/2025\/11\/Lambrusco.webp\" \/>\n<meta name=\"twitter:card\" content=\"summary_large_image\" \/>\n<meta name=\"twitter:site\" content=\"@LegacoopEstense\" \/>\n<meta name=\"twitter:label1\" content=\"Tempo di lettura stimato\" \/>\n\t<meta name=\"twitter:data1\" content=\"7 minuti\" \/>\n<script type=\"application\/ld+json\" class=\"yoast-schema-graph\">{\"@context\":\"https:\/\/schema.org\",\"@graph\":[{\"@type\":\"WebPage\",\"@id\":\"https:\/\/www.legacoopestense.coop\/unitidiamoformaalfuturo\/le-storie\/lambrusco-un-vino-giovane\/\",\"url\":\"https:\/\/www.legacoopestense.coop\/unitidiamoformaalfuturo\/le-storie\/lambrusco-un-vino-giovane\/\",\"name\":\"Lambrusco, un vino giovane - Uniti diamo Forma al Futuro\",\"isPartOf\":{\"@id\":\"https:\/\/www.legacoopestense.coop\/unitidiamoformaalfuturo\/#website\"},\"primaryImageOfPage\":{\"@id\":\"https:\/\/www.legacoopestense.coop\/unitidiamoformaalfuturo\/le-storie\/lambrusco-un-vino-giovane\/#primaryimage\"},\"image\":{\"@id\":\"https:\/\/www.legacoopestense.coop\/unitidiamoformaalfuturo\/le-storie\/lambrusco-un-vino-giovane\/#primaryimage\"},\"thumbnailUrl\":\"https:\/\/www.legacoopestense.coop\/unitidiamoformaalfuturo\/wp-content\/uploads\/2025\/11\/Lambrusco.webp\",\"datePublished\":\"2025-09-22T16:18:37+00:00\",\"dateModified\":\"2025-11-21T14:32:22+00:00\",\"breadcrumb\":{\"@id\":\"https:\/\/www.legacoopestense.coop\/unitidiamoformaalfuturo\/le-storie\/lambrusco-un-vino-giovane\/#breadcrumb\"},\"inLanguage\":\"it-IT\",\"potentialAction\":[{\"@type\":\"ReadAction\",\"target\":[\"https:\/\/www.legacoopestense.coop\/unitidiamoformaalfuturo\/le-storie\/lambrusco-un-vino-giovane\/\"]}]},{\"@type\":\"ImageObject\",\"inLanguage\":\"it-IT\",\"@id\":\"https:\/\/www.legacoopestense.coop\/unitidiamoformaalfuturo\/le-storie\/lambrusco-un-vino-giovane\/#primaryimage\",\"url\":\"https:\/\/www.legacoopestense.coop\/unitidiamoformaalfuturo\/wp-content\/uploads\/2025\/11\/Lambrusco.webp\",\"contentUrl\":\"https:\/\/www.legacoopestense.coop\/unitidiamoformaalfuturo\/wp-content\/uploads\/2025\/11\/Lambrusco.webp\",\"width\":1080,\"height\":1080},{\"@type\":\"BreadcrumbList\",\"@id\":\"https:\/\/www.legacoopestense.coop\/unitidiamoformaalfuturo\/le-storie\/lambrusco-un-vino-giovane\/#breadcrumb\",\"itemListElement\":[{\"@type\":\"ListItem\",\"position\":1,\"name\":\"Home\",\"item\":\"https:\/\/www.legacoopestense.coop\/unitidiamoformaalfuturo\/\"},{\"@type\":\"ListItem\",\"position\":2,\"name\":\"Le Storie\",\"item\":\"https:\/\/www.legacoopestense.coop\/unitidiamoformaalfuturo\/le-storie\/\"},{\"@type\":\"ListItem\",\"position\":3,\"name\":\"Lambrusco, un vino giovane\"}]},{\"@type\":\"WebSite\",\"@id\":\"https:\/\/www.legacoopestense.coop\/unitidiamoformaalfuturo\/#website\",\"url\":\"https:\/\/www.legacoopestense.coop\/unitidiamoformaalfuturo\/\",\"name\":\"Uniti diamo Forma al Futuro\",\"description\":\"Legacoop Estense\",\"publisher\":{\"@id\":\"https:\/\/www.legacoopestense.coop\/unitidiamoformaalfuturo\/#organization\"},\"potentialAction\":[{\"@type\":\"SearchAction\",\"target\":{\"@type\":\"EntryPoint\",\"urlTemplate\":\"https:\/\/www.legacoopestense.coop\/unitidiamoformaalfuturo\/?s={search_term_string}\"},\"query-input\":{\"@type\":\"PropertyValueSpecification\",\"valueRequired\":true,\"valueName\":\"search_term_string\"}}],\"inLanguage\":\"it-IT\"},{\"@type\":\"Organization\",\"@id\":\"https:\/\/www.legacoopestense.coop\/unitidiamoformaalfuturo\/#organization\",\"name\":\"Uniti diamo Forma al Futuro\",\"url\":\"https:\/\/www.legacoopestense.coop\/unitidiamoformaalfuturo\/\",\"logo\":{\"@type\":\"ImageObject\",\"inLanguage\":\"it-IT\",\"@id\":\"https:\/\/www.legacoopestense.coop\/unitidiamoformaalfuturo\/#\/schema\/logo\/image\/\",\"url\":\"https:\/\/www.legacoopestense.coop\/unitidiamoformaalfuturo\/wp-content\/uploads\/2025\/04\/Legacoop-Estense-2025IYC.webp\",\"contentUrl\":\"https:\/\/www.legacoopestense.coop\/unitidiamoformaalfuturo\/wp-content\/uploads\/2025\/04\/Legacoop-Estense-2025IYC.webp\",\"width\":512,\"height\":91,\"caption\":\"Uniti diamo Forma al Futuro\"},\"image\":{\"@id\":\"https:\/\/www.legacoopestense.coop\/unitidiamoformaalfuturo\/#\/schema\/logo\/image\/\"},\"sameAs\":[\"https:\/\/www.facebook.com\/legacoopestense\",\"https:\/\/x.com\/LegacoopEstense\",\"https:\/\/www.youtube.com\/channel\/UCxE6dZcxUwbcxqXVyik9M7A\"]}]}<\/script>\n<!-- \/ Yoast SEO plugin. -->","yoast_head_json":{"title":"Lambrusco, un vino giovane - Uniti diamo Forma al Futuro","robots":{"index":"index","follow":"follow","max-snippet":"max-snippet:-1","max-image-preview":"max-image-preview:large","max-video-preview":"max-video-preview:-1"},"canonical":"https:\/\/www.legacoopestense.coop\/unitidiamoformaalfuturo\/le-storie\/lambrusco-un-vino-giovane\/","og_locale":"it_IT","og_type":"article","og_title":"Lambrusco, un vino giovane - Uniti diamo Forma al Futuro","og_description":"Lambrusco, storia di un vino giovane Storia di Roberto Franchini e illustrata da Gabriele Melegari C\u2019era una volta il mediatore. Non produceva nulla ma aveva in mano il mondo del vino: era lui che faceva il prezzo dell\u2019uva che i contadini vendevano a chi il vino lo faceva. Mediava, ma a favore di chi? Alla [&hellip;]","og_url":"https:\/\/www.legacoopestense.coop\/unitidiamoformaalfuturo\/le-storie\/lambrusco-un-vino-giovane\/","og_site_name":"Uniti diamo Forma al Futuro","article_publisher":"https:\/\/www.facebook.com\/legacoopestense","article_modified_time":"2025-11-21T14:32:22+00:00","og_image":[{"url":"https:\/\/www.legacoopestense.coop\/unitidiamoformaalfuturo\/wp-content\/uploads\/2025\/11\/Lambrusco.webp","type":"","width":"","height":""}],"twitter_card":"summary_large_image","twitter_site":"@LegacoopEstense","twitter_misc":{"Tempo di lettura stimato":"7 minuti"},"schema":{"@context":"https:\/\/schema.org","@graph":[{"@type":"WebPage","@id":"https:\/\/www.legacoopestense.coop\/unitidiamoformaalfuturo\/le-storie\/lambrusco-un-vino-giovane\/","url":"https:\/\/www.legacoopestense.coop\/unitidiamoformaalfuturo\/le-storie\/lambrusco-un-vino-giovane\/","name":"Lambrusco, un vino giovane - Uniti diamo Forma al Futuro","isPartOf":{"@id":"https:\/\/www.legacoopestense.coop\/unitidiamoformaalfuturo\/#website"},"primaryImageOfPage":{"@id":"https:\/\/www.legacoopestense.coop\/unitidiamoformaalfuturo\/le-storie\/lambrusco-un-vino-giovane\/#primaryimage"},"image":{"@id":"https:\/\/www.legacoopestense.coop\/unitidiamoformaalfuturo\/le-storie\/lambrusco-un-vino-giovane\/#primaryimage"},"thumbnailUrl":"https:\/\/www.legacoopestense.coop\/unitidiamoformaalfuturo\/wp-content\/uploads\/2025\/11\/Lambrusco.webp","datePublished":"2025-09-22T16:18:37+00:00","dateModified":"2025-11-21T14:32:22+00:00","breadcrumb":{"@id":"https:\/\/www.legacoopestense.coop\/unitidiamoformaalfuturo\/le-storie\/lambrusco-un-vino-giovane\/#breadcrumb"},"inLanguage":"it-IT","potentialAction":[{"@type":"ReadAction","target":["https:\/\/www.legacoopestense.coop\/unitidiamoformaalfuturo\/le-storie\/lambrusco-un-vino-giovane\/"]}]},{"@type":"ImageObject","inLanguage":"it-IT","@id":"https:\/\/www.legacoopestense.coop\/unitidiamoformaalfuturo\/le-storie\/lambrusco-un-vino-giovane\/#primaryimage","url":"https:\/\/www.legacoopestense.coop\/unitidiamoformaalfuturo\/wp-content\/uploads\/2025\/11\/Lambrusco.webp","contentUrl":"https:\/\/www.legacoopestense.coop\/unitidiamoformaalfuturo\/wp-content\/uploads\/2025\/11\/Lambrusco.webp","width":1080,"height":1080},{"@type":"BreadcrumbList","@id":"https:\/\/www.legacoopestense.coop\/unitidiamoformaalfuturo\/le-storie\/lambrusco-un-vino-giovane\/#breadcrumb","itemListElement":[{"@type":"ListItem","position":1,"name":"Home","item":"https:\/\/www.legacoopestense.coop\/unitidiamoformaalfuturo\/"},{"@type":"ListItem","position":2,"name":"Le Storie","item":"https:\/\/www.legacoopestense.coop\/unitidiamoformaalfuturo\/le-storie\/"},{"@type":"ListItem","position":3,"name":"Lambrusco, un vino giovane"}]},{"@type":"WebSite","@id":"https:\/\/www.legacoopestense.coop\/unitidiamoformaalfuturo\/#website","url":"https:\/\/www.legacoopestense.coop\/unitidiamoformaalfuturo\/","name":"Uniti diamo Forma al Futuro","description":"Legacoop Estense","publisher":{"@id":"https:\/\/www.legacoopestense.coop\/unitidiamoformaalfuturo\/#organization"},"potentialAction":[{"@type":"SearchAction","target":{"@type":"EntryPoint","urlTemplate":"https:\/\/www.legacoopestense.coop\/unitidiamoformaalfuturo\/?s={search_term_string}"},"query-input":{"@type":"PropertyValueSpecification","valueRequired":true,"valueName":"search_term_string"}}],"inLanguage":"it-IT"},{"@type":"Organization","@id":"https:\/\/www.legacoopestense.coop\/unitidiamoformaalfuturo\/#organization","name":"Uniti diamo Forma al Futuro","url":"https:\/\/www.legacoopestense.coop\/unitidiamoformaalfuturo\/","logo":{"@type":"ImageObject","inLanguage":"it-IT","@id":"https:\/\/www.legacoopestense.coop\/unitidiamoformaalfuturo\/#\/schema\/logo\/image\/","url":"https:\/\/www.legacoopestense.coop\/unitidiamoformaalfuturo\/wp-content\/uploads\/2025\/04\/Legacoop-Estense-2025IYC.webp","contentUrl":"https:\/\/www.legacoopestense.coop\/unitidiamoformaalfuturo\/wp-content\/uploads\/2025\/04\/Legacoop-Estense-2025IYC.webp","width":512,"height":91,"caption":"Uniti diamo Forma al Futuro"},"image":{"@id":"https:\/\/www.legacoopestense.coop\/unitidiamoformaalfuturo\/#\/schema\/logo\/image\/"},"sameAs":["https:\/\/www.facebook.com\/legacoopestense","https:\/\/x.com\/LegacoopEstense","https:\/\/www.youtube.com\/channel\/UCxE6dZcxUwbcxqXVyik9M7A"]}]}},"_links":{"self":[{"href":"https:\/\/www.legacoopestense.coop\/unitidiamoformaalfuturo\/wp-json\/wp\/v2\/pages\/1103","targetHints":{"allow":["GET"]}}],"collection":[{"href":"https:\/\/www.legacoopestense.coop\/unitidiamoformaalfuturo\/wp-json\/wp\/v2\/pages"}],"about":[{"href":"https:\/\/www.legacoopestense.coop\/unitidiamoformaalfuturo\/wp-json\/wp\/v2\/types\/page"}],"author":[{"embeddable":true,"href":"https:\/\/www.legacoopestense.coop\/unitidiamoformaalfuturo\/wp-json\/wp\/v2\/users\/2"}],"replies":[{"embeddable":true,"href":"https:\/\/www.legacoopestense.coop\/unitidiamoformaalfuturo\/wp-json\/wp\/v2\/comments?post=1103"}],"version-history":[{"count":10,"href":"https:\/\/www.legacoopestense.coop\/unitidiamoformaalfuturo\/wp-json\/wp\/v2\/pages\/1103\/revisions"}],"predecessor-version":[{"id":1432,"href":"https:\/\/www.legacoopestense.coop\/unitidiamoformaalfuturo\/wp-json\/wp\/v2\/pages\/1103\/revisions\/1432"}],"up":[{"embeddable":true,"href":"https:\/\/www.legacoopestense.coop\/unitidiamoformaalfuturo\/wp-json\/wp\/v2\/pages\/11"}],"wp:attachment":[{"href":"https:\/\/www.legacoopestense.coop\/unitidiamoformaalfuturo\/wp-json\/wp\/v2\/media?parent=1103"}],"curies":[{"name":"wp","href":"https:\/\/api.w.org\/{rel}","templated":true}]}}