{"id":11,"date":"2025-04-01T18:14:08","date_gmt":"2025-04-01T16:14:08","guid":{"rendered":"https:\/\/www.legacoopestense.coop\/unitidiamoformaalfuturo\/?page_id=11"},"modified":"2026-02-04T16:49:01","modified_gmt":"2026-02-04T15:49:01","slug":"le-storie","status":"publish","type":"page","link":"https:\/\/www.legacoopestense.coop\/unitidiamoformaalfuturo\/le-storie\/","title":{"rendered":"Le Storie"},"content":{"rendered":"\t\t<div data-elementor-type=\"wp-post\" data-elementor-id=\"11\" class=\"elementor elementor-11\" data-elementor-post-type=\"page\">\n\t\t\t\t<div class=\"elementor-element elementor-element-2002515 e-con-full e-flex e-con e-parent\" data-id=\"2002515\" data-element_type=\"container\" data-e-type=\"container\" data-settings=\"{&quot;background_background&quot;:&quot;classic&quot;}\">\n\t\t\t\t<div class=\"elementor-element elementor-element-6901810 elementor-widget__width-initial elementor-widget-mobile__width-inherit elementor-invisible elementor-widget elementor-widget-text-editor\" data-id=\"6901810\" data-element_type=\"widget\" data-e-type=\"widget\" data-settings=\"{&quot;_animation&quot;:&quot;fadeIn&quot;}\" data-widget_type=\"text-editor.default\">\n\t\t\t\t<div class=\"elementor-widget-container\">\n\t\t\t\t\t\t\t\t\t<h4>12 storie di cooperazione, 12 viaggi nel passato, presente e futuro del nostro territorio<\/h4><p>Ogni mese, una storia: raccontiamo luoghi, persone, esperienze di cooperazione attraverso<strong>\u00a0illustrazioni originali e racconti inediti<\/strong>.<br \/><br \/>Clicca sul titolo per leggere la storia completa.<\/p>\t\t\t\t\t\t\t\t<\/div>\n\t\t\t\t<\/div>\n\t\t\t\t<\/div>\n\t\t<div class=\"elementor-element elementor-element-cd9895f e-con-full elementor-hidden-mobile elementor-hidden-tablet e-flex e-con e-parent\" data-id=\"cd9895f\" data-element_type=\"container\" data-e-type=\"container\">\n\t\t\t\t<div class=\"elementor-element elementor-element-40bdd36 storia-title elementor-widget elementor-widget-heading\" data-id=\"40bdd36\" data-element_type=\"widget\" data-e-type=\"widget\" data-widget_type=\"heading.default\">\n\t\t\t\t<div class=\"elementor-widget-container\">\n\t\t\t\t\t<h2 class=\"elementor-heading-title elementor-size-default\"><a href=\"https:\/\/www.legacoopestense.coop\/unitidiamoformaalfuturo\/le-storie\/mediagroup98\/\">La nascita di Mediagroup98 &nbsp;&nbsp;<small>+<\/small><\/a><\/h2>\t\t\t\t<\/div>\n\t\t\t\t<\/div>\n\t\t\t\t<div class=\"elementor-element elementor-element-091439d elementor-position-right elementor-widget__width-initial elementor-absolute storia-img elementor-vertical-align-top elementor-widget elementor-widget-image-box\" data-id=\"091439d\" data-element_type=\"widget\" data-e-type=\"widget\" data-settings=\"{&quot;_position&quot;:&quot;absolute&quot;}\" data-widget_type=\"image-box.default\">\n\t\t\t\t<div class=\"elementor-widget-container\">\n\t\t\t\t\t<div class=\"elementor-image-box-wrapper\"><figure class=\"elementor-image-box-img\"><a href=\"https:\/\/www.legacoopestense.coop\/unitidiamoformaalfuturo\/le-storie\/mediagroup98\/\" tabindex=\"-1\"><img fetchpriority=\"high\" decoding=\"async\" width=\"1737\" height=\"2481\" src=\"https:\/\/www.legacoopestense.coop\/unitidiamoformaalfuturo\/wp-content\/uploads\/2025\/04\/Copertina_Mediagroup98.webp\" class=\"attachment-full size-full wp-image-265\" alt=\"\" srcset=\"https:\/\/www.legacoopestense.coop\/unitidiamoformaalfuturo\/wp-content\/uploads\/2025\/04\/Copertina_Mediagroup98.webp 1737w, https:\/\/www.legacoopestense.coop\/unitidiamoformaalfuturo\/wp-content\/uploads\/2025\/04\/Copertina_Mediagroup98-210x300.webp 210w, https:\/\/www.legacoopestense.coop\/unitidiamoformaalfuturo\/wp-content\/uploads\/2025\/04\/Copertina_Mediagroup98-717x1024.webp 717w, https:\/\/www.legacoopestense.coop\/unitidiamoformaalfuturo\/wp-content\/uploads\/2025\/04\/Copertina_Mediagroup98-768x1097.webp 768w, https:\/\/www.legacoopestense.coop\/unitidiamoformaalfuturo\/wp-content\/uploads\/2025\/04\/Copertina_Mediagroup98-1075x1536.webp 1075w, https:\/\/www.legacoopestense.coop\/unitidiamoformaalfuturo\/wp-content\/uploads\/2025\/04\/Copertina_Mediagroup98-1434x2048.webp 1434w\" sizes=\"(max-width: 1737px) 100vw, 1737px\" \/><\/a><\/figure><div class=\"elementor-image-box-content\"><h3 class=\"elementor-image-box-title\"><a href=\"https:\/\/www.legacoopestense.coop\/unitidiamoformaalfuturo\/le-storie\/mediagroup98\/\"><b>La forza delle giovani idee<\/b><\/a><\/h3><p class=\"elementor-image-box-description\">Dall\u2019aula di un\u2019universit\u00e0 al sottopalco di un teatro, un gruppo di giovani ha costruito un impresa. Negli anni '80, con poche certezze ma molta determinazione, nascevano due cooperative, destinate a unirsi nel 1998 per dare vita a Mediagroup98. Da allora, informazione, comunicazione e inclusione sono i pilastri di una realt\u00e0 che continua a crescere e innovare.\n<br><br>\nScopri come tutto \u00e8 iniziato!\n<\/p><\/div><\/div>\t\t\t\t<\/div>\n\t\t\t\t<\/div>\n\t\t\t\t<div class=\"elementor-element elementor-element-a704c43 storia-title elementor-widget elementor-widget-heading\" data-id=\"a704c43\" data-element_type=\"widget\" data-e-type=\"widget\" data-widget_type=\"heading.default\">\n\t\t\t\t<div class=\"elementor-widget-container\">\n\t\t\t\t\t<h2 class=\"elementor-heading-title elementor-size-default\"><a href=\"https:\/\/www.legacoopestense.coop\/unitidiamoformaalfuturo\/le-storie\/girotondo\/\">Girogirotondo&nbsp;&nbsp;<small>+<\/small><\/a><\/h2>\t\t\t\t<\/div>\n\t\t\t\t<\/div>\n\t\t\t\t<div class=\"elementor-element elementor-element-d1bce75 elementor-position-right elementor-widget__width-initial elementor-absolute storia-img elementor-vertical-align-top elementor-widget elementor-widget-image-box\" data-id=\"d1bce75\" data-element_type=\"widget\" data-e-type=\"widget\" data-settings=\"{&quot;_position&quot;:&quot;absolute&quot;}\" data-widget_type=\"image-box.default\">\n\t\t\t\t<div class=\"elementor-widget-container\">\n\t\t\t\t\t<div class=\"elementor-image-box-wrapper\"><figure class=\"elementor-image-box-img\"><a href=\"https:\/\/www.legacoopestense.coop\/unitidiamoformaalfuturo\/le-storie\/girotondo\/\" tabindex=\"-1\"><img decoding=\"async\" width=\"1098\" height=\"1553\" src=\"https:\/\/www.legacoopestense.coop\/unitidiamoformaalfuturo\/wp-content\/uploads\/2025\/04\/Coperatina_Girotondo.webp\" class=\"attachment-full size-full wp-image-263\" alt=\"\" srcset=\"https:\/\/www.legacoopestense.coop\/unitidiamoformaalfuturo\/wp-content\/uploads\/2025\/04\/Coperatina_Girotondo.webp 1098w, https:\/\/www.legacoopestense.coop\/unitidiamoformaalfuturo\/wp-content\/uploads\/2025\/04\/Coperatina_Girotondo-212x300.webp 212w, https:\/\/www.legacoopestense.coop\/unitidiamoformaalfuturo\/wp-content\/uploads\/2025\/04\/Coperatina_Girotondo-724x1024.webp 724w, https:\/\/www.legacoopestense.coop\/unitidiamoformaalfuturo\/wp-content\/uploads\/2025\/04\/Coperatina_Girotondo-768x1086.webp 768w, https:\/\/www.legacoopestense.coop\/unitidiamoformaalfuturo\/wp-content\/uploads\/2025\/04\/Coperatina_Girotondo-1086x1536.webp 1086w\" sizes=\"(max-width: 1098px) 100vw, 1098px\" \/><\/a><\/figure><div class=\"elementor-image-box-content\"><h3 class=\"elementor-image-box-title\"><a href=\"https:\/\/www.legacoopestense.coop\/unitidiamoformaalfuturo\/le-storie\/girotondo\/\"><b>Crescere insieme, costruire comunit\u00e0<\/b><\/a><\/h3><p class=\"elementor-image-box-description\">Il Carnevale sull\u2019acqua di Comacchio \u00e8 uno dei carnevali pi\u00f9 suggestivi d'Italia: le barche vengono trasformate in veri e propri battelli allegorici, divenendo cos\u00ec delle originali opere d\u2019arte pronte a sfilare lungo i canali, accendendo la magia nella bella cittadina lagunare. Uno spettacolo incantevole che, di anno in anno, attira un numero sempre maggiore di turisti. Ma lo sapevate che ad organizzare il Carnevale, coinvolgendo dal basso tutta la comunit\u00e0, \u00e8 la cooperativa sociale Girogirotondo?\n<br><br>\nScopri la magia di questa storia!<\/p><\/div><\/div>\t\t\t\t<\/div>\n\t\t\t\t<\/div>\n\t\t\t\t<div class=\"elementor-element elementor-element-e1f2159 storia-title elementor-widget elementor-widget-heading\" data-id=\"e1f2159\" data-element_type=\"widget\" data-e-type=\"widget\" data-widget_type=\"heading.default\">\n\t\t\t\t<div class=\"elementor-widget-container\">\n\t\t\t\t\t<h2 class=\"elementor-heading-title elementor-size-default\"><a href=\"https:\/\/www.legacoopestense.coop\/unitidiamoformaalfuturo\/le-storie\/ciam\/\">L'assalto del Salumificio Frigieri&nbsp;&nbsp;<small>+<\/small><\/a><\/h2>\t\t\t\t<\/div>\n\t\t\t\t<\/div>\n\t\t\t\t<div class=\"elementor-element elementor-element-757a09a elementor-position-right elementor-widget__width-initial elementor-absolute storia-img elementor-vertical-align-top elementor-widget elementor-widget-image-box\" data-id=\"757a09a\" data-element_type=\"widget\" data-e-type=\"widget\" data-settings=\"{&quot;_position&quot;:&quot;absolute&quot;}\" data-widget_type=\"image-box.default\">\n\t\t\t\t<div class=\"elementor-widget-container\">\n\t\t\t\t\t<div class=\"elementor-image-box-wrapper\"><figure class=\"elementor-image-box-img\"><a href=\"https:\/\/www.legacoopestense.coop\/unitidiamoformaalfuturo\/le-storie\/ciam\/\" tabindex=\"-1\"><img decoding=\"async\" width=\"1754\" height=\"2480\" src=\"https:\/\/www.legacoopestense.coop\/unitidiamoformaalfuturo\/wp-content\/uploads\/2025\/04\/Copertina_SalumificioFrigieri.webp\" class=\"attachment-full size-full wp-image-264\" alt=\"\" srcset=\"https:\/\/www.legacoopestense.coop\/unitidiamoformaalfuturo\/wp-content\/uploads\/2025\/04\/Copertina_SalumificioFrigieri.webp 1754w, https:\/\/www.legacoopestense.coop\/unitidiamoformaalfuturo\/wp-content\/uploads\/2025\/04\/Copertina_SalumificioFrigieri-212x300.webp 212w, https:\/\/www.legacoopestense.coop\/unitidiamoformaalfuturo\/wp-content\/uploads\/2025\/04\/Copertina_SalumificioFrigieri-724x1024.webp 724w, https:\/\/www.legacoopestense.coop\/unitidiamoformaalfuturo\/wp-content\/uploads\/2025\/04\/Copertina_SalumificioFrigieri-768x1086.webp 768w, https:\/\/www.legacoopestense.coop\/unitidiamoformaalfuturo\/wp-content\/uploads\/2025\/04\/Copertina_SalumificioFrigieri-1086x1536.webp 1086w, https:\/\/www.legacoopestense.coop\/unitidiamoformaalfuturo\/wp-content\/uploads\/2025\/04\/Copertina_SalumificioFrigieri-1448x2048.webp 1448w\" sizes=\"(max-width: 1754px) 100vw, 1754px\" \/><\/a><\/figure><div class=\"elementor-image-box-content\"><h3 class=\"elementor-image-box-title\"><a href=\"https:\/\/www.legacoopestense.coop\/unitidiamoformaalfuturo\/le-storie\/ciam\/\"><b>Dall\u2019assalto del Salumificio Frigieri alla nascita di CIAM<\/b><\/a><\/h3><p class=\"elementor-image-box-description\">L'8 marzo 1945, tremila donne assaltano il Salumificio Frigieri per sottrarre cibo all\u2019esercito tedesco, guidate dalle partigiane Gabriella Rossi \u201cCarla\u201d e Ibes Pioli \u201cRina\u201d. Un gesto di resistenza che segna l'inizio di un futuro pi\u00f9 giusto. Nel 1948, da quello stesso spirito, nasce la CIAM, <strong>Cooperativa Industrie Alimentari Modenesi<\/strong>, per trasformare la produzione alimentare in un\u2019opportunit\u00e0 di riscatto e sviluppo.\n<br><br>\nUna storia nella storia, che avrebbe nel tempo portato alla nascita di GranTerre. Scoprila!<\/p><\/div><\/div>\t\t\t\t<\/div>\n\t\t\t\t<\/div>\n\t\t\t\t<div class=\"elementor-element elementor-element-40e6e09 storia-title elementor-widget elementor-widget-heading\" data-id=\"40e6e09\" data-element_type=\"widget\" data-e-type=\"widget\" data-widget_type=\"heading.default\">\n\t\t\t\t<div class=\"elementor-widget-container\">\n\t\t\t\t\t<h2 class=\"elementor-heading-title elementor-size-default\"><a href=\"https:\/\/www.legacoopestense.coop\/unitidiamoformaalfuturo\/le-storie\/ugo-lugli\/\">Ugo Lugli, cooperatore antifascista &nbsp;&nbsp;<small>+<\/small><\/a><\/h2>\t\t\t\t<\/div>\n\t\t\t\t<\/div>\n\t\t\t\t<div class=\"elementor-element elementor-element-6cbd0dc elementor-position-right elementor-widget__width-initial elementor-absolute storia-img elementor-vertical-align-top elementor-widget elementor-widget-image-box\" data-id=\"6cbd0dc\" data-element_type=\"widget\" data-e-type=\"widget\" data-settings=\"{&quot;_position&quot;:&quot;absolute&quot;}\" data-widget_type=\"image-box.default\">\n\t\t\t\t<div class=\"elementor-widget-container\">\n\t\t\t\t\t<div class=\"elementor-image-box-wrapper\"><figure class=\"elementor-image-box-img\"><a href=\"https:\/\/www.legacoopestense.coop\/unitidiamoformaalfuturo\/le-storie\/mediagroup98\/\" tabindex=\"-1\"><img loading=\"lazy\" decoding=\"async\" width=\"1829\" height=\"2560\" src=\"https:\/\/www.legacoopestense.coop\/unitidiamoformaalfuturo\/wp-content\/uploads\/2025\/04\/Copertina_Lugli-scaled.webp\" class=\"attachment-full size-full wp-image-262\" alt=\"\" srcset=\"https:\/\/www.legacoopestense.coop\/unitidiamoformaalfuturo\/wp-content\/uploads\/2025\/04\/Copertina_Lugli-scaled.webp 1829w, https:\/\/www.legacoopestense.coop\/unitidiamoformaalfuturo\/wp-content\/uploads\/2025\/04\/Copertina_Lugli-214x300.webp 214w, https:\/\/www.legacoopestense.coop\/unitidiamoformaalfuturo\/wp-content\/uploads\/2025\/04\/Copertina_Lugli-731x1024.webp 731w, https:\/\/www.legacoopestense.coop\/unitidiamoformaalfuturo\/wp-content\/uploads\/2025\/04\/Copertina_Lugli-768x1075.webp 768w, https:\/\/www.legacoopestense.coop\/unitidiamoformaalfuturo\/wp-content\/uploads\/2025\/04\/Copertina_Lugli-1097x1536.webp 1097w, https:\/\/www.legacoopestense.coop\/unitidiamoformaalfuturo\/wp-content\/uploads\/2025\/04\/Copertina_Lugli-1463x2048.webp 1463w\" sizes=\"(max-width: 1829px) 100vw, 1829px\" \/><\/a><\/figure><div class=\"elementor-image-box-content\"><h3 class=\"elementor-image-box-title\"><a href=\"https:\/\/www.legacoopestense.coop\/unitidiamoformaalfuturo\/le-storie\/mediagroup98\/\"><b>Storia di un cooperatore antifascista<\/b><\/a><\/h3><p class=\"elementor-image-box-description\">Ugo Lugli, socialista e primo sindaco eletto a Bondeno nel 1910, dedic\u00f2 la vita alla cooperazione. Nonostante le violenze fasciste, mantenne viva la cooperazione locale, diventando poi direttore dell'Unione Provinciale delle Cooperative nel 1945. La sua storia \u00e8 un esempio di resilienza e impegno sociale.\n<br><br>\nVuoi saperne di pi\u00f9 sulla sua vita e sul suo contributo? Approfondisci la lettura!<\/p><\/div><\/div>\t\t\t\t<\/div>\n\t\t\t\t<\/div>\n\t\t\t\t<div class=\"elementor-element elementor-element-e7a0008 storia-title elementor-widget elementor-widget-heading\" data-id=\"e7a0008\" data-element_type=\"widget\" data-e-type=\"widget\" data-widget_type=\"heading.default\">\n\t\t\t\t<div class=\"elementor-widget-container\">\n\t\t\t\t\t<h2 class=\"elementor-heading-title elementor-size-default\"><a href=\"https:\/\/www.legacoopestense.coop\/unitidiamoformaalfuturo\/le-storie\/la-sacca-di-goro-alla-prova-del-granchio-blu\/\">La Sacca di Goro\n &nbsp;&nbsp;<small>+<\/small><\/a><\/h2>\t\t\t\t<\/div>\n\t\t\t\t<\/div>\n\t\t\t\t<div class=\"elementor-element elementor-element-0d3f063 elementor-position-right elementor-widget__width-initial elementor-absolute storia-img elementor-vertical-align-top elementor-widget elementor-widget-image-box\" data-id=\"0d3f063\" data-element_type=\"widget\" data-e-type=\"widget\" data-settings=\"{&quot;_position&quot;:&quot;absolute&quot;}\" data-widget_type=\"image-box.default\">\n\t\t\t\t<div class=\"elementor-widget-container\">\n\t\t\t\t\t<div class=\"elementor-image-box-wrapper\"><figure class=\"elementor-image-box-img\"><a href=\"https:\/\/www.legacoopestense.coop\/unitidiamoformaalfuturo\/le-storie\/la-sacca-di-goro-alla-prova-del-granchio-blu\/\" tabindex=\"-1\"><img loading=\"lazy\" decoding=\"async\" width=\"1754\" height=\"2481\" src=\"https:\/\/www.legacoopestense.coop\/unitidiamoformaalfuturo\/wp-content\/uploads\/2025\/06\/Legacoop_Vongolari_Goro.webp\" class=\"attachment-full size-full wp-image-1009\" alt=\"\" srcset=\"https:\/\/www.legacoopestense.coop\/unitidiamoformaalfuturo\/wp-content\/uploads\/2025\/06\/Legacoop_Vongolari_Goro.webp 1754w, https:\/\/www.legacoopestense.coop\/unitidiamoformaalfuturo\/wp-content\/uploads\/2025\/06\/Legacoop_Vongolari_Goro-212x300.webp 212w, https:\/\/www.legacoopestense.coop\/unitidiamoformaalfuturo\/wp-content\/uploads\/2025\/06\/Legacoop_Vongolari_Goro-724x1024.webp 724w, https:\/\/www.legacoopestense.coop\/unitidiamoformaalfuturo\/wp-content\/uploads\/2025\/06\/Legacoop_Vongolari_Goro-768x1086.webp 768w, https:\/\/www.legacoopestense.coop\/unitidiamoformaalfuturo\/wp-content\/uploads\/2025\/06\/Legacoop_Vongolari_Goro-1086x1536.webp 1086w, https:\/\/www.legacoopestense.coop\/unitidiamoformaalfuturo\/wp-content\/uploads\/2025\/06\/Legacoop_Vongolari_Goro-1448x2048.webp 1448w\" sizes=\"(max-width: 1754px) 100vw, 1754px\" \/><\/a><\/figure><div class=\"elementor-image-box-content\"><h3 class=\"elementor-image-box-title\"><a href=\"https:\/\/www.legacoopestense.coop\/unitidiamoformaalfuturo\/le-storie\/la-sacca-di-goro-alla-prova-del-granchio-blu\/\"><b>Laggi\u00f9 dove la pianura incrocia le prime lingue d\u2019acqua nel Delta del Po<\/b><\/a><\/h3><p class=\"elementor-image-box-description\">Arrivando da Ferrara il comune di Goro sembra lontanissimo, ai confini pi\u00f9 remoti della provincia.\nLo raggiungi attraversando prima il copparese, superando poi la noia piatta e monotona della Gran linea, il vuoto spinto della bassa ferrarese che lascia il posto alla vegetazione fittissima del Boscone della Mesola.\n<br><br>\nVuoi saperne di pi\u00f9 sulla sua vita e sul suo contributo? Approfondisci la lettura!<\/p><\/div><\/div>\t\t\t\t<\/div>\n\t\t\t\t<\/div>\n\t\t\t\t<div class=\"elementor-element elementor-element-7435fea storia-title elementor-widget elementor-widget-heading\" data-id=\"7435fea\" data-element_type=\"widget\" data-e-type=\"widget\" data-widget_type=\"heading.default\">\n\t\t\t\t<div class=\"elementor-widget-container\">\n\t\t\t\t\t<h2 class=\"elementor-heading-title elementor-size-default\"><a href=\"https:\/\/www.legacoopestense.coop\/unitidiamoformaalfuturo\/le-storie\/quel-cinema-nel-parco-che-ci-somiglia\/\">Quel Cinema nel Parco che ci somiglia\n &nbsp;&nbsp;<small>+<\/small><\/a><\/h2>\t\t\t\t<\/div>\n\t\t\t\t<\/div>\n\t\t\t\t<div class=\"elementor-element elementor-element-e64c0ef elementor-position-right elementor-widget__width-initial elementor-absolute storia-img elementor-vertical-align-top elementor-widget elementor-widget-image-box\" data-id=\"e64c0ef\" data-element_type=\"widget\" data-e-type=\"widget\" data-settings=\"{&quot;_position&quot;:&quot;absolute&quot;}\" data-widget_type=\"image-box.default\">\n\t\t\t\t<div class=\"elementor-widget-container\">\n\t\t\t\t\t<div class=\"elementor-image-box-wrapper\"><figure class=\"elementor-image-box-img\"><a href=\"https:\/\/www.legacoopestense.coop\/unitidiamoformaalfuturo\/le-storie\/quel-cinema-nel-parco-che-ci-somiglia\/\" tabindex=\"-1\"><img loading=\"lazy\" decoding=\"async\" width=\"704\" height=\"1038\" src=\"https:\/\/www.legacoopestense.coop\/unitidiamoformaalfuturo\/wp-content\/uploads\/2025\/07\/gualandi-copertina-copia.webp\" class=\"attachment-full size-full wp-image-1061\" alt=\"\" srcset=\"https:\/\/www.legacoopestense.coop\/unitidiamoformaalfuturo\/wp-content\/uploads\/2025\/07\/gualandi-copertina-copia.webp 704w, https:\/\/www.legacoopestense.coop\/unitidiamoformaalfuturo\/wp-content\/uploads\/2025\/07\/gualandi-copertina-copia-203x300.webp 203w, https:\/\/www.legacoopestense.coop\/unitidiamoformaalfuturo\/wp-content\/uploads\/2025\/07\/gualandi-copertina-copia-695x1024.webp 695w\" sizes=\"(max-width: 704px) 100vw, 704px\" \/><\/a><\/figure><div class=\"elementor-image-box-content\"><h3 class=\"elementor-image-box-title\"><a href=\"https:\/\/www.legacoopestense.coop\/unitidiamoformaalfuturo\/le-storie\/quel-cinema-nel-parco-che-ci-somiglia\/\"><b>Nel paese di mia nonna non c\u2019era il cinema. <\/b><\/a><\/h3><p class=\"elementor-image-box-description\">Non c\u2019era nemmeno la tv; neanche pi\u00f9 tardi, quando mia mamma era bambina e la televisione aveva gi\u00e0 invaso le case di citt\u00e0. Mancava solo lass\u00f9. \nDa piccola mi sembrava cos\u00ec strano che spesso le chiedevo di raccontarmi \u2018come facessero senza i film\u2019, che a casa mia sono sempre stati un\u2019abitudine, dei piccoli viaggi serali per imparare nuovi mondi. \n<br><br>\nContinua la lettura!<\/p><\/div><\/div>\t\t\t\t<\/div>\n\t\t\t\t<\/div>\n\t\t\t\t<div class=\"elementor-element elementor-element-9477765 storia-title elementor-widget elementor-widget-heading\" data-id=\"9477765\" data-element_type=\"widget\" data-e-type=\"widget\" data-widget_type=\"heading.default\">\n\t\t\t\t<div class=\"elementor-widget-container\">\n\t\t\t\t\t<h2 class=\"elementor-heading-title elementor-size-default\"><a href=\"https:\/\/www.legacoopestense.coop\/unitidiamoformaalfuturo\/le-storie\/la-citta-degli-alberi-di-bosco-albergati\/\">La Citt\u00e0 degli Alberi di Bosco Albergati\n &nbsp;&nbsp;<small>+<\/small><\/a><\/h2>\t\t\t\t<\/div>\n\t\t\t\t<\/div>\n\t\t\t\t<div class=\"elementor-element elementor-element-e294b17 elementor-position-right elementor-widget__width-initial elementor-absolute storia-img elementor-vertical-align-top elementor-widget elementor-widget-image-box\" data-id=\"e294b17\" data-element_type=\"widget\" data-e-type=\"widget\" data-settings=\"{&quot;_position&quot;:&quot;absolute&quot;}\" data-widget_type=\"image-box.default\">\n\t\t\t\t<div class=\"elementor-widget-container\">\n\t\t\t\t\t<div class=\"elementor-image-box-wrapper\"><figure class=\"elementor-image-box-img\"><a href=\"https:\/\/www.legacoopestense.coop\/unitidiamoformaalfuturo\/le-storie\/la-citta-degli-alberi-di-bosco-albergati\/\" tabindex=\"-1\"><img loading=\"lazy\" decoding=\"async\" width=\"1080\" height=\"1517\" src=\"https:\/\/www.legacoopestense.coop\/unitidiamoformaalfuturo\/wp-content\/uploads\/2025\/07\/L-zamoc-citta-alberi.jpg\" class=\"attachment-full size-full wp-image-1072\" alt=\"\" srcset=\"https:\/\/www.legacoopestense.coop\/unitidiamoformaalfuturo\/wp-content\/uploads\/2025\/07\/L-zamoc-citta-alberi.jpg 1080w, https:\/\/www.legacoopestense.coop\/unitidiamoformaalfuturo\/wp-content\/uploads\/2025\/07\/L-zamoc-citta-alberi-214x300.jpg 214w, https:\/\/www.legacoopestense.coop\/unitidiamoformaalfuturo\/wp-content\/uploads\/2025\/07\/L-zamoc-citta-alberi-729x1024.jpg 729w, https:\/\/www.legacoopestense.coop\/unitidiamoformaalfuturo\/wp-content\/uploads\/2025\/07\/L-zamoc-citta-alberi-768x1079.jpg 768w\" sizes=\"(max-width: 1080px) 100vw, 1080px\" \/><\/a><\/figure><div class=\"elementor-image-box-content\"><h3 class=\"elementor-image-box-title\"><a href=\"https:\/\/www.legacoopestense.coop\/unitidiamoformaalfuturo\/le-storie\/la-citta-degli-alberi-di-bosco-albergati\/\"><b>Nel cuore della pianura emiliana, tra Castelfranco e Manzolino, c'\u00e8 un bosco che chiamano la Citt\u00e0 degli Alberi.<\/b><\/a><\/h3><p class=\"elementor-image-box-description\">Non \u00e8 solo un nome suggestivo: si tratta proprio di uno spazio organizzato a misura degli alberi, dove tutto ruota intorno alla loro presenza. Questo progetto nasce dall'incontro tra l'architetto Cesare Leonardi e un gruppo di volontari attivi a Bosco Albergati, alcuni dei quali facevano parte della Cooperativa Braccianti di Manzolino.\n<br><br>\nLeggi la storia!<\/p><\/div><\/div>\t\t\t\t<\/div>\n\t\t\t\t<\/div>\n\t\t\t\t<div class=\"elementor-element elementor-element-e5916aa storia-title elementor-widget__width-initial elementor-widget elementor-widget-heading\" data-id=\"e5916aa\" data-element_type=\"widget\" data-e-type=\"widget\" data-widget_type=\"heading.default\">\n\t\t\t\t<div class=\"elementor-widget-container\">\n\t\t\t\t\t<h2 class=\"elementor-heading-title elementor-size-default\"><a href=\"https:\/\/www.legacoopestense.coop\/unitidiamoformaalfuturo\/le-storie\/cooperativa-castello\/\">Cooperativa Castello, una comunit\u00e0 di abitanti\n &nbsp;&nbsp;<small>+<\/small><\/a><\/h2>\t\t\t\t<\/div>\n\t\t\t\t<\/div>\n\t\t\t\t<div class=\"elementor-element elementor-element-c2e8328 elementor-position-right elementor-widget__width-initial elementor-absolute storia-img elementor-vertical-align-top elementor-widget elementor-widget-image-box\" data-id=\"c2e8328\" data-element_type=\"widget\" data-e-type=\"widget\" data-settings=\"{&quot;_position&quot;:&quot;absolute&quot;}\" data-widget_type=\"image-box.default\">\n\t\t\t\t<div class=\"elementor-widget-container\">\n\t\t\t\t\t<div class=\"elementor-image-box-wrapper\"><figure class=\"elementor-image-box-img\"><a href=\"https:\/\/www.legacoopestense.coop\/unitidiamoformaalfuturo\/le-storie\/la-citta-degli-alberi-di-bosco-albergati\/\" tabindex=\"-1\"><img loading=\"lazy\" decoding=\"async\" width=\"1080\" height=\"1517\" src=\"https:\/\/www.legacoopestense.coop\/unitidiamoformaalfuturo\/wp-content\/uploads\/2025\/10\/massaro_rid.png\" class=\"attachment-full size-full wp-image-1281\" alt=\"\" srcset=\"https:\/\/www.legacoopestense.coop\/unitidiamoformaalfuturo\/wp-content\/uploads\/2025\/10\/massaro_rid.png 1080w, https:\/\/www.legacoopestense.coop\/unitidiamoformaalfuturo\/wp-content\/uploads\/2025\/10\/massaro_rid-214x300.png 214w, https:\/\/www.legacoopestense.coop\/unitidiamoformaalfuturo\/wp-content\/uploads\/2025\/10\/massaro_rid-729x1024.png 729w, https:\/\/www.legacoopestense.coop\/unitidiamoformaalfuturo\/wp-content\/uploads\/2025\/10\/massaro_rid-768x1079.png 768w\" sizes=\"(max-width: 1080px) 100vw, 1080px\" \/><\/a><\/figure><div class=\"elementor-image-box-content\"><h3 class=\"elementor-image-box-title\"><a href=\"https:\/\/www.legacoopestense.coop\/unitidiamoformaalfuturo\/le-storie\/la-citta-degli-alberi-di-bosco-albergati\/\"><b>Negli ultimi anni \u00e8 diventato di moda parlare di cohousing ma c\u2019\u00e8 chi, da decenni, promuove un modello di abitare capace di dare risposta ai bisogni di migliaia di famiglie, giovani, anziani. <\/b><\/a><\/h3><p class=\"elementor-image-box-description\">\u00c8 la cooperazione di abitanti, un modello che risponde non solo al bisogno di trovare una soluzione abitativa a costi sostenibili, ma anche al desiderio di far parte di una comunit\u00e0 allargata, solidale e inclusiva.\n<br><br>\nLeggi l\u2019esperienza della cooperativa Castello di Ferrara!<\/p><\/div><\/div>\t\t\t\t<\/div>\n\t\t\t\t<\/div>\n\t\t\t\t<div class=\"elementor-element elementor-element-1a71128 storia-title elementor-widget__width-initial elementor-widget elementor-widget-heading\" data-id=\"1a71128\" data-element_type=\"widget\" data-e-type=\"widget\" data-widget_type=\"heading.default\">\n\t\t\t\t<div class=\"elementor-widget-container\">\n\t\t\t\t\t<h2 class=\"elementor-heading-title elementor-size-default\"><a href=\"https:\/\/www.legacoopestense.coop\/unitidiamoformaalfuturo\/le-storie\/il-teatro-anatomico-di-palazzo-paradiso\/\">Il Teatro Anatomico di Palazzo Paradiso\n &nbsp;&nbsp;<small>+<\/small><\/a><\/h2>\t\t\t\t<\/div>\n\t\t\t\t<\/div>\n\t\t\t\t<div class=\"elementor-element elementor-element-ce10b8f elementor-position-right elementor-widget__width-initial elementor-absolute storia-img elementor-vertical-align-top elementor-widget elementor-widget-image-box\" data-id=\"ce10b8f\" data-element_type=\"widget\" data-e-type=\"widget\" data-settings=\"{&quot;_position&quot;:&quot;absolute&quot;}\" data-widget_type=\"image-box.default\">\n\t\t\t\t<div class=\"elementor-widget-container\">\n\t\t\t\t\t<div class=\"elementor-image-box-wrapper\"><figure class=\"elementor-image-box-img\"><a href=\"https:\/\/www.legacoopestense.coop\/unitidiamoformaalfuturo\/le-storie\/la-citta-degli-alberi-di-bosco-albergati\/\" tabindex=\"-1\"><img loading=\"lazy\" decoding=\"async\" width=\"1080\" height=\"1517\" src=\"https:\/\/www.legacoopestense.coop\/unitidiamoformaalfuturo\/wp-content\/uploads\/2025\/10\/sgarbi_rid.png\" class=\"attachment-full size-full wp-image-1280\" alt=\"\" srcset=\"https:\/\/www.legacoopestense.coop\/unitidiamoformaalfuturo\/wp-content\/uploads\/2025\/10\/sgarbi_rid.png 1080w, https:\/\/www.legacoopestense.coop\/unitidiamoformaalfuturo\/wp-content\/uploads\/2025\/10\/sgarbi_rid-214x300.png 214w, https:\/\/www.legacoopestense.coop\/unitidiamoformaalfuturo\/wp-content\/uploads\/2025\/10\/sgarbi_rid-729x1024.png 729w, https:\/\/www.legacoopestense.coop\/unitidiamoformaalfuturo\/wp-content\/uploads\/2025\/10\/sgarbi_rid-768x1079.png 768w\" sizes=\"(max-width: 1080px) 100vw, 1080px\" \/><\/a><\/figure><div class=\"elementor-image-box-content\"><h3 class=\"elementor-image-box-title\"><a href=\"https:\/\/www.legacoopestense.coop\/unitidiamoformaalfuturo\/le-storie\/la-citta-degli-alberi-di-bosco-albergati\/\"><b> L\u2019importante restauro conservativo del Teatro Anatomico, inaugurato nel 2021, \u00e8 stato finanziato con Art Bonus dalla cooperativa Copma, per festeggiare insieme alla citt\u00e0 i suoi primi 50 anni di vita. <\/b><\/a><\/h3><p class=\"elementor-image-box-description\">Un modo per celebrare anche l\u2019importante legame tra la cooperativa e l\u2019Universit\u00e0, con cui da anni collabora investendo in ricerca e innovazione.\n<br><br>\nLeggi la storia!<\/p><\/div><\/div>\t\t\t\t<\/div>\n\t\t\t\t<\/div>\n\t\t\t\t<div class=\"elementor-element elementor-element-2dcec95 storia-title elementor-widget__width-initial elementor-widget elementor-widget-heading\" data-id=\"2dcec95\" data-element_type=\"widget\" data-e-type=\"widget\" data-widget_type=\"heading.default\">\n\t\t\t\t<div class=\"elementor-widget-container\">\n\t\t\t\t\t<h2 class=\"elementor-heading-title elementor-size-default\"><a href=\"https:\/\/www.legacoopestense.coop\/unitidiamoformaalfuturo\/le-storie\/il-centro-armonico-terapeutico\/\">Il Centro Armonico Terapeutico\n &nbsp;&nbsp;<small>+<\/small><\/a><\/h2>\t\t\t\t<\/div>\n\t\t\t\t<\/div>\n\t\t\t\t<div class=\"elementor-element elementor-element-d9b72ad elementor-position-right elementor-widget__width-initial elementor-absolute storia-img elementor-vertical-align-top elementor-widget elementor-widget-image-box\" data-id=\"d9b72ad\" data-element_type=\"widget\" data-e-type=\"widget\" data-settings=\"{&quot;_position&quot;:&quot;absolute&quot;}\" data-widget_type=\"image-box.default\">\n\t\t\t\t<div class=\"elementor-widget-container\">\n\t\t\t\t\t<div class=\"elementor-image-box-wrapper\"><figure class=\"elementor-image-box-img\"><a href=\"https:\/\/www.legacoopestense.coop\/unitidiamoformaalfuturo\/le-storie\/il-centro-armonico-terapeutico\/\" tabindex=\"-1\"><img loading=\"lazy\" decoding=\"async\" width=\"1288\" height=\"1920\" src=\"https:\/\/www.legacoopestense.coop\/unitidiamoformaalfuturo\/wp-content\/uploads\/2025\/10\/Illustrazione-bubu-e-coco-homepage.webp\" class=\"attachment-full size-full wp-image-1403\" alt=\"\" srcset=\"https:\/\/www.legacoopestense.coop\/unitidiamoformaalfuturo\/wp-content\/uploads\/2025\/10\/Illustrazione-bubu-e-coco-homepage.webp 1288w, https:\/\/www.legacoopestense.coop\/unitidiamoformaalfuturo\/wp-content\/uploads\/2025\/10\/Illustrazione-bubu-e-coco-homepage-201x300.webp 201w, https:\/\/www.legacoopestense.coop\/unitidiamoformaalfuturo\/wp-content\/uploads\/2025\/10\/Illustrazione-bubu-e-coco-homepage-687x1024.webp 687w, https:\/\/www.legacoopestense.coop\/unitidiamoformaalfuturo\/wp-content\/uploads\/2025\/10\/Illustrazione-bubu-e-coco-homepage-768x1145.webp 768w, https:\/\/www.legacoopestense.coop\/unitidiamoformaalfuturo\/wp-content\/uploads\/2025\/10\/Illustrazione-bubu-e-coco-homepage-1030x1536.webp 1030w\" sizes=\"(max-width: 1288px) 100vw, 1288px\" \/><\/a><\/figure><div class=\"elementor-image-box-content\"><h3 class=\"elementor-image-box-title\"><a href=\"https:\/\/www.legacoopestense.coop\/unitidiamoformaalfuturo\/le-storie\/il-centro-armonico-terapeutico\/\"><b> Da 20 anni <\/b><\/a><\/h3><p class=\"elementor-image-box-description\">il Centro Armonico Terapeutico di Campogalliano, gestito dalla cooperativa sociale LUNEnuove, si prende cura delle persone che gli affidano le proprie storie e fragilit\u00e0, per riscriverle attraverso il dialogo, l\u2019empatia, la relazione: dalla mindfulness alla pet therapy, dai gruppi di autocoscienza a percorsi psico educativi, sono tante le attivit\u00e0 proposte per promuovere la consapevolezza e il benessere di corpo e mente.\n\n \n<br><br>\n\nScopri la storia del CAT attraverso la voce di due amici speciali\u2026<\/p><\/div><\/div>\t\t\t\t<\/div>\n\t\t\t\t<\/div>\n\t\t\t\t<div class=\"elementor-element elementor-element-3f1f31b storia-title elementor-widget__width-initial elementor-widget elementor-widget-heading\" data-id=\"3f1f31b\" data-element_type=\"widget\" data-e-type=\"widget\" data-widget_type=\"heading.default\">\n\t\t\t\t<div class=\"elementor-widget-container\">\n\t\t\t\t\t<h2 class=\"elementor-heading-title elementor-size-default\"><a href=\"https:\/\/www.legacoopestense.coop\/unitidiamoformaalfuturo\/le-storie\/lambrusco-un-vino-giovane\/\">Lambrusco, storia di un vino giovane\n &nbsp;&nbsp;<small>+<\/small><\/a><\/h2>\t\t\t\t<\/div>\n\t\t\t\t<\/div>\n\t\t\t\t<div class=\"elementor-element elementor-element-52bba22 elementor-position-right elementor-widget__width-initial elementor-absolute storia-img elementor-vertical-align-top elementor-widget elementor-widget-image-box\" data-id=\"52bba22\" data-element_type=\"widget\" data-e-type=\"widget\" data-settings=\"{&quot;_position&quot;:&quot;absolute&quot;}\" data-widget_type=\"image-box.default\">\n\t\t\t\t<div class=\"elementor-widget-container\">\n\t\t\t\t\t<div class=\"elementor-image-box-wrapper\"><figure class=\"elementor-image-box-img\"><a href=\"https:\/\/www.legacoopestense.coop\/unitidiamoformaalfuturo\/le-storie\/lambrusco-un-vino-giovane\/\" tabindex=\"-1\"><img loading=\"lazy\" decoding=\"async\" width=\"1794\" height=\"2273\" src=\"https:\/\/www.legacoopestense.coop\/unitidiamoformaalfuturo\/wp-content\/uploads\/2025\/11\/Lambrusco-storia-di-un-vino-giovane.webp\" class=\"attachment-full size-full wp-image-1428\" alt=\"\" srcset=\"https:\/\/www.legacoopestense.coop\/unitidiamoformaalfuturo\/wp-content\/uploads\/2025\/11\/Lambrusco-storia-di-un-vino-giovane.webp 1794w, https:\/\/www.legacoopestense.coop\/unitidiamoformaalfuturo\/wp-content\/uploads\/2025\/11\/Lambrusco-storia-di-un-vino-giovane-237x300.webp 237w, https:\/\/www.legacoopestense.coop\/unitidiamoformaalfuturo\/wp-content\/uploads\/2025\/11\/Lambrusco-storia-di-un-vino-giovane-808x1024.webp 808w, https:\/\/www.legacoopestense.coop\/unitidiamoformaalfuturo\/wp-content\/uploads\/2025\/11\/Lambrusco-storia-di-un-vino-giovane-768x973.webp 768w, https:\/\/www.legacoopestense.coop\/unitidiamoformaalfuturo\/wp-content\/uploads\/2025\/11\/Lambrusco-storia-di-un-vino-giovane-1212x1536.webp 1212w, https:\/\/www.legacoopestense.coop\/unitidiamoformaalfuturo\/wp-content\/uploads\/2025\/11\/Lambrusco-storia-di-un-vino-giovane-1616x2048.webp 1616w\" sizes=\"(max-width: 1794px) 100vw, 1794px\" \/><\/a><\/figure><div class=\"elementor-image-box-content\"><h3 class=\"elementor-image-box-title\"><a href=\"https:\/\/www.legacoopestense.coop\/unitidiamoformaalfuturo\/le-storie\/lambrusco-un-vino-giovane\/\"><b> I vini sono fatti del loro profumo,<\/b><\/a><\/h3><p class=\"elementor-image-box-description\">del loro colore, del loro gusto (e retrogusto) ma anche del loro carattere. Il lambrusco ha resistito a lungo anche perch\u00e9 ha un carattere che sa farsi ricordare. Vino poco glorioso e spesso sottovalutato, si \u00e8 preso la rivincita negli ultimi decenni del Novecento, quando \u00e8 sbarcato negli USA come \u201cil vino giovane\u201d.\n\nIl lambrusco resta per\u00f2 un vero vino emiliano, borghese e popolare insieme, e la sua storia si intreccia a Modena con la nascita e lo sviluppo della cooperativa Civ&amp;Civ, che nasce nel 1959 per dare dignit\u00e0 e autonomia al lavoro dei contadini ed \u00e8 diventata, oggi, una delle principali imprese italiane.<\/p><\/div><\/div>\t\t\t\t<\/div>\n\t\t\t\t<\/div>\n\t\t\t\t<div class=\"elementor-element elementor-element-d95bfe8 storia-title elementor-widget__width-initial elementor-widget elementor-widget-heading\" data-id=\"d95bfe8\" data-element_type=\"widget\" data-e-type=\"widget\" data-widget_type=\"heading.default\">\n\t\t\t\t<div class=\"elementor-widget-container\">\n\t\t\t\t\t<h2 class=\"elementor-heading-title elementor-size-default\"><a href=\"https:\/\/www.legacoopestense.coop\/unitidiamoformaalfuturo\/le-storie\/parco-della-creativita\/\">Parco della Creativit\u00e0\n &nbsp;&nbsp;<small>+<\/small><\/a><\/h2>\t\t\t\t<\/div>\n\t\t\t\t<\/div>\n\t\t\t\t<div class=\"elementor-element elementor-element-e984f11 elementor-position-right elementor-widget__width-initial elementor-absolute storia-img elementor-vertical-align-top elementor-widget elementor-widget-image-box\" data-id=\"e984f11\" data-element_type=\"widget\" data-e-type=\"widget\" data-settings=\"{&quot;_position&quot;:&quot;absolute&quot;}\" data-widget_type=\"image-box.default\">\n\t\t\t\t<div class=\"elementor-widget-container\">\n\t\t\t\t\t<div class=\"elementor-image-box-wrapper\"><figure class=\"elementor-image-box-img\"><a href=\"https:\/\/www.legacoopestense.coop\/unitidiamoformaalfuturo\/le-storie\/parco-della-creativita\/\" tabindex=\"-1\"><img loading=\"lazy\" decoding=\"async\" width=\"1794\" height=\"2273\" src=\"https:\/\/www.legacoopestense.coop\/unitidiamoformaalfuturo\/wp-content\/uploads\/2025\/12\/parco-della-creativita.webp\" class=\"attachment-full size-full wp-image-1456\" alt=\"\" srcset=\"https:\/\/www.legacoopestense.coop\/unitidiamoformaalfuturo\/wp-content\/uploads\/2025\/12\/parco-della-creativita.webp 1794w, https:\/\/www.legacoopestense.coop\/unitidiamoformaalfuturo\/wp-content\/uploads\/2025\/12\/parco-della-creativita-237x300.webp 237w, https:\/\/www.legacoopestense.coop\/unitidiamoformaalfuturo\/wp-content\/uploads\/2025\/12\/parco-della-creativita-808x1024.webp 808w, https:\/\/www.legacoopestense.coop\/unitidiamoformaalfuturo\/wp-content\/uploads\/2025\/12\/parco-della-creativita-768x973.webp 768w, https:\/\/www.legacoopestense.coop\/unitidiamoformaalfuturo\/wp-content\/uploads\/2025\/12\/parco-della-creativita-1212x1536.webp 1212w, https:\/\/www.legacoopestense.coop\/unitidiamoformaalfuturo\/wp-content\/uploads\/2025\/12\/parco-della-creativita-1616x2048.webp 1616w\" sizes=\"(max-width: 1794px) 100vw, 1794px\" \/><\/a><\/figure><div class=\"elementor-image-box-content\"><h3 class=\"elementor-image-box-title\"><a href=\"https:\/\/www.legacoopestense.coop\/unitidiamoformaalfuturo\/le-storie\/parco-della-creativita\/\"><b> La rigenerazione dell\u2019area ex AMCM di Modena<\/b><\/a><\/h3><p class=\"elementor-image-box-description\">\u00e8 un caso esemplare di partenariato pubblico-privato in cui obiettivi pubblici hanno incontrato visioni imprenditoriali. In passato l\u2019area, ormai opera di archeologia industriale, grazie alle grandi centrali elettriche e agli edifici annessi, garantiva la produzione dell\u2019energia per l\u2019intera citt\u00e0. Oggi, dall\u2019intreccio di storia, sviluppo e cultura, nasce una nuova forma di energia, il Parco della Creativit\u00e0: un progetto ambizioso che ha messo a valore le competenze e risorse di alcune delle pi\u00f9 importanti cooperative del territorio: Politecnica, CMB e Coop Alleanza 3.0.<\/p><\/div><\/div>\t\t\t\t<\/div>\n\t\t\t\t<\/div>\n\t\t\t\t<div class=\"elementor-element elementor-element-6dbb734 elementor-widget elementor-widget-heading\" data-id=\"6dbb734\" data-element_type=\"widget\" data-e-type=\"widget\" data-widget_type=\"heading.default\">\n\t\t\t\t<div class=\"elementor-widget-container\">\n\t\t\t\t\t<h2 class=\"elementor-heading-title elementor-size-default\">Un'altra storia da raccontare,<br>un altro pezzo di futuro da costruire insieme.\n<br>\nOgni mese vieni a scoprire una nuova storia.<\/h2>\t\t\t\t<\/div>\n\t\t\t\t<\/div>\n\t\t\t\t<\/div>\n\t\t<div class=\"elementor-element elementor-element-52c6cc2 e-con-full elementor-hidden-desktop elementor-hidden-laptop elementor-hidden-tablet_extra e-flex e-con e-parent\" data-id=\"52c6cc2\" data-element_type=\"container\" data-e-type=\"container\" data-settings=\"{&quot;background_background&quot;:&quot;classic&quot;}\">\n\t\t\t\t<div class=\"elementor-element elementor-element-8a0faf5 elementor-widget elementor-widget-n-accordion\" data-id=\"8a0faf5\" data-element_type=\"widget\" data-e-type=\"widget\" data-settings=\"{&quot;default_state&quot;:&quot;all_collapsed&quot;,&quot;max_items_expended&quot;:&quot;multiple&quot;,&quot;n_accordion_animation_duration&quot;:{&quot;unit&quot;:&quot;ms&quot;,&quot;size&quot;:400,&quot;sizes&quot;:[]}}\" data-widget_type=\"nested-accordion.default\">\n\t\t\t\t<div class=\"elementor-widget-container\">\n\t\t\t\t\t\t\t<div class=\"e-n-accordion\" aria-label=\"Accordion. Open links with Enter or Space, close with Escape, and navigate with Arrow Keys\">\n\t\t\t\t\t\t<details id=\"e-n-accordion-item-1440\" class=\"e-n-accordion-item\" >\n\t\t\t\t<summary class=\"e-n-accordion-item-title\" data-accordion-index=\"1\" tabindex=\"0\" aria-expanded=\"false\" aria-controls=\"e-n-accordion-item-1440\" >\n\t\t\t\t\t<span class='e-n-accordion-item-title-header'><div class=\"e-n-accordion-item-title-text\"> <u>Un\u2019idea giovane. La nascita di Mediagroup98<\/u> <\/div><\/span>\n\t\t\t\t\t\t\t<span class='e-n-accordion-item-title-icon'>\n\t\t\t<span class='e-opened' ><svg aria-hidden=\"true\" class=\"e-font-icon-svg e-fas-minus\" viewBox=\"0 0 448 512\" xmlns=\"http:\/\/www.w3.org\/2000\/svg\"><path d=\"M416 208H32c-17.67 0-32 14.33-32 32v32c0 17.67 14.33 32 32 32h384c17.67 0 32-14.33 32-32v-32c0-17.67-14.33-32-32-32z\"><\/path><\/svg><\/span>\n\t\t\t<span class='e-closed'><svg aria-hidden=\"true\" class=\"e-font-icon-svg e-fas-plus\" viewBox=\"0 0 448 512\" xmlns=\"http:\/\/www.w3.org\/2000\/svg\"><path d=\"M416 208H272V64c0-17.67-14.33-32-32-32h-32c-17.67 0-32 14.33-32 32v144H32c-17.67 0-32 14.33-32 32v32c0 17.67 14.33 32 32 32h144v144c0 17.67 14.33 32 32 32h32c17.67 0 32-14.33 32-32V304h144c17.67 0 32-14.33 32-32v-32c0-17.67-14.33-32-32-32z\"><\/path><\/svg><\/span>\n\t\t<\/span>\n\n\t\t\t\t\t\t<\/summary>\n\t\t\t\t<div role=\"region\" aria-labelledby=\"e-n-accordion-item-1440\" class=\"elementor-element elementor-element-5e5cb25 e-con-full e-flex e-con e-child\" data-id=\"5e5cb25\" data-element_type=\"container\" data-e-type=\"container\">\n\t\t\t\t<div class=\"elementor-element elementor-element-9a4f3dc elementor-widget elementor-widget-image\" data-id=\"9a4f3dc\" data-element_type=\"widget\" data-e-type=\"widget\" data-widget_type=\"image.default\">\n\t\t\t\t<div class=\"elementor-widget-container\">\n\t\t\t\t\t\t\t\t\t\t\t\t\t\t\t<img loading=\"lazy\" decoding=\"async\" width=\"717\" height=\"1024\" src=\"https:\/\/www.legacoopestense.coop\/unitidiamoformaalfuturo\/wp-content\/uploads\/2025\/04\/Copertina_Mediagroup98-717x1024.webp\" class=\"attachment-large size-large wp-image-265\" alt=\"\" srcset=\"https:\/\/www.legacoopestense.coop\/unitidiamoformaalfuturo\/wp-content\/uploads\/2025\/04\/Copertina_Mediagroup98-717x1024.webp 717w, https:\/\/www.legacoopestense.coop\/unitidiamoformaalfuturo\/wp-content\/uploads\/2025\/04\/Copertina_Mediagroup98-210x300.webp 210w, https:\/\/www.legacoopestense.coop\/unitidiamoformaalfuturo\/wp-content\/uploads\/2025\/04\/Copertina_Mediagroup98-768x1097.webp 768w, https:\/\/www.legacoopestense.coop\/unitidiamoformaalfuturo\/wp-content\/uploads\/2025\/04\/Copertina_Mediagroup98-1075x1536.webp 1075w, https:\/\/www.legacoopestense.coop\/unitidiamoformaalfuturo\/wp-content\/uploads\/2025\/04\/Copertina_Mediagroup98-1434x2048.webp 1434w, https:\/\/www.legacoopestense.coop\/unitidiamoformaalfuturo\/wp-content\/uploads\/2025\/04\/Copertina_Mediagroup98.webp 1737w\" sizes=\"(max-width: 717px) 100vw, 717px\" \/>\t\t\t\t\t\t\t\t\t\t\t\t\t\t\t<\/div>\n\t\t\t\t<\/div>\n\t\t\t\t<div class=\"elementor-element elementor-element-2a1d3a0 elementor-widget elementor-widget-text-editor\" data-id=\"2a1d3a0\" data-element_type=\"widget\" data-e-type=\"widget\" data-widget_type=\"text-editor.default\">\n\t\t\t\t<div class=\"elementor-widget-container\">\n\t\t\t\t\t\t\t\t\t<h4><strong>La forza delle giovani idee<\/strong><\/h4><p>Dall\u2019aula di un\u2019universit\u00e0 al sottopalco di un teatro, un gruppo di giovani ha costruito un impresa. Negli anni &#8217;80, con poche certezze ma molta determinazione, nascevano due cooperative, destinate a unirsi nel 1998 per dare vita a Mediagroup98. Da allora, informazione, comunicazione e inclusione sono i pilastri di una realt\u00e0 che continua a crescere e innovare.<\/p><p>Scopri come tutto \u00e8 iniziato!<\/p>\t\t\t\t\t\t\t\t<\/div>\n\t\t\t\t<\/div>\n\t\t\t\t<div class=\"elementor-element elementor-element-b71c52d elementor-widget__width-auto elementor-invisible elementor-widget elementor-widget-button\" data-id=\"b71c52d\" data-element_type=\"widget\" data-e-type=\"widget\" data-settings=\"{&quot;_animation&quot;:&quot;fadeIn&quot;,&quot;_animation_delay&quot;:600}\" data-widget_type=\"button.default\">\n\t\t\t\t<div class=\"elementor-widget-container\">\n\t\t\t\t\t\t\t\t\t<div class=\"elementor-button-wrapper\">\n\t\t\t\t\t<a class=\"elementor-button elementor-button-link elementor-size-sm\" href=\"https:\/\/www.legacoopestense.coop\/unitidiamoformaalfuturo\/le-storie\/mediagroup98\/\">\n\t\t\t\t\t\t<span class=\"elementor-button-content-wrapper\">\n\t\t\t\t\t\t\t\t\t<span class=\"elementor-button-text\">Approfondisci<\/span>\n\t\t\t\t\t<\/span>\n\t\t\t\t\t<\/a>\n\t\t\t\t<\/div>\n\t\t\t\t\t\t\t\t<\/div>\n\t\t\t\t<\/div>\n\t\t\t\t<\/div>\n\t\t\t\t\t<\/details>\n\t\t\t\t\t\t<details id=\"e-n-accordion-item-1441\" class=\"e-n-accordion-item\" >\n\t\t\t\t<summary class=\"e-n-accordion-item-title\" data-accordion-index=\"2\" tabindex=\"-1\" aria-expanded=\"false\" aria-controls=\"e-n-accordion-item-1441\" >\n\t\t\t\t\t<span class='e-n-accordion-item-title-header'><div class=\"e-n-accordion-item-title-text\"> <u>Girogirotondo non \u00e8 solo una filastrocca<\/u> <\/div><\/span>\n\t\t\t\t\t\t\t<span class='e-n-accordion-item-title-icon'>\n\t\t\t<span class='e-opened' ><svg aria-hidden=\"true\" class=\"e-font-icon-svg e-fas-minus\" viewBox=\"0 0 448 512\" xmlns=\"http:\/\/www.w3.org\/2000\/svg\"><path d=\"M416 208H32c-17.67 0-32 14.33-32 32v32c0 17.67 14.33 32 32 32h384c17.67 0 32-14.33 32-32v-32c0-17.67-14.33-32-32-32z\"><\/path><\/svg><\/span>\n\t\t\t<span class='e-closed'><svg aria-hidden=\"true\" class=\"e-font-icon-svg e-fas-plus\" viewBox=\"0 0 448 512\" xmlns=\"http:\/\/www.w3.org\/2000\/svg\"><path d=\"M416 208H272V64c0-17.67-14.33-32-32-32h-32c-17.67 0-32 14.33-32 32v144H32c-17.67 0-32 14.33-32 32v32c0 17.67 14.33 32 32 32h144v144c0 17.67 14.33 32 32 32h32c17.67 0 32-14.33 32-32V304h144c17.67 0 32-14.33 32-32v-32c0-17.67-14.33-32-32-32z\"><\/path><\/svg><\/span>\n\t\t<\/span>\n\n\t\t\t\t\t\t<\/summary>\n\t\t\t\t<div role=\"region\" aria-labelledby=\"e-n-accordion-item-1441\" class=\"elementor-element elementor-element-11b78dd e-con-full e-flex e-con e-child\" data-id=\"11b78dd\" data-element_type=\"container\" data-e-type=\"container\">\n\t\t\t\t<div class=\"elementor-element elementor-element-9971628 elementor-widget elementor-widget-image\" data-id=\"9971628\" data-element_type=\"widget\" data-e-type=\"widget\" data-widget_type=\"image.default\">\n\t\t\t\t<div class=\"elementor-widget-container\">\n\t\t\t\t\t\t\t\t\t\t\t\t\t\t\t<img loading=\"lazy\" decoding=\"async\" width=\"724\" height=\"1024\" src=\"https:\/\/www.legacoopestense.coop\/unitidiamoformaalfuturo\/wp-content\/uploads\/2025\/04\/Coperatina_Girotondo-724x1024.webp\" class=\"attachment-large size-large wp-image-263\" alt=\"\" srcset=\"https:\/\/www.legacoopestense.coop\/unitidiamoformaalfuturo\/wp-content\/uploads\/2025\/04\/Coperatina_Girotondo-724x1024.webp 724w, https:\/\/www.legacoopestense.coop\/unitidiamoformaalfuturo\/wp-content\/uploads\/2025\/04\/Coperatina_Girotondo-212x300.webp 212w, https:\/\/www.legacoopestense.coop\/unitidiamoformaalfuturo\/wp-content\/uploads\/2025\/04\/Coperatina_Girotondo-768x1086.webp 768w, https:\/\/www.legacoopestense.coop\/unitidiamoformaalfuturo\/wp-content\/uploads\/2025\/04\/Coperatina_Girotondo-1086x1536.webp 1086w, https:\/\/www.legacoopestense.coop\/unitidiamoformaalfuturo\/wp-content\/uploads\/2025\/04\/Coperatina_Girotondo.webp 1098w\" sizes=\"(max-width: 724px) 100vw, 724px\" \/>\t\t\t\t\t\t\t\t\t\t\t\t\t\t\t<\/div>\n\t\t\t\t<\/div>\n\t\t\t\t<div class=\"elementor-element elementor-element-7087d59 elementor-widget elementor-widget-text-editor\" data-id=\"7087d59\" data-element_type=\"widget\" data-e-type=\"widget\" data-widget_type=\"text-editor.default\">\n\t\t\t\t<div class=\"elementor-widget-container\">\n\t\t\t\t\t\t\t\t\t<h4><strong>Crescere insieme, costruire comunit\u00e0<\/strong><\/h4><p>Il Carnevale sull\u2019acqua di Comacchio \u00e8 uno dei carnevali pi\u00f9 suggestivi d&#8217;Italia: le barche vengono trasformate in veri e propri battelli allegorici, divenendo cos\u00ec delle originali opere d\u2019arte pronte a sfilare lungo i canali, accendendo la magia nella bella cittadina lagunare. Uno spettacolo incantevole che, di anno in anno, attira un numero sempre maggiore di turisti. Ma lo sapevate che ad organizzare il Carnevale, coinvolgendo dal basso tutta la comunit\u00e0, \u00e8 la cooperativa sociale Girogirotondo?<br \/><br \/>Scopri la magia di questa storia!<\/p>\t\t\t\t\t\t\t\t<\/div>\n\t\t\t\t<\/div>\n\t\t\t\t<div class=\"elementor-element elementor-element-606c341 elementor-widget__width-auto elementor-invisible elementor-widget elementor-widget-button\" data-id=\"606c341\" data-element_type=\"widget\" data-e-type=\"widget\" data-settings=\"{&quot;_animation&quot;:&quot;fadeIn&quot;,&quot;_animation_delay&quot;:600}\" data-widget_type=\"button.default\">\n\t\t\t\t<div class=\"elementor-widget-container\">\n\t\t\t\t\t\t\t\t\t<div class=\"elementor-button-wrapper\">\n\t\t\t\t\t<a class=\"elementor-button elementor-button-link elementor-size-sm\" href=\"https:\/\/www.legacoopestense.coop\/unitidiamoformaalfuturo\/le-storie\/girotondo\/\">\n\t\t\t\t\t\t<span class=\"elementor-button-content-wrapper\">\n\t\t\t\t\t\t\t\t\t<span class=\"elementor-button-text\">Approfondisci<\/span>\n\t\t\t\t\t<\/span>\n\t\t\t\t\t<\/a>\n\t\t\t\t<\/div>\n\t\t\t\t\t\t\t\t<\/div>\n\t\t\t\t<\/div>\n\t\t\t\t<\/div>\n\t\t\t\t\t<\/details>\n\t\t\t\t\t\t<details id=\"e-n-accordion-item-1442\" class=\"e-n-accordion-item\" >\n\t\t\t\t<summary class=\"e-n-accordion-item-title\" data-accordion-index=\"3\" tabindex=\"-1\" aria-expanded=\"false\" aria-controls=\"e-n-accordion-item-1442\" >\n\t\t\t\t\t<span class='e-n-accordion-item-title-header'><div class=\"e-n-accordion-item-title-text\"> <u>Una storia nella storia: l\u2019assalto del Salumificio Frigieri<\/u> <\/div><\/span>\n\t\t\t\t\t\t\t<span class='e-n-accordion-item-title-icon'>\n\t\t\t<span class='e-opened' ><svg aria-hidden=\"true\" class=\"e-font-icon-svg e-fas-minus\" viewBox=\"0 0 448 512\" xmlns=\"http:\/\/www.w3.org\/2000\/svg\"><path d=\"M416 208H32c-17.67 0-32 14.33-32 32v32c0 17.67 14.33 32 32 32h384c17.67 0 32-14.33 32-32v-32c0-17.67-14.33-32-32-32z\"><\/path><\/svg><\/span>\n\t\t\t<span class='e-closed'><svg aria-hidden=\"true\" class=\"e-font-icon-svg e-fas-plus\" viewBox=\"0 0 448 512\" xmlns=\"http:\/\/www.w3.org\/2000\/svg\"><path d=\"M416 208H272V64c0-17.67-14.33-32-32-32h-32c-17.67 0-32 14.33-32 32v144H32c-17.67 0-32 14.33-32 32v32c0 17.67 14.33 32 32 32h144v144c0 17.67 14.33 32 32 32h32c17.67 0 32-14.33 32-32V304h144c17.67 0 32-14.33 32-32v-32c0-17.67-14.33-32-32-32z\"><\/path><\/svg><\/span>\n\t\t<\/span>\n\n\t\t\t\t\t\t<\/summary>\n\t\t\t\t<div role=\"region\" aria-labelledby=\"e-n-accordion-item-1442\" class=\"elementor-element elementor-element-503158b e-con-full e-flex e-con e-child\" data-id=\"503158b\" data-element_type=\"container\" data-e-type=\"container\">\n\t\t\t\t<div class=\"elementor-element elementor-element-1114bb3 elementor-widget elementor-widget-image\" data-id=\"1114bb3\" data-element_type=\"widget\" data-e-type=\"widget\" data-widget_type=\"image.default\">\n\t\t\t\t<div class=\"elementor-widget-container\">\n\t\t\t\t\t\t\t\t\t\t\t\t\t\t\t<img loading=\"lazy\" decoding=\"async\" width=\"724\" height=\"1024\" src=\"https:\/\/www.legacoopestense.coop\/unitidiamoformaalfuturo\/wp-content\/uploads\/2025\/04\/Copertina_SalumificioFrigieri-724x1024.webp\" class=\"attachment-large size-large wp-image-264\" alt=\"\" srcset=\"https:\/\/www.legacoopestense.coop\/unitidiamoformaalfuturo\/wp-content\/uploads\/2025\/04\/Copertina_SalumificioFrigieri-724x1024.webp 724w, https:\/\/www.legacoopestense.coop\/unitidiamoformaalfuturo\/wp-content\/uploads\/2025\/04\/Copertina_SalumificioFrigieri-212x300.webp 212w, https:\/\/www.legacoopestense.coop\/unitidiamoformaalfuturo\/wp-content\/uploads\/2025\/04\/Copertina_SalumificioFrigieri-768x1086.webp 768w, https:\/\/www.legacoopestense.coop\/unitidiamoformaalfuturo\/wp-content\/uploads\/2025\/04\/Copertina_SalumificioFrigieri-1086x1536.webp 1086w, https:\/\/www.legacoopestense.coop\/unitidiamoformaalfuturo\/wp-content\/uploads\/2025\/04\/Copertina_SalumificioFrigieri-1448x2048.webp 1448w, https:\/\/www.legacoopestense.coop\/unitidiamoformaalfuturo\/wp-content\/uploads\/2025\/04\/Copertina_SalumificioFrigieri.webp 1754w\" sizes=\"(max-width: 724px) 100vw, 724px\" \/>\t\t\t\t\t\t\t\t\t\t\t\t\t\t\t<\/div>\n\t\t\t\t<\/div>\n\t\t\t\t<div class=\"elementor-element elementor-element-1a391ab elementor-widget elementor-widget-text-editor\" data-id=\"1a391ab\" data-element_type=\"widget\" data-e-type=\"widget\" data-widget_type=\"text-editor.default\">\n\t\t\t\t<div class=\"elementor-widget-container\">\n\t\t\t\t\t\t\t\t\t<h4><strong>Dall\u2019assalto del Salumificio Frigieri alla nascita di CIAM<\/strong><\/h4><p>L&#8217; 8marzo 1945, tremila donne assaltano il Salumificio Frigieri per sottrarre cibo all\u2019esercito tedesco, guidate dalle partigiane Gabriella Rossi \u201cCarla\u201d e Ibes Pioli \u201cRina\u201d. Un gesto di resistenza che segna l&#8217;inizio di un futuro pi\u00f9 giusto. Nel 1948, da quello stesso spirito, nasce la CIAM, Cooperativa Industrie Alimentari Modenesi, per trasformare la produzione alimentare in un\u2019opportunit\u00e0 di riscatto e sviluppo.<\/p><p>Una storia nella storia, che avrebbe nel tempo portato alla nascita di GranTerre. Scoprila!<\/p>\t\t\t\t\t\t\t\t<\/div>\n\t\t\t\t<\/div>\n\t\t\t\t<div class=\"elementor-element elementor-element-2e718c2 elementor-widget__width-auto elementor-invisible elementor-widget elementor-widget-button\" data-id=\"2e718c2\" data-element_type=\"widget\" data-e-type=\"widget\" data-settings=\"{&quot;_animation&quot;:&quot;fadeIn&quot;,&quot;_animation_delay&quot;:600}\" data-widget_type=\"button.default\">\n\t\t\t\t<div class=\"elementor-widget-container\">\n\t\t\t\t\t\t\t\t\t<div class=\"elementor-button-wrapper\">\n\t\t\t\t\t<a class=\"elementor-button elementor-button-link elementor-size-sm\" href=\"https:\/\/www.legacoopestense.coop\/unitidiamoformaalfuturo\/le-storie\/ciam\/\">\n\t\t\t\t\t\t<span class=\"elementor-button-content-wrapper\">\n\t\t\t\t\t\t\t\t\t<span class=\"elementor-button-text\">Approfondisci<\/span>\n\t\t\t\t\t<\/span>\n\t\t\t\t\t<\/a>\n\t\t\t\t<\/div>\n\t\t\t\t\t\t\t\t<\/div>\n\t\t\t\t<\/div>\n\t\t\t\t<\/div>\n\t\t\t\t\t<\/details>\n\t\t\t\t\t\t<details id=\"e-n-accordion-item-1443\" class=\"e-n-accordion-item\" >\n\t\t\t\t<summary class=\"e-n-accordion-item-title\" data-accordion-index=\"4\" tabindex=\"-1\" aria-expanded=\"false\" aria-controls=\"e-n-accordion-item-1443\" >\n\t\t\t\t\t<span class='e-n-accordion-item-title-header'><div class=\"e-n-accordion-item-title-text\"> <u>Ugo Lugli, cooperatore antifascista<\/u> <\/div><\/span>\n\t\t\t\t\t\t\t<span class='e-n-accordion-item-title-icon'>\n\t\t\t<span class='e-opened' ><svg aria-hidden=\"true\" class=\"e-font-icon-svg e-fas-minus\" viewBox=\"0 0 448 512\" xmlns=\"http:\/\/www.w3.org\/2000\/svg\"><path d=\"M416 208H32c-17.67 0-32 14.33-32 32v32c0 17.67 14.33 32 32 32h384c17.67 0 32-14.33 32-32v-32c0-17.67-14.33-32-32-32z\"><\/path><\/svg><\/span>\n\t\t\t<span class='e-closed'><svg aria-hidden=\"true\" class=\"e-font-icon-svg e-fas-plus\" viewBox=\"0 0 448 512\" xmlns=\"http:\/\/www.w3.org\/2000\/svg\"><path d=\"M416 208H272V64c0-17.67-14.33-32-32-32h-32c-17.67 0-32 14.33-32 32v144H32c-17.67 0-32 14.33-32 32v32c0 17.67 14.33 32 32 32h144v144c0 17.67 14.33 32 32 32h32c17.67 0 32-14.33 32-32V304h144c17.67 0 32-14.33 32-32v-32c0-17.67-14.33-32-32-32z\"><\/path><\/svg><\/span>\n\t\t<\/span>\n\n\t\t\t\t\t\t<\/summary>\n\t\t\t\t<div role=\"region\" aria-labelledby=\"e-n-accordion-item-1443\" class=\"elementor-element elementor-element-e307479 e-con-full e-flex e-con e-child\" data-id=\"e307479\" data-element_type=\"container\" data-e-type=\"container\">\n\t\t\t\t<div class=\"elementor-element elementor-element-9f983f9 elementor-widget elementor-widget-image\" data-id=\"9f983f9\" data-element_type=\"widget\" data-e-type=\"widget\" data-widget_type=\"image.default\">\n\t\t\t\t<div class=\"elementor-widget-container\">\n\t\t\t\t\t\t\t\t\t\t\t\t\t\t\t<img loading=\"lazy\" decoding=\"async\" width=\"731\" height=\"1024\" src=\"https:\/\/www.legacoopestense.coop\/unitidiamoformaalfuturo\/wp-content\/uploads\/2025\/04\/Copertina_Lugli-731x1024.webp\" class=\"attachment-large size-large wp-image-262\" alt=\"\" srcset=\"https:\/\/www.legacoopestense.coop\/unitidiamoformaalfuturo\/wp-content\/uploads\/2025\/04\/Copertina_Lugli-731x1024.webp 731w, https:\/\/www.legacoopestense.coop\/unitidiamoformaalfuturo\/wp-content\/uploads\/2025\/04\/Copertina_Lugli-214x300.webp 214w, https:\/\/www.legacoopestense.coop\/unitidiamoformaalfuturo\/wp-content\/uploads\/2025\/04\/Copertina_Lugli-768x1075.webp 768w, https:\/\/www.legacoopestense.coop\/unitidiamoformaalfuturo\/wp-content\/uploads\/2025\/04\/Copertina_Lugli-1097x1536.webp 1097w, https:\/\/www.legacoopestense.coop\/unitidiamoformaalfuturo\/wp-content\/uploads\/2025\/04\/Copertina_Lugli-1463x2048.webp 1463w, https:\/\/www.legacoopestense.coop\/unitidiamoformaalfuturo\/wp-content\/uploads\/2025\/04\/Copertina_Lugli-scaled.webp 1829w\" sizes=\"(max-width: 731px) 100vw, 731px\" \/>\t\t\t\t\t\t\t\t\t\t\t\t\t\t\t<\/div>\n\t\t\t\t<\/div>\n\t\t\t\t<div class=\"elementor-element elementor-element-6bdcb71 elementor-widget elementor-widget-text-editor\" data-id=\"6bdcb71\" data-element_type=\"widget\" data-e-type=\"widget\" data-widget_type=\"text-editor.default\">\n\t\t\t\t<div class=\"elementor-widget-container\">\n\t\t\t\t\t\t\t\t\t<h4><strong>Storia di un cooperatore antifascista<\/strong><\/h4><p>Ugo Lugli, socialista e primo sindaco eletto a Bondeno nel 1910, dedic\u00f2 la vita alla cooperazione. Nonostante le violenze fasciste, mantenne viva la cooperazione locale, diventando poi direttore dell&#8217;Unione Provinciale delle Cooperative nel 1945. La sua storia \u00e8 un esempio di resilienza e impegno sociale.<br \/><br \/>Vuoi saperne di pi\u00f9 sulla sua vita e sul suo contributo?<\/p>\t\t\t\t\t\t\t\t<\/div>\n\t\t\t\t<\/div>\n\t\t\t\t<div class=\"elementor-element elementor-element-810a946 elementor-widget__width-auto elementor-invisible elementor-widget elementor-widget-button\" data-id=\"810a946\" data-element_type=\"widget\" data-e-type=\"widget\" data-settings=\"{&quot;_animation&quot;:&quot;fadeIn&quot;,&quot;_animation_delay&quot;:600}\" data-widget_type=\"button.default\">\n\t\t\t\t<div class=\"elementor-widget-container\">\n\t\t\t\t\t\t\t\t\t<div class=\"elementor-button-wrapper\">\n\t\t\t\t\t<a class=\"elementor-button elementor-button-link elementor-size-sm\" href=\"https:\/\/www.legacoopestense.coop\/unitidiamoformaalfuturo\/le-storie\/ugo-lugli\/\">\n\t\t\t\t\t\t<span class=\"elementor-button-content-wrapper\">\n\t\t\t\t\t\t\t\t\t<span class=\"elementor-button-text\">Approfondisci<\/span>\n\t\t\t\t\t<\/span>\n\t\t\t\t\t<\/a>\n\t\t\t\t<\/div>\n\t\t\t\t\t\t\t\t<\/div>\n\t\t\t\t<\/div>\n\t\t\t\t<\/div>\n\t\t\t\t\t<\/details>\n\t\t\t\t\t\t<details id=\"e-n-accordion-item-1444\" class=\"e-n-accordion-item\" >\n\t\t\t\t<summary class=\"e-n-accordion-item-title\" data-accordion-index=\"5\" tabindex=\"-1\" aria-expanded=\"false\" aria-controls=\"e-n-accordion-item-1444\" >\n\t\t\t\t\t<span class='e-n-accordion-item-title-header'><div class=\"e-n-accordion-item-title-text\"> <u>La Sacca di Goro alla prova del granchio blu<\/u> <\/div><\/span>\n\t\t\t\t\t\t\t<span class='e-n-accordion-item-title-icon'>\n\t\t\t<span class='e-opened' ><svg aria-hidden=\"true\" class=\"e-font-icon-svg e-fas-minus\" viewBox=\"0 0 448 512\" xmlns=\"http:\/\/www.w3.org\/2000\/svg\"><path d=\"M416 208H32c-17.67 0-32 14.33-32 32v32c0 17.67 14.33 32 32 32h384c17.67 0 32-14.33 32-32v-32c0-17.67-14.33-32-32-32z\"><\/path><\/svg><\/span>\n\t\t\t<span class='e-closed'><svg aria-hidden=\"true\" class=\"e-font-icon-svg e-fas-plus\" viewBox=\"0 0 448 512\" xmlns=\"http:\/\/www.w3.org\/2000\/svg\"><path d=\"M416 208H272V64c0-17.67-14.33-32-32-32h-32c-17.67 0-32 14.33-32 32v144H32c-17.67 0-32 14.33-32 32v32c0 17.67 14.33 32 32 32h144v144c0 17.67 14.33 32 32 32h32c17.67 0 32-14.33 32-32V304h144c17.67 0 32-14.33 32-32v-32c0-17.67-14.33-32-32-32z\"><\/path><\/svg><\/span>\n\t\t<\/span>\n\n\t\t\t\t\t\t<\/summary>\n\t\t\t\t<div role=\"region\" aria-labelledby=\"e-n-accordion-item-1444\" class=\"elementor-element elementor-element-ca070a9 e-flex e-con-boxed e-con e-child\" data-id=\"ca070a9\" data-element_type=\"container\" data-e-type=\"container\">\n\t\t\t\t\t<div class=\"e-con-inner\">\n\t\t\t\t<div class=\"elementor-element elementor-element-d08eac5 elementor-widget elementor-widget-image\" data-id=\"d08eac5\" data-element_type=\"widget\" data-e-type=\"widget\" data-widget_type=\"image.default\">\n\t\t\t\t<div class=\"elementor-widget-container\">\n\t\t\t\t\t\t\t\t\t\t\t\t\t\t\t<img loading=\"lazy\" decoding=\"async\" width=\"724\" height=\"1024\" src=\"https:\/\/www.legacoopestense.coop\/unitidiamoformaalfuturo\/wp-content\/uploads\/2025\/06\/Legacoop_Vongolari_Goro-724x1024.webp\" class=\"attachment-large size-large wp-image-1009\" alt=\"\" srcset=\"https:\/\/www.legacoopestense.coop\/unitidiamoformaalfuturo\/wp-content\/uploads\/2025\/06\/Legacoop_Vongolari_Goro-724x1024.webp 724w, https:\/\/www.legacoopestense.coop\/unitidiamoformaalfuturo\/wp-content\/uploads\/2025\/06\/Legacoop_Vongolari_Goro-212x300.webp 212w, https:\/\/www.legacoopestense.coop\/unitidiamoformaalfuturo\/wp-content\/uploads\/2025\/06\/Legacoop_Vongolari_Goro-768x1086.webp 768w, https:\/\/www.legacoopestense.coop\/unitidiamoformaalfuturo\/wp-content\/uploads\/2025\/06\/Legacoop_Vongolari_Goro-1086x1536.webp 1086w, https:\/\/www.legacoopestense.coop\/unitidiamoformaalfuturo\/wp-content\/uploads\/2025\/06\/Legacoop_Vongolari_Goro-1448x2048.webp 1448w, https:\/\/www.legacoopestense.coop\/unitidiamoformaalfuturo\/wp-content\/uploads\/2025\/06\/Legacoop_Vongolari_Goro.webp 1754w\" sizes=\"(max-width: 724px) 100vw, 724px\" \/>\t\t\t\t\t\t\t\t\t\t\t\t\t\t\t<\/div>\n\t\t\t\t<\/div>\n\t\t\t\t<div class=\"elementor-element elementor-element-69b6176 elementor-widget elementor-widget-text-editor\" data-id=\"69b6176\" data-element_type=\"widget\" data-e-type=\"widget\" data-widget_type=\"text-editor.default\">\n\t\t\t\t<div class=\"elementor-widget-container\">\n\t\t\t\t\t\t\t\t\t<h4><strong>Arrivando da Ferrara il comune di Goro sembra lontanissimo, ai confini pi\u00f9 remoti della provincia.<\/strong><\/h4><p>Lo raggiungi attraversando prima il copparese, superando poi la noia piatta e monotona della Gran linea, il vuoto spinto della bassa ferrarese che lascia il posto alla vegetazione fittissima del Boscone della Mesola.<\/p>\t\t\t\t\t\t\t\t<\/div>\n\t\t\t\t<\/div>\n\t\t\t\t<div class=\"elementor-element elementor-element-a6a4df6 elementor-widget__width-auto elementor-invisible elementor-widget elementor-widget-button\" data-id=\"a6a4df6\" data-element_type=\"widget\" data-e-type=\"widget\" data-settings=\"{&quot;_animation&quot;:&quot;fadeIn&quot;,&quot;_animation_delay&quot;:600}\" data-widget_type=\"button.default\">\n\t\t\t\t<div class=\"elementor-widget-container\">\n\t\t\t\t\t\t\t\t\t<div class=\"elementor-button-wrapper\">\n\t\t\t\t\t<a class=\"elementor-button elementor-button-link elementor-size-sm\" href=\"https:\/\/www.legacoopestense.coop\/unitidiamoformaalfuturo\/le-storie\/la-sacca-di-goro-alla-prova-del-granchio-blu\/\">\n\t\t\t\t\t\t<span class=\"elementor-button-content-wrapper\">\n\t\t\t\t\t\t\t\t\t<span class=\"elementor-button-text\">Approfondisci<\/span>\n\t\t\t\t\t<\/span>\n\t\t\t\t\t<\/a>\n\t\t\t\t<\/div>\n\t\t\t\t\t\t\t\t<\/div>\n\t\t\t\t<\/div>\n\t\t\t\t\t<\/div>\n\t\t\t\t<\/div>\n\t\t\t\t\t<\/details>\n\t\t\t\t\t\t<details id=\"e-n-accordion-item-1445\" class=\"e-n-accordion-item\" >\n\t\t\t\t<summary class=\"e-n-accordion-item-title\" data-accordion-index=\"6\" tabindex=\"-1\" aria-expanded=\"false\" aria-controls=\"e-n-accordion-item-1445\" >\n\t\t\t\t\t<span class='e-n-accordion-item-title-header'><div class=\"e-n-accordion-item-title-text\"> <u>Quel Cinema nel Parco che ci somiglia<\/u> <\/div><\/span>\n\t\t\t\t\t\t\t<span class='e-n-accordion-item-title-icon'>\n\t\t\t<span class='e-opened' ><svg aria-hidden=\"true\" class=\"e-font-icon-svg e-fas-minus\" viewBox=\"0 0 448 512\" xmlns=\"http:\/\/www.w3.org\/2000\/svg\"><path d=\"M416 208H32c-17.67 0-32 14.33-32 32v32c0 17.67 14.33 32 32 32h384c17.67 0 32-14.33 32-32v-32c0-17.67-14.33-32-32-32z\"><\/path><\/svg><\/span>\n\t\t\t<span class='e-closed'><svg aria-hidden=\"true\" class=\"e-font-icon-svg e-fas-plus\" viewBox=\"0 0 448 512\" xmlns=\"http:\/\/www.w3.org\/2000\/svg\"><path d=\"M416 208H272V64c0-17.67-14.33-32-32-32h-32c-17.67 0-32 14.33-32 32v144H32c-17.67 0-32 14.33-32 32v32c0 17.67 14.33 32 32 32h144v144c0 17.67 14.33 32 32 32h32c17.67 0 32-14.33 32-32V304h144c17.67 0 32-14.33 32-32v-32c0-17.67-14.33-32-32-32z\"><\/path><\/svg><\/span>\n\t\t<\/span>\n\n\t\t\t\t\t\t<\/summary>\n\t\t\t\t<div role=\"region\" aria-labelledby=\"e-n-accordion-item-1445\" class=\"elementor-element elementor-element-91391ee e-flex e-con-boxed e-con e-child\" data-id=\"91391ee\" data-element_type=\"container\" data-e-type=\"container\">\n\t\t\t\t\t<div class=\"e-con-inner\">\n\t\t\t\t<div class=\"elementor-element elementor-element-d0ff9bb elementor-widget elementor-widget-image\" data-id=\"d0ff9bb\" data-element_type=\"widget\" data-e-type=\"widget\" data-widget_type=\"image.default\">\n\t\t\t\t<div class=\"elementor-widget-container\">\n\t\t\t\t\t\t\t\t\t\t\t\t\t\t\t<img loading=\"lazy\" decoding=\"async\" width=\"695\" height=\"1024\" src=\"https:\/\/www.legacoopestense.coop\/unitidiamoformaalfuturo\/wp-content\/uploads\/2025\/07\/gualandi-copertina-copia-695x1024.webp\" class=\"attachment-large size-large wp-image-1061\" alt=\"\" srcset=\"https:\/\/www.legacoopestense.coop\/unitidiamoformaalfuturo\/wp-content\/uploads\/2025\/07\/gualandi-copertina-copia-695x1024.webp 695w, https:\/\/www.legacoopestense.coop\/unitidiamoformaalfuturo\/wp-content\/uploads\/2025\/07\/gualandi-copertina-copia-203x300.webp 203w, https:\/\/www.legacoopestense.coop\/unitidiamoformaalfuturo\/wp-content\/uploads\/2025\/07\/gualandi-copertina-copia.webp 704w\" sizes=\"(max-width: 695px) 100vw, 695px\" \/>\t\t\t\t\t\t\t\t\t\t\t\t\t\t\t<\/div>\n\t\t\t\t<\/div>\n\t\t\t\t<div class=\"elementor-element elementor-element-cfd23c1 elementor-widget elementor-widget-text-editor\" data-id=\"cfd23c1\" data-element_type=\"widget\" data-e-type=\"widget\" data-widget_type=\"text-editor.default\">\n\t\t\t\t<div class=\"elementor-widget-container\">\n\t\t\t\t\t\t\t\t\t<h4><strong>Nel paese di mia nonna non c\u2019era il cinema.<\/strong><\/h4><p>Non c\u2019era nemmeno la tv; neanche pi\u00f9 tardi, quando mia mamma era bambina e la televisione aveva gi\u00e0 invaso le case di citt\u00e0. Mancava solo lass\u00f9.<\/p>\t\t\t\t\t\t\t\t<\/div>\n\t\t\t\t<\/div>\n\t\t\t\t<div class=\"elementor-element elementor-element-6d8fc4e elementor-widget__width-auto elementor-invisible elementor-widget elementor-widget-button\" data-id=\"6d8fc4e\" data-element_type=\"widget\" data-e-type=\"widget\" data-settings=\"{&quot;_animation&quot;:&quot;fadeIn&quot;,&quot;_animation_delay&quot;:600}\" data-widget_type=\"button.default\">\n\t\t\t\t<div class=\"elementor-widget-container\">\n\t\t\t\t\t\t\t\t\t<div class=\"elementor-button-wrapper\">\n\t\t\t\t\t<a class=\"elementor-button elementor-button-link elementor-size-sm\" href=\"https:\/\/www.legacoopestense.coop\/unitidiamoformaalfuturo\/le-storie\/quel-cinema-nel-parco-che-ci-somiglia\/\">\n\t\t\t\t\t\t<span class=\"elementor-button-content-wrapper\">\n\t\t\t\t\t\t\t\t\t<span class=\"elementor-button-text\">Approfondisci<\/span>\n\t\t\t\t\t<\/span>\n\t\t\t\t\t<\/a>\n\t\t\t\t<\/div>\n\t\t\t\t\t\t\t\t<\/div>\n\t\t\t\t<\/div>\n\t\t\t\t\t<\/div>\n\t\t\t\t<\/div>\n\t\t\t\t\t<\/details>\n\t\t\t\t\t\t<details id=\"e-n-accordion-item-1446\" class=\"e-n-accordion-item\" >\n\t\t\t\t<summary class=\"e-n-accordion-item-title\" data-accordion-index=\"7\" tabindex=\"-1\" aria-expanded=\"false\" aria-controls=\"e-n-accordion-item-1446\" >\n\t\t\t\t\t<span class='e-n-accordion-item-title-header'><div class=\"e-n-accordion-item-title-text\"> <u>La Citt\u00e0 degli Alberi di Bosco Albergati<\/u> <\/div><\/span>\n\t\t\t\t\t\t\t<span class='e-n-accordion-item-title-icon'>\n\t\t\t<span class='e-opened' ><svg aria-hidden=\"true\" class=\"e-font-icon-svg e-fas-minus\" viewBox=\"0 0 448 512\" xmlns=\"http:\/\/www.w3.org\/2000\/svg\"><path d=\"M416 208H32c-17.67 0-32 14.33-32 32v32c0 17.67 14.33 32 32 32h384c17.67 0 32-14.33 32-32v-32c0-17.67-14.33-32-32-32z\"><\/path><\/svg><\/span>\n\t\t\t<span class='e-closed'><svg aria-hidden=\"true\" class=\"e-font-icon-svg e-fas-plus\" viewBox=\"0 0 448 512\" xmlns=\"http:\/\/www.w3.org\/2000\/svg\"><path d=\"M416 208H272V64c0-17.67-14.33-32-32-32h-32c-17.67 0-32 14.33-32 32v144H32c-17.67 0-32 14.33-32 32v32c0 17.67 14.33 32 32 32h144v144c0 17.67 14.33 32 32 32h32c17.67 0 32-14.33 32-32V304h144c17.67 0 32-14.33 32-32v-32c0-17.67-14.33-32-32-32z\"><\/path><\/svg><\/span>\n\t\t<\/span>\n\n\t\t\t\t\t\t<\/summary>\n\t\t\t\t<div role=\"region\" aria-labelledby=\"e-n-accordion-item-1446\" class=\"elementor-element elementor-element-838c1a3 e-flex e-con-boxed e-con e-child\" data-id=\"838c1a3\" data-element_type=\"container\" data-e-type=\"container\">\n\t\t\t\t\t<div class=\"e-con-inner\">\n\t\t\t\t<div class=\"elementor-element elementor-element-b698c8c elementor-widget elementor-widget-image\" data-id=\"b698c8c\" data-element_type=\"widget\" data-e-type=\"widget\" data-widget_type=\"image.default\">\n\t\t\t\t<div class=\"elementor-widget-container\">\n\t\t\t\t\t\t\t\t\t\t\t\t\t\t\t<img loading=\"lazy\" decoding=\"async\" width=\"729\" height=\"1024\" src=\"https:\/\/www.legacoopestense.coop\/unitidiamoformaalfuturo\/wp-content\/uploads\/2025\/07\/L-zamoc-citta-alberi-729x1024.jpg\" class=\"attachment-large size-large wp-image-1072\" alt=\"\" srcset=\"https:\/\/www.legacoopestense.coop\/unitidiamoformaalfuturo\/wp-content\/uploads\/2025\/07\/L-zamoc-citta-alberi-729x1024.jpg 729w, https:\/\/www.legacoopestense.coop\/unitidiamoformaalfuturo\/wp-content\/uploads\/2025\/07\/L-zamoc-citta-alberi-214x300.jpg 214w, https:\/\/www.legacoopestense.coop\/unitidiamoformaalfuturo\/wp-content\/uploads\/2025\/07\/L-zamoc-citta-alberi-768x1079.jpg 768w, https:\/\/www.legacoopestense.coop\/unitidiamoformaalfuturo\/wp-content\/uploads\/2025\/07\/L-zamoc-citta-alberi.jpg 1080w\" sizes=\"(max-width: 729px) 100vw, 729px\" \/>\t\t\t\t\t\t\t\t\t\t\t\t\t\t\t<\/div>\n\t\t\t\t<\/div>\n\t\t\t\t<div class=\"elementor-element elementor-element-ccb40b4 elementor-widget elementor-widget-text-editor\" data-id=\"ccb40b4\" data-element_type=\"widget\" data-e-type=\"widget\" data-widget_type=\"text-editor.default\">\n\t\t\t\t<div class=\"elementor-widget-container\">\n\t\t\t\t\t\t\t\t\t<h4>Nel cuore della pianura emiliana, tra Castelfranco e Manzolino, c&#8217;\u00e8 un bosco che chiamano la Citt\u00e0 degli Alberi.<\/h4><p>Non \u00e8 solo un nome suggestivo: si tratta proprio di uno spazio organizzato a misura degli alberi, dove tutto ruota intorno alla loro presenza.<\/p>\t\t\t\t\t\t\t\t<\/div>\n\t\t\t\t<\/div>\n\t\t\t\t<div class=\"elementor-element elementor-element-0a55865 elementor-widget__width-auto elementor-invisible elementor-widget elementor-widget-button\" data-id=\"0a55865\" data-element_type=\"widget\" data-e-type=\"widget\" data-settings=\"{&quot;_animation&quot;:&quot;fadeIn&quot;,&quot;_animation_delay&quot;:600}\" data-widget_type=\"button.default\">\n\t\t\t\t<div class=\"elementor-widget-container\">\n\t\t\t\t\t\t\t\t\t<div class=\"elementor-button-wrapper\">\n\t\t\t\t\t<a class=\"elementor-button elementor-button-link elementor-size-sm\" href=\"https:\/\/www.legacoopestense.coop\/unitidiamoformaalfuturo\/le-storie\/la-citta-degli-alberi-di-bosco-albergati\/\">\n\t\t\t\t\t\t<span class=\"elementor-button-content-wrapper\">\n\t\t\t\t\t\t\t\t\t<span class=\"elementor-button-text\">Approfondisci<\/span>\n\t\t\t\t\t<\/span>\n\t\t\t\t\t<\/a>\n\t\t\t\t<\/div>\n\t\t\t\t\t\t\t\t<\/div>\n\t\t\t\t<\/div>\n\t\t\t\t\t<\/div>\n\t\t\t\t<\/div>\n\t\t\t\t\t<\/details>\n\t\t\t\t\t\t<details id=\"e-n-accordion-item-1447\" class=\"e-n-accordion-item\" >\n\t\t\t\t<summary class=\"e-n-accordion-item-title\" data-accordion-index=\"8\" tabindex=\"-1\" aria-expanded=\"false\" aria-controls=\"e-n-accordion-item-1447\" >\n\t\t\t\t\t<span class='e-n-accordion-item-title-header'><div class=\"e-n-accordion-item-title-text\"> <u>Cooperativa Castello, una comunit\u00e0 di abitanti<\/u> <\/div><\/span>\n\t\t\t\t\t\t\t<span class='e-n-accordion-item-title-icon'>\n\t\t\t<span class='e-opened' ><svg aria-hidden=\"true\" class=\"e-font-icon-svg e-fas-minus\" viewBox=\"0 0 448 512\" xmlns=\"http:\/\/www.w3.org\/2000\/svg\"><path d=\"M416 208H32c-17.67 0-32 14.33-32 32v32c0 17.67 14.33 32 32 32h384c17.67 0 32-14.33 32-32v-32c0-17.67-14.33-32-32-32z\"><\/path><\/svg><\/span>\n\t\t\t<span class='e-closed'><svg aria-hidden=\"true\" class=\"e-font-icon-svg e-fas-plus\" viewBox=\"0 0 448 512\" xmlns=\"http:\/\/www.w3.org\/2000\/svg\"><path d=\"M416 208H272V64c0-17.67-14.33-32-32-32h-32c-17.67 0-32 14.33-32 32v144H32c-17.67 0-32 14.33-32 32v32c0 17.67 14.33 32 32 32h144v144c0 17.67 14.33 32 32 32h32c17.67 0 32-14.33 32-32V304h144c17.67 0 32-14.33 32-32v-32c0-17.67-14.33-32-32-32z\"><\/path><\/svg><\/span>\n\t\t<\/span>\n\n\t\t\t\t\t\t<\/summary>\n\t\t\t\t<div role=\"region\" aria-labelledby=\"e-n-accordion-item-1447\" class=\"elementor-element elementor-element-d09a112 e-flex e-con-boxed e-con e-child\" data-id=\"d09a112\" data-element_type=\"container\" data-e-type=\"container\">\n\t\t\t\t\t<div class=\"e-con-inner\">\n\t\t\t\t<div class=\"elementor-element elementor-element-32a4506 elementor-widget elementor-widget-image\" data-id=\"32a4506\" data-element_type=\"widget\" data-e-type=\"widget\" data-widget_type=\"image.default\">\n\t\t\t\t<div class=\"elementor-widget-container\">\n\t\t\t\t\t\t\t\t\t\t\t\t\t\t\t<img loading=\"lazy\" decoding=\"async\" width=\"729\" height=\"1024\" src=\"https:\/\/www.legacoopestense.coop\/unitidiamoformaalfuturo\/wp-content\/uploads\/2025\/10\/massaro_rid-729x1024.png\" class=\"attachment-large size-large wp-image-1281\" alt=\"\" srcset=\"https:\/\/www.legacoopestense.coop\/unitidiamoformaalfuturo\/wp-content\/uploads\/2025\/10\/massaro_rid-729x1024.png 729w, https:\/\/www.legacoopestense.coop\/unitidiamoformaalfuturo\/wp-content\/uploads\/2025\/10\/massaro_rid-214x300.png 214w, https:\/\/www.legacoopestense.coop\/unitidiamoformaalfuturo\/wp-content\/uploads\/2025\/10\/massaro_rid-768x1079.png 768w, https:\/\/www.legacoopestense.coop\/unitidiamoformaalfuturo\/wp-content\/uploads\/2025\/10\/massaro_rid.png 1080w\" sizes=\"(max-width: 729px) 100vw, 729px\" \/>\t\t\t\t\t\t\t\t\t\t\t\t\t\t\t<\/div>\n\t\t\t\t<\/div>\n\t\t\t\t<div class=\"elementor-element elementor-element-83a8353 elementor-widget elementor-widget-text-editor\" data-id=\"83a8353\" data-element_type=\"widget\" data-e-type=\"widget\" data-widget_type=\"text-editor.default\">\n\t\t\t\t<div class=\"elementor-widget-container\">\n\t\t\t\t\t\t\t\t\t<h4>Negli ultimi anni \u00e8 diventato di moda parlare di cohousing ma c\u2019\u00e8 chi, da decenni, promuove un modello di abitare capace di dare risposta ai bisogni di migliaia di famiglie, giovani, anziani.<\/h4><p>\u00c8 la cooperazione di abitanti, un modello che risponde non solo al bisogno di trovare una soluzione abitativa a costi sostenibili, ma anche al desiderio di far parte di una comunit\u00e0 allargata, solidale e inclusiva.<\/p>\t\t\t\t\t\t\t\t<\/div>\n\t\t\t\t<\/div>\n\t\t\t\t<div class=\"elementor-element elementor-element-1fca645 elementor-widget__width-auto elementor-invisible elementor-widget elementor-widget-button\" data-id=\"1fca645\" data-element_type=\"widget\" data-e-type=\"widget\" data-settings=\"{&quot;_animation&quot;:&quot;fadeIn&quot;,&quot;_animation_delay&quot;:600}\" data-widget_type=\"button.default\">\n\t\t\t\t<div class=\"elementor-widget-container\">\n\t\t\t\t\t\t\t\t\t<div class=\"elementor-button-wrapper\">\n\t\t\t\t\t<a class=\"elementor-button elementor-button-link elementor-size-sm\" href=\"https:\/\/www.legacoopestense.coop\/unitidiamoformaalfuturo\/le-storie\/cooperativa-castello\/\">\n\t\t\t\t\t\t<span class=\"elementor-button-content-wrapper\">\n\t\t\t\t\t\t\t\t\t<span class=\"elementor-button-text\">Approfondisci<\/span>\n\t\t\t\t\t<\/span>\n\t\t\t\t\t<\/a>\n\t\t\t\t<\/div>\n\t\t\t\t\t\t\t\t<\/div>\n\t\t\t\t<\/div>\n\t\t\t\t\t<\/div>\n\t\t\t\t<\/div>\n\t\t\t\t\t<\/details>\n\t\t\t\t\t\t<details id=\"e-n-accordion-item-1448\" class=\"e-n-accordion-item\" >\n\t\t\t\t<summary class=\"e-n-accordion-item-title\" data-accordion-index=\"9\" tabindex=\"-1\" aria-expanded=\"false\" aria-controls=\"e-n-accordion-item-1448\" >\n\t\t\t\t\t<span class='e-n-accordion-item-title-header'><div class=\"e-n-accordion-item-title-text\"> <u>Il Teatro Anatomico di Palazzo Paradiso<\/u> <\/div><\/span>\n\t\t\t\t\t\t\t<span class='e-n-accordion-item-title-icon'>\n\t\t\t<span class='e-opened' ><svg aria-hidden=\"true\" class=\"e-font-icon-svg e-fas-minus\" viewBox=\"0 0 448 512\" xmlns=\"http:\/\/www.w3.org\/2000\/svg\"><path d=\"M416 208H32c-17.67 0-32 14.33-32 32v32c0 17.67 14.33 32 32 32h384c17.67 0 32-14.33 32-32v-32c0-17.67-14.33-32-32-32z\"><\/path><\/svg><\/span>\n\t\t\t<span class='e-closed'><svg aria-hidden=\"true\" class=\"e-font-icon-svg e-fas-plus\" viewBox=\"0 0 448 512\" xmlns=\"http:\/\/www.w3.org\/2000\/svg\"><path d=\"M416 208H272V64c0-17.67-14.33-32-32-32h-32c-17.67 0-32 14.33-32 32v144H32c-17.67 0-32 14.33-32 32v32c0 17.67 14.33 32 32 32h144v144c0 17.67 14.33 32 32 32h32c17.67 0 32-14.33 32-32V304h144c17.67 0 32-14.33 32-32v-32c0-17.67-14.33-32-32-32z\"><\/path><\/svg><\/span>\n\t\t<\/span>\n\n\t\t\t\t\t\t<\/summary>\n\t\t\t\t<div role=\"region\" aria-labelledby=\"e-n-accordion-item-1448\" class=\"elementor-element elementor-element-4b65eb2 e-flex e-con-boxed e-con e-child\" data-id=\"4b65eb2\" data-element_type=\"container\" data-e-type=\"container\">\n\t\t\t\t\t<div class=\"e-con-inner\">\n\t\t\t\t<div class=\"elementor-element elementor-element-a4bbcf0 elementor-widget elementor-widget-image\" data-id=\"a4bbcf0\" data-element_type=\"widget\" data-e-type=\"widget\" data-widget_type=\"image.default\">\n\t\t\t\t<div class=\"elementor-widget-container\">\n\t\t\t\t\t\t\t\t\t\t\t\t\t\t\t<img loading=\"lazy\" decoding=\"async\" width=\"729\" height=\"1024\" src=\"https:\/\/www.legacoopestense.coop\/unitidiamoformaalfuturo\/wp-content\/uploads\/2025\/10\/sgarbi_rid-729x1024.png\" class=\"attachment-large size-large wp-image-1280\" alt=\"\" srcset=\"https:\/\/www.legacoopestense.coop\/unitidiamoformaalfuturo\/wp-content\/uploads\/2025\/10\/sgarbi_rid-729x1024.png 729w, https:\/\/www.legacoopestense.coop\/unitidiamoformaalfuturo\/wp-content\/uploads\/2025\/10\/sgarbi_rid-214x300.png 214w, https:\/\/www.legacoopestense.coop\/unitidiamoformaalfuturo\/wp-content\/uploads\/2025\/10\/sgarbi_rid-768x1079.png 768w, https:\/\/www.legacoopestense.coop\/unitidiamoformaalfuturo\/wp-content\/uploads\/2025\/10\/sgarbi_rid.png 1080w\" sizes=\"(max-width: 729px) 100vw, 729px\" \/>\t\t\t\t\t\t\t\t\t\t\t\t\t\t\t<\/div>\n\t\t\t\t<\/div>\n\t\t\t\t<div class=\"elementor-element elementor-element-af1cafb elementor-widget elementor-widget-text-editor\" data-id=\"af1cafb\" data-element_type=\"widget\" data-e-type=\"widget\" data-widget_type=\"text-editor.default\">\n\t\t\t\t<div class=\"elementor-widget-container\">\n\t\t\t\t\t\t\t\t\t<h4>L\u2019importante restauro conservativo del Teatro Anatomico, inaugurato nel 2021, \u00e8 stato finanziato con Art Bonus dalla cooperativa Copma, per festeggiare insieme alla citt\u00e0 i suoi primi 50 anni di vita.<\/h4><p>Un modo per celebrare anche l\u2019importante legame tra la cooperativa e l\u2019Universit\u00e0, con cui da anni collabora investendo in ricerca e innovazione.<\/p>\t\t\t\t\t\t\t\t<\/div>\n\t\t\t\t<\/div>\n\t\t\t\t<div class=\"elementor-element elementor-element-7d4a11e elementor-widget__width-auto elementor-invisible elementor-widget elementor-widget-button\" data-id=\"7d4a11e\" data-element_type=\"widget\" data-e-type=\"widget\" data-settings=\"{&quot;_animation&quot;:&quot;fadeIn&quot;,&quot;_animation_delay&quot;:600}\" data-widget_type=\"button.default\">\n\t\t\t\t<div class=\"elementor-widget-container\">\n\t\t\t\t\t\t\t\t\t<div class=\"elementor-button-wrapper\">\n\t\t\t\t\t<a class=\"elementor-button elementor-button-link elementor-size-sm\" href=\"https:\/\/www.legacoopestense.coop\/unitidiamoformaalfuturo\/le-storie\/il-teatro-anatomico-di-palazzo-paradiso\/\">\n\t\t\t\t\t\t<span class=\"elementor-button-content-wrapper\">\n\t\t\t\t\t\t\t\t\t<span class=\"elementor-button-text\">Approfondisci<\/span>\n\t\t\t\t\t<\/span>\n\t\t\t\t\t<\/a>\n\t\t\t\t<\/div>\n\t\t\t\t\t\t\t\t<\/div>\n\t\t\t\t<\/div>\n\t\t\t\t\t<\/div>\n\t\t\t\t<\/div>\n\t\t\t\t\t<\/details>\n\t\t\t\t\t\t<details id=\"e-n-accordion-item-1449\" class=\"e-n-accordion-item\" >\n\t\t\t\t<summary class=\"e-n-accordion-item-title\" data-accordion-index=\"10\" tabindex=\"-1\" aria-expanded=\"false\" aria-controls=\"e-n-accordion-item-1449\" >\n\t\t\t\t\t<span class='e-n-accordion-item-title-header'><div class=\"e-n-accordion-item-title-text\"> <u>Il Centro Armonico Terapeutico<\/u> <\/div><\/span>\n\t\t\t\t\t\t\t<span class='e-n-accordion-item-title-icon'>\n\t\t\t<span class='e-opened' ><svg aria-hidden=\"true\" class=\"e-font-icon-svg e-fas-minus\" viewBox=\"0 0 448 512\" xmlns=\"http:\/\/www.w3.org\/2000\/svg\"><path d=\"M416 208H32c-17.67 0-32 14.33-32 32v32c0 17.67 14.33 32 32 32h384c17.67 0 32-14.33 32-32v-32c0-17.67-14.33-32-32-32z\"><\/path><\/svg><\/span>\n\t\t\t<span class='e-closed'><svg aria-hidden=\"true\" class=\"e-font-icon-svg e-fas-plus\" viewBox=\"0 0 448 512\" xmlns=\"http:\/\/www.w3.org\/2000\/svg\"><path d=\"M416 208H272V64c0-17.67-14.33-32-32-32h-32c-17.67 0-32 14.33-32 32v144H32c-17.67 0-32 14.33-32 32v32c0 17.67 14.33 32 32 32h144v144c0 17.67 14.33 32 32 32h32c17.67 0 32-14.33 32-32V304h144c17.67 0 32-14.33 32-32v-32c0-17.67-14.33-32-32-32z\"><\/path><\/svg><\/span>\n\t\t<\/span>\n\n\t\t\t\t\t\t<\/summary>\n\t\t\t\t<div role=\"region\" aria-labelledby=\"e-n-accordion-item-1449\" class=\"elementor-element elementor-element-75605b5 e-flex e-con-boxed e-con e-child\" data-id=\"75605b5\" data-element_type=\"container\" data-e-type=\"container\">\n\t\t\t\t\t<div class=\"e-con-inner\">\n\t\t\t\t<div class=\"elementor-element elementor-element-eeb349d elementor-widget elementor-widget-image\" data-id=\"eeb349d\" data-element_type=\"widget\" data-e-type=\"widget\" data-widget_type=\"image.default\">\n\t\t\t\t<div class=\"elementor-widget-container\">\n\t\t\t\t\t\t\t\t\t\t\t\t\t\t\t<img loading=\"lazy\" decoding=\"async\" width=\"687\" height=\"1024\" src=\"https:\/\/www.legacoopestense.coop\/unitidiamoformaalfuturo\/wp-content\/uploads\/2025\/10\/Illustrazione-bubu-e-coco-homepage-687x1024.webp\" class=\"attachment-large size-large wp-image-1403\" alt=\"\" srcset=\"https:\/\/www.legacoopestense.coop\/unitidiamoformaalfuturo\/wp-content\/uploads\/2025\/10\/Illustrazione-bubu-e-coco-homepage-687x1024.webp 687w, https:\/\/www.legacoopestense.coop\/unitidiamoformaalfuturo\/wp-content\/uploads\/2025\/10\/Illustrazione-bubu-e-coco-homepage-201x300.webp 201w, https:\/\/www.legacoopestense.coop\/unitidiamoformaalfuturo\/wp-content\/uploads\/2025\/10\/Illustrazione-bubu-e-coco-homepage-768x1145.webp 768w, https:\/\/www.legacoopestense.coop\/unitidiamoformaalfuturo\/wp-content\/uploads\/2025\/10\/Illustrazione-bubu-e-coco-homepage-1030x1536.webp 1030w, https:\/\/www.legacoopestense.coop\/unitidiamoformaalfuturo\/wp-content\/uploads\/2025\/10\/Illustrazione-bubu-e-coco-homepage.webp 1288w\" sizes=\"(max-width: 687px) 100vw, 687px\" \/>\t\t\t\t\t\t\t\t\t\t\t\t\t\t\t<\/div>\n\t\t\t\t<\/div>\n\t\t\t\t<div class=\"elementor-element elementor-element-9d0ea23 elementor-widget elementor-widget-text-editor\" data-id=\"9d0ea23\" data-element_type=\"widget\" data-e-type=\"widget\" data-widget_type=\"text-editor.default\">\n\t\t\t\t<div class=\"elementor-widget-container\">\n\t\t\t\t\t\t\t\t\t<h4><strong>Da 20 anni<\/strong><\/h4><p>il Centro Armonico Terapeutico di Campogalliano, gestito dalla cooperativa sociale LUNEnuove, si prende cura delle persone che gli affidano le proprie storie e fragilit\u00e0, per riscriverle attraverso il dialogo, l\u2019empatia, la relazione: dalla mindfulness alla pet therapy, dai gruppi di autocoscienza a percorsi psico educativi, sono tante le attivit\u00e0 proposte per promuovere la consapevolezza e il benessere di corpo e mente.<\/p><p>Scopri la storia del CAT attraverso la voce di due amici speciali.<\/p>\t\t\t\t\t\t\t\t<\/div>\n\t\t\t\t<\/div>\n\t\t\t\t<div class=\"elementor-element elementor-element-4f37014 elementor-widget__width-auto elementor-invisible elementor-widget elementor-widget-button\" data-id=\"4f37014\" data-element_type=\"widget\" data-e-type=\"widget\" data-settings=\"{&quot;_animation&quot;:&quot;fadeIn&quot;,&quot;_animation_delay&quot;:600}\" data-widget_type=\"button.default\">\n\t\t\t\t<div class=\"elementor-widget-container\">\n\t\t\t\t\t\t\t\t\t<div class=\"elementor-button-wrapper\">\n\t\t\t\t\t<a class=\"elementor-button elementor-button-link elementor-size-sm\" href=\"https:\/\/www.legacoopestense.coop\/unitidiamoformaalfuturo\/le-storie\/il-centro-armonico-terapeutico\/\">\n\t\t\t\t\t\t<span class=\"elementor-button-content-wrapper\">\n\t\t\t\t\t\t\t\t\t<span class=\"elementor-button-text\">Approfondisci<\/span>\n\t\t\t\t\t<\/span>\n\t\t\t\t\t<\/a>\n\t\t\t\t<\/div>\n\t\t\t\t\t\t\t\t<\/div>\n\t\t\t\t<\/div>\n\t\t\t\t\t<\/div>\n\t\t\t\t<\/div>\n\t\t\t\t\t<\/details>\n\t\t\t\t\t\t<details id=\"e-n-accordion-item-14410\" class=\"e-n-accordion-item\" >\n\t\t\t\t<summary class=\"e-n-accordion-item-title\" data-accordion-index=\"11\" tabindex=\"-1\" aria-expanded=\"false\" aria-controls=\"e-n-accordion-item-14410\" >\n\t\t\t\t\t<span class='e-n-accordion-item-title-header'><div class=\"e-n-accordion-item-title-text\"> <u>Lambrusco, storia di un vino giovane<\/u> <\/div><\/span>\n\t\t\t\t\t\t\t<span class='e-n-accordion-item-title-icon'>\n\t\t\t<span class='e-opened' ><svg aria-hidden=\"true\" class=\"e-font-icon-svg e-fas-minus\" viewBox=\"0 0 448 512\" xmlns=\"http:\/\/www.w3.org\/2000\/svg\"><path d=\"M416 208H32c-17.67 0-32 14.33-32 32v32c0 17.67 14.33 32 32 32h384c17.67 0 32-14.33 32-32v-32c0-17.67-14.33-32-32-32z\"><\/path><\/svg><\/span>\n\t\t\t<span class='e-closed'><svg aria-hidden=\"true\" class=\"e-font-icon-svg e-fas-plus\" viewBox=\"0 0 448 512\" xmlns=\"http:\/\/www.w3.org\/2000\/svg\"><path d=\"M416 208H272V64c0-17.67-14.33-32-32-32h-32c-17.67 0-32 14.33-32 32v144H32c-17.67 0-32 14.33-32 32v32c0 17.67 14.33 32 32 32h144v144c0 17.67 14.33 32 32 32h32c17.67 0 32-14.33 32-32V304h144c17.67 0 32-14.33 32-32v-32c0-17.67-14.33-32-32-32z\"><\/path><\/svg><\/span>\n\t\t<\/span>\n\n\t\t\t\t\t\t<\/summary>\n\t\t\t\t<div role=\"region\" aria-labelledby=\"e-n-accordion-item-14410\" class=\"elementor-element elementor-element-8d0f43c e-flex e-con-boxed e-con e-child\" data-id=\"8d0f43c\" data-element_type=\"container\" data-e-type=\"container\">\n\t\t\t\t\t<div class=\"e-con-inner\">\n\t\t\t\t<div class=\"elementor-element elementor-element-ce25bb2 elementor-widget elementor-widget-image\" data-id=\"ce25bb2\" data-element_type=\"widget\" data-e-type=\"widget\" data-widget_type=\"image.default\">\n\t\t\t\t<div class=\"elementor-widget-container\">\n\t\t\t\t\t\t\t\t\t\t\t\t\t\t\t<img loading=\"lazy\" decoding=\"async\" width=\"800\" height=\"1014\" src=\"https:\/\/www.legacoopestense.coop\/unitidiamoformaalfuturo\/wp-content\/uploads\/2025\/11\/Lambrusco-storia-di-un-vino-giovane-808x1024.webp\" class=\"attachment-large size-large wp-image-1428\" alt=\"\" srcset=\"https:\/\/www.legacoopestense.coop\/unitidiamoformaalfuturo\/wp-content\/uploads\/2025\/11\/Lambrusco-storia-di-un-vino-giovane-808x1024.webp 808w, https:\/\/www.legacoopestense.coop\/unitidiamoformaalfuturo\/wp-content\/uploads\/2025\/11\/Lambrusco-storia-di-un-vino-giovane-237x300.webp 237w, https:\/\/www.legacoopestense.coop\/unitidiamoformaalfuturo\/wp-content\/uploads\/2025\/11\/Lambrusco-storia-di-un-vino-giovane-768x973.webp 768w, https:\/\/www.legacoopestense.coop\/unitidiamoformaalfuturo\/wp-content\/uploads\/2025\/11\/Lambrusco-storia-di-un-vino-giovane-1212x1536.webp 1212w, https:\/\/www.legacoopestense.coop\/unitidiamoformaalfuturo\/wp-content\/uploads\/2025\/11\/Lambrusco-storia-di-un-vino-giovane-1616x2048.webp 1616w, https:\/\/www.legacoopestense.coop\/unitidiamoformaalfuturo\/wp-content\/uploads\/2025\/11\/Lambrusco-storia-di-un-vino-giovane.webp 1794w\" sizes=\"(max-width: 800px) 100vw, 800px\" \/>\t\t\t\t\t\t\t\t\t\t\t\t\t\t\t<\/div>\n\t\t\t\t<\/div>\n\t\t\t\t<div class=\"elementor-element elementor-element-00ff758 elementor-widget elementor-widget-text-editor\" data-id=\"00ff758\" data-element_type=\"widget\" data-e-type=\"widget\" data-widget_type=\"text-editor.default\">\n\t\t\t\t<div class=\"elementor-widget-container\">\n\t\t\t\t\t\t\t\t\t<p style=\"font-weight: 400;\">I vini sono fatti del loro profumo, del loro colore, del loro gusto (e retrogusto) ma anche del loro carattere. Il lambrusco ha resistito a lungo anche perch\u00e9 ha un carattere che sa farsi ricordare. Vino poco glorioso e spesso sottovalutato, si \u00e8 preso la rivincita negli ultimi decenni del Novecento, quando \u00e8 sbarcato negli USA come \u201cil vino giovane\u201d.<\/p><p style=\"font-weight: 400;\">Il lambrusco resta per\u00f2 un vero vino emiliano, borghese e popolare insieme, e la sua storia si intreccia a Modena con la nascita e lo sviluppo della cooperativa Civ&amp;Civ, che nasce nel 1959 per dare dignit\u00e0 e autonomia al lavoro dei contadini ed \u00e8 diventata, oggi, una delle principali imprese italiane.<\/p>\t\t\t\t\t\t\t\t<\/div>\n\t\t\t\t<\/div>\n\t\t\t\t<div class=\"elementor-element elementor-element-c201e0e elementor-widget__width-auto elementor-invisible elementor-widget elementor-widget-button\" data-id=\"c201e0e\" data-element_type=\"widget\" data-e-type=\"widget\" data-settings=\"{&quot;_animation&quot;:&quot;fadeIn&quot;,&quot;_animation_delay&quot;:600}\" data-widget_type=\"button.default\">\n\t\t\t\t<div class=\"elementor-widget-container\">\n\t\t\t\t\t\t\t\t\t<div class=\"elementor-button-wrapper\">\n\t\t\t\t\t<a class=\"elementor-button elementor-button-link elementor-size-sm\" href=\"https:\/\/www.legacoopestense.coop\/unitidiamoformaalfuturo\/le-storie\/lambrusco-un-vino-giovane\/\">\n\t\t\t\t\t\t<span class=\"elementor-button-content-wrapper\">\n\t\t\t\t\t\t\t\t\t<span class=\"elementor-button-text\">Approfondisci<\/span>\n\t\t\t\t\t<\/span>\n\t\t\t\t\t<\/a>\n\t\t\t\t<\/div>\n\t\t\t\t\t\t\t\t<\/div>\n\t\t\t\t<\/div>\n\t\t\t\t\t<\/div>\n\t\t\t\t<\/div>\n\t\t\t\t\t<\/details>\n\t\t\t\t\t\t<details id=\"e-n-accordion-item-14411\" class=\"e-n-accordion-item\" >\n\t\t\t\t<summary class=\"e-n-accordion-item-title\" data-accordion-index=\"12\" tabindex=\"-1\" aria-expanded=\"false\" aria-controls=\"e-n-accordion-item-14411\" >\n\t\t\t\t\t<span class='e-n-accordion-item-title-header'><div class=\"e-n-accordion-item-title-text\"> <u>Parco della Creativit\u00e0<\/u> <\/div><\/span>\n\t\t\t\t\t\t\t<span class='e-n-accordion-item-title-icon'>\n\t\t\t<span class='e-opened' ><svg aria-hidden=\"true\" class=\"e-font-icon-svg e-fas-minus\" viewBox=\"0 0 448 512\" xmlns=\"http:\/\/www.w3.org\/2000\/svg\"><path d=\"M416 208H32c-17.67 0-32 14.33-32 32v32c0 17.67 14.33 32 32 32h384c17.67 0 32-14.33 32-32v-32c0-17.67-14.33-32-32-32z\"><\/path><\/svg><\/span>\n\t\t\t<span class='e-closed'><svg aria-hidden=\"true\" class=\"e-font-icon-svg e-fas-plus\" viewBox=\"0 0 448 512\" xmlns=\"http:\/\/www.w3.org\/2000\/svg\"><path d=\"M416 208H272V64c0-17.67-14.33-32-32-32h-32c-17.67 0-32 14.33-32 32v144H32c-17.67 0-32 14.33-32 32v32c0 17.67 14.33 32 32 32h144v144c0 17.67 14.33 32 32 32h32c17.67 0 32-14.33 32-32V304h144c17.67 0 32-14.33 32-32v-32c0-17.67-14.33-32-32-32z\"><\/path><\/svg><\/span>\n\t\t<\/span>\n\n\t\t\t\t\t\t<\/summary>\n\t\t\t\t<div role=\"region\" aria-labelledby=\"e-n-accordion-item-14411\" class=\"elementor-element elementor-element-94638b6 e-flex e-con-boxed e-con e-child\" data-id=\"94638b6\" data-element_type=\"container\" data-e-type=\"container\">\n\t\t\t\t\t<div class=\"e-con-inner\">\n\t\t\t\t<div class=\"elementor-element elementor-element-2ebb5cd elementor-widget elementor-widget-image\" data-id=\"2ebb5cd\" data-element_type=\"widget\" data-e-type=\"widget\" data-widget_type=\"image.default\">\n\t\t\t\t<div class=\"elementor-widget-container\">\n\t\t\t\t\t\t\t\t\t\t\t\t\t\t\t<img loading=\"lazy\" decoding=\"async\" width=\"800\" height=\"1014\" src=\"https:\/\/www.legacoopestense.coop\/unitidiamoformaalfuturo\/wp-content\/uploads\/2025\/12\/parco-della-creativita-808x1024.webp\" class=\"attachment-large size-large wp-image-1456\" alt=\"\" srcset=\"https:\/\/www.legacoopestense.coop\/unitidiamoformaalfuturo\/wp-content\/uploads\/2025\/12\/parco-della-creativita-808x1024.webp 808w, https:\/\/www.legacoopestense.coop\/unitidiamoformaalfuturo\/wp-content\/uploads\/2025\/12\/parco-della-creativita-237x300.webp 237w, https:\/\/www.legacoopestense.coop\/unitidiamoformaalfuturo\/wp-content\/uploads\/2025\/12\/parco-della-creativita-768x973.webp 768w, https:\/\/www.legacoopestense.coop\/unitidiamoformaalfuturo\/wp-content\/uploads\/2025\/12\/parco-della-creativita-1212x1536.webp 1212w, https:\/\/www.legacoopestense.coop\/unitidiamoformaalfuturo\/wp-content\/uploads\/2025\/12\/parco-della-creativita-1616x2048.webp 1616w, https:\/\/www.legacoopestense.coop\/unitidiamoformaalfuturo\/wp-content\/uploads\/2025\/12\/parco-della-creativita.webp 1794w\" sizes=\"(max-width: 800px) 100vw, 800px\" \/>\t\t\t\t\t\t\t\t\t\t\t\t\t\t\t<\/div>\n\t\t\t\t<\/div>\n\t\t\t\t<div class=\"elementor-element elementor-element-83094f5 elementor-widget elementor-widget-text-editor\" data-id=\"83094f5\" data-element_type=\"widget\" data-e-type=\"widget\" data-widget_type=\"text-editor.default\">\n\t\t\t\t<div class=\"elementor-widget-container\">\n\t\t\t\t\t\t\t\t\t<p style=\"font-weight: 400;\"><em>La rigenerazione dell\u2019area ex AMCM di Modena \u00e8 un caso esemplare di partenariato pubblico-privato in cui obiettivi pubblici hanno incontrato visioni imprenditoriali. In passato l\u2019area, ormai opera di archeologia industriale, grazie alle grandi centrali elettriche\u00a0e agli edifici annessi, garantiva la produzione dell\u2019energia per l\u2019intera citt\u00e0. Oggi, dall\u2019intreccio di storia, sviluppo e cultura, nasce una nuova forma di energia, il Parco della Creativit\u00e0: un progetto ambizioso che ha messo a valore le competenze e risorse di alcune delle pi\u00f9 importanti cooperative del territorio: Politecnica, CMB e Coop Alleanza 3.0.<\/em><\/p><p style=\"font-weight: 400;\">\u00a0<\/p>\t\t\t\t\t\t\t\t<\/div>\n\t\t\t\t<\/div>\n\t\t\t\t<div class=\"elementor-element elementor-element-7b5897b elementor-widget__width-auto elementor-invisible elementor-widget elementor-widget-button\" data-id=\"7b5897b\" data-element_type=\"widget\" data-e-type=\"widget\" data-settings=\"{&quot;_animation&quot;:&quot;fadeIn&quot;,&quot;_animation_delay&quot;:600}\" data-widget_type=\"button.default\">\n\t\t\t\t<div class=\"elementor-widget-container\">\n\t\t\t\t\t\t\t\t\t<div class=\"elementor-button-wrapper\">\n\t\t\t\t\t<a class=\"elementor-button elementor-button-link elementor-size-sm\" href=\"https:\/\/www.legacoopestense.coop\/unitidiamoformaalfuturo\/le-storie\/parco-della-creativita\/\">\n\t\t\t\t\t\t<span class=\"elementor-button-content-wrapper\">\n\t\t\t\t\t\t\t\t\t<span class=\"elementor-button-text\">Approfondisci<\/span>\n\t\t\t\t\t<\/span>\n\t\t\t\t\t<\/a>\n\t\t\t\t<\/div>\n\t\t\t\t\t\t\t\t<\/div>\n\t\t\t\t<\/div>\n\t\t\t\t\t<\/div>\n\t\t\t\t<\/div>\n\t\t\t\t\t<\/details>\n\t\t\t\t\t<\/div>\n\t\t\t\t\t\t<\/div>\n\t\t\t\t<\/div>\n\t\t\t\t<div class=\"elementor-element elementor-element-d2298fb elementor-widget elementor-widget-heading\" data-id=\"d2298fb\" data-element_type=\"widget\" data-e-type=\"widget\" data-widget_type=\"heading.default\">\n\t\t\t\t<div class=\"elementor-widget-container\">\n\t\t\t\t\t<h2 class=\"elementor-heading-title elementor-size-default\"><br>\n<br>\nUn'altra storia da raccontare, un altro pezzo di futuro da costruire insieme. Ogni mese vieni a scoprire una nuova storia.<\/h2>\t\t\t\t<\/div>\n\t\t\t\t<\/div>\n\t\t\t\t<\/div>\n\t\t\t\t<\/div>\n\t\t","protected":false},"excerpt":{"rendered":"<p>12 storie, un grande racconto: la cooperazione che costruisce domani. Leggile tutte!<\/p>\n","protected":false},"author":1,"featured_media":264,"parent":0,"menu_order":0,"comment_status":"closed","ping_status":"closed","template":"","meta":{"footnotes":""},"class_list":["post-11","page","type-page","status-publish","has-post-thumbnail","hentry"],"yoast_head":"<!-- This site is optimized with the Yoast SEO plugin v27.1.1 - https:\/\/yoast.com\/product\/yoast-seo-wordpress\/ -->\n<title>Le Storie di cooperazione - Uniti diamo Forma al Futuro<\/title>\n<meta name=\"description\" content=\"12 storie, un grande racconto: la cooperazione che costruisce domani. Leggile tutte!\" \/>\n<meta name=\"robots\" content=\"index, follow, max-snippet:-1, max-image-preview:large, max-video-preview:-1\" \/>\n<link rel=\"canonical\" href=\"https:\/\/www.legacoopestense.coop\/unitidiamoformaalfuturo\/le-storie\/\" \/>\n<meta property=\"og:locale\" content=\"it_IT\" \/>\n<meta property=\"og:type\" content=\"article\" \/>\n<meta property=\"og:title\" content=\"Le Storie di cooperazione - Uniti diamo Forma al Futuro\" \/>\n<meta property=\"og:description\" content=\"12 storie, un grande racconto: la cooperazione che costruisce domani. Leggile tutte!\" \/>\n<meta property=\"og:url\" content=\"https:\/\/www.legacoopestense.coop\/unitidiamoformaalfuturo\/le-storie\/\" \/>\n<meta property=\"og:site_name\" content=\"Uniti diamo Forma al Futuro\" \/>\n<meta property=\"article:publisher\" content=\"https:\/\/www.facebook.com\/legacoopestense\" \/>\n<meta property=\"article:modified_time\" content=\"2026-02-04T15:49:01+00:00\" \/>\n<meta property=\"og:image\" content=\"https:\/\/www.legacoopestense.coop\/unitidiamoformaalfuturo\/wp-content\/uploads\/2025\/04\/Copertina_SalumificioFrigieri.webp\" \/>\n\t<meta property=\"og:image:width\" content=\"1754\" \/>\n\t<meta property=\"og:image:height\" content=\"2480\" \/>\n\t<meta property=\"og:image:type\" content=\"image\/webp\" \/>\n<meta name=\"twitter:card\" content=\"summary_large_image\" \/>\n<meta name=\"twitter:site\" content=\"@LegacoopEstense\" \/>\n<meta name=\"twitter:label1\" content=\"Tempo di lettura stimato\" \/>\n\t<meta name=\"twitter:data1\" content=\"22 minuti\" \/>\n<script type=\"application\/ld+json\" class=\"yoast-schema-graph\">{\"@context\":\"https:\/\/schema.org\",\"@graph\":[{\"@type\":\"WebPage\",\"@id\":\"https:\/\/www.legacoopestense.coop\/unitidiamoformaalfuturo\/le-storie\/\",\"url\":\"https:\/\/www.legacoopestense.coop\/unitidiamoformaalfuturo\/le-storie\/\",\"name\":\"Le Storie di cooperazione - Uniti diamo Forma al Futuro\",\"isPartOf\":{\"@id\":\"https:\/\/www.legacoopestense.coop\/unitidiamoformaalfuturo\/#website\"},\"primaryImageOfPage\":{\"@id\":\"https:\/\/www.legacoopestense.coop\/unitidiamoformaalfuturo\/le-storie\/#primaryimage\"},\"image\":{\"@id\":\"https:\/\/www.legacoopestense.coop\/unitidiamoformaalfuturo\/le-storie\/#primaryimage\"},\"thumbnailUrl\":\"https:\/\/www.legacoopestense.coop\/unitidiamoformaalfuturo\/wp-content\/uploads\/2025\/04\/Copertina_SalumificioFrigieri.webp\",\"datePublished\":\"2025-04-01T16:14:08+00:00\",\"dateModified\":\"2026-02-04T15:49:01+00:00\",\"description\":\"12 storie, un grande racconto: la cooperazione che costruisce domani. Leggile tutte!\",\"breadcrumb\":{\"@id\":\"https:\/\/www.legacoopestense.coop\/unitidiamoformaalfuturo\/le-storie\/#breadcrumb\"},\"inLanguage\":\"it-IT\",\"potentialAction\":[{\"@type\":\"ReadAction\",\"target\":[\"https:\/\/www.legacoopestense.coop\/unitidiamoformaalfuturo\/le-storie\/\"]}]},{\"@type\":\"ImageObject\",\"inLanguage\":\"it-IT\",\"@id\":\"https:\/\/www.legacoopestense.coop\/unitidiamoformaalfuturo\/le-storie\/#primaryimage\",\"url\":\"https:\/\/www.legacoopestense.coop\/unitidiamoformaalfuturo\/wp-content\/uploads\/2025\/04\/Copertina_SalumificioFrigieri.webp\",\"contentUrl\":\"https:\/\/www.legacoopestense.coop\/unitidiamoformaalfuturo\/wp-content\/uploads\/2025\/04\/Copertina_SalumificioFrigieri.webp\",\"width\":1754,\"height\":2480},{\"@type\":\"BreadcrumbList\",\"@id\":\"https:\/\/www.legacoopestense.coop\/unitidiamoformaalfuturo\/le-storie\/#breadcrumb\",\"itemListElement\":[{\"@type\":\"ListItem\",\"position\":1,\"name\":\"Home\",\"item\":\"https:\/\/www.legacoopestense.coop\/unitidiamoformaalfuturo\/\"},{\"@type\":\"ListItem\",\"position\":2,\"name\":\"Le Storie\"}]},{\"@type\":\"WebSite\",\"@id\":\"https:\/\/www.legacoopestense.coop\/unitidiamoformaalfuturo\/#website\",\"url\":\"https:\/\/www.legacoopestense.coop\/unitidiamoformaalfuturo\/\",\"name\":\"Uniti diamo Forma al Futuro\",\"description\":\"Legacoop Estense\",\"publisher\":{\"@id\":\"https:\/\/www.legacoopestense.coop\/unitidiamoformaalfuturo\/#organization\"},\"potentialAction\":[{\"@type\":\"SearchAction\",\"target\":{\"@type\":\"EntryPoint\",\"urlTemplate\":\"https:\/\/www.legacoopestense.coop\/unitidiamoformaalfuturo\/?s={search_term_string}\"},\"query-input\":{\"@type\":\"PropertyValueSpecification\",\"valueRequired\":true,\"valueName\":\"search_term_string\"}}],\"inLanguage\":\"it-IT\"},{\"@type\":\"Organization\",\"@id\":\"https:\/\/www.legacoopestense.coop\/unitidiamoformaalfuturo\/#organization\",\"name\":\"Uniti diamo Forma al Futuro\",\"url\":\"https:\/\/www.legacoopestense.coop\/unitidiamoformaalfuturo\/\",\"logo\":{\"@type\":\"ImageObject\",\"inLanguage\":\"it-IT\",\"@id\":\"https:\/\/www.legacoopestense.coop\/unitidiamoformaalfuturo\/#\/schema\/logo\/image\/\",\"url\":\"https:\/\/www.legacoopestense.coop\/unitidiamoformaalfuturo\/wp-content\/uploads\/2025\/04\/Legacoop-Estense-2025IYC.webp\",\"contentUrl\":\"https:\/\/www.legacoopestense.coop\/unitidiamoformaalfuturo\/wp-content\/uploads\/2025\/04\/Legacoop-Estense-2025IYC.webp\",\"width\":512,\"height\":91,\"caption\":\"Uniti diamo Forma al Futuro\"},\"image\":{\"@id\":\"https:\/\/www.legacoopestense.coop\/unitidiamoformaalfuturo\/#\/schema\/logo\/image\/\"},\"sameAs\":[\"https:\/\/www.facebook.com\/legacoopestense\",\"https:\/\/x.com\/LegacoopEstense\",\"https:\/\/www.youtube.com\/channel\/UCxE6dZcxUwbcxqXVyik9M7A\"]}]}<\/script>\n<!-- \/ Yoast SEO plugin. -->","yoast_head_json":{"title":"Le Storie di cooperazione - Uniti diamo Forma al Futuro","description":"12 storie, un grande racconto: la cooperazione che costruisce domani. Leggile tutte!","robots":{"index":"index","follow":"follow","max-snippet":"max-snippet:-1","max-image-preview":"max-image-preview:large","max-video-preview":"max-video-preview:-1"},"canonical":"https:\/\/www.legacoopestense.coop\/unitidiamoformaalfuturo\/le-storie\/","og_locale":"it_IT","og_type":"article","og_title":"Le Storie di cooperazione - Uniti diamo Forma al Futuro","og_description":"12 storie, un grande racconto: la cooperazione che costruisce domani. Leggile tutte!","og_url":"https:\/\/www.legacoopestense.coop\/unitidiamoformaalfuturo\/le-storie\/","og_site_name":"Uniti diamo Forma al Futuro","article_publisher":"https:\/\/www.facebook.com\/legacoopestense","article_modified_time":"2026-02-04T15:49:01+00:00","og_image":[{"width":1754,"height":2480,"url":"https:\/\/www.legacoopestense.coop\/unitidiamoformaalfuturo\/wp-content\/uploads\/2025\/04\/Copertina_SalumificioFrigieri.webp","type":"image\/webp"}],"twitter_card":"summary_large_image","twitter_site":"@LegacoopEstense","twitter_misc":{"Tempo di lettura stimato":"22 minuti"},"schema":{"@context":"https:\/\/schema.org","@graph":[{"@type":"WebPage","@id":"https:\/\/www.legacoopestense.coop\/unitidiamoformaalfuturo\/le-storie\/","url":"https:\/\/www.legacoopestense.coop\/unitidiamoformaalfuturo\/le-storie\/","name":"Le Storie di cooperazione - Uniti diamo Forma al Futuro","isPartOf":{"@id":"https:\/\/www.legacoopestense.coop\/unitidiamoformaalfuturo\/#website"},"primaryImageOfPage":{"@id":"https:\/\/www.legacoopestense.coop\/unitidiamoformaalfuturo\/le-storie\/#primaryimage"},"image":{"@id":"https:\/\/www.legacoopestense.coop\/unitidiamoformaalfuturo\/le-storie\/#primaryimage"},"thumbnailUrl":"https:\/\/www.legacoopestense.coop\/unitidiamoformaalfuturo\/wp-content\/uploads\/2025\/04\/Copertina_SalumificioFrigieri.webp","datePublished":"2025-04-01T16:14:08+00:00","dateModified":"2026-02-04T15:49:01+00:00","description":"12 storie, un grande racconto: la cooperazione che costruisce domani. Leggile tutte!","breadcrumb":{"@id":"https:\/\/www.legacoopestense.coop\/unitidiamoformaalfuturo\/le-storie\/#breadcrumb"},"inLanguage":"it-IT","potentialAction":[{"@type":"ReadAction","target":["https:\/\/www.legacoopestense.coop\/unitidiamoformaalfuturo\/le-storie\/"]}]},{"@type":"ImageObject","inLanguage":"it-IT","@id":"https:\/\/www.legacoopestense.coop\/unitidiamoformaalfuturo\/le-storie\/#primaryimage","url":"https:\/\/www.legacoopestense.coop\/unitidiamoformaalfuturo\/wp-content\/uploads\/2025\/04\/Copertina_SalumificioFrigieri.webp","contentUrl":"https:\/\/www.legacoopestense.coop\/unitidiamoformaalfuturo\/wp-content\/uploads\/2025\/04\/Copertina_SalumificioFrigieri.webp","width":1754,"height":2480},{"@type":"BreadcrumbList","@id":"https:\/\/www.legacoopestense.coop\/unitidiamoformaalfuturo\/le-storie\/#breadcrumb","itemListElement":[{"@type":"ListItem","position":1,"name":"Home","item":"https:\/\/www.legacoopestense.coop\/unitidiamoformaalfuturo\/"},{"@type":"ListItem","position":2,"name":"Le Storie"}]},{"@type":"WebSite","@id":"https:\/\/www.legacoopestense.coop\/unitidiamoformaalfuturo\/#website","url":"https:\/\/www.legacoopestense.coop\/unitidiamoformaalfuturo\/","name":"Uniti diamo Forma al Futuro","description":"Legacoop Estense","publisher":{"@id":"https:\/\/www.legacoopestense.coop\/unitidiamoformaalfuturo\/#organization"},"potentialAction":[{"@type":"SearchAction","target":{"@type":"EntryPoint","urlTemplate":"https:\/\/www.legacoopestense.coop\/unitidiamoformaalfuturo\/?s={search_term_string}"},"query-input":{"@type":"PropertyValueSpecification","valueRequired":true,"valueName":"search_term_string"}}],"inLanguage":"it-IT"},{"@type":"Organization","@id":"https:\/\/www.legacoopestense.coop\/unitidiamoformaalfuturo\/#organization","name":"Uniti diamo Forma al Futuro","url":"https:\/\/www.legacoopestense.coop\/unitidiamoformaalfuturo\/","logo":{"@type":"ImageObject","inLanguage":"it-IT","@id":"https:\/\/www.legacoopestense.coop\/unitidiamoformaalfuturo\/#\/schema\/logo\/image\/","url":"https:\/\/www.legacoopestense.coop\/unitidiamoformaalfuturo\/wp-content\/uploads\/2025\/04\/Legacoop-Estense-2025IYC.webp","contentUrl":"https:\/\/www.legacoopestense.coop\/unitidiamoformaalfuturo\/wp-content\/uploads\/2025\/04\/Legacoop-Estense-2025IYC.webp","width":512,"height":91,"caption":"Uniti diamo Forma al Futuro"},"image":{"@id":"https:\/\/www.legacoopestense.coop\/unitidiamoformaalfuturo\/#\/schema\/logo\/image\/"},"sameAs":["https:\/\/www.facebook.com\/legacoopestense","https:\/\/x.com\/LegacoopEstense","https:\/\/www.youtube.com\/channel\/UCxE6dZcxUwbcxqXVyik9M7A"]}]}},"_links":{"self":[{"href":"https:\/\/www.legacoopestense.coop\/unitidiamoformaalfuturo\/wp-json\/wp\/v2\/pages\/11","targetHints":{"allow":["GET"]}}],"collection":[{"href":"https:\/\/www.legacoopestense.coop\/unitidiamoformaalfuturo\/wp-json\/wp\/v2\/pages"}],"about":[{"href":"https:\/\/www.legacoopestense.coop\/unitidiamoformaalfuturo\/wp-json\/wp\/v2\/types\/page"}],"author":[{"embeddable":true,"href":"https:\/\/www.legacoopestense.coop\/unitidiamoformaalfuturo\/wp-json\/wp\/v2\/users\/1"}],"replies":[{"embeddable":true,"href":"https:\/\/www.legacoopestense.coop\/unitidiamoformaalfuturo\/wp-json\/wp\/v2\/comments?post=11"}],"version-history":[{"count":139,"href":"https:\/\/www.legacoopestense.coop\/unitidiamoformaalfuturo\/wp-json\/wp\/v2\/pages\/11\/revisions"}],"predecessor-version":[{"id":1482,"href":"https:\/\/www.legacoopestense.coop\/unitidiamoformaalfuturo\/wp-json\/wp\/v2\/pages\/11\/revisions\/1482"}],"wp:featuredmedia":[{"embeddable":true,"href":"https:\/\/www.legacoopestense.coop\/unitidiamoformaalfuturo\/wp-json\/wp\/v2\/media\/264"}],"wp:attachment":[{"href":"https:\/\/www.legacoopestense.coop\/unitidiamoformaalfuturo\/wp-json\/wp\/v2\/media?parent=11"}],"curies":[{"name":"wp","href":"https:\/\/api.w.org\/{rel}","templated":true}]}}